{"id":31,"date":"2025-05-21T06:07:03","date_gmt":"2025-05-21T06:07:03","guid":{"rendered":"https:\/\/luftzeiten.de\/?page_id=31"},"modified":"2026-01-27T07:33:19","modified_gmt":"2026-01-27T07:33:19","slug":"impressionen","status":"publish","type":"page","link":"https:\/\/luftzeiten.de\/en\/impressionen\/","title":{"rendered":"Impressions"},"content":{"rendered":"<div data-elementor-type=\"wp-page\" data-elementor-id=\"31\" class=\"elementor elementor-31\" data-elementor-post-type=\"page\">\n\t\t\t\t<div class=\"elementor-element elementor-element-7f0caf47 e-flex e-con-boxed e-con e-parent\" data-id=\"7f0caf47\" data-element_type=\"container\" data-e-type=\"container\" data-settings=\"{&quot;jet_parallax_layout_list&quot;:[]}\">\n\t\t\t\t\t<div class=\"e-con-inner\">\n\t\t\t\t<div class=\"elementor-element elementor-element-35d5fbfa e-con e-atomic-element e-flexbox-base e-35d5fbfa-fded43a\" data-id=\"35d5fbfa\" data-element_type=\"e-flexbox\" data-e-type=\"e-flexbox\" data-interaction-id=\"35d5fbfa\">\n\t\t\t\t\t\t\t<h1 \n\t\tdata-interaction-id=\"3315e743\" \n\t\tclass=\"e-3315e743-0037709 e-heading-base\" \n\t\t \n\t\tdata-e-type=\"widget\" data-id=\"3315e743\"\n\t>\n\t\n\t\t\tImpressions of our flights\n\t\t<\/h1>\n\t\t\t\t<div class=\"elementor-element elementor-element-d881be5 elementor-widget-divider--view-line elementor-widget elementor-widget-divider\" data-id=\"d881be5\" data-element_type=\"widget\" data-e-type=\"widget\" data-widget_type=\"divider.default\">\n\t\t\t\t\t\t\t<div class=\"elementor-divider\">\n\t\t\t<span class=\"elementor-divider-separator\">\n\t\t\t\t\t\t<\/span>\n\t\t<\/div>\n\t\t\t\t\t\t<\/div>\n\t\t<div class=\"elementor-element elementor-element-b68d52e elementor-hidden-desktop elementor-hidden-tablet e-flex e-con-boxed e-con e-parent\" data-id=\"b68d52e\" data-element_type=\"container\" data-e-type=\"container\" data-settings=\"{&quot;jet_parallax_layout_list&quot;:[]}\">\n\t\t\t\t\t<div class=\"e-con-inner\">\n\t\t\t\t<section class=\"elementor-element elementor-element-70b4f4c e-con e-atomic-element e-div-block-base e-70b4f4c-735f848\" data-id=\"70b4f4c\" data-element_type=\"e-div-block\" data-e-type=\"e-div-block\" data-interaction-id=\"70b4f4c\">\n\t\t<div class=\"elementor-element elementor-element-9921841 e-con-full e-flex e-con e-child\" data-id=\"9921841\" data-element_type=\"container\" data-e-type=\"container\" data-settings=\"{&quot;jet_parallax_layout_list&quot;:[],&quot;background_background&quot;:&quot;classic&quot;}\">\n\t\t\t\t<div class=\"elementor-element elementor-element-047739f elementor-widget elementor-widget-html\" data-id=\"047739f\" data-element_type=\"widget\" data-e-type=\"widget\" data-widget_type=\"html.default\">\n\t\t\t\t\t<iframe src=\"https:\/\/www.ardmediathek.de\/video\/landesschau-baden-wuerttemberg\/freiheit-in-der-hoehe-und-auf-dem-wasser\/swr-bw\/Y3JpZDovL3N3ci5kZS9hZXgvbzIyNjUxMzY\" width=\"640\" height=\"450\" allowfullscreen allow=\"clipboard-read; clipboard-write\" frameborder=\"0\"scrolling=\"no\"><\/iframe>\t\t\t\t<\/div>\n\t\t\t\t<div class=\"elementor-element elementor-element-b9bc8c2 elementor-widget-mobile__width-inherit elementor-widget elementor-widget-video\" data-id=\"b9bc8c2\" data-element_type=\"widget\" data-e-type=\"widget\" data-settings=\"{&quot;youtube_url&quot;:&quot;https:\\\/\\\/youtu.be\\\/JmWWLW0Brzs&quot;,&quot;video_type&quot;:&quot;youtube&quot;,&quot;controls&quot;:&quot;yes&quot;}\" data-widget_type=\"video.default\">\n\t\t\t\t\t\t\t<div class=\"elementor-wrapper elementor-open-inline\">\n\t\t\t<div class=\"elementor-video\"><\/div>\t\t<\/div>\n\t\t\t\t\t\t<\/div>\n\t\t\t\t<div class=\"elementor-element elementor-element-b8df180 elementor-widget elementor-widget-video\" data-id=\"b8df180\" data-element_type=\"widget\" data-e-type=\"widget\" data-settings=\"{&quot;youtube_url&quot;:&quot;https:\\\/\\\/youtu.be\\\/CIlOIRsLplQ?si=JasQS_ySPoakrX8h&quot;,&quot;video_type&quot;:&quot;youtube&quot;,&quot;controls&quot;:&quot;yes&quot;}\" data-widget_type=\"video.default\">\n\t\t\t\t\t\t\t<div class=\"elementor-wrapper elementor-open-inline\">\n\t\t\t<div class=\"elementor-video\"><\/div>\t\t<\/div>\n\t\t\t\t\t\t<\/div>\n\t\t\t\t<div class=\"elementor-element elementor-element-7c39121 elementor-widget elementor-widget-video\" data-id=\"7c39121\" data-element_type=\"widget\" data-e-type=\"widget\" data-settings=\"{&quot;youtube_url&quot;:&quot;https:\\\/\\\/youtu.be\\\/pLgTz77cn5k&quot;,&quot;video_type&quot;:&quot;youtube&quot;,&quot;controls&quot;:&quot;yes&quot;}\" data-widget_type=\"video.default\">\n\t\t\t\t\t\t\t<div class=\"elementor-wrapper elementor-open-inline\">\n\t\t\t<div class=\"elementor-video\"><\/div>\t\t<\/div>\n\t\t\t\t\t\t<\/div>\n\t\t\t\t<div class=\"elementor-element elementor-element-d800878 elementor-widget elementor-widget-video\" data-id=\"d800878\" data-element_type=\"widget\" data-e-type=\"widget\" data-settings=\"{&quot;youtube_url&quot;:&quot;https:\\\/\\\/youtu.be\\\/EzcQhq2S_Bs?si=e0ng2j3Y2_EHzqP1&quot;,&quot;video_type&quot;:&quot;youtube&quot;,&quot;controls&quot;:&quot;yes&quot;}\" data-widget_type=\"video.default\">\n\t\t\t\t\t\t\t<div class=\"elementor-wrapper elementor-open-inline\">\n\t\t\t<div class=\"elementor-video\"><\/div>\t\t<\/div>\n\t\t\t\t\t\t<\/div>\n\t\t\t\t<div class=\"elementor-element elementor-element-609a0e9 elementor-widget elementor-widget-video\" data-id=\"609a0e9\" data-element_type=\"widget\" data-e-type=\"widget\" data-settings=\"{&quot;youtube_url&quot;:&quot;https:\\\/\\\/youtu.be\\\/anMwAUnfQB0?si=wktY9WB8Squq3H_5&quot;,&quot;video_type&quot;:&quot;youtube&quot;,&quot;controls&quot;:&quot;yes&quot;}\" data-widget_type=\"video.default\">\n\t\t\t\t\t\t\t<div class=\"elementor-wrapper elementor-open-inline\">\n\t\t\t<div class=\"elementor-video\"><\/div>\t\t<\/div>\n\t\t\t\t\t\t<\/div>\n\t\t\t\t<div class=\"elementor-element elementor-element-e4e3c23 elementor-widget elementor-widget-video\" data-id=\"e4e3c23\" data-element_type=\"widget\" data-e-type=\"widget\" data-settings=\"{&quot;youtube_url&quot;:&quot;https:\\\/\\\/youtu.be\\\/BPWCeOO4jjs?si=Bwq66lyvfUP5QPrk&quot;,&quot;video_type&quot;:&quot;youtube&quot;,&quot;controls&quot;:&quot;yes&quot;}\" data-widget_type=\"video.default\">\n\t\t\t\t\t\t\t<div class=\"elementor-wrapper elementor-open-inline\">\n\t\t\t<div class=\"elementor-video\"><\/div>\t\t<\/div>\n\t\t\t\t\t\t<\/div>\n\t\t\t\t<\/div>\n\t\t\t\t<\/section>\n\t\t\t\t<div class=\"elementor-element elementor-element-69470d6 elementor-widget elementor-widget-gallery\" data-id=\"69470d6\" data-element_type=\"widget\" data-e-type=\"widget\" data-settings=\"{&quot;gallery_layout&quot;:&quot;masonry&quot;,&quot;columns&quot;:5,&quot;columns_tablet&quot;:3,&quot;columns_mobile&quot;:2,&quot;gap&quot;:{&quot;unit&quot;:&quot;px&quot;,&quot;size&quot;:8,&quot;sizes&quot;:[]},&quot;gap_mobile&quot;:{&quot;unit&quot;:&quot;px&quot;,&quot;size&quot;:5,&quot;sizes&quot;:[]},&quot;lazyload&quot;:&quot;yes&quot;,&quot;gap_tablet&quot;:{&quot;unit&quot;:&quot;px&quot;,&quot;size&quot;:10,&quot;sizes&quot;:[]},&quot;link_to&quot;:&quot;file&quot;,&quot;overlay_background&quot;:&quot;yes&quot;,&quot;content_hover_animation&quot;:&quot;fade-in&quot;}\" data-widget_type=\"gallery.default\">\n\t\t\t\t\t\t\t<div class=\"elementor-gallery__container\">\n\t\t\t\t\t\t\t<a class=\"e-gallery-item elementor-gallery-item elementor-animated-content\" href=\"https:\/\/luftzeiten.de\/wp-content\/uploads\/2025\/07\/Luftzeiten_Tandenfliegen_Impressionen106.jpeg\" data-elementor-open-lightbox=\"yes\" data-elementor-lightbox-slideshow=\"69470d6\" data-e-action-hash=\"#elementor-action%3Aaction%3Dlightbox%26settings%3DeyJpZCI6NDc2LCJ1cmwiOiJodHRwczpcL1wvbHVmdHplaXRlbi5kZVwvd3AtY29udGVudFwvdXBsb2Fkc1wvMjAyNVwvMDdcL0x1ZnR6ZWl0ZW5fVGFuZGVuZmxpZWdlbl9JbXByZXNzaW9uZW4xMDYuanBlZyIsInNsaWRlc2hvdyI6IjY5NDcwZDYifQ%3D%3D\">\n\t\t\t\t\t<div class=\"e-gallery-image elementor-gallery-item__image\" data-thumbnail=\"https:\/\/luftzeiten.de\/wp-content\/uploads\/2025\/07\/Luftzeiten_Tandenfliegen_Impressionen106-300x225.jpeg\" data-width=\"300\" data-height=\"225\" aria-label=\"Flowering apple tree at sunset in spring.\" role=\"img\" ><\/div>\n\t\t\t\t\t\t\t\t\t\t\t<div class=\"elementor-gallery-item__overlay\"><\/div>\n\t\t\t\t\t\t\t\t\t\t\t\t\t\t<\/a>\n\t\t\t\t\t\t\t<a class=\"e-gallery-item elementor-gallery-item elementor-animated-content\" href=\"https:\/\/luftzeiten.de\/wp-content\/uploads\/2025\/07\/Luftzeiten_Tandenfliegen_Impressionen69.jpeg\" data-elementor-open-lightbox=\"yes\" data-elementor-lightbox-slideshow=\"69470d6\" data-e-action-hash=\"#elementor-action%3Aaction%3Dlightbox%26settings%3DeyJpZCI6NDM5LCJ1cmwiOiJodHRwczpcL1wvbHVmdHplaXRlbi5kZVwvd3AtY29udGVudFwvdXBsb2Fkc1wvMjAyNVwvMDdcL0x1ZnR6ZWl0ZW5fVGFuZGVuZmxpZWdlbl9JbXByZXNzaW9uZW42OS5qcGVnIiwic2xpZGVzaG93IjoiNjk0NzBkNiJ9\">\n\t\t\t\t\t<div class=\"e-gallery-image elementor-gallery-item__image\" data-thumbnail=\"https:\/\/luftzeiten.de\/wp-content\/uploads\/2025\/07\/Luftzeiten_Tandenfliegen_Impressionen69-236x300.jpeg\" data-width=\"236\" data-height=\"300\" aria-label=\"Paraglider flies high above the mountains, overlooking the landscape.\" role=\"img\" ><\/div>\n\t\t\t\t\t\t\t\t\t\t\t<div class=\"elementor-gallery-item__overlay\"><\/div>\n\t\t\t\t\t\t\t\t\t\t\t\t\t\t<\/a>\n\t\t\t\t\t\t\t<a class=\"e-gallery-item elementor-gallery-item elementor-animated-content\" href=\"https:\/\/luftzeiten.de\/wp-content\/uploads\/2025\/07\/Luftzeiten_Tandenfliegen_Impressionen28.jpeg\" data-elementor-open-lightbox=\"yes\" data-elementor-lightbox-slideshow=\"69470d6\" data-e-action-hash=\"#elementor-action%3Aaction%3Dlightbox%26settings%3DeyJpZCI6NTM5LCJ1cmwiOiJodHRwczpcL1wvbHVmdHplaXRlbi5kZVwvd3AtY29udGVudFwvdXBsb2Fkc1wvMjAyNVwvMDdcL0x1ZnR6ZWl0ZW5fVGFuZGVuZmxpZWdlbl9JbXByZXNzaW9uZW4yOC5qcGVnIiwic2xpZGVzaG93IjoiNjk0NzBkNiJ9\">\n\t\t\t\t\t<div class=\"e-gallery-image elementor-gallery-item__image\" data-thumbnail=\"https:\/\/luftzeiten.de\/wp-content\/uploads\/2025\/07\/Luftzeiten_Tandenfliegen_Impressionen28-236x300.jpeg\" data-width=\"236\" data-height=\"300\" aria-label=\"Paragliders in nature, ready for launch.\" role=\"img\" ><\/div>\n\t\t\t\t\t\t\t\t\t\t\t<div class=\"elementor-gallery-item__overlay\"><\/div>\n\t\t\t\t\t\t\t\t\t\t\t\t\t\t<\/a>\n\t\t\t\t\t\t\t<a class=\"e-gallery-item elementor-gallery-item elementor-animated-content\" href=\"https:\/\/luftzeiten.de\/wp-content\/uploads\/2025\/07\/Luftzeiten_Tandenfliegen_Impressionen89.jpeg\" data-elementor-open-lightbox=\"yes\" data-elementor-lightbox-slideshow=\"69470d6\" data-e-action-hash=\"#elementor-action%3Aaction%3Dlightbox%26settings%3DeyJpZCI6NDU5LCJ1cmwiOiJodHRwczpcL1wvbHVmdHplaXRlbi5kZVwvd3AtY29udGVudFwvdXBsb2Fkc1wvMjAyNVwvMDdcL0x1ZnR6ZWl0ZW5fVGFuZGVuZmxpZWdlbl9JbXByZXNzaW9uZW44OS5qcGVnIiwic2xpZGVzaG93IjoiNjk0NzBkNiJ9\">\n\t\t\t\t\t<div class=\"e-gallery-image elementor-gallery-item__image\" data-thumbnail=\"https:\/\/luftzeiten.de\/wp-content\/uploads\/2025\/07\/Luftzeiten_Tandenfliegen_Impressionen89-300x225.jpeg\" data-width=\"300\" data-height=\"225\" aria-label=\"Two paragliders fly high above the mountains, overlooking the landscape.\" role=\"img\" ><\/div>\n\t\t\t\t\t\t\t\t\t\t\t<div class=\"elementor-gallery-item__overlay\"><\/div>\n\t\t\t\t\t\t\t\t\t\t\t\t\t\t<\/a>\n\t\t\t\t\t\t\t<a class=\"e-gallery-item elementor-gallery-item elementor-animated-content\" href=\"https:\/\/luftzeiten.de\/wp-content\/uploads\/2025\/07\/Luftzeiten_Tandenfliegen_Impressionen54.jpeg\" data-elementor-open-lightbox=\"yes\" data-elementor-lightbox-slideshow=\"69470d6\" data-e-action-hash=\"#elementor-action%3Aaction%3Dlightbox%26settings%3DeyJpZCI6NDI1LCJ1cmwiOiJodHRwczpcL1wvbHVmdHplaXRlbi5kZVwvd3AtY29udGVudFwvdXBsb2Fkc1wvMjAyNVwvMDdcL0x1ZnR6ZWl0ZW5fVGFuZGVuZmxpZWdlbl9JbXByZXNzaW9uZW41NC5qcGVnIiwic2xpZGVzaG93IjoiNjk0NzBkNiJ9\">\n\t\t\t\t\t<div class=\"e-gallery-image elementor-gallery-item__image\" data-thumbnail=\"https:\/\/luftzeiten.de\/wp-content\/uploads\/2025\/07\/Luftzeiten_Tandenfliegen_Impressionen54-236x300.jpeg\" data-width=\"236\" data-height=\"300\" aria-label=\"Motorcyclist with helmet and sunglasses, ready for a tour, in good weather.\" role=\"img\" ><\/div>\n\t\t\t\t\t\t\t\t\t\t\t<div class=\"elementor-gallery-item__overlay\"><\/div>\n\t\t\t\t\t\t\t\t\t\t\t\t\t\t<\/a>\n\t\t\t\t\t\t\t<a class=\"e-gallery-item elementor-gallery-item elementor-animated-content\" href=\"https:\/\/luftzeiten.de\/wp-content\/uploads\/2025\/07\/Luftzeiten_Tandenfliegen_Impressionen67.jpeg\" data-elementor-open-lightbox=\"yes\" data-elementor-lightbox-slideshow=\"69470d6\" data-e-action-hash=\"#elementor-action%3Aaction%3Dlightbox%26settings%3DeyJpZCI6NDM3LCJ1cmwiOiJodHRwczpcL1wvbHVmdHplaXRlbi5kZVwvd3AtY29udGVudFwvdXBsb2Fkc1wvMjAyNVwvMDdcL0x1ZnR6ZWl0ZW5fVGFuZGVuZmxpZWdlbl9JbXByZXNzaW9uZW42Ny5qcGVnIiwic2xpZGVzaG93IjoiNjk0NzBkNiJ9\">\n\t\t\t\t\t<div class=\"e-gallery-image elementor-gallery-item__image\" data-thumbnail=\"https:\/\/luftzeiten.de\/wp-content\/uploads\/2025\/07\/Luftzeiten_Tandenfliegen_Impressionen67-236x300.jpeg\" data-width=\"236\" data-height=\"300\" aria-label=\"Sky with clouds over mountains and valleys, aerial view.\" role=\"img\" ><\/div>\n\t\t\t\t\t\t\t\t\t\t\t<div class=\"elementor-gallery-item__overlay\"><\/div>\n\t\t\t\t\t\t\t\t\t\t\t\t\t\t<\/a>\n\t\t\t\t\t\t\t<a class=\"e-gallery-item elementor-gallery-item elementor-animated-content\" href=\"https:\/\/luftzeiten.de\/wp-content\/uploads\/2025\/07\/Luftzeiten_Tandenfliegen_Impressionen17.jpeg\" data-elementor-open-lightbox=\"yes\" data-elementor-lightbox-slideshow=\"69470d6\" data-e-action-hash=\"#elementor-action%3Aaction%3Dlightbox%26settings%3DeyJpZCI6NTI4LCJ1cmwiOiJodHRwczpcL1wvbHVmdHplaXRlbi5kZVwvd3AtY29udGVudFwvdXBsb2Fkc1wvMjAyNVwvMDdcL0x1ZnR6ZWl0ZW5fVGFuZGVuZmxpZWdlbl9JbXByZXNzaW9uZW4xNy5qcGVnIiwic2xpZGVzaG93IjoiNjk0NzBkNiJ9\">\n\t\t\t\t\t<div class=\"e-gallery-image elementor-gallery-item__image\" data-thumbnail=\"https:\/\/luftzeiten.de\/wp-content\/uploads\/2025\/07\/Luftzeiten_Tandenfliegen_Impressionen17-300x225.jpeg\" data-width=\"300\" data-height=\"225\" aria-label=\"Paragliders in the air with a view of the landscape and the valley.\" role=\"img\" ><\/div>\n\t\t\t\t\t\t\t\t\t\t\t<div class=\"elementor-gallery-item__overlay\"><\/div>\n\t\t\t\t\t\t\t\t\t\t\t\t\t\t<\/a>\n\t\t\t\t\t\t\t<a class=\"e-gallery-item elementor-gallery-item elementor-animated-content\" href=\"https:\/\/luftzeiten.de\/wp-content\/uploads\/2025\/07\/Luftzeiten_Tandenfliegen_Impressionen92.jpeg\" data-elementor-open-lightbox=\"yes\" data-elementor-lightbox-slideshow=\"69470d6\" data-e-action-hash=\"#elementor-action%3Aaction%3Dlightbox%26settings%3DeyJpZCI6NDYyLCJ1cmwiOiJodHRwczpcL1wvbHVmdHplaXRlbi5kZVwvd3AtY29udGVudFwvdXBsb2Fkc1wvMjAyNVwvMDdcL0x1ZnR6ZWl0ZW5fVGFuZGVuZmxpZWdlbl9JbXByZXNzaW9uZW45Mi5qcGVnIiwic2xpZGVzaG93IjoiNjk0NzBkNiJ9\">\n\t\t\t\t\t<div class=\"e-gallery-image elementor-gallery-item__image\" data-thumbnail=\"https:\/\/luftzeiten.de\/wp-content\/uploads\/2025\/07\/Luftzeiten_Tandenfliegen_Impressionen92-236x300.jpeg\" data-width=\"236\" data-height=\"300\" aria-label=\"Happy couple paragliding with helmets and cameras in the mountains.\" role=\"img\" ><\/div>\n\t\t\t\t\t\t\t\t\t\t\t<div class=\"elementor-gallery-item__overlay\"><\/div>\n\t\t\t\t\t\t\t\t\t\t\t\t\t\t<\/a>\n\t\t\t\t\t\t\t<a class=\"e-gallery-item elementor-gallery-item elementor-animated-content\" href=\"https:\/\/luftzeiten.de\/wp-content\/uploads\/2026\/01\/IMG_4649_In-der-Luft-mit-dem-Gleitchirm-vom-Hochblauen_Web_2025.jpeg\" data-elementor-open-lightbox=\"yes\" data-elementor-lightbox-slideshow=\"69470d6\" data-e-action-hash=\"#elementor-action%3Aaction%3Dlightbox%26settings%3DeyJpZCI6MTMxMCwidXJsIjoiaHR0cHM6XC9cL2x1ZnR6ZWl0ZW4uZGVcL3dwLWNvbnRlbnRcL3VwbG9hZHNcLzIwMjZcLzAxXC9JTUdfNDY0OV9Jbi1kZXItTHVmdC1taXQtZGVtLUdsZWl0Y2hpcm0tdm9tLUhvY2hibGF1ZW5fV2ViXzIwMjUuanBlZyIsInNsaWRlc2hvdyI6IjY5NDcwZDYifQ%3D%3D\">\n\t\t\t\t\t<div class=\"e-gallery-image elementor-gallery-item__image\" data-thumbnail=\"https:\/\/luftzeiten.de\/wp-content\/uploads\/2026\/01\/IMG_4649_In-der-Luft-mit-dem-Gleitchirm-vom-Hochblauen_Web_2025-225x300.jpeg\" data-width=\"225\" data-height=\"300\" aria-label=\"Paraglider flies through the sky with sunlight and clouds in the background.\" role=\"img\" ><\/div>\n\t\t\t\t\t\t\t\t\t\t\t<div class=\"elementor-gallery-item__overlay\"><\/div>\n\t\t\t\t\t\t\t\t\t\t\t\t\t\t<\/a>\n\t\t\t\t\t\t\t<a class=\"e-gallery-item elementor-gallery-item elementor-animated-content\" href=\"https:\/\/luftzeiten.de\/wp-content\/uploads\/2025\/07\/Luftzeiten_Tandenfliegen_Impressionen114.jpeg\" data-elementor-open-lightbox=\"yes\" data-elementor-lightbox-slideshow=\"69470d6\" data-e-action-hash=\"#elementor-action%3Aaction%3Dlightbox%26settings%3DeyJpZCI6NDg0LCJ1cmwiOiJodHRwczpcL1wvbHVmdHplaXRlbi5kZVwvd3AtY29udGVudFwvdXBsb2Fkc1wvMjAyNVwvMDdcL0x1ZnR6ZWl0ZW5fVGFuZGVuZmxpZWdlbl9JbXByZXNzaW9uZW4xMTQuanBlZyIsInNsaWRlc2hvdyI6IjY5NDcwZDYifQ%3D%3D\">\n\t\t\t\t\t<div class=\"e-gallery-image elementor-gallery-item__image\" data-thumbnail=\"https:\/\/luftzeiten.de\/wp-content\/uploads\/2025\/07\/Luftzeiten_Tandenfliegen_Impressionen114-236x300.jpeg\" data-width=\"236\" data-height=\"300\" aria-label=\"Hang gliders fly over green mountains in fine weather.\" role=\"img\" ><\/div>\n\t\t\t\t\t\t\t\t\t\t\t<div class=\"elementor-gallery-item__overlay\"><\/div>\n\t\t\t\t\t\t\t\t\t\t\t\t\t\t<\/a>\n\t\t\t\t\t\t\t<a class=\"e-gallery-item elementor-gallery-item elementor-animated-content\" href=\"https:\/\/luftzeiten.de\/wp-content\/uploads\/2025\/07\/Luftzeiten_Tandenfliegen_Impressionen94.jpeg\" data-elementor-open-lightbox=\"yes\" data-elementor-lightbox-slideshow=\"69470d6\" data-e-action-hash=\"#elementor-action%3Aaction%3Dlightbox%26settings%3DeyJpZCI6NDY0LCJ1cmwiOiJodHRwczpcL1wvbHVmdHplaXRlbi5kZVwvd3AtY29udGVudFwvdXBsb2Fkc1wvMjAyNVwvMDdcL0x1ZnR6ZWl0ZW5fVGFuZGVuZmxpZWdlbl9JbXByZXNzaW9uZW45NC5qcGVnIiwic2xpZGVzaG93IjoiNjk0NzBkNiJ9\">\n\t\t\t\t\t<div class=\"e-gallery-image elementor-gallery-item__image\" data-thumbnail=\"https:\/\/luftzeiten.de\/wp-content\/uploads\/2025\/07\/Luftzeiten_Tandenfliegen_Impressionen94-236x300.jpeg\" data-width=\"236\" data-height=\"300\" aria-label=\"Adventurer with helmet and sunglasses paragliding, ready for flight in the mountains.\" role=\"img\" ><\/div>\n\t\t\t\t\t\t\t\t\t\t\t<div class=\"elementor-gallery-item__overlay\"><\/div>\n\t\t\t\t\t\t\t\t\t\t\t\t\t\t<\/a>\n\t\t\t\t\t\t\t<a class=\"e-gallery-item elementor-gallery-item elementor-animated-content\" href=\"https:\/\/luftzeiten.de\/wp-content\/uploads\/2025\/07\/Luftzeiten_Tandenfliegen_Impressionen95.jpeg\" data-elementor-open-lightbox=\"yes\" data-elementor-lightbox-slideshow=\"69470d6\" data-e-action-hash=\"#elementor-action%3Aaction%3Dlightbox%26settings%3DeyJpZCI6NDY1LCJ1cmwiOiJodHRwczpcL1wvbHVmdHplaXRlbi5kZVwvd3AtY29udGVudFwvdXBsb2Fkc1wvMjAyNVwvMDdcL0x1ZnR6ZWl0ZW5fVGFuZGVuZmxpZWdlbl9JbXByZXNzaW9uZW45NS5qcGVnIiwic2xpZGVzaG93IjoiNjk0NzBkNiJ9\">\n\t\t\t\t\t<div class=\"e-gallery-image elementor-gallery-item__image\" data-thumbnail=\"https:\/\/luftzeiten.de\/wp-content\/uploads\/2025\/07\/Luftzeiten_Tandenfliegen_Impressionen95-236x300.jpeg\" data-width=\"236\" data-height=\"300\" aria-label=\"Two children are flying a kite in the park on a sunny day.\" role=\"img\" ><\/div>\n\t\t\t\t\t\t\t\t\t\t\t<div class=\"elementor-gallery-item__overlay\"><\/div>\n\t\t\t\t\t\t\t\t\t\t\t\t\t\t<\/a>\n\t\t\t\t\t\t\t<a class=\"e-gallery-item elementor-gallery-item elementor-animated-content\" href=\"https:\/\/luftzeiten.de\/wp-content\/uploads\/2025\/07\/Luftzeiten_Tandenfliegen_Impressionen75.jpeg\" data-elementor-open-lightbox=\"yes\" data-elementor-lightbox-slideshow=\"69470d6\" data-e-action-hash=\"#elementor-action%3Aaction%3Dlightbox%26settings%3DeyJpZCI6NDQ1LCJ1cmwiOiJodHRwczpcL1wvbHVmdHplaXRlbi5kZVwvd3AtY29udGVudFwvdXBsb2Fkc1wvMjAyNVwvMDdcL0x1ZnR6ZWl0ZW5fVGFuZGVuZmxpZWdlbl9JbXByZXNzaW9uZW43NS5qcGVnIiwic2xpZGVzaG93IjoiNjk0NzBkNiJ9\">\n\t\t\t\t\t<div class=\"e-gallery-image elementor-gallery-item__image\" data-thumbnail=\"https:\/\/luftzeiten.de\/wp-content\/uploads\/2025\/07\/Luftzeiten_Tandenfliegen_Impressionen75-300x225.jpeg\" data-width=\"300\" data-height=\"225\" aria-label=\"Paragliding in the air with views of colourful autumn forests and valleys.\" role=\"img\" ><\/div>\n\t\t\t\t\t\t\t\t\t\t\t<div class=\"elementor-gallery-item__overlay\"><\/div>\n\t\t\t\t\t\t\t\t\t\t\t\t\t\t<\/a>\n\t\t\t\t\t\t\t<a class=\"e-gallery-item elementor-gallery-item elementor-animated-content\" href=\"https:\/\/luftzeiten.de\/wp-content\/uploads\/2026\/01\/GOPR0510_Ueber-den-Wolken_Web_2021_2-scaled.jpg\" data-elementor-open-lightbox=\"yes\" data-elementor-lightbox-slideshow=\"69470d6\" data-e-action-hash=\"#elementor-action%3Aaction%3Dlightbox%26settings%3DeyJpZCI6MTMwOSwidXJsIjoiaHR0cHM6XC9cL2x1ZnR6ZWl0ZW4uZGVcL3dwLWNvbnRlbnRcL3VwbG9hZHNcLzIwMjZcLzAxXC9HT1BSMDUxMF9VZWJlci1kZW4tV29sa2VuX1dlYl8yMDIxXzItc2NhbGVkLmpwZyIsInNsaWRlc2hvdyI6IjY5NDcwZDYifQ%3D%3D\">\n\t\t\t\t\t<div class=\"e-gallery-image elementor-gallery-item__image\" data-thumbnail=\"https:\/\/luftzeiten.de\/wp-content\/uploads\/2026\/01\/GOPR0510_Ueber-den-Wolken_Web_2021_2-300x225.jpg\" data-width=\"300\" data-height=\"225\" aria-label=\"Paraglider flying high above the clouds, looking at the sky and the landscape below.\" role=\"img\" ><\/div>\n\t\t\t\t\t\t\t\t\t\t\t<div class=\"elementor-gallery-item__overlay\"><\/div>\n\t\t\t\t\t\t\t\t\t\t\t\t\t\t<\/a>\n\t\t\t\t\t\t\t<a class=\"e-gallery-item elementor-gallery-item elementor-animated-content\" href=\"https:\/\/luftzeiten.de\/wp-content\/uploads\/2025\/07\/Luftzeiten_Tandenfliegen_Impressionen11.jpeg\" data-elementor-open-lightbox=\"yes\" data-elementor-lightbox-slideshow=\"69470d6\" data-e-action-hash=\"#elementor-action%3Aaction%3Dlightbox%26settings%3DeyJpZCI6NTIyLCJ1cmwiOiJodHRwczpcL1wvbHVmdHplaXRlbi5kZVwvd3AtY29udGVudFwvdXBsb2Fkc1wvMjAyNVwvMDdcL0x1ZnR6ZWl0ZW5fVGFuZGVuZmxpZWdlbl9JbXByZXNzaW9uZW4xMS5qcGVnIiwic2xpZGVzaG93IjoiNjk0NzBkNiJ9\">\n\t\t\t\t\t<div class=\"e-gallery-image elementor-gallery-item__image\" data-thumbnail=\"https:\/\/luftzeiten.de\/wp-content\/uploads\/2025\/07\/Luftzeiten_Tandenfliegen_Impressionen11-300x225.jpeg\" data-width=\"300\" data-height=\"225\" aria-label=\"Paraglider with companion paragliding in the mountains.\" role=\"img\" ><\/div>\n\t\t\t\t\t\t\t\t\t\t\t<div class=\"elementor-gallery-item__overlay\"><\/div>\n\t\t\t\t\t\t\t\t\t\t\t\t\t\t<\/a>\n\t\t\t\t\t\t\t<a class=\"e-gallery-item elementor-gallery-item elementor-animated-content\" href=\"https:\/\/luftzeiten.de\/wp-content\/uploads\/2025\/07\/Luftzeiten_Tandenfliegen_Impressionen29.jpeg\" data-elementor-open-lightbox=\"yes\" data-elementor-lightbox-slideshow=\"69470d6\" data-e-action-hash=\"#elementor-action%3Aaction%3Dlightbox%26settings%3DeyJpZCI6NTQwLCJ1cmwiOiJodHRwczpcL1wvbHVmdHplaXRlbi5kZVwvd3AtY29udGVudFwvdXBsb2Fkc1wvMjAyNVwvMDdcL0x1ZnR6ZWl0ZW5fVGFuZGVuZmxpZWdlbl9JbXByZXNzaW9uZW4yOS5qcGVnIiwic2xpZGVzaG93IjoiNjk0NzBkNiJ9\">\n\t\t\t\t\t<div class=\"e-gallery-image elementor-gallery-item__image\" data-thumbnail=\"https:\/\/luftzeiten.de\/wp-content\/uploads\/2025\/07\/Luftzeiten_Tandenfliegen_Impressionen29-300x225.jpeg\" data-width=\"300\" data-height=\"225\" aria-label=\"Paraglider in the air overlooking green landscape and mountains.\" role=\"img\" ><\/div>\n\t\t\t\t\t\t\t\t\t\t\t<div class=\"elementor-gallery-item__overlay\"><\/div>\n\t\t\t\t\t\t\t\t\t\t\t\t\t\t<\/a>\n\t\t\t\t\t\t\t<a class=\"e-gallery-item elementor-gallery-item elementor-animated-content\" href=\"https:\/\/luftzeiten.de\/wp-content\/uploads\/2025\/07\/Luftzeiten_Tandenfliegen_Impressionen32.jpeg\" data-elementor-open-lightbox=\"yes\" data-elementor-lightbox-slideshow=\"69470d6\" data-e-action-hash=\"#elementor-action%3Aaction%3Dlightbox%26settings%3DeyJpZCI6NTQzLCJ1cmwiOiJodHRwczpcL1wvbHVmdHplaXRlbi5kZVwvd3AtY29udGVudFwvdXBsb2Fkc1wvMjAyNVwvMDdcL0x1ZnR6ZWl0ZW5fVGFuZGVuZmxpZWdlbl9JbXByZXNzaW9uZW4zMi5qcGVnIiwic2xpZGVzaG93IjoiNjk0NzBkNiJ9\">\n\t\t\t\t\t<div class=\"e-gallery-image elementor-gallery-item__image\" data-thumbnail=\"https:\/\/luftzeiten.de\/wp-content\/uploads\/2025\/07\/Luftzeiten_Tandenfliegen_Impressionen32-236x300.jpeg\" data-width=\"236\" data-height=\"300\" aria-label=\"Motorcyclist wearing a helmet and goggles on a mountain road.\" role=\"img\" ><\/div>\n\t\t\t\t\t\t\t\t\t\t\t<div class=\"elementor-gallery-item__overlay\"><\/div>\n\t\t\t\t\t\t\t\t\t\t\t\t\t\t<\/a>\n\t\t\t\t\t\t\t<a class=\"e-gallery-item elementor-gallery-item elementor-animated-content\" href=\"https:\/\/luftzeiten.de\/wp-content\/uploads\/2025\/07\/Luftzeiten_Tandenfliegen_Impressionen72.jpeg\" data-elementor-open-lightbox=\"yes\" data-elementor-lightbox-slideshow=\"69470d6\" data-e-action-hash=\"#elementor-action%3Aaction%3Dlightbox%26settings%3DeyJpZCI6NDQyLCJ1cmwiOiJodHRwczpcL1wvbHVmdHplaXRlbi5kZVwvd3AtY29udGVudFwvdXBsb2Fkc1wvMjAyNVwvMDdcL0x1ZnR6ZWl0ZW5fVGFuZGVuZmxpZWdlbl9JbXByZXNzaW9uZW43Mi5qcGVnIiwic2xpZGVzaG93IjoiNjk0NzBkNiJ9\">\n\t\t\t\t\t<div class=\"e-gallery-image elementor-gallery-item__image\" data-thumbnail=\"https:\/\/luftzeiten.de\/wp-content\/uploads\/2025\/07\/Luftzeiten_Tandenfliegen_Impressionen72-300x225.jpeg\" data-width=\"300\" data-height=\"225\" aria-label=\"Paragliders in the air overlooking green mountains and a blue sky.\" role=\"img\" ><\/div>\n\t\t\t\t\t\t\t\t\t\t\t<div class=\"elementor-gallery-item__overlay\"><\/div>\n\t\t\t\t\t\t\t\t\t\t\t\t\t\t<\/a>\n\t\t\t\t\t\t\t<a class=\"e-gallery-item elementor-gallery-item elementor-animated-content\" href=\"https:\/\/luftzeiten.de\/wp-content\/uploads\/2025\/07\/Luftzeiten_Tandenfliegen_Impressionen131.jpeg\" data-elementor-open-lightbox=\"yes\" data-elementor-lightbox-slideshow=\"69470d6\" data-e-action-hash=\"#elementor-action%3Aaction%3Dlightbox%26settings%3DeyJpZCI6NTAxLCJ1cmwiOiJodHRwczpcL1wvbHVmdHplaXRlbi5kZVwvd3AtY29udGVudFwvdXBsb2Fkc1wvMjAyNVwvMDdcL0x1ZnR6ZWl0ZW5fVGFuZGVuZmxpZWdlbl9JbXByZXNzaW9uZW4xMzEuanBlZyIsInNsaWRlc2hvdyI6IjY5NDcwZDYifQ%3D%3D\">\n\t\t\t\t\t<div class=\"e-gallery-image elementor-gallery-item__image\" data-thumbnail=\"https:\/\/luftzeiten.de\/wp-content\/uploads\/2025\/07\/Luftzeiten_Tandenfliegen_Impressionen131-300x169.jpeg\" data-width=\"300\" data-height=\"169\" aria-label=\"Sunrise over mountains with clouds and mist in the valley.\" role=\"img\" ><\/div>\n\t\t\t\t\t\t\t\t\t\t\t<div class=\"elementor-gallery-item__overlay\"><\/div>\n\t\t\t\t\t\t\t\t\t\t\t\t\t\t<\/a>\n\t\t\t\t\t\t\t<a class=\"e-gallery-item elementor-gallery-item elementor-animated-content\" href=\"https:\/\/luftzeiten.de\/wp-content\/uploads\/2025\/07\/Luftzeiten_Tandenfliegen_Impressionen66.jpeg\" data-elementor-open-lightbox=\"yes\" data-elementor-lightbox-slideshow=\"69470d6\" data-e-action-hash=\"#elementor-action%3Aaction%3Dlightbox%26settings%3DeyJpZCI6NDM2LCJ1cmwiOiJodHRwczpcL1wvbHVmdHplaXRlbi5kZVwvd3AtY29udGVudFwvdXBsb2Fkc1wvMjAyNVwvMDdcL0x1ZnR6ZWl0ZW5fVGFuZGVuZmxpZWdlbl9JbXByZXNzaW9uZW42Ni5qcGVnIiwic2xpZGVzaG93IjoiNjk0NzBkNiJ9\">\n\t\t\t\t\t<div class=\"e-gallery-image elementor-gallery-item__image\" data-thumbnail=\"https:\/\/luftzeiten.de\/wp-content\/uploads\/2025\/07\/Luftzeiten_Tandenfliegen_Impressionen66-236x300.jpeg\" data-width=\"236\" data-height=\"300\" aria-label=\"Aerial view of a city with old buildings and lots of greenery.\" role=\"img\" ><\/div>\n\t\t\t\t\t\t\t\t\t\t\t<div class=\"elementor-gallery-item__overlay\"><\/div>\n\t\t\t\t\t\t\t\t\t\t\t\t\t\t<\/a>\n\t\t\t\t\t\t\t<a class=\"e-gallery-item elementor-gallery-item elementor-animated-content\" href=\"https:\/\/luftzeiten.de\/wp-content\/uploads\/2025\/07\/Luftzeiten_Tandenfliegen_Impressionen25.jpeg\" data-elementor-open-lightbox=\"yes\" data-elementor-lightbox-slideshow=\"69470d6\" data-e-action-hash=\"#elementor-action%3Aaction%3Dlightbox%26settings%3DeyJpZCI6NTM2LCJ1cmwiOiJodHRwczpcL1wvbHVmdHplaXRlbi5kZVwvd3AtY29udGVudFwvdXBsb2Fkc1wvMjAyNVwvMDdcL0x1ZnR6ZWl0ZW5fVGFuZGVuZmxpZWdlbl9JbXByZXNzaW9uZW4yNS5qcGVnIiwic2xpZGVzaG93IjoiNjk0NzBkNiJ9\">\n\t\t\t\t\t<div class=\"e-gallery-image elementor-gallery-item__image\" data-thumbnail=\"https:\/\/luftzeiten.de\/wp-content\/uploads\/2025\/07\/Luftzeiten_Tandenfliegen_Impressionen25-236x300.jpeg\" data-width=\"236\" data-height=\"300\" aria-label=\"A paragliding couple high in the air with views of green hills and clouds.\" role=\"img\" ><\/div>\n\t\t\t\t\t\t\t\t\t\t\t<div class=\"elementor-gallery-item__overlay\"><\/div>\n\t\t\t\t\t\t\t\t\t\t\t\t\t\t<\/a>\n\t\t\t\t\t\t\t<a class=\"e-gallery-item elementor-gallery-item elementor-animated-content\" href=\"https:\/\/luftzeiten.de\/wp-content\/uploads\/2025\/07\/Luftzeiten_Tandenfliegen_Impressionen80.jpeg\" data-elementor-open-lightbox=\"yes\" data-elementor-lightbox-slideshow=\"69470d6\" data-e-action-hash=\"#elementor-action%3Aaction%3Dlightbox%26settings%3DeyJpZCI6NDUwLCJ1cmwiOiJodHRwczpcL1wvbHVmdHplaXRlbi5kZVwvd3AtY29udGVudFwvdXBsb2Fkc1wvMjAyNVwvMDdcL0x1ZnR6ZWl0ZW5fVGFuZGVuZmxpZWdlbl9JbXByZXNzaW9uZW44MC5qcGVnIiwic2xpZGVzaG93IjoiNjk0NzBkNiJ9\">\n\t\t\t\t\t<div class=\"e-gallery-image elementor-gallery-item__image\" data-thumbnail=\"https:\/\/luftzeiten.de\/wp-content\/uploads\/2025\/07\/Luftzeiten_Tandenfliegen_Impressionen80-300x225.jpeg\" data-width=\"300\" data-height=\"225\" aria-label=\"Paraglider wearing a protective mask flies over the landscape.\" role=\"img\" ><\/div>\n\t\t\t\t\t\t\t\t\t\t\t<div class=\"elementor-gallery-item__overlay\"><\/div>\n\t\t\t\t\t\t\t\t\t\t\t\t\t\t<\/a>\n\t\t\t\t\t\t\t<a class=\"e-gallery-item elementor-gallery-item elementor-animated-content\" href=\"https:\/\/luftzeiten.de\/wp-content\/uploads\/2025\/07\/Luftzeiten_Tandenfliegen_Impressionen22.jpeg\" data-elementor-open-lightbox=\"yes\" data-elementor-lightbox-slideshow=\"69470d6\" data-e-action-hash=\"#elementor-action%3Aaction%3Dlightbox%26settings%3DeyJpZCI6NTMzLCJ1cmwiOiJodHRwczpcL1wvbHVmdHplaXRlbi5kZVwvd3AtY29udGVudFwvdXBsb2Fkc1wvMjAyNVwvMDdcL0x1ZnR6ZWl0ZW5fVGFuZGVuZmxpZWdlbl9JbXByZXNzaW9uZW4yMi5qcGVnIiwic2xpZGVzaG93IjoiNjk0NzBkNiJ9\">\n\t\t\t\t\t<div class=\"e-gallery-image elementor-gallery-item__image\" data-thumbnail=\"https:\/\/luftzeiten.de\/wp-content\/uploads\/2025\/07\/Luftzeiten_Tandenfliegen_Impressionen22-236x300.jpeg\" data-width=\"236\" data-height=\"300\" aria-label=\"Woman paragliding with helmet and sunglasses in the mountains.\" role=\"img\" ><\/div>\n\t\t\t\t\t\t\t\t\t\t\t<div class=\"elementor-gallery-item__overlay\"><\/div>\n\t\t\t\t\t\t\t\t\t\t\t\t\t\t<\/a>\n\t\t\t\t\t\t\t<a class=\"e-gallery-item elementor-gallery-item elementor-animated-content\" href=\"https:\/\/luftzeiten.de\/wp-content\/uploads\/2025\/07\/Luftzeiten_Tandenfliegen_Impressionen71.jpeg\" data-elementor-open-lightbox=\"yes\" data-elementor-lightbox-slideshow=\"69470d6\" data-e-action-hash=\"#elementor-action%3Aaction%3Dlightbox%26settings%3DeyJpZCI6NDQxLCJ1cmwiOiJodHRwczpcL1wvbHVmdHplaXRlbi5kZVwvd3AtY29udGVudFwvdXBsb2Fkc1wvMjAyNVwvMDdcL0x1ZnR6ZWl0ZW5fVGFuZGVuZmxpZWdlbl9JbXByZXNzaW9uZW43MS5qcGVnIiwic2xpZGVzaG93IjoiNjk0NzBkNiJ9\">\n\t\t\t\t\t<div class=\"e-gallery-image elementor-gallery-item__image\" data-thumbnail=\"https:\/\/luftzeiten.de\/wp-content\/uploads\/2025\/07\/Luftzeiten_Tandenfliegen_Impressionen71-236x300.jpeg\" data-width=\"236\" data-height=\"300\" aria-label=\"Paragliding in the mountains, with views of green valleys and the sky.\" role=\"img\" ><\/div>\n\t\t\t\t\t\t\t\t\t\t\t<div class=\"elementor-gallery-item__overlay\"><\/div>\n\t\t\t\t\t\t\t\t\t\t\t\t\t\t<\/a>\n\t\t\t\t\t\t\t<a class=\"e-gallery-item elementor-gallery-item elementor-animated-content\" href=\"https:\/\/luftzeiten.de\/wp-content\/uploads\/2025\/07\/Luftzeiten_Tandenfliegen_Impressionen127.jpeg\" data-elementor-open-lightbox=\"yes\" data-elementor-lightbox-slideshow=\"69470d6\" data-e-action-hash=\"#elementor-action%3Aaction%3Dlightbox%26settings%3DeyJpZCI6NDk3LCJ1cmwiOiJodHRwczpcL1wvbHVmdHplaXRlbi5kZVwvd3AtY29udGVudFwvdXBsb2Fkc1wvMjAyNVwvMDdcL0x1ZnR6ZWl0ZW5fVGFuZGVuZmxpZWdlbl9JbXByZXNzaW9uZW4xMjcuanBlZyIsInNsaWRlc2hvdyI6IjY5NDcwZDYifQ%3D%3D\">\n\t\t\t\t\t<div class=\"e-gallery-image elementor-gallery-item__image\" data-thumbnail=\"https:\/\/luftzeiten.de\/wp-content\/uploads\/2025\/07\/Luftzeiten_Tandenfliegen_Impressionen127-300x225.jpeg\" data-width=\"300\" data-height=\"225\" aria-label=\"Paragliding in the mountains with two people, safety equipment, sky and landscape in the background.\" role=\"img\" ><\/div>\n\t\t\t\t\t\t\t\t\t\t\t<div class=\"elementor-gallery-item__overlay\"><\/div>\n\t\t\t\t\t\t\t\t\t\t\t\t\t\t<\/a>\n\t\t\t\t\t\t\t<a class=\"e-gallery-item elementor-gallery-item elementor-animated-content\" href=\"https:\/\/luftzeiten.de\/wp-content\/uploads\/2025\/07\/Luftzeiten_Tandenfliegen_Impressionen58.jpeg\" data-elementor-open-lightbox=\"yes\" data-elementor-lightbox-slideshow=\"69470d6\" data-e-action-hash=\"#elementor-action%3Aaction%3Dlightbox%26settings%3DeyJpZCI6NDI4LCJ1cmwiOiJodHRwczpcL1wvbHVmdHplaXRlbi5kZVwvd3AtY29udGVudFwvdXBsb2Fkc1wvMjAyNVwvMDdcL0x1ZnR6ZWl0ZW5fVGFuZGVuZmxpZWdlbl9JbXByZXNzaW9uZW41OC5qcGVnIiwic2xpZGVzaG93IjoiNjk0NzBkNiJ9\">\n\t\t\t\t\t<div class=\"e-gallery-image elementor-gallery-item__image\" data-thumbnail=\"https:\/\/luftzeiten.de\/wp-content\/uploads\/2025\/07\/Luftzeiten_Tandenfliegen_Impressionen58-236x300.jpeg\" data-width=\"236\" data-height=\"300\" aria-label=\"Sky with clouds over the mountains, view of the landscape and valleys.\" role=\"img\" ><\/div>\n\t\t\t\t\t\t\t\t\t\t\t<div class=\"elementor-gallery-item__overlay\"><\/div>\n\t\t\t\t\t\t\t\t\t\t\t\t\t\t<\/a>\n\t\t\t\t\t\t\t<a class=\"e-gallery-item elementor-gallery-item elementor-animated-content\" href=\"https:\/\/luftzeiten.de\/wp-content\/uploads\/2025\/07\/Luftzeiten_Tandenfliegen_Impressionen18.jpeg\" data-elementor-open-lightbox=\"yes\" data-elementor-lightbox-slideshow=\"69470d6\" data-e-action-hash=\"#elementor-action%3Aaction%3Dlightbox%26settings%3DeyJpZCI6NTI5LCJ1cmwiOiJodHRwczpcL1wvbHVmdHplaXRlbi5kZVwvd3AtY29udGVudFwvdXBsb2Fkc1wvMjAyNVwvMDdcL0x1ZnR6ZWl0ZW5fVGFuZGVuZmxpZWdlbl9JbXByZXNzaW9uZW4xOC5qcGVnIiwic2xpZGVzaG93IjoiNjk0NzBkNiJ9\">\n\t\t\t\t\t<div class=\"e-gallery-image elementor-gallery-item__image\" data-thumbnail=\"https:\/\/luftzeiten.de\/wp-content\/uploads\/2025\/07\/Luftzeiten_Tandenfliegen_Impressionen18-236x300.jpeg\" data-width=\"236\" data-height=\"300\" aria-label=\"Helmet with &quot;Air Time&quot; inscription, suitable for aviation and air sports.\" role=\"img\" ><\/div>\n\t\t\t\t\t\t\t\t\t\t\t<div class=\"elementor-gallery-item__overlay\"><\/div>\n\t\t\t\t\t\t\t\t\t\t\t\t\t\t<\/a>\n\t\t\t\t\t\t\t<a class=\"e-gallery-item elementor-gallery-item elementor-animated-content\" href=\"https:\/\/luftzeiten.de\/wp-content\/uploads\/2025\/07\/Luftzeiten_Tandenfliegen_Impressionen33.jpeg\" data-elementor-open-lightbox=\"yes\" data-elementor-lightbox-slideshow=\"69470d6\" data-e-action-hash=\"#elementor-action%3Aaction%3Dlightbox%26settings%3DeyJpZCI6NTQ0LCJ1cmwiOiJodHRwczpcL1wvbHVmdHplaXRlbi5kZVwvd3AtY29udGVudFwvdXBsb2Fkc1wvMjAyNVwvMDdcL0x1ZnR6ZWl0ZW5fVGFuZGVuZmxpZWdlbl9JbXByZXNzaW9uZW4zMy5qcGVnIiwic2xpZGVzaG93IjoiNjk0NzBkNiJ9\">\n\t\t\t\t\t<div class=\"e-gallery-image elementor-gallery-item__image\" data-thumbnail=\"https:\/\/luftzeiten.de\/wp-content\/uploads\/2025\/07\/Luftzeiten_Tandenfliegen_Impressionen33-300x225.jpeg\" data-width=\"300\" data-height=\"225\" aria-label=\"Paragliders in the air with colourful canopy lines over green countryside.\" role=\"img\" ><\/div>\n\t\t\t\t\t\t\t\t\t\t\t<div class=\"elementor-gallery-item__overlay\"><\/div>\n\t\t\t\t\t\t\t\t\t\t\t\t\t\t<\/a>\n\t\t\t\t\t\t\t<a class=\"e-gallery-item elementor-gallery-item elementor-animated-content\" href=\"https:\/\/luftzeiten.de\/wp-content\/uploads\/2025\/07\/Luftzeiten_Tandenfliegen_Impressionen61.jpeg\" data-elementor-open-lightbox=\"yes\" data-elementor-lightbox-slideshow=\"69470d6\" data-e-action-hash=\"#elementor-action%3Aaction%3Dlightbox%26settings%3DeyJpZCI6NDMxLCJ1cmwiOiJodHRwczpcL1wvbHVmdHplaXRlbi5kZVwvd3AtY29udGVudFwvdXBsb2Fkc1wvMjAyNVwvMDdcL0x1ZnR6ZWl0ZW5fVGFuZGVuZmxpZWdlbl9JbXByZXNzaW9uZW42MS5qcGVnIiwic2xpZGVzaG93IjoiNjk0NzBkNiJ9\">\n\t\t\t\t\t<div class=\"e-gallery-image elementor-gallery-item__image\" data-thumbnail=\"https:\/\/luftzeiten.de\/wp-content\/uploads\/2025\/07\/Luftzeiten_Tandenfliegen_Impressionen61-300x225.jpeg\" data-width=\"300\" data-height=\"225\" aria-label=\"A paraglider flies high above a green landscape under a beautiful sky.\" role=\"img\" ><\/div>\n\t\t\t\t\t\t\t\t\t\t\t<div class=\"elementor-gallery-item__overlay\"><\/div>\n\t\t\t\t\t\t\t\t\t\t\t\t\t\t<\/a>\n\t\t\t\t\t\t\t<a class=\"e-gallery-item elementor-gallery-item elementor-animated-content\" href=\"https:\/\/luftzeiten.de\/wp-content\/uploads\/2025\/07\/Luftzeiten_Tandenfliegen_Impressionen93.jpeg\" data-elementor-open-lightbox=\"yes\" data-elementor-lightbox-slideshow=\"69470d6\" data-e-action-hash=\"#elementor-action%3Aaction%3Dlightbox%26settings%3DeyJpZCI6NDYzLCJ1cmwiOiJodHRwczpcL1wvbHVmdHplaXRlbi5kZVwvd3AtY29udGVudFwvdXBsb2Fkc1wvMjAyNVwvMDdcL0x1ZnR6ZWl0ZW5fVGFuZGVuZmxpZWdlbl9JbXByZXNzaW9uZW45My5qcGVnIiwic2xpZGVzaG93IjoiNjk0NzBkNiJ9\">\n\t\t\t\t\t<div class=\"e-gallery-image elementor-gallery-item__image\" data-thumbnail=\"https:\/\/luftzeiten.de\/wp-content\/uploads\/2025\/07\/Luftzeiten_Tandenfliegen_Impressionen93-300x225.jpeg\" data-width=\"300\" data-height=\"225\" aria-label=\"Mountain landscape at sunset with green grass and rocks in the foreground.\" role=\"img\" ><\/div>\n\t\t\t\t\t\t\t\t\t\t\t<div class=\"elementor-gallery-item__overlay\"><\/div>\n\t\t\t\t\t\t\t\t\t\t\t\t\t\t<\/a>\n\t\t\t\t\t\t\t<a class=\"e-gallery-item elementor-gallery-item elementor-animated-content\" href=\"https:\/\/luftzeiten.de\/wp-content\/uploads\/2025\/07\/Luftzeiten_Tandenfliegen_Impressionen68.jpeg\" data-elementor-open-lightbox=\"yes\" data-elementor-lightbox-slideshow=\"69470d6\" data-e-action-hash=\"#elementor-action%3Aaction%3Dlightbox%26settings%3DeyJpZCI6NDM4LCJ1cmwiOiJodHRwczpcL1wvbHVmdHplaXRlbi5kZVwvd3AtY29udGVudFwvdXBsb2Fkc1wvMjAyNVwvMDdcL0x1ZnR6ZWl0ZW5fVGFuZGVuZmxpZWdlbl9JbXByZXNzaW9uZW42OC5qcGVnIiwic2xpZGVzaG93IjoiNjk0NzBkNiJ9\">\n\t\t\t\t\t<div class=\"e-gallery-image elementor-gallery-item__image\" data-thumbnail=\"https:\/\/luftzeiten.de\/wp-content\/uploads\/2025\/07\/Luftzeiten_Tandenfliegen_Impressionen68-236x300.jpeg\" data-width=\"236\" data-height=\"300\" aria-label=\"Paragliders in the air overlooking the landscape below them.\" role=\"img\" ><\/div>\n\t\t\t\t\t\t\t\t\t\t\t<div class=\"elementor-gallery-item__overlay\"><\/div>\n\t\t\t\t\t\t\t\t\t\t\t\t\t\t<\/a>\n\t\t\t\t\t\t\t<a class=\"e-gallery-item elementor-gallery-item elementor-animated-content\" href=\"https:\/\/luftzeiten.de\/wp-content\/uploads\/2025\/07\/Luftzeiten_Tandenfliegen_Impressionen112.jpeg\" data-elementor-open-lightbox=\"yes\" data-elementor-lightbox-slideshow=\"69470d6\" data-e-action-hash=\"#elementor-action%3Aaction%3Dlightbox%26settings%3DeyJpZCI6NDgyLCJ1cmwiOiJodHRwczpcL1wvbHVmdHplaXRlbi5kZVwvd3AtY29udGVudFwvdXBsb2Fkc1wvMjAyNVwvMDdcL0x1ZnR6ZWl0ZW5fVGFuZGVuZmxpZWdlbl9JbXByZXNzaW9uZW4xMTIuanBlZyIsInNsaWRlc2hvdyI6IjY5NDcwZDYifQ%3D%3D\">\n\t\t\t\t\t<div class=\"e-gallery-image elementor-gallery-item__image\" data-thumbnail=\"https:\/\/luftzeiten.de\/wp-content\/uploads\/2025\/07\/Luftzeiten_Tandenfliegen_Impressionen112-300x225.jpeg\" data-width=\"300\" data-height=\"225\" aria-label=\"Two paragliders fly over a mountainous landscape at sunset.\" role=\"img\" ><\/div>\n\t\t\t\t\t\t\t\t\t\t\t<div class=\"elementor-gallery-item__overlay\"><\/div>\n\t\t\t\t\t\t\t\t\t\t\t\t\t\t<\/a>\n\t\t\t\t\t\t\t<a class=\"e-gallery-item elementor-gallery-item elementor-animated-content\" href=\"https:\/\/luftzeiten.de\/wp-content\/uploads\/2025\/07\/Luftzeiten_Tandenfliegen_Impressionen126.jpeg\" data-elementor-open-lightbox=\"yes\" data-elementor-lightbox-slideshow=\"69470d6\" data-e-action-hash=\"#elementor-action%3Aaction%3Dlightbox%26settings%3DeyJpZCI6NDk2LCJ1cmwiOiJodHRwczpcL1wvbHVmdHplaXRlbi5kZVwvd3AtY29udGVudFwvdXBsb2Fkc1wvMjAyNVwvMDdcL0x1ZnR6ZWl0ZW5fVGFuZGVuZmxpZWdlbl9JbXByZXNzaW9uZW4xMjYuanBlZyIsInNsaWRlc2hvdyI6IjY5NDcwZDYifQ%3D%3D\">\n\t\t\t\t\t<div class=\"e-gallery-image elementor-gallery-item__image\" data-thumbnail=\"https:\/\/luftzeiten.de\/wp-content\/uploads\/2025\/07\/Luftzeiten_Tandenfliegen_Impressionen126-236x300.jpeg\" data-width=\"236\" data-height=\"300\" aria-label=\"Paragliding overlooking the landscape, two people in the air.\" role=\"img\" ><\/div>\n\t\t\t\t\t\t\t\t\t\t\t<div class=\"elementor-gallery-item__overlay\"><\/div>\n\t\t\t\t\t\t\t\t\t\t\t\t\t\t<\/a>\n\t\t\t\t\t\t\t<a class=\"e-gallery-item elementor-gallery-item elementor-animated-content\" href=\"https:\/\/luftzeiten.de\/wp-content\/uploads\/2025\/07\/Luftzeiten_Tandenfliegen_Impressionen105.jpeg\" data-elementor-open-lightbox=\"yes\" data-elementor-lightbox-slideshow=\"69470d6\" data-e-action-hash=\"#elementor-action%3Aaction%3Dlightbox%26settings%3DeyJpZCI6NDc1LCJ1cmwiOiJodHRwczpcL1wvbHVmdHplaXRlbi5kZVwvd3AtY29udGVudFwvdXBsb2Fkc1wvMjAyNVwvMDdcL0x1ZnR6ZWl0ZW5fVGFuZGVuZmxpZWdlbl9JbXByZXNzaW9uZW4xMDUuanBlZyIsInNsaWRlc2hvdyI6IjY5NDcwZDYifQ%3D%3D\">\n\t\t\t\t\t<div class=\"e-gallery-image elementor-gallery-item__image\" data-thumbnail=\"https:\/\/luftzeiten.de\/wp-content\/uploads\/2025\/07\/Luftzeiten_Tandenfliegen_Impressionen105-236x300.jpeg\" data-width=\"236\" data-height=\"300\" aria-label=\"Paragliding with two people over green mountains, safety equipment visible.\" role=\"img\" ><\/div>\n\t\t\t\t\t\t\t\t\t\t\t<div class=\"elementor-gallery-item__overlay\"><\/div>\n\t\t\t\t\t\t\t\t\t\t\t\t\t\t<\/a>\n\t\t\t\t\t\t\t<a class=\"e-gallery-item elementor-gallery-item elementor-animated-content\" href=\"https:\/\/luftzeiten.de\/wp-content\/uploads\/2025\/07\/Luftzeiten_Tandenfliegen_Impressionen120.jpeg\" data-elementor-open-lightbox=\"yes\" data-elementor-lightbox-slideshow=\"69470d6\" data-e-action-hash=\"#elementor-action%3Aaction%3Dlightbox%26settings%3DeyJpZCI6NDkwLCJ1cmwiOiJodHRwczpcL1wvbHVmdHplaXRlbi5kZVwvd3AtY29udGVudFwvdXBsb2Fkc1wvMjAyNVwvMDdcL0x1ZnR6ZWl0ZW5fVGFuZGVuZmxpZWdlbl9JbXByZXNzaW9uZW4xMjAuanBlZyIsInNsaWRlc2hvdyI6IjY5NDcwZDYifQ%3D%3D\">\n\t\t\t\t\t<div class=\"e-gallery-image elementor-gallery-item__image\" data-thumbnail=\"https:\/\/luftzeiten.de\/wp-content\/uploads\/2025\/07\/Luftzeiten_Tandenfliegen_Impressionen120-300x225.jpeg\" data-width=\"300\" data-height=\"225\" aria-label=\"Paragliding in the mountains, two men flying high above the forest.\" role=\"img\" ><\/div>\n\t\t\t\t\t\t\t\t\t\t\t<div class=\"elementor-gallery-item__overlay\"><\/div>\n\t\t\t\t\t\t\t\t\t\t\t\t\t\t<\/a>\n\t\t\t\t\t\t\t<a class=\"e-gallery-item elementor-gallery-item elementor-animated-content\" href=\"https:\/\/luftzeiten.de\/wp-content\/uploads\/2025\/07\/Luftzeiten_Tandenfliegen_Impressionen97.jpeg\" data-elementor-open-lightbox=\"yes\" data-elementor-lightbox-slideshow=\"69470d6\" data-e-action-hash=\"#elementor-action%3Aaction%3Dlightbox%26settings%3DeyJpZCI6NDY3LCJ1cmwiOiJodHRwczpcL1wvbHVmdHplaXRlbi5kZVwvd3AtY29udGVudFwvdXBsb2Fkc1wvMjAyNVwvMDdcL0x1ZnR6ZWl0ZW5fVGFuZGVuZmxpZWdlbl9JbXByZXNzaW9uZW45Ny5qcGVnIiwic2xpZGVzaG93IjoiNjk0NzBkNiJ9\">\n\t\t\t\t\t<div class=\"e-gallery-image elementor-gallery-item__image\" data-thumbnail=\"https:\/\/luftzeiten.de\/wp-content\/uploads\/2025\/07\/Luftzeiten_Tandenfliegen_Impressionen97-236x300.jpeg\" data-width=\"236\" data-height=\"300\" aria-label=\"Paraglider in the air with an accompanying person, nature in the background.\" role=\"img\" ><\/div>\n\t\t\t\t\t\t\t\t\t\t\t<div class=\"elementor-gallery-item__overlay\"><\/div>\n\t\t\t\t\t\t\t\t\t\t\t\t\t\t<\/a>\n\t\t\t\t\t\t\t<a class=\"e-gallery-item elementor-gallery-item elementor-animated-content\" href=\"https:\/\/luftzeiten.de\/wp-content\/uploads\/2025\/07\/Luftzeiten_Tandenfliegen_Impressionen56.jpeg\" data-elementor-open-lightbox=\"yes\" data-elementor-lightbox-slideshow=\"69470d6\" data-e-action-hash=\"#elementor-action%3Aaction%3Dlightbox%26settings%3DeyJpZCI6NTY0LCJ1cmwiOiJodHRwczpcL1wvbHVmdHplaXRlbi5kZVwvd3AtY29udGVudFwvdXBsb2Fkc1wvMjAyNVwvMDdcL0x1ZnR6ZWl0ZW5fVGFuZGVuZmxpZWdlbl9JbXByZXNzaW9uZW41Ni5qcGVnIiwic2xpZGVzaG93IjoiNjk0NzBkNiJ9\">\n\t\t\t\t\t<div class=\"e-gallery-image elementor-gallery-item__image\" data-thumbnail=\"https:\/\/luftzeiten.de\/wp-content\/uploads\/2025\/07\/Luftzeiten_Tandenfliegen_Impressionen56-236x300.jpeg\" data-width=\"236\" data-height=\"300\" aria-label=\"Paragliding helmet and equipment for safe flights.\" role=\"img\" ><\/div>\n\t\t\t\t\t\t\t\t\t\t\t<div class=\"elementor-gallery-item__overlay\"><\/div>\n\t\t\t\t\t\t\t\t\t\t\t\t\t\t<\/a>\n\t\t\t\t\t\t\t<a class=\"e-gallery-item elementor-gallery-item elementor-animated-content\" href=\"https:\/\/luftzeiten.de\/wp-content\/uploads\/2025\/07\/Luftzeiten_Tandenfliegen_Impressionen15.jpeg\" data-elementor-open-lightbox=\"yes\" data-elementor-lightbox-slideshow=\"69470d6\" data-e-action-hash=\"#elementor-action%3Aaction%3Dlightbox%26settings%3DeyJpZCI6NTI2LCJ1cmwiOiJodHRwczpcL1wvbHVmdHplaXRlbi5kZVwvd3AtY29udGVudFwvdXBsb2Fkc1wvMjAyNVwvMDdcL0x1ZnR6ZWl0ZW5fVGFuZGVuZmxpZWdlbl9JbXByZXNzaW9uZW4xNS5qcGVnIiwic2xpZGVzaG93IjoiNjk0NzBkNiJ9\">\n\t\t\t\t\t<div class=\"e-gallery-image elementor-gallery-item__image\" data-thumbnail=\"https:\/\/luftzeiten.de\/wp-content\/uploads\/2025\/07\/Luftzeiten_Tandenfliegen_Impressionen15-300x225.jpeg\" data-width=\"300\" data-height=\"225\" aria-label=\"Paragliders with a tandem passenger in the air, enjoying a pleasant view of the landscape.\" role=\"img\" ><\/div>\n\t\t\t\t\t\t\t\t\t\t\t<div class=\"elementor-gallery-item__overlay\"><\/div>\n\t\t\t\t\t\t\t\t\t\t\t\t\t\t<\/a>\n\t\t\t\t\t\t\t<a class=\"e-gallery-item elementor-gallery-item elementor-animated-content\" href=\"https:\/\/luftzeiten.de\/wp-content\/uploads\/2025\/07\/Luftzeiten_Tandenfliegen_Impressionen107.jpeg\" data-elementor-open-lightbox=\"yes\" data-elementor-lightbox-slideshow=\"69470d6\" data-e-action-hash=\"#elementor-action%3Aaction%3Dlightbox%26settings%3DeyJpZCI6NDc3LCJ1cmwiOiJodHRwczpcL1wvbHVmdHplaXRlbi5kZVwvd3AtY29udGVudFwvdXBsb2Fkc1wvMjAyNVwvMDdcL0x1ZnR6ZWl0ZW5fVGFuZGVuZmxpZWdlbl9JbXByZXNzaW9uZW4xMDcuanBlZyIsInNsaWRlc2hvdyI6IjY5NDcwZDYifQ%3D%3D\">\n\t\t\t\t\t<div class=\"e-gallery-image elementor-gallery-item__image\" data-thumbnail=\"https:\/\/luftzeiten.de\/wp-content\/uploads\/2025\/07\/Luftzeiten_Tandenfliegen_Impressionen107-300x225.jpeg\" data-width=\"300\" data-height=\"225\" aria-label=\"Group of friends on an outdoor adventure in the countryside, laughing and wearing protective helmets.\" role=\"img\" ><\/div>\n\t\t\t\t\t\t\t\t\t\t\t<div class=\"elementor-gallery-item__overlay\"><\/div>\n\t\t\t\t\t\t\t\t\t\t\t\t\t\t<\/a>\n\t\t\t\t\t\t\t<a class=\"e-gallery-item elementor-gallery-item elementor-animated-content\" href=\"https:\/\/luftzeiten.de\/wp-content\/uploads\/2025\/07\/Luftzeiten_Tandenfliegen_Impressionen51.jpeg\" data-elementor-open-lightbox=\"yes\" data-elementor-lightbox-slideshow=\"69470d6\" data-e-action-hash=\"#elementor-action%3Aaction%3Dlightbox%26settings%3DeyJpZCI6NTYyLCJ1cmwiOiJodHRwczpcL1wvbHVmdHplaXRlbi5kZVwvd3AtY29udGVudFwvdXBsb2Fkc1wvMjAyNVwvMDdcL0x1ZnR6ZWl0ZW5fVGFuZGVuZmxpZWdlbl9JbXByZXNzaW9uZW41MS5qcGVnIiwic2xpZGVzaG93IjoiNjk0NzBkNiJ9\">\n\t\t\t\t\t<div class=\"e-gallery-image elementor-gallery-item__image\" data-thumbnail=\"https:\/\/luftzeiten.de\/wp-content\/uploads\/2025\/07\/Luftzeiten_Tandenfliegen_Impressionen51-236x300.jpeg\" data-width=\"236\" data-height=\"300\" aria-label=\"Paraglider holds handle in hand during flight.\" role=\"img\" ><\/div>\n\t\t\t\t\t\t\t\t\t\t\t<div class=\"elementor-gallery-item__overlay\"><\/div>\n\t\t\t\t\t\t\t\t\t\t\t\t\t\t<\/a>\n\t\t\t\t\t\t\t<a class=\"e-gallery-item elementor-gallery-item elementor-animated-content\" href=\"https:\/\/luftzeiten.de\/wp-content\/uploads\/2025\/07\/Luftzeiten_Tandenfliegen_Impressionen44.jpeg\" data-elementor-open-lightbox=\"yes\" data-elementor-lightbox-slideshow=\"69470d6\" data-e-action-hash=\"#elementor-action%3Aaction%3Dlightbox%26settings%3DeyJpZCI6NTU1LCJ1cmwiOiJodHRwczpcL1wvbHVmdHplaXRlbi5kZVwvd3AtY29udGVudFwvdXBsb2Fkc1wvMjAyNVwvMDdcL0x1ZnR6ZWl0ZW5fVGFuZGVuZmxpZWdlbl9JbXByZXNzaW9uZW40NC5qcGVnIiwic2xpZGVzaG93IjoiNjk0NzBkNiJ9\">\n\t\t\t\t\t<div class=\"e-gallery-image elementor-gallery-item__image\" data-thumbnail=\"https:\/\/luftzeiten.de\/wp-content\/uploads\/2025\/07\/Luftzeiten_Tandenfliegen_Impressionen44-300x225.jpeg\" data-width=\"300\" data-height=\"225\" aria-label=\"Two people fly together high above green forests and mountains.\" role=\"img\" ><\/div>\n\t\t\t\t\t\t\t\t\t\t\t<div class=\"elementor-gallery-item__overlay\"><\/div>\n\t\t\t\t\t\t\t\t\t\t\t\t\t\t<\/a>\n\t\t\t\t\t\t\t<a class=\"e-gallery-item elementor-gallery-item elementor-animated-content\" href=\"https:\/\/luftzeiten.de\/wp-content\/uploads\/2025\/07\/Luftzeiten_Tandenfliegen_Impressionen128.jpeg\" data-elementor-open-lightbox=\"yes\" data-elementor-lightbox-slideshow=\"69470d6\" data-e-action-hash=\"#elementor-action%3Aaction%3Dlightbox%26settings%3DeyJpZCI6NDk4LCJ1cmwiOiJodHRwczpcL1wvbHVmdHplaXRlbi5kZVwvd3AtY29udGVudFwvdXBsb2Fkc1wvMjAyNVwvMDdcL0x1ZnR6ZWl0ZW5fVGFuZGVuZmxpZWdlbl9JbXByZXNzaW9uZW4xMjguanBlZyIsInNsaWRlc2hvdyI6IjY5NDcwZDYifQ%3D%3D\">\n\t\t\t\t\t<div class=\"e-gallery-image elementor-gallery-item__image\" data-thumbnail=\"https:\/\/luftzeiten.de\/wp-content\/uploads\/2025\/07\/Luftzeiten_Tandenfliegen_Impressionen128-300x225.jpeg\" data-width=\"300\" data-height=\"225\" aria-label=\"Paragliders wearing protective masks fly over green landscapes.\" role=\"img\" ><\/div>\n\t\t\t\t\t\t\t\t\t\t\t<div class=\"elementor-gallery-item__overlay\"><\/div>\n\t\t\t\t\t\t\t\t\t\t\t\t\t\t<\/a>\n\t\t\t\t\t\t\t<a class=\"e-gallery-item elementor-gallery-item elementor-animated-content\" href=\"https:\/\/luftzeiten.de\/wp-content\/uploads\/2025\/07\/Luftzeiten_Tandenfliegen_Impressionen78.jpeg\" data-elementor-open-lightbox=\"yes\" data-elementor-lightbox-slideshow=\"69470d6\" data-e-action-hash=\"#elementor-action%3Aaction%3Dlightbox%26settings%3DeyJpZCI6NDQ4LCJ1cmwiOiJodHRwczpcL1wvbHVmdHplaXRlbi5kZVwvd3AtY29udGVudFwvdXBsb2Fkc1wvMjAyNVwvMDdcL0x1ZnR6ZWl0ZW5fVGFuZGVuZmxpZWdlbl9JbXByZXNzaW9uZW43OC5qcGVnIiwic2xpZGVzaG93IjoiNjk0NzBkNiJ9\">\n\t\t\t\t\t<div class=\"e-gallery-image elementor-gallery-item__image\" data-thumbnail=\"https:\/\/luftzeiten.de\/wp-content\/uploads\/2025\/07\/Luftzeiten_Tandenfliegen_Impressionen78-300x225.jpeg\" data-width=\"300\" data-height=\"225\" aria-label=\"Tandem paragliding over green forests and mountains.\" role=\"img\" ><\/div>\n\t\t\t\t\t\t\t\t\t\t\t<div class=\"elementor-gallery-item__overlay\"><\/div>\n\t\t\t\t\t\t\t\t\t\t\t\t\t\t<\/a>\n\t\t\t\t\t\t\t<a class=\"e-gallery-item elementor-gallery-item elementor-animated-content\" href=\"https:\/\/luftzeiten.de\/wp-content\/uploads\/2025\/07\/Luftzeiten_Tandenfliegen_Impressionen19.jpeg\" data-elementor-open-lightbox=\"yes\" data-elementor-lightbox-slideshow=\"69470d6\" data-e-action-hash=\"#elementor-action%3Aaction%3Dlightbox%26settings%3DeyJpZCI6NTMwLCJ1cmwiOiJodHRwczpcL1wvbHVmdHplaXRlbi5kZVwvd3AtY29udGVudFwvdXBsb2Fkc1wvMjAyNVwvMDdcL0x1ZnR6ZWl0ZW5fVGFuZGVuZmxpZWdlbl9JbXByZXNzaW9uZW4xOS5qcGVnIiwic2xpZGVzaG93IjoiNjk0NzBkNiJ9\">\n\t\t\t\t\t<div class=\"e-gallery-image elementor-gallery-item__image\" data-thumbnail=\"https:\/\/luftzeiten.de\/wp-content\/uploads\/2025\/07\/Luftzeiten_Tandenfliegen_Impressionen19-300x225.jpeg\" data-width=\"300\" data-height=\"225\" aria-label=\"Paragliders launching in the mountains, with a blue sky and clouds in the background.\" role=\"img\" ><\/div>\n\t\t\t\t\t\t\t\t\t\t\t<div class=\"elementor-gallery-item__overlay\"><\/div>\n\t\t\t\t\t\t\t\t\t\t\t\t\t\t<\/a>\n\t\t\t\t\t\t\t<a class=\"e-gallery-item elementor-gallery-item elementor-animated-content\" href=\"https:\/\/luftzeiten.de\/wp-content\/uploads\/2025\/07\/Luftzeiten_Tandenfliegen_Impressionen74.jpeg\" data-elementor-open-lightbox=\"yes\" data-elementor-lightbox-slideshow=\"69470d6\" data-e-action-hash=\"#elementor-action%3Aaction%3Dlightbox%26settings%3DeyJpZCI6NDQ0LCJ1cmwiOiJodHRwczpcL1wvbHVmdHplaXRlbi5kZVwvd3AtY29udGVudFwvdXBsb2Fkc1wvMjAyNVwvMDdcL0x1ZnR6ZWl0ZW5fVGFuZGVuZmxpZWdlbl9JbXByZXNzaW9uZW43NC5qcGVnIiwic2xpZGVzaG93IjoiNjk0NzBkNiJ9\">\n\t\t\t\t\t<div class=\"e-gallery-image elementor-gallery-item__image\" data-thumbnail=\"https:\/\/luftzeiten.de\/wp-content\/uploads\/2025\/07\/Luftzeiten_Tandenfliegen_Impressionen74-300x225.jpeg\" data-width=\"300\" data-height=\"225\" aria-label=\"Paragliders with equipment fly over green mountains and sky.\" role=\"img\" ><\/div>\n\t\t\t\t\t\t\t\t\t\t\t<div class=\"elementor-gallery-item__overlay\"><\/div>\n\t\t\t\t\t\t\t\t\t\t\t\t\t\t<\/a>\n\t\t\t\t\t\t\t<a class=\"e-gallery-item elementor-gallery-item elementor-animated-content\" href=\"https:\/\/luftzeiten.de\/wp-content\/uploads\/2025\/07\/Luftzeiten_Tandenfliegen_Impressionen14.jpeg\" data-elementor-open-lightbox=\"yes\" data-elementor-lightbox-slideshow=\"69470d6\" data-e-action-hash=\"#elementor-action%3Aaction%3Dlightbox%26settings%3DeyJpZCI6NTI1LCJ1cmwiOiJodHRwczpcL1wvbHVmdHplaXRlbi5kZVwvd3AtY29udGVudFwvdXBsb2Fkc1wvMjAyNVwvMDdcL0x1ZnR6ZWl0ZW5fVGFuZGVuZmxpZWdlbl9JbXByZXNzaW9uZW4xNC5qcGVnIiwic2xpZGVzaG93IjoiNjk0NzBkNiJ9\">\n\t\t\t\t\t<div class=\"e-gallery-image elementor-gallery-item__image\" data-thumbnail=\"https:\/\/luftzeiten.de\/wp-content\/uploads\/2025\/07\/Luftzeiten_Tandenfliegen_Impressionen14-236x300.jpeg\" data-width=\"236\" data-height=\"300\" aria-label=\"Paraglider starting with accompaniment in the mountains, preparing for flight.\" role=\"img\" ><\/div>\n\t\t\t\t\t\t\t\t\t\t\t<div class=\"elementor-gallery-item__overlay\"><\/div>\n\t\t\t\t\t\t\t\t\t\t\t\t\t\t<\/a>\n\t\t\t\t\t\t\t<a class=\"e-gallery-item elementor-gallery-item elementor-animated-content\" href=\"https:\/\/luftzeiten.de\/wp-content\/uploads\/2025\/07\/Luftzeiten_Tandenfliegen_Impressionen38.jpeg\" data-elementor-open-lightbox=\"yes\" data-elementor-lightbox-slideshow=\"69470d6\" data-e-action-hash=\"#elementor-action%3Aaction%3Dlightbox%26settings%3DeyJpZCI6NTQ5LCJ1cmwiOiJodHRwczpcL1wvbHVmdHplaXRlbi5kZVwvd3AtY29udGVudFwvdXBsb2Fkc1wvMjAyNVwvMDdcL0x1ZnR6ZWl0ZW5fVGFuZGVuZmxpZWdlbl9JbXByZXNzaW9uZW4zOC5qcGVnIiwic2xpZGVzaG93IjoiNjk0NzBkNiJ9\">\n\t\t\t\t\t<div class=\"e-gallery-image elementor-gallery-item__image\" data-thumbnail=\"https:\/\/luftzeiten.de\/wp-content\/uploads\/2025\/07\/Luftzeiten_Tandenfliegen_Impressionen38-236x300.jpeg\" data-width=\"236\" data-height=\"300\" aria-label=\"Dog in a carrier bag with nature and meadow, animal love, outdoor activity, dog owner, nature experience.\" role=\"img\" ><\/div>\n\t\t\t\t\t\t\t\t\t\t\t<div class=\"elementor-gallery-item__overlay\"><\/div>\n\t\t\t\t\t\t\t\t\t\t\t\t\t\t<\/a>\n\t\t\t\t\t\t\t<a class=\"e-gallery-item elementor-gallery-item elementor-animated-content\" href=\"https:\/\/luftzeiten.de\/wp-content\/uploads\/2026\/01\/Ueber-den-Wolken_Web_2021.jpg\" data-elementor-open-lightbox=\"yes\" data-elementor-lightbox-slideshow=\"69470d6\" data-e-action-hash=\"#elementor-action%3Aaction%3Dlightbox%26settings%3DeyJpZCI6MTMwNywidXJsIjoiaHR0cHM6XC9cL2x1ZnR6ZWl0ZW4uZGVcL3dwLWNvbnRlbnRcL3VwbG9hZHNcLzIwMjZcLzAxXC9VZWJlci1kZW4tV29sa2VuX1dlYl8yMDIxLmpwZyIsInNsaWRlc2hvdyI6IjY5NDcwZDYifQ%3D%3D\">\n\t\t\t\t\t<div class=\"e-gallery-image elementor-gallery-item__image\" data-thumbnail=\"https:\/\/luftzeiten.de\/wp-content\/uploads\/2026\/01\/Ueber-den-Wolken_Web_2021-300x225.jpg\" data-width=\"300\" data-height=\"225\" aria-label=\"View of the sky above clouds, clear blue sky.\" role=\"img\" ><\/div>\n\t\t\t\t\t\t\t\t\t\t\t<div class=\"elementor-gallery-item__overlay\"><\/div>\n\t\t\t\t\t\t\t\t\t\t\t\t\t\t<\/a>\n\t\t\t\t\t\t\t<a class=\"e-gallery-item elementor-gallery-item elementor-animated-content\" href=\"https:\/\/luftzeiten.de\/wp-content\/uploads\/2025\/07\/Luftzeiten_Tandenfliegen_Impressionen104.jpeg\" data-elementor-open-lightbox=\"yes\" data-elementor-lightbox-slideshow=\"69470d6\" data-e-action-hash=\"#elementor-action%3Aaction%3Dlightbox%26settings%3DeyJpZCI6NDc0LCJ1cmwiOiJodHRwczpcL1wvbHVmdHplaXRlbi5kZVwvd3AtY29udGVudFwvdXBsb2Fkc1wvMjAyNVwvMDdcL0x1ZnR6ZWl0ZW5fVGFuZGVuZmxpZWdlbl9JbXByZXNzaW9uZW4xMDQuanBlZyIsInNsaWRlc2hvdyI6IjY5NDcwZDYifQ%3D%3D\">\n\t\t\t\t\t<div class=\"e-gallery-image elementor-gallery-item__image\" data-thumbnail=\"https:\/\/luftzeiten.de\/wp-content\/uploads\/2025\/07\/Luftzeiten_Tandenfliegen_Impressionen104-236x300.jpeg\" data-width=\"236\" data-height=\"300\" aria-label=\"Two paragliders in the air overlooking the landscape.\" role=\"img\" ><\/div>\n\t\t\t\t\t\t\t\t\t\t\t<div class=\"elementor-gallery-item__overlay\"><\/div>\n\t\t\t\t\t\t\t\t\t\t\t\t\t\t<\/a>\n\t\t\t\t\t\t\t<a class=\"e-gallery-item elementor-gallery-item elementor-animated-content\" href=\"https:\/\/luftzeiten.de\/wp-content\/uploads\/2025\/07\/Luftzeiten_Tandenfliegen_Impressionen10.jpeg\" data-elementor-open-lightbox=\"yes\" data-elementor-lightbox-slideshow=\"69470d6\" data-e-action-hash=\"#elementor-action%3Aaction%3Dlightbox%26settings%3DeyJpZCI6NTIxLCJ1cmwiOiJodHRwczpcL1wvbHVmdHplaXRlbi5kZVwvd3AtY29udGVudFwvdXBsb2Fkc1wvMjAyNVwvMDdcL0x1ZnR6ZWl0ZW5fVGFuZGVuZmxpZWdlbl9JbXByZXNzaW9uZW4xMC5qcGVnIiwic2xpZGVzaG93IjoiNjk0NzBkNiJ9\">\n\t\t\t\t\t<div class=\"e-gallery-image elementor-gallery-item__image\" data-thumbnail=\"https:\/\/luftzeiten.de\/wp-content\/uploads\/2025\/07\/Luftzeiten_Tandenfliegen_Impressionen10-236x300.jpeg\" data-width=\"236\" data-height=\"300\" aria-label=\"Paragliding in the blue sky with a red parachute, over the trees.\" role=\"img\" ><\/div>\n\t\t\t\t\t\t\t\t\t\t\t<div class=\"elementor-gallery-item__overlay\"><\/div>\n\t\t\t\t\t\t\t\t\t\t\t\t\t\t<\/a>\n\t\t\t\t\t\t\t<a class=\"e-gallery-item elementor-gallery-item elementor-animated-content\" href=\"https:\/\/luftzeiten.de\/wp-content\/uploads\/2025\/07\/Luftzeiten_Tandenfliegen_Impressionen1.jpeg\" data-elementor-open-lightbox=\"yes\" data-elementor-lightbox-slideshow=\"69470d6\" data-e-action-hash=\"#elementor-action%3Aaction%3Dlightbox%26settings%3DeyJpZCI6NTEyLCJ1cmwiOiJodHRwczpcL1wvbHVmdHplaXRlbi5kZVwvd3AtY29udGVudFwvdXBsb2Fkc1wvMjAyNVwvMDdcL0x1ZnR6ZWl0ZW5fVGFuZGVuZmxpZWdlbl9JbXByZXNzaW9uZW4xLmpwZWciLCJzbGlkZXNob3ciOiI2OTQ3MGQ2In0%3D\">\n\t\t\t\t\t<div class=\"e-gallery-image elementor-gallery-item__image\" data-thumbnail=\"https:\/\/luftzeiten.de\/wp-content\/uploads\/2025\/07\/Luftzeiten_Tandenfliegen_Impressionen1-300x225.jpeg\" data-width=\"300\" data-height=\"225\" aria-label=\"Two people are paragliding together over the countryside.\" role=\"img\" ><\/div>\n\t\t\t\t\t\t\t\t\t\t\t<div class=\"elementor-gallery-item__overlay\"><\/div>\n\t\t\t\t\t\t\t\t\t\t\t\t\t\t<\/a>\n\t\t\t\t\t\t\t<a class=\"e-gallery-item elementor-gallery-item elementor-animated-content\" href=\"https:\/\/luftzeiten.de\/wp-content\/uploads\/2025\/07\/Luftzeiten_Tandenfliegen_Impressionen119.jpeg\" data-elementor-open-lightbox=\"yes\" data-elementor-lightbox-slideshow=\"69470d6\" data-e-action-hash=\"#elementor-action%3Aaction%3Dlightbox%26settings%3DeyJpZCI6NDg5LCJ1cmwiOiJodHRwczpcL1wvbHVmdHplaXRlbi5kZVwvd3AtY29udGVudFwvdXBsb2Fkc1wvMjAyNVwvMDdcL0x1ZnR6ZWl0ZW5fVGFuZGVuZmxpZWdlbl9JbXByZXNzaW9uZW4xMTkuanBlZyIsInNsaWRlc2hvdyI6IjY5NDcwZDYifQ%3D%3D\">\n\t\t\t\t\t<div class=\"e-gallery-image elementor-gallery-item__image\" data-thumbnail=\"https:\/\/luftzeiten.de\/wp-content\/uploads\/2025\/07\/Luftzeiten_Tandenfliegen_Impressionen119-236x300.jpeg\" data-width=\"236\" data-height=\"300\" aria-label=\"Hang gliders fly over a landscape at sunset.\" role=\"img\" ><\/div>\n\t\t\t\t\t\t\t\t\t\t\t<div class=\"elementor-gallery-item__overlay\"><\/div>\n\t\t\t\t\t\t\t\t\t\t\t\t\t\t<\/a>\n\t\t\t\t\t\t\t<a class=\"e-gallery-item elementor-gallery-item elementor-animated-content\" href=\"https:\/\/luftzeiten.de\/wp-content\/uploads\/2025\/07\/Luftzeiten_Tandenfliegen_Impressionen12.jpeg\" data-elementor-open-lightbox=\"yes\" data-elementor-lightbox-slideshow=\"69470d6\" data-e-action-hash=\"#elementor-action%3Aaction%3Dlightbox%26settings%3DeyJpZCI6NTIzLCJ1cmwiOiJodHRwczpcL1wvbHVmdHplaXRlbi5kZVwvd3AtY29udGVudFwvdXBsb2Fkc1wvMjAyNVwvMDdcL0x1ZnR6ZWl0ZW5fVGFuZGVuZmxpZWdlbl9JbXByZXNzaW9uZW4xMi5qcGVnIiwic2xpZGVzaG93IjoiNjk0NzBkNiJ9\">\n\t\t\t\t\t<div class=\"e-gallery-image elementor-gallery-item__image\" data-thumbnail=\"https:\/\/luftzeiten.de\/wp-content\/uploads\/2025\/07\/Luftzeiten_Tandenfliegen_Impressionen12-300x225.jpeg\" data-width=\"300\" data-height=\"225\" aria-label=\"Paraglider in flight over the mountains, blue sky, nature, adventure.\" role=\"img\" ><\/div>\n\t\t\t\t\t\t\t\t\t\t\t<div class=\"elementor-gallery-item__overlay\"><\/div>\n\t\t\t\t\t\t\t\t\t\t\t\t\t\t<\/a>\n\t\t\t\t\t\t\t<a class=\"e-gallery-item elementor-gallery-item elementor-animated-content\" href=\"https:\/\/luftzeiten.de\/wp-content\/uploads\/2025\/07\/Luftzeiten_Tandenfliegen_Impressionen135.jpeg\" data-elementor-open-lightbox=\"yes\" data-elementor-lightbox-slideshow=\"69470d6\" data-e-action-hash=\"#elementor-action%3Aaction%3Dlightbox%26settings%3DeyJpZCI6NTA1LCJ1cmwiOiJodHRwczpcL1wvbHVmdHplaXRlbi5kZVwvd3AtY29udGVudFwvdXBsb2Fkc1wvMjAyNVwvMDdcL0x1ZnR6ZWl0ZW5fVGFuZGVuZmxpZWdlbl9JbXByZXNzaW9uZW4xMzUuanBlZyIsInNsaWRlc2hvdyI6IjY5NDcwZDYifQ%3D%3D\">\n\t\t\t\t\t<div class=\"e-gallery-image elementor-gallery-item__image\" data-thumbnail=\"https:\/\/luftzeiten.de\/wp-content\/uploads\/2025\/07\/Luftzeiten_Tandenfliegen_Impressionen135-236x300.jpeg\" data-width=\"236\" data-height=\"300\" aria-label=\"Paragliding over green treetops, adventure in the air.\" role=\"img\" ><\/div>\n\t\t\t\t\t\t\t\t\t\t\t<div class=\"elementor-gallery-item__overlay\"><\/div>\n\t\t\t\t\t\t\t\t\t\t\t\t\t\t<\/a>\n\t\t\t\t\t\t\t<a class=\"e-gallery-item elementor-gallery-item elementor-animated-content\" href=\"https:\/\/luftzeiten.de\/wp-content\/uploads\/2025\/07\/Luftzeiten_Tandenfliegen_Impressionen82.jpeg\" data-elementor-open-lightbox=\"yes\" data-elementor-lightbox-slideshow=\"69470d6\" data-e-action-hash=\"#elementor-action%3Aaction%3Dlightbox%26settings%3DeyJpZCI6NDUyLCJ1cmwiOiJodHRwczpcL1wvbHVmdHplaXRlbi5kZVwvd3AtY29udGVudFwvdXBsb2Fkc1wvMjAyNVwvMDdcL0x1ZnR6ZWl0ZW5fVGFuZGVuZmxpZWdlbl9JbXByZXNzaW9uZW44Mi5qcGVnIiwic2xpZGVzaG93IjoiNjk0NzBkNiJ9\">\n\t\t\t\t\t<div class=\"e-gallery-image elementor-gallery-item__image\" data-thumbnail=\"https:\/\/luftzeiten.de\/wp-content\/uploads\/2025\/07\/Luftzeiten_Tandenfliegen_Impressionen82-300x225.jpeg\" data-width=\"300\" data-height=\"225\" aria-label=\"Hikers conversing at a summit with backpacks, surrounded by nature and a mountain panorama.\" role=\"img\" ><\/div>\n\t\t\t\t\t\t\t\t\t\t\t<div class=\"elementor-gallery-item__overlay\"><\/div>\n\t\t\t\t\t\t\t\t\t\t\t\t\t\t<\/a>\n\t\t\t\t\t\t\t<a class=\"e-gallery-item elementor-gallery-item elementor-animated-content\" href=\"https:\/\/luftzeiten.de\/wp-content\/uploads\/2025\/07\/Luftzeiten_Tandenfliegen_Impressionen49.jpeg\" data-elementor-open-lightbox=\"yes\" data-elementor-lightbox-slideshow=\"69470d6\" data-e-action-hash=\"#elementor-action%3Aaction%3Dlightbox%26settings%3DeyJpZCI6NTYwLCJ1cmwiOiJodHRwczpcL1wvbHVmdHplaXRlbi5kZVwvd3AtY29udGVudFwvdXBsb2Fkc1wvMjAyNVwvMDdcL0x1ZnR6ZWl0ZW5fVGFuZGVuZmxpZWdlbl9JbXByZXNzaW9uZW40OS5qcGVnIiwic2xpZGVzaG93IjoiNjk0NzBkNiJ9\">\n\t\t\t\t\t<div class=\"e-gallery-image elementor-gallery-item__image\" data-thumbnail=\"https:\/\/luftzeiten.de\/wp-content\/uploads\/2025\/07\/Luftzeiten_Tandenfliegen_Impressionen49-236x300.jpeg\" data-width=\"236\" data-height=\"300\" aria-label=\"A paraglider flies high in the sky above the mountains in beautiful weather.\" role=\"img\" ><\/div>\n\t\t\t\t\t\t\t\t\t\t\t<div class=\"elementor-gallery-item__overlay\"><\/div>\n\t\t\t\t\t\t\t\t\t\t\t\t\t\t<\/a>\n\t\t\t\t\t\t\t<a class=\"e-gallery-item elementor-gallery-item elementor-animated-content\" href=\"https:\/\/luftzeiten.de\/wp-content\/uploads\/2025\/07\/Luftzeiten_Tandenfliegen_Impressionen30.jpeg\" data-elementor-open-lightbox=\"yes\" data-elementor-lightbox-slideshow=\"69470d6\" data-e-action-hash=\"#elementor-action%3Aaction%3Dlightbox%26settings%3DeyJpZCI6NTQxLCJ1cmwiOiJodHRwczpcL1wvbHVmdHplaXRlbi5kZVwvd3AtY29udGVudFwvdXBsb2Fkc1wvMjAyNVwvMDdcL0x1ZnR6ZWl0ZW5fVGFuZGVuZmxpZWdlbl9JbXByZXNzaW9uZW4zMC5qcGVnIiwic2xpZGVzaG93IjoiNjk0NzBkNiJ9\">\n\t\t\t\t\t<div class=\"e-gallery-image elementor-gallery-item__image\" data-thumbnail=\"https:\/\/luftzeiten.de\/wp-content\/uploads\/2025\/07\/Luftzeiten_Tandenfliegen_Impressionen30-236x300.jpeg\" data-width=\"236\" data-height=\"300\" aria-label=\"A balloon flies over an autumnal forest with colourful leaves.\" role=\"img\" ><\/div>\n\t\t\t\t\t\t\t\t\t\t\t<div class=\"elementor-gallery-item__overlay\"><\/div>\n\t\t\t\t\t\t\t\t\t\t\t\t\t\t<\/a>\n\t\t\t\t\t\t\t<a class=\"e-gallery-item elementor-gallery-item elementor-animated-content\" href=\"https:\/\/luftzeiten.de\/wp-content\/uploads\/2025\/10\/69.png\" data-elementor-open-lightbox=\"yes\" data-elementor-lightbox-slideshow=\"69470d6\" data-e-action-hash=\"#elementor-action%3Aaction%3Dlightbox%26settings%3DeyJpZCI6NzM5LCJ1cmwiOiJodHRwczpcL1wvbHVmdHplaXRlbi5kZVwvd3AtY29udGVudFwvdXBsb2Fkc1wvMjAyNVwvMTBcLzY5LnBuZyIsInNsaWRlc2hvdyI6IjY5NDcwZDYifQ%3D%3D\">\n\t\t\t\t\t<div class=\"e-gallery-image elementor-gallery-item__image\" data-thumbnail=\"https:\/\/luftzeiten.de\/wp-content\/uploads\/2025\/10\/69-300x225.png\" data-width=\"300\" data-height=\"225\" aria-label=\"Hang gliders fly over green mountains and valleys in nature.\" role=\"img\" ><\/div>\n\t\t\t\t\t\t\t\t\t\t\t<div class=\"elementor-gallery-item__overlay\"><\/div>\n\t\t\t\t\t\t\t\t\t\t\t\t\t\t<\/a>\n\t\t\t\t\t\t\t<a class=\"e-gallery-item elementor-gallery-item elementor-animated-content\" href=\"https:\/\/luftzeiten.de\/wp-content\/uploads\/2025\/07\/Luftzeiten_Tandenfliegen_Impressionen132.jpeg\" data-elementor-open-lightbox=\"yes\" data-elementor-lightbox-slideshow=\"69470d6\" data-e-action-hash=\"#elementor-action%3Aaction%3Dlightbox%26settings%3DeyJpZCI6NTAyLCJ1cmwiOiJodHRwczpcL1wvbHVmdHplaXRlbi5kZVwvd3AtY29udGVudFwvdXBsb2Fkc1wvMjAyNVwvMDdcL0x1ZnR6ZWl0ZW5fVGFuZGVuZmxpZWdlbl9JbXByZXNzaW9uZW4xMzIuanBlZyIsInNsaWRlc2hvdyI6IjY5NDcwZDYifQ%3D%3D\">\n\t\t\t\t\t<div class=\"e-gallery-image elementor-gallery-item__image\" data-thumbnail=\"https:\/\/luftzeiten.de\/wp-content\/uploads\/2025\/07\/Luftzeiten_Tandenfliegen_Impressionen132-236x300.jpeg\" data-width=\"236\" data-height=\"300\" aria-label=\"Paraglider flies high above the clouds, looking at the sky and the landscape.\" role=\"img\" ><\/div>\n\t\t\t\t\t\t\t\t\t\t\t<div class=\"elementor-gallery-item__overlay\"><\/div>\n\t\t\t\t\t\t\t\t\t\t\t\t\t\t<\/a>\n\t\t\t\t\t\t\t<a class=\"e-gallery-item elementor-gallery-item elementor-animated-content\" href=\"https:\/\/luftzeiten.de\/wp-content\/uploads\/2025\/07\/Luftzeiten_Tandenfliegen_Impressionen124.jpeg\" data-elementor-open-lightbox=\"yes\" data-elementor-lightbox-slideshow=\"69470d6\" data-e-action-hash=\"#elementor-action%3Aaction%3Dlightbox%26settings%3DeyJpZCI6NDk0LCJ1cmwiOiJodHRwczpcL1wvbHVmdHplaXRlbi5kZVwvd3AtY29udGVudFwvdXBsb2Fkc1wvMjAyNVwvMDdcL0x1ZnR6ZWl0ZW5fVGFuZGVuZmxpZWdlbl9JbXByZXNzaW9uZW4xMjQuanBlZyIsInNsaWRlc2hvdyI6IjY5NDcwZDYifQ%3D%3D\">\n\t\t\t\t\t<div class=\"e-gallery-image elementor-gallery-item__image\" data-thumbnail=\"https:\/\/luftzeiten.de\/wp-content\/uploads\/2025\/07\/Luftzeiten_Tandenfliegen_Impressionen124-236x300.jpeg\" data-width=\"236\" data-height=\"300\" aria-label=\"Motorcyclist wearing a helmet and goggles in the mountains.\" role=\"img\" ><\/div>\n\t\t\t\t\t\t\t\t\t\t\t<div class=\"elementor-gallery-item__overlay\"><\/div>\n\t\t\t\t\t\t\t\t\t\t\t\t\t\t<\/a>\n\t\t\t\t\t\t\t<a class=\"e-gallery-item elementor-gallery-item elementor-animated-content\" href=\"https:\/\/luftzeiten.de\/wp-content\/uploads\/2025\/07\/Luftzeiten_Tandenfliegen_Impressionen133.jpeg\" data-elementor-open-lightbox=\"yes\" data-elementor-lightbox-slideshow=\"69470d6\" data-e-action-hash=\"#elementor-action%3Aaction%3Dlightbox%26settings%3DeyJpZCI6NTAzLCJ1cmwiOiJodHRwczpcL1wvbHVmdHplaXRlbi5kZVwvd3AtY29udGVudFwvdXBsb2Fkc1wvMjAyNVwvMDdcL0x1ZnR6ZWl0ZW5fVGFuZGVuZmxpZWdlbl9JbXByZXNzaW9uZW4xMzMuanBlZyIsInNsaWRlc2hvdyI6IjY5NDcwZDYifQ%3D%3D\">\n\t\t\t\t\t<div class=\"e-gallery-image elementor-gallery-item__image\" data-thumbnail=\"https:\/\/luftzeiten.de\/wp-content\/uploads\/2025\/07\/Luftzeiten_Tandenfliegen_Impressionen133-236x300.jpeg\" data-width=\"236\" data-height=\"300\" aria-label=\"Paraglider group before takeoff, with helmets and equipment, in the mountains.\" role=\"img\" ><\/div>\n\t\t\t\t\t\t\t\t\t\t\t<div class=\"elementor-gallery-item__overlay\"><\/div>\n\t\t\t\t\t\t\t\t\t\t\t\t\t\t<\/a>\n\t\t\t\t\t\t\t<a class=\"e-gallery-item elementor-gallery-item elementor-animated-content\" href=\"https:\/\/luftzeiten.de\/wp-content\/uploads\/2025\/07\/Luftzeiten_Tandenfliegen_Impressionen55.jpeg\" data-elementor-open-lightbox=\"yes\" data-elementor-lightbox-slideshow=\"69470d6\" data-e-action-hash=\"#elementor-action%3Aaction%3Dlightbox%26settings%3DeyJpZCI6NDI2LCJ1cmwiOiJodHRwczpcL1wvbHVmdHplaXRlbi5kZVwvd3AtY29udGVudFwvdXBsb2Fkc1wvMjAyNVwvMDdcL0x1ZnR6ZWl0ZW5fVGFuZGVuZmxpZWdlbl9JbXByZXNzaW9uZW41NS5qcGVnIiwic2xpZGVzaG93IjoiNjk0NzBkNiJ9\">\n\t\t\t\t\t<div class=\"e-gallery-image elementor-gallery-item__image\" data-thumbnail=\"https:\/\/luftzeiten.de\/wp-content\/uploads\/2025\/07\/Luftzeiten_Tandenfliegen_Impressionen55-300x225.jpeg\" data-width=\"300\" data-height=\"225\" aria-label=\"Paragliders flying over the landscape at sunset, breathtaking views, adventure, air.\" role=\"img\" ><\/div>\n\t\t\t\t\t\t\t\t\t\t\t<div class=\"elementor-gallery-item__overlay\"><\/div>\n\t\t\t\t\t\t\t\t\t\t\t\t\t\t<\/a>\n\t\t\t\t\t\t\t<a class=\"e-gallery-item elementor-gallery-item elementor-animated-content\" href=\"https:\/\/luftzeiten.de\/wp-content\/uploads\/2025\/07\/Luftzeiten_Tandenfliegen_Impressionen3.jpeg\" data-elementor-open-lightbox=\"yes\" data-elementor-lightbox-slideshow=\"69470d6\" data-e-action-hash=\"#elementor-action%3Aaction%3Dlightbox%26settings%3DeyJpZCI6NTE0LCJ1cmwiOiJodHRwczpcL1wvbHVmdHplaXRlbi5kZVwvd3AtY29udGVudFwvdXBsb2Fkc1wvMjAyNVwvMDdcL0x1ZnR6ZWl0ZW5fVGFuZGVuZmxpZWdlbl9JbXByZXNzaW9uZW4zLmpwZWciLCJzbGlkZXNob3ciOiI2OTQ3MGQ2In0%3D\">\n\t\t\t\t\t<div class=\"e-gallery-image elementor-gallery-item__image\" data-thumbnail=\"https:\/\/luftzeiten.de\/wp-content\/uploads\/2025\/07\/Luftzeiten_Tandenfliegen_Impressionen3-236x300.jpeg\" data-width=\"236\" data-height=\"300\" aria-label=\"Happy paraglider with helmet and goggles flying in the mountains.\" role=\"img\" ><\/div>\n\t\t\t\t\t\t\t\t\t\t\t<div class=\"elementor-gallery-item__overlay\"><\/div>\n\t\t\t\t\t\t\t\t\t\t\t\t\t\t<\/a>\n\t\t\t\t\t\t\t<a class=\"e-gallery-item elementor-gallery-item elementor-animated-content\" href=\"https:\/\/luftzeiten.de\/wp-content\/uploads\/2025\/07\/Luftzeiten_Tandenfliegen_Impressionen47.jpeg\" data-elementor-open-lightbox=\"yes\" data-elementor-lightbox-slideshow=\"69470d6\" data-e-action-hash=\"#elementor-action%3Aaction%3Dlightbox%26settings%3DeyJpZCI6NTU4LCJ1cmwiOiJodHRwczpcL1wvbHVmdHplaXRlbi5kZVwvd3AtY29udGVudFwvdXBsb2Fkc1wvMjAyNVwvMDdcL0x1ZnR6ZWl0ZW5fVGFuZGVuZmxpZWdlbl9JbXByZXNzaW9uZW40Ny5qcGVnIiwic2xpZGVzaG93IjoiNjk0NzBkNiJ9\">\n\t\t\t\t\t<div class=\"e-gallery-image elementor-gallery-item__image\" data-thumbnail=\"https:\/\/luftzeiten.de\/wp-content\/uploads\/2025\/07\/Luftzeiten_Tandenfliegen_Impressionen47-236x300.jpeg\" data-width=\"236\" data-height=\"300\" aria-label=\"Fall from treetop into the forest, looking down at green treetops.\" role=\"img\" ><\/div>\n\t\t\t\t\t\t\t\t\t\t\t<div class=\"elementor-gallery-item__overlay\"><\/div>\n\t\t\t\t\t\t\t\t\t\t\t\t\t\t<\/a>\n\t\t\t\t\t\t\t<a class=\"e-gallery-item elementor-gallery-item elementor-animated-content\" href=\"https:\/\/luftzeiten.de\/wp-content\/uploads\/2025\/07\/Luftzeiten_Tandenfliegen_Impressionen34.jpeg\" data-elementor-open-lightbox=\"yes\" data-elementor-lightbox-slideshow=\"69470d6\" data-e-action-hash=\"#elementor-action%3Aaction%3Dlightbox%26settings%3DeyJpZCI6NTQ1LCJ1cmwiOiJodHRwczpcL1wvbHVmdHplaXRlbi5kZVwvd3AtY29udGVudFwvdXBsb2Fkc1wvMjAyNVwvMDdcL0x1ZnR6ZWl0ZW5fVGFuZGVuZmxpZWdlbl9JbXByZXNzaW9uZW4zNC5qcGVnIiwic2xpZGVzaG93IjoiNjk0NzBkNiJ9\">\n\t\t\t\t\t<div class=\"e-gallery-image elementor-gallery-item__image\" data-thumbnail=\"https:\/\/luftzeiten.de\/wp-content\/uploads\/2025\/07\/Luftzeiten_Tandenfliegen_Impressionen34-300x225.jpeg\" data-width=\"300\" data-height=\"225\" aria-label=\"Paragliding in the air at sunset, two people flying high above the landscape.\" role=\"img\" ><\/div>\n\t\t\t\t\t\t\t\t\t\t\t<div class=\"elementor-gallery-item__overlay\"><\/div>\n\t\t\t\t\t\t\t\t\t\t\t\t\t\t<\/a>\n\t\t\t\t\t\t\t<a class=\"e-gallery-item elementor-gallery-item elementor-animated-content\" href=\"https:\/\/luftzeiten.de\/wp-content\/uploads\/2025\/07\/Luftzeiten_Tandenfliegen_Impressionen85.jpeg\" data-elementor-open-lightbox=\"yes\" data-elementor-lightbox-slideshow=\"69470d6\" data-e-action-hash=\"#elementor-action%3Aaction%3Dlightbox%26settings%3DeyJpZCI6NDU1LCJ1cmwiOiJodHRwczpcL1wvbHVmdHplaXRlbi5kZVwvd3AtY29udGVudFwvdXBsb2Fkc1wvMjAyNVwvMDdcL0x1ZnR6ZWl0ZW5fVGFuZGVuZmxpZWdlbl9JbXByZXNzaW9uZW44NS5qcGVnIiwic2xpZGVzaG93IjoiNjk0NzBkNiJ9\">\n\t\t\t\t\t<div class=\"e-gallery-image elementor-gallery-item__image\" data-thumbnail=\"https:\/\/luftzeiten.de\/wp-content\/uploads\/2025\/07\/Luftzeiten_Tandenfliegen_Impressionen85-300x225.jpeg\" data-width=\"300\" data-height=\"225\" aria-label=\"Sunset over an open landscape with people watching the sky.\" role=\"img\" ><\/div>\n\t\t\t\t\t\t\t\t\t\t\t<div class=\"elementor-gallery-item__overlay\"><\/div>\n\t\t\t\t\t\t\t\t\t\t\t\t\t\t<\/a>\n\t\t\t\t\t\t\t<a class=\"e-gallery-item elementor-gallery-item elementor-animated-content\" href=\"https:\/\/luftzeiten.de\/wp-content\/uploads\/2025\/07\/Luftzeiten_Tandenfliegen_Impressionen8.jpeg\" data-elementor-open-lightbox=\"yes\" data-elementor-lightbox-slideshow=\"69470d6\" data-e-action-hash=\"#elementor-action%3Aaction%3Dlightbox%26settings%3DeyJpZCI6NTE5LCJ1cmwiOiJodHRwczpcL1wvbHVmdHplaXRlbi5kZVwvd3AtY29udGVudFwvdXBsb2Fkc1wvMjAyNVwvMDdcL0x1ZnR6ZWl0ZW5fVGFuZGVuZmxpZWdlbl9JbXByZXNzaW9uZW44LmpwZWciLCJzbGlkZXNob3ciOiI2OTQ3MGQ2In0%3D\">\n\t\t\t\t\t<div class=\"e-gallery-image elementor-gallery-item__image\" data-thumbnail=\"https:\/\/luftzeiten.de\/wp-content\/uploads\/2025\/07\/Luftzeiten_Tandenfliegen_Impressionen8-236x300.jpeg\" data-width=\"236\" data-height=\"300\" aria-label=\"A paraglider flies over the wooded mountains in good weather.\" role=\"img\" ><\/div>\n\t\t\t\t\t\t\t\t\t\t\t<div class=\"elementor-gallery-item__overlay\"><\/div>\n\t\t\t\t\t\t\t\t\t\t\t\t\t\t<\/a>\n\t\t\t\t\t\t\t<a class=\"e-gallery-item elementor-gallery-item elementor-animated-content\" href=\"https:\/\/luftzeiten.de\/wp-content\/uploads\/2025\/07\/Luftzeiten_Tandenfliegen_Impressionen134.jpeg\" data-elementor-open-lightbox=\"yes\" data-elementor-lightbox-slideshow=\"69470d6\" data-e-action-hash=\"#elementor-action%3Aaction%3Dlightbox%26settings%3DeyJpZCI6NTA0LCJ1cmwiOiJodHRwczpcL1wvbHVmdHplaXRlbi5kZVwvd3AtY29udGVudFwvdXBsb2Fkc1wvMjAyNVwvMDdcL0x1ZnR6ZWl0ZW5fVGFuZGVuZmxpZWdlbl9JbXByZXNzaW9uZW4xMzQuanBlZyIsInNsaWRlc2hvdyI6IjY5NDcwZDYifQ%3D%3D\">\n\t\t\t\t\t<div class=\"e-gallery-image elementor-gallery-item__image\" data-thumbnail=\"https:\/\/luftzeiten.de\/wp-content\/uploads\/2025\/07\/Luftzeiten_Tandenfliegen_Impressionen134-300x225.jpeg\" data-width=\"300\" data-height=\"225\" aria-label=\"Paragliding in the mountains with breathtaking views and flight experience.\" role=\"img\" ><\/div>\n\t\t\t\t\t\t\t\t\t\t\t<div class=\"elementor-gallery-item__overlay\"><\/div>\n\t\t\t\t\t\t\t\t\t\t\t\t\t\t<\/a>\n\t\t\t\t\t\t\t<a class=\"e-gallery-item elementor-gallery-item elementor-animated-content\" href=\"https:\/\/luftzeiten.de\/wp-content\/uploads\/2025\/07\/Luftzeiten_Tandenfliegen_Impressionen48.jpeg\" data-elementor-open-lightbox=\"yes\" data-elementor-lightbox-slideshow=\"69470d6\" data-e-action-hash=\"#elementor-action%3Aaction%3Dlightbox%26settings%3DeyJpZCI6NTU5LCJ1cmwiOiJodHRwczpcL1wvbHVmdHplaXRlbi5kZVwvd3AtY29udGVudFwvdXBsb2Fkc1wvMjAyNVwvMDdcL0x1ZnR6ZWl0ZW5fVGFuZGVuZmxpZWdlbl9JbXByZXNzaW9uZW40OC5qcGVnIiwic2xpZGVzaG93IjoiNjk0NzBkNiJ9\">\n\t\t\t\t\t<div class=\"e-gallery-image elementor-gallery-item__image\" data-thumbnail=\"https:\/\/luftzeiten.de\/wp-content\/uploads\/2025\/07\/Luftzeiten_Tandenfliegen_Impressionen48-236x300.jpeg\" data-width=\"236\" data-height=\"300\" aria-label=\"Tandem paragliding with breathtaking views over the mountains.\" role=\"img\" ><\/div>\n\t\t\t\t\t\t\t\t\t\t\t<div class=\"elementor-gallery-item__overlay\"><\/div>\n\t\t\t\t\t\t\t\t\t\t\t\t\t\t<\/a>\n\t\t\t\t\t\t\t<a class=\"e-gallery-item elementor-gallery-item elementor-animated-content\" href=\"https:\/\/luftzeiten.de\/wp-content\/uploads\/2025\/07\/Luftzeiten_Tandenfliegen_Impressionen5.jpeg\" data-elementor-open-lightbox=\"yes\" data-elementor-lightbox-slideshow=\"69470d6\" data-e-action-hash=\"#elementor-action%3Aaction%3Dlightbox%26settings%3DeyJpZCI6NTE2LCJ1cmwiOiJodHRwczpcL1wvbHVmdHplaXRlbi5kZVwvd3AtY29udGVudFwvdXBsb2Fkc1wvMjAyNVwvMDdcL0x1ZnR6ZWl0ZW5fVGFuZGVuZmxpZWdlbl9JbXByZXNzaW9uZW41LmpwZWciLCJzbGlkZXNob3ciOiI2OTQ3MGQ2In0%3D\">\n\t\t\t\t\t<div class=\"e-gallery-image elementor-gallery-item__image\" data-thumbnail=\"https:\/\/luftzeiten.de\/wp-content\/uploads\/2025\/07\/Luftzeiten_Tandenfliegen_Impressionen5-300x225.jpeg\" data-width=\"300\" data-height=\"225\" aria-label=\"Paragliders in the air with a view of green forests and blue sky.\" role=\"img\" ><\/div>\n\t\t\t\t\t\t\t\t\t\t\t<div class=\"elementor-gallery-item__overlay\"><\/div>\n\t\t\t\t\t\t\t\t\t\t\t\t\t\t<\/a>\n\t\t\t\t\t\t\t<a class=\"e-gallery-item elementor-gallery-item elementor-animated-content\" href=\"https:\/\/luftzeiten.de\/wp-content\/uploads\/2025\/07\/Luftzeiten_Tandenfliegen_Impressionen96.jpeg\" data-elementor-open-lightbox=\"yes\" data-elementor-lightbox-slideshow=\"69470d6\" data-e-action-hash=\"#elementor-action%3Aaction%3Dlightbox%26settings%3DeyJpZCI6NDY2LCJ1cmwiOiJodHRwczpcL1wvbHVmdHplaXRlbi5kZVwvd3AtY29udGVudFwvdXBsb2Fkc1wvMjAyNVwvMDdcL0x1ZnR6ZWl0ZW5fVGFuZGVuZmxpZWdlbl9JbXByZXNzaW9uZW45Ni5qcGVnIiwic2xpZGVzaG93IjoiNjk0NzBkNiJ9\">\n\t\t\t\t\t<div class=\"e-gallery-image elementor-gallery-item__image\" data-thumbnail=\"https:\/\/luftzeiten.de\/wp-content\/uploads\/2025\/07\/Luftzeiten_Tandenfliegen_Impressionen96-236x300.jpeg\" data-width=\"236\" data-height=\"300\" aria-label=\"Aeroplane wings in flight, with a view of the landscape and sky.\" role=\"img\" ><\/div>\n\t\t\t\t\t\t\t\t\t\t\t<div class=\"elementor-gallery-item__overlay\"><\/div>\n\t\t\t\t\t\t\t\t\t\t\t\t\t\t<\/a>\n\t\t\t\t\t\t\t<a class=\"e-gallery-item elementor-gallery-item elementor-animated-content\" href=\"https:\/\/luftzeiten.de\/wp-content\/uploads\/2025\/07\/Luftzeiten_Tandenfliegen_Impressionen63.jpeg\" data-elementor-open-lightbox=\"yes\" data-elementor-lightbox-slideshow=\"69470d6\" data-e-action-hash=\"#elementor-action%3Aaction%3Dlightbox%26settings%3DeyJpZCI6NDMzLCJ1cmwiOiJodHRwczpcL1wvbHVmdHplaXRlbi5kZVwvd3AtY29udGVudFwvdXBsb2Fkc1wvMjAyNVwvMDdcL0x1ZnR6ZWl0ZW5fVGFuZGVuZmxpZWdlbl9JbXByZXNzaW9uZW42My5qcGVnIiwic2xpZGVzaG93IjoiNjk0NzBkNiJ9\">\n\t\t\t\t\t<div class=\"e-gallery-image elementor-gallery-item__image\" data-thumbnail=\"https:\/\/luftzeiten.de\/wp-content\/uploads\/2025\/07\/Luftzeiten_Tandenfliegen_Impressionen63-300x225.jpeg\" data-width=\"300\" data-height=\"225\" aria-label=\"Paragliders in the air overlooking green landscape and sky.\" role=\"img\" ><\/div>\n\t\t\t\t\t\t\t\t\t\t\t<div class=\"elementor-gallery-item__overlay\"><\/div>\n\t\t\t\t\t\t\t\t\t\t\t\t\t\t<\/a>\n\t\t\t\t\t\t\t<a class=\"e-gallery-item elementor-gallery-item elementor-animated-content\" href=\"https:\/\/luftzeiten.de\/wp-content\/uploads\/2025\/07\/Luftzeiten_Tandenfliegen_Impressionen65.jpeg\" data-elementor-open-lightbox=\"yes\" data-elementor-lightbox-slideshow=\"69470d6\" data-e-action-hash=\"#elementor-action%3Aaction%3Dlightbox%26settings%3DeyJpZCI6NDM1LCJ1cmwiOiJodHRwczpcL1wvbHVmdHplaXRlbi5kZVwvd3AtY29udGVudFwvdXBsb2Fkc1wvMjAyNVwvMDdcL0x1ZnR6ZWl0ZW5fVGFuZGVuZmxpZWdlbl9JbXByZXNzaW9uZW42NS5qcGVnIiwic2xpZGVzaG93IjoiNjk0NzBkNiJ9\">\n\t\t\t\t\t<div class=\"e-gallery-image elementor-gallery-item__image\" data-thumbnail=\"https:\/\/luftzeiten.de\/wp-content\/uploads\/2025\/07\/Luftzeiten_Tandenfliegen_Impressionen65-236x300.jpeg\" data-width=\"236\" data-height=\"300\" aria-label=\"Abseiling in a climbing helmet with a view of nature.\" role=\"img\" ><\/div>\n\t\t\t\t\t\t\t\t\t\t\t<div class=\"elementor-gallery-item__overlay\"><\/div>\n\t\t\t\t\t\t\t\t\t\t\t\t\t\t<\/a>\n\t\t\t\t\t\t\t<a class=\"e-gallery-item elementor-gallery-item elementor-animated-content\" href=\"https:\/\/luftzeiten.de\/wp-content\/uploads\/2025\/07\/Luftzeiten_Tandenfliegen_Impressionen40.jpeg\" data-elementor-open-lightbox=\"yes\" data-elementor-lightbox-slideshow=\"69470d6\" data-e-action-hash=\"#elementor-action%3Aaction%3Dlightbox%26settings%3DeyJpZCI6NTUxLCJ1cmwiOiJodHRwczpcL1wvbHVmdHplaXRlbi5kZVwvd3AtY29udGVudFwvdXBsb2Fkc1wvMjAyNVwvMDdcL0x1ZnR6ZWl0ZW5fVGFuZGVuZmxpZWdlbl9JbXByZXNzaW9uZW40MC5qcGVnIiwic2xpZGVzaG93IjoiNjk0NzBkNiJ9\">\n\t\t\t\t\t<div class=\"e-gallery-image elementor-gallery-item__image\" data-thumbnail=\"https:\/\/luftzeiten.de\/wp-content\/uploads\/2025\/07\/Luftzeiten_Tandenfliegen_Impressionen40-236x300.jpeg\" data-width=\"236\" data-height=\"300\" aria-label=\"Motorcyclist wearing a helmet with &quot;Air Times&quot; print and sunglasses, ready for a ride.\" role=\"img\" ><\/div>\n\t\t\t\t\t\t\t\t\t\t\t<div class=\"elementor-gallery-item__overlay\"><\/div>\n\t\t\t\t\t\t\t\t\t\t\t\t\t\t<\/a>\n\t\t\t\t\t\t\t<a class=\"e-gallery-item elementor-gallery-item elementor-animated-content\" href=\"https:\/\/luftzeiten.de\/wp-content\/uploads\/2025\/07\/Luftzeiten_Tandenfliegen_Impressionen102.jpeg\" data-elementor-open-lightbox=\"yes\" data-elementor-lightbox-slideshow=\"69470d6\" data-e-action-hash=\"#elementor-action%3Aaction%3Dlightbox%26settings%3DeyJpZCI6NDcyLCJ1cmwiOiJodHRwczpcL1wvbHVmdHplaXRlbi5kZVwvd3AtY29udGVudFwvdXBsb2Fkc1wvMjAyNVwvMDdcL0x1ZnR6ZWl0ZW5fVGFuZGVuZmxpZWdlbl9JbXByZXNzaW9uZW4xMDIuanBlZyIsInNsaWRlc2hvdyI6IjY5NDcwZDYifQ%3D%3D\">\n\t\t\t\t\t<div class=\"e-gallery-image elementor-gallery-item__image\" data-thumbnail=\"https:\/\/luftzeiten.de\/wp-content\/uploads\/2025\/07\/Luftzeiten_Tandenfliegen_Impressionen102-236x300.jpeg\" data-width=\"236\" data-height=\"300\" aria-label=\"Paragliders launch in nature to explore the landscape from the air.\" role=\"img\" ><\/div>\n\t\t\t\t\t\t\t\t\t\t\t<div class=\"elementor-gallery-item__overlay\"><\/div>\n\t\t\t\t\t\t\t\t\t\t\t\t\t\t<\/a>\n\t\t\t\t\t\t\t<a class=\"e-gallery-item elementor-gallery-item elementor-animated-content\" href=\"https:\/\/luftzeiten.de\/wp-content\/uploads\/2025\/07\/Luftzeiten_Tandenfliegen_Impressionen70.jpeg\" data-elementor-open-lightbox=\"yes\" data-elementor-lightbox-slideshow=\"69470d6\" data-e-action-hash=\"#elementor-action%3Aaction%3Dlightbox%26settings%3DeyJpZCI6NDQwLCJ1cmwiOiJodHRwczpcL1wvbHVmdHplaXRlbi5kZVwvd3AtY29udGVudFwvdXBsb2Fkc1wvMjAyNVwvMDdcL0x1ZnR6ZWl0ZW5fVGFuZGVuZmxpZWdlbl9JbXByZXNzaW9uZW43MC5qcGVnIiwic2xpZGVzaG93IjoiNjk0NzBkNiJ9\">\n\t\t\t\t\t<div class=\"e-gallery-image elementor-gallery-item__image\" data-thumbnail=\"https:\/\/luftzeiten.de\/wp-content\/uploads\/2025\/07\/Luftzeiten_Tandenfliegen_Impressionen70-300x225.jpeg\" data-width=\"300\" data-height=\"225\" aria-label=\"Two paragliders fly high in the mountains overlooking green valleys.\" role=\"img\" ><\/div>\n\t\t\t\t\t\t\t\t\t\t\t<div class=\"elementor-gallery-item__overlay\"><\/div>\n\t\t\t\t\t\t\t\t\t\t\t\t\t\t<\/a>\n\t\t\t\t\t\t\t<a class=\"e-gallery-item elementor-gallery-item elementor-animated-content\" href=\"https:\/\/luftzeiten.de\/wp-content\/uploads\/2026\/01\/Luftzeiten_Web_2024.jpeg\" data-elementor-open-lightbox=\"yes\" data-elementor-lightbox-slideshow=\"69470d6\" data-e-action-hash=\"#elementor-action%3Aaction%3Dlightbox%26settings%3DeyJpZCI6MTMwOCwidXJsIjoiaHR0cHM6XC9cL2x1ZnR6ZWl0ZW4uZGVcL3dwLWNvbnRlbnRcL3VwbG9hZHNcLzIwMjZcLzAxXC9MdWZ0emVpdGVuX1dlYl8yMDI0LmpwZWciLCJzbGlkZXNob3ciOiI2OTQ3MGQ2In0%3D\">\n\t\t\t\t\t<div class=\"e-gallery-image elementor-gallery-item__image\" data-thumbnail=\"https:\/\/luftzeiten.de\/wp-content\/uploads\/2026\/01\/Luftzeiten_Web_2024-300x225.jpeg\" data-width=\"300\" data-height=\"225\" aria-label=\"Motorcyclists in protective helmets and goggles on a green mountain meadow.\" role=\"img\" ><\/div>\n\t\t\t\t\t\t\t\t\t\t\t<div class=\"elementor-gallery-item__overlay\"><\/div>\n\t\t\t\t\t\t\t\t\t\t\t\t\t\t<\/a>\n\t\t\t\t\t\t\t<a class=\"e-gallery-item elementor-gallery-item elementor-animated-content\" href=\"https:\/\/luftzeiten.de\/wp-content\/uploads\/2025\/07\/Luftzeiten_Tandenfliegen_Impressionen2.jpeg\" data-elementor-open-lightbox=\"yes\" data-elementor-lightbox-slideshow=\"69470d6\" data-e-action-hash=\"#elementor-action%3Aaction%3Dlightbox%26settings%3DeyJpZCI6NTEzLCJ1cmwiOiJodHRwczpcL1wvbHVmdHplaXRlbi5kZVwvd3AtY29udGVudFwvdXBsb2Fkc1wvMjAyNVwvMDdcL0x1ZnR6ZWl0ZW5fVGFuZGVuZmxpZWdlbl9JbXByZXNzaW9uZW4yLmpwZWciLCJzbGlkZXNob3ciOiI2OTQ3MGQ2In0%3D\">\n\t\t\t\t\t<div class=\"e-gallery-image elementor-gallery-item__image\" data-thumbnail=\"https:\/\/luftzeiten.de\/wp-content\/uploads\/2025\/07\/Luftzeiten_Tandenfliegen_Impressionen2-300x200.jpeg\" data-width=\"300\" data-height=\"200\" aria-label=\"Two paragliders fly high in the sky in calm weather.\" role=\"img\" ><\/div>\n\t\t\t\t\t\t\t\t\t\t\t<div class=\"elementor-gallery-item__overlay\"><\/div>\n\t\t\t\t\t\t\t\t\t\t\t\t\t\t<\/a>\n\t\t\t\t\t\t\t<a class=\"e-gallery-item elementor-gallery-item elementor-animated-content\" href=\"https:\/\/luftzeiten.de\/wp-content\/uploads\/2025\/07\/Luftzeiten_Tandenfliegen_Impressionen26.jpeg\" data-elementor-open-lightbox=\"yes\" data-elementor-lightbox-slideshow=\"69470d6\" data-e-action-hash=\"#elementor-action%3Aaction%3Dlightbox%26settings%3DeyJpZCI6NTM3LCJ1cmwiOiJodHRwczpcL1wvbHVmdHplaXRlbi5kZVwvd3AtY29udGVudFwvdXBsb2Fkc1wvMjAyNVwvMDdcL0x1ZnR6ZWl0ZW5fVGFuZGVuZmxpZWdlbl9JbXByZXNzaW9uZW4yNi5qcGVnIiwic2xpZGVzaG93IjoiNjk0NzBkNiJ9\">\n\t\t\t\t\t<div class=\"e-gallery-image elementor-gallery-item__image\" data-thumbnail=\"https:\/\/luftzeiten.de\/wp-content\/uploads\/2025\/07\/Luftzeiten_Tandenfliegen_Impressionen26-300x225.jpeg\" data-width=\"300\" data-height=\"225\" aria-label=\"Paraglider with child in the air, panoramic view of nature and mountains.\" role=\"img\" ><\/div>\n\t\t\t\t\t\t\t\t\t\t\t<div class=\"elementor-gallery-item__overlay\"><\/div>\n\t\t\t\t\t\t\t\t\t\t\t\t\t\t<\/a>\n\t\t\t\t\t\t\t<a class=\"e-gallery-item elementor-gallery-item elementor-animated-content\" href=\"https:\/\/luftzeiten.de\/wp-content\/uploads\/2025\/07\/Luftzeiten_Tandenfliegen_Impressionen81.jpeg\" data-elementor-open-lightbox=\"yes\" data-elementor-lightbox-slideshow=\"69470d6\" data-e-action-hash=\"#elementor-action%3Aaction%3Dlightbox%26settings%3DeyJpZCI6NDUxLCJ1cmwiOiJodHRwczpcL1wvbHVmdHplaXRlbi5kZVwvd3AtY29udGVudFwvdXBsb2Fkc1wvMjAyNVwvMDdcL0x1ZnR6ZWl0ZW5fVGFuZGVuZmxpZWdlbl9JbXByZXNzaW9uZW44MS5qcGVnIiwic2xpZGVzaG93IjoiNjk0NzBkNiJ9\">\n\t\t\t\t\t<div class=\"e-gallery-image elementor-gallery-item__image\" data-thumbnail=\"https:\/\/luftzeiten.de\/wp-content\/uploads\/2025\/07\/Luftzeiten_Tandenfliegen_Impressionen81-300x225.jpeg\" data-width=\"300\" data-height=\"225\" aria-label=\"Paraglider flying high in the sky with views of landscape and clouds.\" role=\"img\" ><\/div>\n\t\t\t\t\t\t\t\t\t\t\t<div class=\"elementor-gallery-item__overlay\"><\/div>\n\t\t\t\t\t\t\t\t\t\t\t\t\t\t<\/a>\n\t\t\t\t\t\t\t<a class=\"e-gallery-item elementor-gallery-item elementor-animated-content\" href=\"https:\/\/luftzeiten.de\/wp-content\/uploads\/2025\/07\/Luftzeiten_Tandenfliegen_Impressionen57.jpeg\" data-elementor-open-lightbox=\"yes\" data-elementor-lightbox-slideshow=\"69470d6\" data-e-action-hash=\"#elementor-action%3Aaction%3Dlightbox%26settings%3DeyJpZCI6NDI3LCJ1cmwiOiJodHRwczpcL1wvbHVmdHplaXRlbi5kZVwvd3AtY29udGVudFwvdXBsb2Fkc1wvMjAyNVwvMDdcL0x1ZnR6ZWl0ZW5fVGFuZGVuZmxpZWdlbl9JbXByZXNzaW9uZW41Ny5qcGVnIiwic2xpZGVzaG93IjoiNjk0NzBkNiJ9\">\n\t\t\t\t\t<div class=\"e-gallery-image elementor-gallery-item__image\" data-thumbnail=\"https:\/\/luftzeiten.de\/wp-content\/uploads\/2025\/07\/Luftzeiten_Tandenfliegen_Impressionen57-236x300.jpeg\" data-width=\"236\" data-height=\"300\" aria-label=\"Two paragliders fly high above the green mountains, overlooking the sky and the landscape.\" role=\"img\" ><\/div>\n\t\t\t\t\t\t\t\t\t\t\t<div class=\"elementor-gallery-item__overlay\"><\/div>\n\t\t\t\t\t\t\t\t\t\t\t\t\t\t<\/a>\n\t\t\t\t\t\t\t<a class=\"e-gallery-item elementor-gallery-item elementor-animated-content\" href=\"https:\/\/luftzeiten.de\/wp-content\/uploads\/2025\/07\/Luftzeiten_Tandenfliegen_Impressionen4.jpeg\" data-elementor-open-lightbox=\"yes\" data-elementor-lightbox-slideshow=\"69470d6\" data-e-action-hash=\"#elementor-action%3Aaction%3Dlightbox%26settings%3DeyJpZCI6NTE1LCJ1cmwiOiJodHRwczpcL1wvbHVmdHplaXRlbi5kZVwvd3AtY29udGVudFwvdXBsb2Fkc1wvMjAyNVwvMDdcL0x1ZnR6ZWl0ZW5fVGFuZGVuZmxpZWdlbl9JbXByZXNzaW9uZW40LmpwZWciLCJzbGlkZXNob3ciOiI2OTQ3MGQ2In0%3D\">\n\t\t\t\t\t<div class=\"e-gallery-image elementor-gallery-item__image\" data-thumbnail=\"https:\/\/luftzeiten.de\/wp-content\/uploads\/2025\/07\/Luftzeiten_Tandenfliegen_Impressionen4-300x225.jpeg\" data-width=\"300\" data-height=\"225\" aria-label=\"Paragliding over green forests with views of the landscape.\" role=\"img\" ><\/div>\n\t\t\t\t\t\t\t\t\t\t\t<div class=\"elementor-gallery-item__overlay\"><\/div>\n\t\t\t\t\t\t\t\t\t\t\t\t\t\t<\/a>\n\t\t\t\t\t\t\t<a class=\"e-gallery-item elementor-gallery-item elementor-animated-content\" href=\"https:\/\/luftzeiten.de\/wp-content\/uploads\/2025\/07\/Luftzeiten_Tandenfliegen_Impressionen77.jpeg\" data-elementor-open-lightbox=\"yes\" data-elementor-lightbox-slideshow=\"69470d6\" data-e-action-hash=\"#elementor-action%3Aaction%3Dlightbox%26settings%3DeyJpZCI6NDQ3LCJ1cmwiOiJodHRwczpcL1wvbHVmdHplaXRlbi5kZVwvd3AtY29udGVudFwvdXBsb2Fkc1wvMjAyNVwvMDdcL0x1ZnR6ZWl0ZW5fVGFuZGVuZmxpZWdlbl9JbXByZXNzaW9uZW43Ny5qcGVnIiwic2xpZGVzaG93IjoiNjk0NzBkNiJ9\">\n\t\t\t\t\t<div class=\"e-gallery-image elementor-gallery-item__image\" data-thumbnail=\"https:\/\/luftzeiten.de\/wp-content\/uploads\/2025\/07\/Luftzeiten_Tandenfliegen_Impressionen77-300x225.jpeg\" data-width=\"300\" data-height=\"225\" aria-label=\"Aerial panoramic view with a view of mountains, forest and a small village under a blue sky.\" role=\"img\" ><\/div>\n\t\t\t\t\t\t\t\t\t\t\t<div class=\"elementor-gallery-item__overlay\"><\/div>\n\t\t\t\t\t\t\t\t\t\t\t\t\t\t<\/a>\n\t\t\t\t\t\t\t<a class=\"e-gallery-item elementor-gallery-item elementor-animated-content\" href=\"https:\/\/luftzeiten.de\/wp-content\/uploads\/2025\/07\/Luftzeiten_Tandenfliegen_Impressionen24.jpeg\" data-elementor-open-lightbox=\"yes\" data-elementor-lightbox-slideshow=\"69470d6\" data-e-action-hash=\"#elementor-action%3Aaction%3Dlightbox%26settings%3DeyJpZCI6NTM1LCJ1cmwiOiJodHRwczpcL1wvbHVmdHplaXRlbi5kZVwvd3AtY29udGVudFwvdXBsb2Fkc1wvMjAyNVwvMDdcL0x1ZnR6ZWl0ZW5fVGFuZGVuZmxpZWdlbl9JbXByZXNzaW9uZW4yNC5qcGVnIiwic2xpZGVzaG93IjoiNjk0NzBkNiJ9\">\n\t\t\t\t\t<div class=\"e-gallery-image elementor-gallery-item__image\" data-thumbnail=\"https:\/\/luftzeiten.de\/wp-content\/uploads\/2025\/07\/Luftzeiten_Tandenfliegen_Impressionen24-236x300.jpeg\" data-width=\"236\" data-height=\"300\" aria-label=\"Helmet with &quot;Luftzeiten&quot; inscription, view of the landscape.\" role=\"img\" ><\/div>\n\t\t\t\t\t\t\t\t\t\t\t<div class=\"elementor-gallery-item__overlay\"><\/div>\n\t\t\t\t\t\t\t\t\t\t\t\t\t\t<\/a>\n\t\t\t\t\t\t\t<a class=\"e-gallery-item elementor-gallery-item elementor-animated-content\" href=\"https:\/\/luftzeiten.de\/wp-content\/uploads\/2025\/07\/Luftzeiten_Tandenfliegen_Impressionen27.jpeg\" data-elementor-open-lightbox=\"yes\" data-elementor-lightbox-slideshow=\"69470d6\" data-e-action-hash=\"#elementor-action%3Aaction%3Dlightbox%26settings%3DeyJpZCI6NTM4LCJ1cmwiOiJodHRwczpcL1wvbHVmdHplaXRlbi5kZVwvd3AtY29udGVudFwvdXBsb2Fkc1wvMjAyNVwvMDdcL0x1ZnR6ZWl0ZW5fVGFuZGVuZmxpZWdlbl9JbXByZXNzaW9uZW4yNy5qcGVnIiwic2xpZGVzaG93IjoiNjk0NzBkNiJ9\">\n\t\t\t\t\t<div class=\"e-gallery-image elementor-gallery-item__image\" data-thumbnail=\"https:\/\/luftzeiten.de\/wp-content\/uploads\/2025\/07\/Luftzeiten_Tandenfliegen_Impressionen27-236x300.jpeg\" data-width=\"236\" data-height=\"300\" aria-label=\"Two paragliders are flying high above a green mountain landscape.\" role=\"img\" ><\/div>\n\t\t\t\t\t\t\t\t\t\t\t<div class=\"elementor-gallery-item__overlay\"><\/div>\n\t\t\t\t\t\t\t\t\t\t\t\t\t\t<\/a>\n\t\t\t\t\t\t\t<a class=\"e-gallery-item elementor-gallery-item elementor-animated-content\" href=\"https:\/\/luftzeiten.de\/wp-content\/uploads\/2025\/07\/Luftzeiten_Tandenfliegen_Impressionen45.jpeg\" data-elementor-open-lightbox=\"yes\" data-elementor-lightbox-slideshow=\"69470d6\" data-e-action-hash=\"#elementor-action%3Aaction%3Dlightbox%26settings%3DeyJpZCI6NTU2LCJ1cmwiOiJodHRwczpcL1wvbHVmdHplaXRlbi5kZVwvd3AtY29udGVudFwvdXBsb2Fkc1wvMjAyNVwvMDdcL0x1ZnR6ZWl0ZW5fVGFuZGVuZmxpZWdlbl9JbXByZXNzaW9uZW40NS5qcGVnIiwic2xpZGVzaG93IjoiNjk0NzBkNiJ9\">\n\t\t\t\t\t<div class=\"e-gallery-image elementor-gallery-item__image\" data-thumbnail=\"https:\/\/luftzeiten.de\/wp-content\/uploads\/2025\/07\/Luftzeiten_Tandenfliegen_Impressionen45-236x300.jpeg\" data-width=\"236\" data-height=\"300\" aria-label=\"Paragliders fly in the sky at sunset.\" role=\"img\" ><\/div>\n\t\t\t\t\t\t\t\t\t\t\t<div class=\"elementor-gallery-item__overlay\"><\/div>\n\t\t\t\t\t\t\t\t\t\t\t\t\t\t<\/a>\n\t\t\t\t\t\t\t<a class=\"e-gallery-item elementor-gallery-item elementor-animated-content\" href=\"https:\/\/luftzeiten.de\/wp-content\/uploads\/2026\/01\/GOPR0506_Ueber-den-Wolken_Web_2026_3.jpg\" data-elementor-open-lightbox=\"yes\" data-elementor-lightbox-slideshow=\"69470d6\" data-e-action-hash=\"#elementor-action%3Aaction%3Dlightbox%26settings%3DeyJpZCI6MTMwNiwidXJsIjoiaHR0cHM6XC9cL2x1ZnR6ZWl0ZW4uZGVcL3dwLWNvbnRlbnRcL3VwbG9hZHNcLzIwMjZcLzAxXC9HT1BSMDUwNl9VZWJlci1kZW4tV29sa2VuX1dlYl8yMDI2XzMuanBnIiwic2xpZGVzaG93IjoiNjk0NzBkNiJ9\">\n\t\t\t\t\t<div class=\"e-gallery-image elementor-gallery-item__image\" data-thumbnail=\"https:\/\/luftzeiten.de\/wp-content\/uploads\/2026\/01\/GOPR0506_Ueber-den-Wolken_Web_2026_3-300x225.jpg\" data-width=\"300\" data-height=\"225\" aria-label=\"Paragliding at lofty heights above the clouds, experiencing breathtaking views and freedom.\" role=\"img\" ><\/div>\n\t\t\t\t\t\t\t\t\t\t\t<div class=\"elementor-gallery-item__overlay\"><\/div>\n\t\t\t\t\t\t\t\t\t\t\t\t\t\t<\/a>\n\t\t\t\t\t\t\t<a class=\"e-gallery-item elementor-gallery-item elementor-animated-content\" href=\"https:\/\/luftzeiten.de\/wp-content\/uploads\/2025\/07\/Luftzeiten_Tandenfliegen_Impressionen116.jpeg\" data-elementor-open-lightbox=\"yes\" data-elementor-lightbox-slideshow=\"69470d6\" data-e-action-hash=\"#elementor-action%3Aaction%3Dlightbox%26settings%3DeyJpZCI6NDg2LCJ1cmwiOiJodHRwczpcL1wvbHVmdHplaXRlbi5kZVwvd3AtY29udGVudFwvdXBsb2Fkc1wvMjAyNVwvMDdcL0x1ZnR6ZWl0ZW5fVGFuZGVuZmxpZWdlbl9JbXByZXNzaW9uZW4xMTYuanBlZyIsInNsaWRlc2hvdyI6IjY5NDcwZDYifQ%3D%3D\">\n\t\t\t\t\t<div class=\"e-gallery-image elementor-gallery-item__image\" data-thumbnail=\"https:\/\/luftzeiten.de\/wp-content\/uploads\/2025\/07\/Luftzeiten_Tandenfliegen_Impressionen116-300x225.jpeg\" data-width=\"300\" data-height=\"225\" aria-label=\"Paragliding in the mountains with breathtaking views and safe accompaniment.\" role=\"img\" ><\/div>\n\t\t\t\t\t\t\t\t\t\t\t<div class=\"elementor-gallery-item__overlay\"><\/div>\n\t\t\t\t\t\t\t\t\t\t\t\t\t\t<\/a>\n\t\t\t\t\t\t\t<a class=\"e-gallery-item elementor-gallery-item elementor-animated-content\" href=\"https:\/\/luftzeiten.de\/wp-content\/uploads\/2025\/07\/Luftzeiten_Tandenfliegen_Impressionen43.jpeg\" data-elementor-open-lightbox=\"yes\" data-elementor-lightbox-slideshow=\"69470d6\" data-e-action-hash=\"#elementor-action%3Aaction%3Dlightbox%26settings%3DeyJpZCI6NTU0LCJ1cmwiOiJodHRwczpcL1wvbHVmdHplaXRlbi5kZVwvd3AtY29udGVudFwvdXBsb2Fkc1wvMjAyNVwvMDdcL0x1ZnR6ZWl0ZW5fVGFuZGVuZmxpZWdlbl9JbXByZXNzaW9uZW40My5qcGVnIiwic2xpZGVzaG93IjoiNjk0NzBkNiJ9\">\n\t\t\t\t\t<div class=\"e-gallery-image elementor-gallery-item__image\" data-thumbnail=\"https:\/\/luftzeiten.de\/wp-content\/uploads\/2025\/07\/Luftzeiten_Tandenfliegen_Impressionen43-300x225.jpeg\" data-width=\"300\" data-height=\"225\" aria-label=\"Paragliding in the mountains with breathtaking views and safe accompaniment.\" role=\"img\" ><\/div>\n\t\t\t\t\t\t\t\t\t\t\t<div class=\"elementor-gallery-item__overlay\"><\/div>\n\t\t\t\t\t\t\t\t\t\t\t\t\t\t<\/a>\n\t\t\t\t\t\t\t<a class=\"e-gallery-item elementor-gallery-item elementor-animated-content\" href=\"https:\/\/luftzeiten.de\/wp-content\/uploads\/2025\/07\/Luftzeiten_Tandenfliegen_Impressionen138.jpeg\" data-elementor-open-lightbox=\"yes\" data-elementor-lightbox-slideshow=\"69470d6\" data-e-action-hash=\"#elementor-action%3Aaction%3Dlightbox%26settings%3DeyJpZCI6NTA4LCJ1cmwiOiJodHRwczpcL1wvbHVmdHplaXRlbi5kZVwvd3AtY29udGVudFwvdXBsb2Fkc1wvMjAyNVwvMDdcL0x1ZnR6ZWl0ZW5fVGFuZGVuZmxpZWdlbl9JbXByZXNzaW9uZW4xMzguanBlZyIsInNsaWRlc2hvdyI6IjY5NDcwZDYifQ%3D%3D\">\n\t\t\t\t\t<div class=\"e-gallery-image elementor-gallery-item__image\" data-thumbnail=\"https:\/\/luftzeiten.de\/wp-content\/uploads\/2025\/07\/Luftzeiten_Tandenfliegen_Impressionen138-300x225.jpeg\" data-width=\"300\" data-height=\"225\" aria-label=\"A paraglider flies over green mountains under a sunny sky, with a view of nature.\" role=\"img\" ><\/div>\n\t\t\t\t\t\t\t\t\t\t\t<div class=\"elementor-gallery-item__overlay\"><\/div>\n\t\t\t\t\t\t\t\t\t\t\t\t\t\t<\/a>\n\t\t\t\t\t\t\t<a class=\"e-gallery-item elementor-gallery-item elementor-animated-content\" href=\"https:\/\/luftzeiten.de\/wp-content\/uploads\/2025\/07\/Luftzeiten_Tandenfliegen_Impressionen86.jpeg\" data-elementor-open-lightbox=\"yes\" data-elementor-lightbox-slideshow=\"69470d6\" data-e-action-hash=\"#elementor-action%3Aaction%3Dlightbox%26settings%3DeyJpZCI6NDU2LCJ1cmwiOiJodHRwczpcL1wvbHVmdHplaXRlbi5kZVwvd3AtY29udGVudFwvdXBsb2Fkc1wvMjAyNVwvMDdcL0x1ZnR6ZWl0ZW5fVGFuZGVuZmxpZWdlbl9JbXByZXNzaW9uZW44Ni5qcGVnIiwic2xpZGVzaG93IjoiNjk0NzBkNiJ9\">\n\t\t\t\t\t<div class=\"e-gallery-image elementor-gallery-item__image\" data-thumbnail=\"https:\/\/luftzeiten.de\/wp-content\/uploads\/2025\/07\/Luftzeiten_Tandenfliegen_Impressionen86-236x300.jpeg\" data-width=\"236\" data-height=\"300\" aria-label=\"Breathtaking view while paragliding, friends enjoying the flight in nature, adventure and freedom.\" role=\"img\" ><\/div>\n\t\t\t\t\t\t\t\t\t\t\t<div class=\"elementor-gallery-item__overlay\"><\/div>\n\t\t\t\t\t\t\t\t\t\t\t\t\t\t<\/a>\n\t\t\t\t\t\t\t<a class=\"e-gallery-item elementor-gallery-item elementor-animated-content\" href=\"https:\/\/luftzeiten.de\/wp-content\/uploads\/2025\/07\/Luftzeiten_Tandenfliegen_Impressionen64.jpeg\" data-elementor-open-lightbox=\"yes\" data-elementor-lightbox-slideshow=\"69470d6\" data-e-action-hash=\"#elementor-action%3Aaction%3Dlightbox%26settings%3DeyJpZCI6NDM0LCJ1cmwiOiJodHRwczpcL1wvbHVmdHplaXRlbi5kZVwvd3AtY29udGVudFwvdXBsb2Fkc1wvMjAyNVwvMDdcL0x1ZnR6ZWl0ZW5fVGFuZGVuZmxpZWdlbl9JbXByZXNzaW9uZW42NC5qcGVnIiwic2xpZGVzaG93IjoiNjk0NzBkNiJ9\">\n\t\t\t\t\t<div class=\"e-gallery-image elementor-gallery-item__image\" data-thumbnail=\"https:\/\/luftzeiten.de\/wp-content\/uploads\/2025\/07\/Luftzeiten_Tandenfliegen_Impressionen64-236x300.jpeg\" data-width=\"236\" data-height=\"300\" aria-label=\"Two paragliders fly high above the mountains, overlooking the landscape.\" role=\"img\" ><\/div>\n\t\t\t\t\t\t\t\t\t\t\t<div class=\"elementor-gallery-item__overlay\"><\/div>\n\t\t\t\t\t\t\t\t\t\t\t\t\t\t<\/a>\n\t\t\t\t\t\t\t<a class=\"e-gallery-item elementor-gallery-item elementor-animated-content\" href=\"https:\/\/luftzeiten.de\/wp-content\/uploads\/2025\/07\/Luftzeiten_Tandenfliegen_Impressionen130.jpeg\" data-elementor-open-lightbox=\"yes\" data-elementor-lightbox-slideshow=\"69470d6\" data-e-action-hash=\"#elementor-action%3Aaction%3Dlightbox%26settings%3DeyJpZCI6NTAwLCJ1cmwiOiJodHRwczpcL1wvbHVmdHplaXRlbi5kZVwvd3AtY29udGVudFwvdXBsb2Fkc1wvMjAyNVwvMDdcL0x1ZnR6ZWl0ZW5fVGFuZGVuZmxpZWdlbl9JbXByZXNzaW9uZW4xMzAuanBlZyIsInNsaWRlc2hvdyI6IjY5NDcwZDYifQ%3D%3D\">\n\t\t\t\t\t<div class=\"e-gallery-image elementor-gallery-item__image\" data-thumbnail=\"https:\/\/luftzeiten.de\/wp-content\/uploads\/2025\/07\/Luftzeiten_Tandenfliegen_Impressionen130-236x300.jpeg\" data-width=\"236\" data-height=\"300\" aria-label=\"Paraglider pilot wearing helmet and equipment while flying.\" role=\"img\" ><\/div>\n\t\t\t\t\t\t\t\t\t\t\t<div class=\"elementor-gallery-item__overlay\"><\/div>\n\t\t\t\t\t\t\t\t\t\t\t\t\t\t<\/a>\n\t\t\t\t\t\t\t<a class=\"e-gallery-item elementor-gallery-item elementor-animated-content\" href=\"https:\/\/luftzeiten.de\/wp-content\/uploads\/2025\/07\/Luftzeiten_Tandenfliegen_Impressionen76.jpeg\" data-elementor-open-lightbox=\"yes\" data-elementor-lightbox-slideshow=\"69470d6\" data-e-action-hash=\"#elementor-action%3Aaction%3Dlightbox%26settings%3DeyJpZCI6NDQ2LCJ1cmwiOiJodHRwczpcL1wvbHVmdHplaXRlbi5kZVwvd3AtY29udGVudFwvdXBsb2Fkc1wvMjAyNVwvMDdcL0x1ZnR6ZWl0ZW5fVGFuZGVuZmxpZWdlbl9JbXByZXNzaW9uZW43Ni5qcGVnIiwic2xpZGVzaG93IjoiNjk0NzBkNiJ9\">\n\t\t\t\t\t<div class=\"e-gallery-image elementor-gallery-item__image\" data-thumbnail=\"https:\/\/luftzeiten.de\/wp-content\/uploads\/2025\/07\/Luftzeiten_Tandenfliegen_Impressionen76-236x300.jpeg\" data-width=\"236\" data-height=\"300\" aria-label=\"Paragliding pilot with helmet and sunglasses in the mountains, ready for flight.\" role=\"img\" ><\/div>\n\t\t\t\t\t\t\t\t\t\t\t<div class=\"elementor-gallery-item__overlay\"><\/div>\n\t\t\t\t\t\t\t\t\t\t\t\t\t\t<\/a>\n\t\t\t\t\t\t\t<a class=\"e-gallery-item elementor-gallery-item elementor-animated-content\" href=\"https:\/\/luftzeiten.de\/wp-content\/uploads\/2025\/07\/Luftzeiten_Tandenfliegen_Impressionen140.jpeg\" data-elementor-open-lightbox=\"yes\" data-elementor-lightbox-slideshow=\"69470d6\" data-e-action-hash=\"#elementor-action%3Aaction%3Dlightbox%26settings%3DeyJpZCI6NTEwLCJ1cmwiOiJodHRwczpcL1wvbHVmdHplaXRlbi5kZVwvd3AtY29udGVudFwvdXBsb2Fkc1wvMjAyNVwvMDdcL0x1ZnR6ZWl0ZW5fVGFuZGVuZmxpZWdlbl9JbXByZXNzaW9uZW4xNDAuanBlZyIsInNsaWRlc2hvdyI6IjY5NDcwZDYifQ%3D%3D\">\n\t\t\t\t\t<div class=\"e-gallery-image elementor-gallery-item__image\" data-thumbnail=\"https:\/\/luftzeiten.de\/wp-content\/uploads\/2025\/07\/Luftzeiten_Tandenfliegen_Impressionen140-236x300.jpeg\" data-width=\"236\" data-height=\"300\" aria-label=\"High up on a tandem paragliding experience, with views of the landscape, fun and adrenaline in the air.\" role=\"img\" ><\/div>\n\t\t\t\t\t\t\t\t\t\t\t<div class=\"elementor-gallery-item__overlay\"><\/div>\n\t\t\t\t\t\t\t\t\t\t\t\t\t\t<\/a>\n\t\t\t\t\t\t\t<a class=\"e-gallery-item elementor-gallery-item elementor-animated-content\" href=\"https:\/\/luftzeiten.de\/wp-content\/uploads\/2025\/07\/Luftzeiten_Tandenfliegen_Impressionen6.jpeg\" data-elementor-open-lightbox=\"yes\" data-elementor-lightbox-slideshow=\"69470d6\" data-e-action-hash=\"#elementor-action%3Aaction%3Dlightbox%26settings%3DeyJpZCI6NTE3LCJ1cmwiOiJodHRwczpcL1wvbHVmdHplaXRlbi5kZVwvd3AtY29udGVudFwvdXBsb2Fkc1wvMjAyNVwvMDdcL0x1ZnR6ZWl0ZW5fVGFuZGVuZmxpZWdlbl9JbXByZXNzaW9uZW42LmpwZWciLCJzbGlkZXNob3ciOiI2OTQ3MGQ2In0%3D\">\n\t\t\t\t\t<div class=\"e-gallery-image elementor-gallery-item__image\" data-thumbnail=\"https:\/\/luftzeiten.de\/wp-content\/uploads\/2025\/07\/Luftzeiten_Tandenfliegen_Impressionen6-300x225.jpeg\" data-width=\"300\" data-height=\"225\" aria-label=\"Two paragliders with helmets and rucksacks in a green landscape.\" role=\"img\" ><\/div>\n\t\t\t\t\t\t\t\t\t\t\t<div class=\"elementor-gallery-item__overlay\"><\/div>\n\t\t\t\t\t\t\t\t\t\t\t\t\t\t<\/a>\n\t\t\t\t\t\t\t<a class=\"e-gallery-item elementor-gallery-item elementor-animated-content\" href=\"https:\/\/luftzeiten.de\/wp-content\/uploads\/2025\/07\/Luftzeiten_Tandenfliegen_Impressionen73.jpeg\" data-elementor-open-lightbox=\"yes\" data-elementor-lightbox-slideshow=\"69470d6\" data-e-action-hash=\"#elementor-action%3Aaction%3Dlightbox%26settings%3DeyJpZCI6NDQzLCJ1cmwiOiJodHRwczpcL1wvbHVmdHplaXRlbi5kZVwvd3AtY29udGVudFwvdXBsb2Fkc1wvMjAyNVwvMDdcL0x1ZnR6ZWl0ZW5fVGFuZGVuZmxpZWdlbl9JbXByZXNzaW9uZW43My5qcGVnIiwic2xpZGVzaG93IjoiNjk0NzBkNiJ9\">\n\t\t\t\t\t<div class=\"e-gallery-image elementor-gallery-item__image\" data-thumbnail=\"https:\/\/luftzeiten.de\/wp-content\/uploads\/2025\/07\/Luftzeiten_Tandenfliegen_Impressionen73-236x300.jpeg\" data-width=\"236\" data-height=\"300\" aria-label=\"Paraglider with helmet and sunglasses in the mountains.\" role=\"img\" ><\/div>\n\t\t\t\t\t\t\t\t\t\t\t<div class=\"elementor-gallery-item__overlay\"><\/div>\n\t\t\t\t\t\t\t\t\t\t\t\t\t\t<\/a>\n\t\t\t\t\t\t\t<a class=\"e-gallery-item elementor-gallery-item elementor-animated-content\" href=\"https:\/\/luftzeiten.de\/wp-content\/uploads\/2026\/01\/GOPR3894-WebseiteJPG.jpg\" data-elementor-open-lightbox=\"yes\" data-elementor-lightbox-slideshow=\"69470d6\" data-e-action-hash=\"#elementor-action%3Aaction%3Dlightbox%26settings%3DeyJpZCI6MTIwNCwidXJsIjoiaHR0cHM6XC9cL2x1ZnR6ZWl0ZW4uZGVcL3dwLWNvbnRlbnRcL3VwbG9hZHNcLzIwMjZcLzAxXC9HT1BSMzg5NC1XZWJzZWl0ZUpQRy5qcGciLCJzbGlkZXNob3ciOiI2OTQ3MGQ2In0%3D\">\n\t\t\t\t\t<div class=\"e-gallery-image elementor-gallery-item__image\" data-thumbnail=\"https:\/\/luftzeiten.de\/wp-content\/uploads\/2026\/01\/GOPR3894-WebseiteJPG-300x225.jpg\" data-width=\"300\" data-height=\"225\" aria-label=\"Sky above mountains overlooking green countryside and cloud formations.\" role=\"img\" ><\/div>\n\t\t\t\t\t\t\t\t\t\t\t<div class=\"elementor-gallery-item__overlay\"><\/div>\n\t\t\t\t\t\t\t\t\t\t\t\t\t\t<\/a>\n\t\t\t\t\t\t\t<a class=\"e-gallery-item elementor-gallery-item elementor-animated-content\" href=\"https:\/\/luftzeiten.de\/wp-content\/uploads\/2026\/01\/K3PX5528_Im-Flug-mit-dem-Gleitschirm-2023.jpg\" data-elementor-open-lightbox=\"yes\" data-elementor-lightbox-slideshow=\"69470d6\" data-e-action-hash=\"#elementor-action%3Aaction%3Dlightbox%26settings%3DeyJpZCI6MTMxNywidXJsIjoiaHR0cHM6XC9cL2x1ZnR6ZWl0ZW4uZGVcL3dwLWNvbnRlbnRcL3VwbG9hZHNcLzIwMjZcLzAxXC9LM1BYNTUyOF9JbS1GbHVnLW1pdC1kZW0tR2xlaXRzY2hpcm0tMjAyMy5qcGciLCJzbGlkZXNob3ciOiI2OTQ3MGQ2In0%3D\">\n\t\t\t\t\t<div class=\"e-gallery-image elementor-gallery-item__image\" data-thumbnail=\"https:\/\/luftzeiten.de\/wp-content\/uploads\/2026\/01\/K3PX5528_Im-Flug-mit-dem-Gleitschirm-2023-300x199.jpg\" data-width=\"300\" data-height=\"199\" aria-label=\"Paragliding in the clouds with an open parachute, flying through the sky.\" role=\"img\" ><\/div>\n\t\t\t\t\t\t\t\t\t\t\t<div class=\"elementor-gallery-item__overlay\"><\/div>\n\t\t\t\t\t\t\t\t\t\t\t\t\t\t<\/a>\n\t\t\t\t\t\t\t<a class=\"e-gallery-item elementor-gallery-item elementor-animated-content\" href=\"https:\/\/luftzeiten.de\/wp-content\/uploads\/2025\/07\/Luftzeiten_Tandenfliegen_Impressionen118.jpeg\" data-elementor-open-lightbox=\"yes\" data-elementor-lightbox-slideshow=\"69470d6\" data-e-action-hash=\"#elementor-action%3Aaction%3Dlightbox%26settings%3DeyJpZCI6NDg4LCJ1cmwiOiJodHRwczpcL1wvbHVmdHplaXRlbi5kZVwvd3AtY29udGVudFwvdXBsb2Fkc1wvMjAyNVwvMDdcL0x1ZnR6ZWl0ZW5fVGFuZGVuZmxpZWdlbl9JbXByZXNzaW9uZW4xMTguanBlZyIsInNsaWRlc2hvdyI6IjY5NDcwZDYifQ%3D%3D\">\n\t\t\t\t\t<div class=\"e-gallery-image elementor-gallery-item__image\" data-thumbnail=\"https:\/\/luftzeiten.de\/wp-content\/uploads\/2025\/07\/Luftzeiten_Tandenfliegen_Impressionen118-300x135.jpeg\" data-width=\"300\" data-height=\"135\" aria-label=\"Paraglider flies over the mountains in nature at sunset.\" role=\"img\" ><\/div>\n\t\t\t\t\t\t\t\t\t\t\t<div class=\"elementor-gallery-item__overlay\"><\/div>\n\t\t\t\t\t\t\t\t\t\t\t\t\t\t<\/a>\n\t\t\t\t\t\t\t<a class=\"e-gallery-item elementor-gallery-item elementor-animated-content\" href=\"https:\/\/luftzeiten.de\/wp-content\/uploads\/2025\/07\/Luftzeiten_Tandenfliegen_Impressionen36.jpeg\" data-elementor-open-lightbox=\"yes\" data-elementor-lightbox-slideshow=\"69470d6\" data-e-action-hash=\"#elementor-action%3Aaction%3Dlightbox%26settings%3DeyJpZCI6NTQ3LCJ1cmwiOiJodHRwczpcL1wvbHVmdHplaXRlbi5kZVwvd3AtY29udGVudFwvdXBsb2Fkc1wvMjAyNVwvMDdcL0x1ZnR6ZWl0ZW5fVGFuZGVuZmxpZWdlbl9JbXByZXNzaW9uZW4zNi5qcGVnIiwic2xpZGVzaG93IjoiNjk0NzBkNiJ9\">\n\t\t\t\t\t<div class=\"e-gallery-image elementor-gallery-item__image\" data-thumbnail=\"https:\/\/luftzeiten.de\/wp-content\/uploads\/2025\/07\/Luftzeiten_Tandenfliegen_Impressionen36-300x225.jpeg\" data-width=\"300\" data-height=\"225\" aria-label=\"Paraglider flying in the sky at sunset.\" role=\"img\" ><\/div>\n\t\t\t\t\t\t\t\t\t\t\t<div class=\"elementor-gallery-item__overlay\"><\/div>\n\t\t\t\t\t\t\t\t\t\t\t\t\t\t<\/a>\n\t\t\t\t\t\t\t<a class=\"e-gallery-item elementor-gallery-item elementor-animated-content\" href=\"https:\/\/luftzeiten.de\/wp-content\/uploads\/2025\/07\/Luftzeiten_Tandenfliegen_Impressionen84.jpeg\" data-elementor-open-lightbox=\"yes\" data-elementor-lightbox-slideshow=\"69470d6\" data-e-action-hash=\"#elementor-action%3Aaction%3Dlightbox%26settings%3DeyJpZCI6NDU0LCJ1cmwiOiJodHRwczpcL1wvbHVmdHplaXRlbi5kZVwvd3AtY29udGVudFwvdXBsb2Fkc1wvMjAyNVwvMDdcL0x1ZnR6ZWl0ZW5fVGFuZGVuZmxpZWdlbl9JbXByZXNzaW9uZW44NC5qcGVnIiwic2xpZGVzaG93IjoiNjk0NzBkNiJ9\">\n\t\t\t\t\t<div class=\"e-gallery-image elementor-gallery-item__image\" data-thumbnail=\"https:\/\/luftzeiten.de\/wp-content\/uploads\/2025\/07\/Luftzeiten_Tandenfliegen_Impressionen84-236x300.jpeg\" data-width=\"236\" data-height=\"300\" aria-label=\"Paragliding pilot with helmet and sunglasses in the air.\" role=\"img\" ><\/div>\n\t\t\t\t\t\t\t\t\t\t\t<div class=\"elementor-gallery-item__overlay\"><\/div>\n\t\t\t\t\t\t\t\t\t\t\t\t\t\t<\/a>\n\t\t\t\t\t\t\t<a class=\"e-gallery-item elementor-gallery-item elementor-animated-content\" href=\"https:\/\/luftzeiten.de\/wp-content\/uploads\/2025\/07\/Luftzeiten_Tandenfliegen_Impressionen101.jpeg\" data-elementor-open-lightbox=\"yes\" data-elementor-lightbox-slideshow=\"69470d6\" data-e-action-hash=\"#elementor-action%3Aaction%3Dlightbox%26settings%3DeyJpZCI6NDcxLCJ1cmwiOiJodHRwczpcL1wvbHVmdHplaXRlbi5kZVwvd3AtY29udGVudFwvdXBsb2Fkc1wvMjAyNVwvMDdcL0x1ZnR6ZWl0ZW5fVGFuZGVuZmxpZWdlbl9JbXByZXNzaW9uZW4xMDEuanBlZyIsInNsaWRlc2hvdyI6IjY5NDcwZDYifQ%3D%3D\">\n\t\t\t\t\t<div class=\"e-gallery-image elementor-gallery-item__image\" data-thumbnail=\"https:\/\/luftzeiten.de\/wp-content\/uploads\/2025\/07\/Luftzeiten_Tandenfliegen_Impressionen101-236x300.jpeg\" data-width=\"236\" data-height=\"300\" aria-label=\"Paraglider in the air overlooking the mountains and the valley.\" role=\"img\" ><\/div>\n\t\t\t\t\t\t\t\t\t\t\t<div class=\"elementor-gallery-item__overlay\"><\/div>\n\t\t\t\t\t\t\t\t\t\t\t\t\t\t<\/a>\n\t\t\t\t\t\t\t<a class=\"e-gallery-item elementor-gallery-item elementor-animated-content\" href=\"https:\/\/luftzeiten.de\/wp-content\/uploads\/2025\/07\/Luftzeiten_Tandenfliegen_Impressionen103.jpeg\" data-elementor-open-lightbox=\"yes\" data-elementor-lightbox-slideshow=\"69470d6\" data-e-action-hash=\"#elementor-action%3Aaction%3Dlightbox%26settings%3DeyJpZCI6NDczLCJ1cmwiOiJodHRwczpcL1wvbHVmdHplaXRlbi5kZVwvd3AtY29udGVudFwvdXBsb2Fkc1wvMjAyNVwvMDdcL0x1ZnR6ZWl0ZW5fVGFuZGVuZmxpZWdlbl9JbXByZXNzaW9uZW4xMDMuanBlZyIsInNsaWRlc2hvdyI6IjY5NDcwZDYifQ%3D%3D\">\n\t\t\t\t\t<div class=\"e-gallery-image elementor-gallery-item__image\" data-thumbnail=\"https:\/\/luftzeiten.de\/wp-content\/uploads\/2025\/07\/Luftzeiten_Tandenfliegen_Impressionen103-236x300.jpeg\" data-width=\"236\" data-height=\"300\" aria-label=\"Mountaineers with helmets and backpacks in a green meadow, with a forest and sky in the background.\" role=\"img\" ><\/div>\n\t\t\t\t\t\t\t\t\t\t\t<div class=\"elementor-gallery-item__overlay\"><\/div>\n\t\t\t\t\t\t\t\t\t\t\t\t\t\t<\/a>\n\t\t\t\t\t\t\t<a class=\"e-gallery-item elementor-gallery-item elementor-animated-content\" href=\"https:\/\/luftzeiten.de\/wp-content\/uploads\/2025\/07\/Luftzeiten_Tandenfliegen_Impressionen137.jpeg\" data-elementor-open-lightbox=\"yes\" data-elementor-lightbox-slideshow=\"69470d6\" data-e-action-hash=\"#elementor-action%3Aaction%3Dlightbox%26settings%3DeyJpZCI6NTA3LCJ1cmwiOiJodHRwczpcL1wvbHVmdHplaXRlbi5kZVwvd3AtY29udGVudFwvdXBsb2Fkc1wvMjAyNVwvMDdcL0x1ZnR6ZWl0ZW5fVGFuZGVuZmxpZWdlbl9JbXByZXNzaW9uZW4xMzcuanBlZyIsInNsaWRlc2hvdyI6IjY5NDcwZDYifQ%3D%3D\">\n\t\t\t\t\t<div class=\"e-gallery-image elementor-gallery-item__image\" data-thumbnail=\"https:\/\/luftzeiten.de\/wp-content\/uploads\/2025\/07\/Luftzeiten_Tandenfliegen_Impressionen137-236x300.jpeg\" data-width=\"236\" data-height=\"300\" aria-label=\"Motorcyclist with helmet and sunglasses, ready for a tour.\" role=\"img\" ><\/div>\n\t\t\t\t\t\t\t\t\t\t\t<div class=\"elementor-gallery-item__overlay\"><\/div>\n\t\t\t\t\t\t\t\t\t\t\t\t\t\t<\/a>\n\t\t\t\t\t\t\t<a class=\"e-gallery-item elementor-gallery-item elementor-animated-content\" href=\"https:\/\/luftzeiten.de\/wp-content\/uploads\/2025\/12\/Bildschirmfoto-2025-12-30-um-08.01.49-1.png\" data-elementor-open-lightbox=\"yes\" data-elementor-lightbox-slideshow=\"69470d6\" data-e-action-hash=\"#elementor-action%3Aaction%3Dlightbox%26settings%3DeyJpZCI6MTA0NSwidXJsIjoiaHR0cHM6XC9cL2x1ZnR6ZWl0ZW4uZGVcL3dwLWNvbnRlbnRcL3VwbG9hZHNcLzIwMjVcLzEyXC9CaWxkc2NoaXJtZm90by0yMDI1LTEyLTMwLXVtLTA4LjAxLjQ5LTEucG5nIiwic2xpZGVzaG93IjoiNjk0NzBkNiJ9\">\n\t\t\t\t\t<div class=\"e-gallery-image elementor-gallery-item__image\" data-thumbnail=\"https:\/\/luftzeiten.de\/wp-content\/uploads\/2025\/12\/Bildschirmfoto-2025-12-30-um-08.01.49-1-228x300.png\" data-width=\"228\" data-height=\"300\" aria-label=\"Person paragliding over green forests and mountains.\" role=\"img\" ><\/div>\n\t\t\t\t\t\t\t\t\t\t\t<div class=\"elementor-gallery-item__overlay\"><\/div>\n\t\t\t\t\t\t\t\t\t\t\t\t\t\t<\/a>\n\t\t\t\t\t\t\t<a class=\"e-gallery-item elementor-gallery-item elementor-animated-content\" href=\"https:\/\/luftzeiten.de\/wp-content\/uploads\/2025\/07\/Luftzeiten_Tandenfliegen_Impressionen125.jpeg\" data-elementor-open-lightbox=\"yes\" data-elementor-lightbox-slideshow=\"69470d6\" data-e-action-hash=\"#elementor-action%3Aaction%3Dlightbox%26settings%3DeyJpZCI6NDk1LCJ1cmwiOiJodHRwczpcL1wvbHVmdHplaXRlbi5kZVwvd3AtY29udGVudFwvdXBsb2Fkc1wvMjAyNVwvMDdcL0x1ZnR6ZWl0ZW5fVGFuZGVuZmxpZWdlbl9JbXByZXNzaW9uZW4xMjUuanBlZyIsInNsaWRlc2hvdyI6IjY5NDcwZDYifQ%3D%3D\">\n\t\t\t\t\t<div class=\"e-gallery-image elementor-gallery-item__image\" data-thumbnail=\"https:\/\/luftzeiten.de\/wp-content\/uploads\/2025\/07\/Luftzeiten_Tandenfliegen_Impressionen125-300x225.jpeg\" data-width=\"300\" data-height=\"225\" aria-label=\"Sunset over the mountains with trees and rocks in the foreground.\" role=\"img\" ><\/div>\n\t\t\t\t\t\t\t\t\t\t\t<div class=\"elementor-gallery-item__overlay\"><\/div>\n\t\t\t\t\t\t\t\t\t\t\t\t\t\t<\/a>\n\t\t\t\t\t\t\t<a class=\"e-gallery-item elementor-gallery-item elementor-animated-content\" href=\"https:\/\/luftzeiten.de\/wp-content\/uploads\/2025\/07\/Luftzeiten_Tandenfliegen_Impressionen88.jpeg\" data-elementor-open-lightbox=\"yes\" data-elementor-lightbox-slideshow=\"69470d6\" data-e-action-hash=\"#elementor-action%3Aaction%3Dlightbox%26settings%3DeyJpZCI6NDU4LCJ1cmwiOiJodHRwczpcL1wvbHVmdHplaXRlbi5kZVwvd3AtY29udGVudFwvdXBsb2Fkc1wvMjAyNVwvMDdcL0x1ZnR6ZWl0ZW5fVGFuZGVuZmxpZWdlbl9JbXByZXNzaW9uZW44OC5qcGVnIiwic2xpZGVzaG93IjoiNjk0NzBkNiJ9\">\n\t\t\t\t\t<div class=\"e-gallery-image elementor-gallery-item__image\" data-thumbnail=\"https:\/\/luftzeiten.de\/wp-content\/uploads\/2025\/07\/Luftzeiten_Tandenfliegen_Impressionen88-236x300.jpeg\" data-width=\"236\" data-height=\"300\" aria-label=\"Airtime helmet with mountain views, ideal for paragliding and outdoor flying adventures.\" role=\"img\" ><\/div>\n\t\t\t\t\t\t\t\t\t\t\t<div class=\"elementor-gallery-item__overlay\"><\/div>\n\t\t\t\t\t\t\t\t\t\t\t\t\t\t<\/a>\n\t\t\t\t\t\t\t<a class=\"e-gallery-item elementor-gallery-item elementor-animated-content\" href=\"https:\/\/luftzeiten.de\/wp-content\/uploads\/2025\/07\/Luftzeiten_Tandenfliegen_Impressionen110.jpeg\" data-elementor-open-lightbox=\"yes\" data-elementor-lightbox-slideshow=\"69470d6\" data-e-action-hash=\"#elementor-action%3Aaction%3Dlightbox%26settings%3DeyJpZCI6NDgwLCJ1cmwiOiJodHRwczpcL1wvbHVmdHplaXRlbi5kZVwvd3AtY29udGVudFwvdXBsb2Fkc1wvMjAyNVwvMDdcL0x1ZnR6ZWl0ZW5fVGFuZGVuZmxpZWdlbl9JbXByZXNzaW9uZW4xMTAuanBlZyIsInNsaWRlc2hvdyI6IjY5NDcwZDYifQ%3D%3D\">\n\t\t\t\t\t<div class=\"e-gallery-image elementor-gallery-item__image\" data-thumbnail=\"https:\/\/luftzeiten.de\/wp-content\/uploads\/2025\/07\/Luftzeiten_Tandenfliegen_Impressionen110-300x225.jpeg\" data-width=\"300\" data-height=\"225\" aria-label=\"Sunset over a blooming field with trees, warm light, peaceful nature shot.\" role=\"img\" ><\/div>\n\t\t\t\t\t\t\t\t\t\t\t<div class=\"elementor-gallery-item__overlay\"><\/div>\n\t\t\t\t\t\t\t\t\t\t\t\t\t\t<\/a>\n\t\t\t\t\t\t\t<a class=\"e-gallery-item elementor-gallery-item elementor-animated-content\" href=\"https:\/\/luftzeiten.de\/wp-content\/uploads\/2025\/07\/Luftzeiten_Tandenfliegen_Impressionen87.jpeg\" data-elementor-open-lightbox=\"yes\" data-elementor-lightbox-slideshow=\"69470d6\" data-e-action-hash=\"#elementor-action%3Aaction%3Dlightbox%26settings%3DeyJpZCI6NDU3LCJ1cmwiOiJodHRwczpcL1wvbHVmdHplaXRlbi5kZVwvd3AtY29udGVudFwvdXBsb2Fkc1wvMjAyNVwvMDdcL0x1ZnR6ZWl0ZW5fVGFuZGVuZmxpZWdlbl9JbXByZXNzaW9uZW44Ny5qcGVnIiwic2xpZGVzaG93IjoiNjk0NzBkNiJ9\">\n\t\t\t\t\t<div class=\"e-gallery-image elementor-gallery-item__image\" data-thumbnail=\"https:\/\/luftzeiten.de\/wp-content\/uploads\/2025\/07\/Luftzeiten_Tandenfliegen_Impressionen87-236x300.jpeg\" data-width=\"236\" data-height=\"300\" aria-label=\"Two paragliders fly high above a green landscape, enjoying their free flight.\" role=\"img\" ><\/div>\n\t\t\t\t\t\t\t\t\t\t\t<div class=\"elementor-gallery-item__overlay\"><\/div>\n\t\t\t\t\t\t\t\t\t\t\t\t\t\t<\/a>\n\t\t\t\t\t\t\t<a class=\"e-gallery-item elementor-gallery-item elementor-animated-content\" href=\"https:\/\/luftzeiten.de\/wp-content\/uploads\/2025\/07\/Luftzeiten_Tandenfliegen_Impressionen122.jpeg\" data-elementor-open-lightbox=\"yes\" data-elementor-lightbox-slideshow=\"69470d6\" data-e-action-hash=\"#elementor-action%3Aaction%3Dlightbox%26settings%3DeyJpZCI6NDkyLCJ1cmwiOiJodHRwczpcL1wvbHVmdHplaXRlbi5kZVwvd3AtY29udGVudFwvdXBsb2Fkc1wvMjAyNVwvMDdcL0x1ZnR6ZWl0ZW5fVGFuZGVuZmxpZWdlbl9JbXByZXNzaW9uZW4xMjIuanBlZyIsInNsaWRlc2hvdyI6IjY5NDcwZDYifQ%3D%3D\">\n\t\t\t\t\t<div class=\"e-gallery-image elementor-gallery-item__image\" data-thumbnail=\"https:\/\/luftzeiten.de\/wp-content\/uploads\/2025\/07\/Luftzeiten_Tandenfliegen_Impressionen122-236x300.jpeg\" data-width=\"236\" data-height=\"300\" aria-label=\"Tandem skydive with a laughing man in a blue jacket and sunglasses in the air.\" role=\"img\" ><\/div>\n\t\t\t\t\t\t\t\t\t\t\t<div class=\"elementor-gallery-item__overlay\"><\/div>\n\t\t\t\t\t\t\t\t\t\t\t\t\t\t<\/a>\n\t\t\t\t\t\t\t<a class=\"e-gallery-item elementor-gallery-item elementor-animated-content\" href=\"https:\/\/luftzeiten.de\/wp-content\/uploads\/2025\/07\/Luftzeiten_Tandenfliegen_Impressionen60.jpeg\" data-elementor-open-lightbox=\"yes\" data-elementor-lightbox-slideshow=\"69470d6\" data-e-action-hash=\"#elementor-action%3Aaction%3Dlightbox%26settings%3DeyJpZCI6NDMwLCJ1cmwiOiJodHRwczpcL1wvbHVmdHplaXRlbi5kZVwvd3AtY29udGVudFwvdXBsb2Fkc1wvMjAyNVwvMDdcL0x1ZnR6ZWl0ZW5fVGFuZGVuZmxpZWdlbl9JbXByZXNzaW9uZW42MC5qcGVnIiwic2xpZGVzaG93IjoiNjk0NzBkNiJ9\">\n\t\t\t\t\t<div class=\"e-gallery-image elementor-gallery-item__image\" data-thumbnail=\"https:\/\/luftzeiten.de\/wp-content\/uploads\/2025\/07\/Luftzeiten_Tandenfliegen_Impressionen60-300x225.jpeg\" data-width=\"300\" data-height=\"225\" aria-label=\"Tandem paraglider flying high above the landscape with views of mountains and valleys.\" role=\"img\" ><\/div>\n\t\t\t\t\t\t\t\t\t\t\t<div class=\"elementor-gallery-item__overlay\"><\/div>\n\t\t\t\t\t\t\t\t\t\t\t\t\t\t<\/a>\n\t\t\t\t\t\t\t<a class=\"e-gallery-item elementor-gallery-item elementor-animated-content\" href=\"https:\/\/luftzeiten.de\/wp-content\/uploads\/2025\/07\/Luftzeiten_Tandenfliegen_Impressionen52.jpeg\" data-elementor-open-lightbox=\"yes\" data-elementor-lightbox-slideshow=\"69470d6\" data-e-action-hash=\"#elementor-action%3Aaction%3Dlightbox%26settings%3DeyJpZCI6NTYzLCJ1cmwiOiJodHRwczpcL1wvbHVmdHplaXRlbi5kZVwvd3AtY29udGVudFwvdXBsb2Fkc1wvMjAyNVwvMDdcL0x1ZnR6ZWl0ZW5fVGFuZGVuZmxpZWdlbl9JbXByZXNzaW9uZW41Mi5qcGVnIiwic2xpZGVzaG93IjoiNjk0NzBkNiJ9\">\n\t\t\t\t\t<div class=\"e-gallery-image elementor-gallery-item__image\" data-thumbnail=\"https:\/\/luftzeiten.de\/wp-content\/uploads\/2025\/07\/Luftzeiten_Tandenfliegen_Impressionen52-300x225.jpeg\" data-width=\"300\" data-height=\"225\" aria-label=\"Paragliding in the mountains with two people, safety equipment, sky and landscape in the background.\" role=\"img\" ><\/div>\n\t\t\t\t\t\t\t\t\t\t\t<div class=\"elementor-gallery-item__overlay\"><\/div>\n\t\t\t\t\t\t\t\t\t\t\t\t\t\t<\/a>\n\t\t\t\t\t\t\t<a class=\"e-gallery-item elementor-gallery-item elementor-animated-content\" href=\"https:\/\/luftzeiten.de\/wp-content\/uploads\/2025\/07\/Luftzeiten_Tandenfliegen_Impressionen41.jpeg\" data-elementor-open-lightbox=\"yes\" data-elementor-lightbox-slideshow=\"69470d6\" data-e-action-hash=\"#elementor-action%3Aaction%3Dlightbox%26settings%3DeyJpZCI6NTUyLCJ1cmwiOiJodHRwczpcL1wvbHVmdHplaXRlbi5kZVwvd3AtY29udGVudFwvdXBsb2Fkc1wvMjAyNVwvMDdcL0x1ZnR6ZWl0ZW5fVGFuZGVuZmxpZWdlbl9JbXByZXNzaW9uZW40MS5qcGVnIiwic2xpZGVzaG93IjoiNjk0NzBkNiJ9\">\n\t\t\t\t\t<div class=\"e-gallery-image elementor-gallery-item__image\" data-thumbnail=\"https:\/\/luftzeiten.de\/wp-content\/uploads\/2025\/07\/Luftzeiten_Tandenfliegen_Impressionen41-236x300.jpeg\" data-width=\"236\" data-height=\"300\" aria-label=\"Paragliders in the air with a mountain panorama in the background.\" role=\"img\" ><\/div>\n\t\t\t\t\t\t\t\t\t\t\t<div class=\"elementor-gallery-item__overlay\"><\/div>\n\t\t\t\t\t\t\t\t\t\t\t\t\t\t<\/a>\n\t\t\t\t\t\t\t<a class=\"e-gallery-item elementor-gallery-item elementor-animated-content\" href=\"https:\/\/luftzeiten.de\/wp-content\/uploads\/2025\/07\/Luftzeiten_Tandenfliegen_Impressionen16.jpeg\" data-elementor-open-lightbox=\"yes\" data-elementor-lightbox-slideshow=\"69470d6\" data-e-action-hash=\"#elementor-action%3Aaction%3Dlightbox%26settings%3DeyJpZCI6NTI3LCJ1cmwiOiJodHRwczpcL1wvbHVmdHplaXRlbi5kZVwvd3AtY29udGVudFwvdXBsb2Fkc1wvMjAyNVwvMDdcL0x1ZnR6ZWl0ZW5fVGFuZGVuZmxpZWdlbl9JbXByZXNzaW9uZW4xNi5qcGVnIiwic2xpZGVzaG93IjoiNjk0NzBkNiJ9\">\n\t\t\t\t\t<div class=\"e-gallery-image elementor-gallery-item__image\" data-thumbnail=\"https:\/\/luftzeiten.de\/wp-content\/uploads\/2025\/07\/Luftzeiten_Tandenfliegen_Impressionen16-236x300.jpeg\" data-width=\"236\" data-height=\"300\" aria-label=\"Mountain landscape with forest, sky and clouds, view of nature and mountains.\" role=\"img\" ><\/div>\n\t\t\t\t\t\t\t\t\t\t\t<div class=\"elementor-gallery-item__overlay\"><\/div>\n\t\t\t\t\t\t\t\t\t\t\t\t\t\t<\/a>\n\t\t\t\t\t\t\t<a class=\"e-gallery-item elementor-gallery-item elementor-animated-content\" href=\"https:\/\/luftzeiten.de\/wp-content\/uploads\/2025\/07\/Luftzeiten_Tandenfliegen_Impressionen35.jpeg\" data-elementor-open-lightbox=\"yes\" data-elementor-lightbox-slideshow=\"69470d6\" data-e-action-hash=\"#elementor-action%3Aaction%3Dlightbox%26settings%3DeyJpZCI6NTQ2LCJ1cmwiOiJodHRwczpcL1wvbHVmdHplaXRlbi5kZVwvd3AtY29udGVudFwvdXBsb2Fkc1wvMjAyNVwvMDdcL0x1ZnR6ZWl0ZW5fVGFuZGVuZmxpZWdlbl9JbXByZXNzaW9uZW4zNS5qcGVnIiwic2xpZGVzaG93IjoiNjk0NzBkNiJ9\">\n\t\t\t\t\t<div class=\"e-gallery-image elementor-gallery-item__image\" data-thumbnail=\"https:\/\/luftzeiten.de\/wp-content\/uploads\/2025\/07\/Luftzeiten_Tandenfliegen_Impressionen35-236x300.jpeg\" data-width=\"236\" data-height=\"300\" aria-label=\"Helmet and sunglasses for safe and stylish protection when motorcycling.\" role=\"img\" ><\/div>\n\t\t\t\t\t\t\t\t\t\t\t<div class=\"elementor-gallery-item__overlay\"><\/div>\n\t\t\t\t\t\t\t\t\t\t\t\t\t\t<\/a>\n\t\t\t\t\t\t\t<a class=\"e-gallery-item elementor-gallery-item elementor-animated-content\" href=\"https:\/\/luftzeiten.de\/wp-content\/uploads\/2025\/07\/Luftzeiten_Tandenfliegen_Impressionen46.jpeg\" data-elementor-open-lightbox=\"yes\" data-elementor-lightbox-slideshow=\"69470d6\" data-e-action-hash=\"#elementor-action%3Aaction%3Dlightbox%26settings%3DeyJpZCI6NTU3LCJ1cmwiOiJodHRwczpcL1wvbHVmdHplaXRlbi5kZVwvd3AtY29udGVudFwvdXBsb2Fkc1wvMjAyNVwvMDdcL0x1ZnR6ZWl0ZW5fVGFuZGVuZmxpZWdlbl9JbXByZXNzaW9uZW40Ni5qcGVnIiwic2xpZGVzaG93IjoiNjk0NzBkNiJ9\">\n\t\t\t\t\t<div class=\"e-gallery-image elementor-gallery-item__image\" data-thumbnail=\"https:\/\/luftzeiten.de\/wp-content\/uploads\/2025\/07\/Luftzeiten_Tandenfliegen_Impressionen46-236x300.jpeg\" data-width=\"236\" data-height=\"300\" aria-label=\"Aerial panorama of the landscape, sky and clouds visible.\" role=\"img\" ><\/div>\n\t\t\t\t\t\t\t\t\t\t\t<div class=\"elementor-gallery-item__overlay\"><\/div>\n\t\t\t\t\t\t\t\t\t\t\t\t\t\t<\/a>\n\t\t\t\t\t\t\t<a class=\"e-gallery-item elementor-gallery-item elementor-animated-content\" href=\"https:\/\/luftzeiten.de\/wp-content\/uploads\/2025\/07\/Luftzeiten_Tandenfliegen_Impressionen13.jpeg\" data-elementor-open-lightbox=\"yes\" data-elementor-lightbox-slideshow=\"69470d6\" data-e-action-hash=\"#elementor-action%3Aaction%3Dlightbox%26settings%3DeyJpZCI6NTI0LCJ1cmwiOiJodHRwczpcL1wvbHVmdHplaXRlbi5kZVwvd3AtY29udGVudFwvdXBsb2Fkc1wvMjAyNVwvMDdcL0x1ZnR6ZWl0ZW5fVGFuZGVuZmxpZWdlbl9JbXByZXNzaW9uZW4xMy5qcGVnIiwic2xpZGVzaG93IjoiNjk0NzBkNiJ9\">\n\t\t\t\t\t<div class=\"e-gallery-image elementor-gallery-item__image\" data-thumbnail=\"https:\/\/luftzeiten.de\/wp-content\/uploads\/2025\/07\/Luftzeiten_Tandenfliegen_Impressionen13-236x300.jpeg\" data-width=\"236\" data-height=\"300\" aria-label=\"Paragliding in autumn with colourful leaves and a blue sky.\" role=\"img\" ><\/div>\n\t\t\t\t\t\t\t\t\t\t\t<div class=\"elementor-gallery-item__overlay\"><\/div>\n\t\t\t\t\t\t\t\t\t\t\t\t\t\t<\/a>\n\t\t\t\t\t\t\t<a class=\"e-gallery-item elementor-gallery-item elementor-animated-content\" href=\"https:\/\/luftzeiten.de\/wp-content\/uploads\/2025\/07\/Luftzeiten_Tandenfliegen_Impressionen139.jpeg\" data-elementor-open-lightbox=\"yes\" data-elementor-lightbox-slideshow=\"69470d6\" data-e-action-hash=\"#elementor-action%3Aaction%3Dlightbox%26settings%3DeyJpZCI6NTA5LCJ1cmwiOiJodHRwczpcL1wvbHVmdHplaXRlbi5kZVwvd3AtY29udGVudFwvdXBsb2Fkc1wvMjAyNVwvMDdcL0x1ZnR6ZWl0ZW5fVGFuZGVuZmxpZWdlbl9JbXByZXNzaW9uZW4xMzkuanBlZyIsInNsaWRlc2hvdyI6IjY5NDcwZDYifQ%3D%3D\">\n\t\t\t\t\t<div class=\"e-gallery-image elementor-gallery-item__image\" data-thumbnail=\"https:\/\/luftzeiten.de\/wp-content\/uploads\/2025\/07\/Luftzeiten_Tandenfliegen_Impressionen139-236x300.jpeg\" data-width=\"236\" data-height=\"300\" aria-label=\"Paragliding with a colourful parachute under a cloudy sky.\" role=\"img\" ><\/div>\n\t\t\t\t\t\t\t\t\t\t\t<div class=\"elementor-gallery-item__overlay\"><\/div>\n\t\t\t\t\t\t\t\t\t\t\t\t\t\t<\/a>\n\t\t\t\t\t\t\t<a class=\"e-gallery-item elementor-gallery-item elementor-animated-content\" href=\"https:\/\/luftzeiten.de\/wp-content\/uploads\/2025\/07\/Luftzeiten_Tandenfliegen_Impressionen111.jpeg\" data-elementor-open-lightbox=\"yes\" data-elementor-lightbox-slideshow=\"69470d6\" data-e-action-hash=\"#elementor-action%3Aaction%3Dlightbox%26settings%3DeyJpZCI6NDgxLCJ1cmwiOiJodHRwczpcL1wvbHVmdHplaXRlbi5kZVwvd3AtY29udGVudFwvdXBsb2Fkc1wvMjAyNVwvMDdcL0x1ZnR6ZWl0ZW5fVGFuZGVuZmxpZWdlbl9JbXByZXNzaW9uZW4xMTEuanBlZyIsInNsaWRlc2hvdyI6IjY5NDcwZDYifQ%3D%3D\">\n\t\t\t\t\t<div class=\"e-gallery-image elementor-gallery-item__image\" data-thumbnail=\"https:\/\/luftzeiten.de\/wp-content\/uploads\/2025\/07\/Luftzeiten_Tandenfliegen_Impressionen111-236x300.jpeg\" data-width=\"236\" data-height=\"300\" aria-label=\"Hat and sunglasses for aviation or leisure activities.\" role=\"img\" ><\/div>\n\t\t\t\t\t\t\t\t\t\t\t<div class=\"elementor-gallery-item__overlay\"><\/div>\n\t\t\t\t\t\t\t\t\t\t\t\t\t\t<\/a>\n\t\t\t\t\t\t\t<a class=\"e-gallery-item elementor-gallery-item elementor-animated-content\" href=\"https:\/\/luftzeiten.de\/wp-content\/uploads\/2025\/07\/Luftzeiten_Tandenfliegen_Impressionen108.jpeg\" data-elementor-open-lightbox=\"yes\" data-elementor-lightbox-slideshow=\"69470d6\" data-e-action-hash=\"#elementor-action%3Aaction%3Dlightbox%26settings%3DeyJpZCI6NDc4LCJ1cmwiOiJodHRwczpcL1wvbHVmdHplaXRlbi5kZVwvd3AtY29udGVudFwvdXBsb2Fkc1wvMjAyNVwvMDdcL0x1ZnR6ZWl0ZW5fVGFuZGVuZmxpZWdlbl9JbXByZXNzaW9uZW4xMDguanBlZyIsInNsaWRlc2hvdyI6IjY5NDcwZDYifQ%3D%3D\">\n\t\t\t\t\t<div class=\"e-gallery-image elementor-gallery-item__image\" data-thumbnail=\"https:\/\/luftzeiten.de\/wp-content\/uploads\/2025\/07\/Luftzeiten_Tandenfliegen_Impressionen108-300x225.jpeg\" data-width=\"300\" data-height=\"225\" aria-label=\"Two hikers with backpacks in a green meadow under a cloudy sky.\" role=\"img\" ><\/div>\n\t\t\t\t\t\t\t\t\t\t\t<div class=\"elementor-gallery-item__overlay\"><\/div>\n\t\t\t\t\t\t\t\t\t\t\t\t\t\t<\/a>\n\t\t\t\t\t\t\t<a class=\"e-gallery-item elementor-gallery-item elementor-animated-content\" href=\"https:\/\/luftzeiten.de\/wp-content\/uploads\/2026\/01\/GOPR4127_Web.jpg\" data-elementor-open-lightbox=\"yes\" data-elementor-lightbox-slideshow=\"69470d6\" data-e-action-hash=\"#elementor-action%3Aaction%3Dlightbox%26settings%3DeyJpZCI6MTEyMiwidXJsIjoiaHR0cHM6XC9cL2x1ZnR6ZWl0ZW4uZGVcL3dwLWNvbnRlbnRcL3VwbG9hZHNcLzIwMjZcLzAxXC9HT1BSNDEyN19XZWIuanBnIiwic2xpZGVzaG93IjoiNjk0NzBkNiJ9\">\n\t\t\t\t\t<div class=\"e-gallery-image elementor-gallery-item__image\" data-thumbnail=\"https:\/\/luftzeiten.de\/wp-content\/uploads\/2026\/01\/GOPR4127_Web-300x225.jpg\" data-width=\"300\" data-height=\"225\" aria-label=\"A hang glider flies high in the sky, overlooking the mountains.\" role=\"img\" ><\/div>\n\t\t\t\t\t\t\t\t\t\t\t<div class=\"elementor-gallery-item__overlay\"><\/div>\n\t\t\t\t\t\t\t\t\t\t\t\t\t\t<\/a>\n\t\t\t\t\t\t\t<a class=\"e-gallery-item elementor-gallery-item elementor-animated-content\" href=\"https:\/\/luftzeiten.de\/wp-content\/uploads\/2025\/07\/Luftzeiten_Tandenfliegen_Impressionen113.jpeg\" data-elementor-open-lightbox=\"yes\" data-elementor-lightbox-slideshow=\"69470d6\" data-e-action-hash=\"#elementor-action%3Aaction%3Dlightbox%26settings%3DeyJpZCI6NDgzLCJ1cmwiOiJodHRwczpcL1wvbHVmdHplaXRlbi5kZVwvd3AtY29udGVudFwvdXBsb2Fkc1wvMjAyNVwvMDdcL0x1ZnR6ZWl0ZW5fVGFuZGVuZmxpZWdlbl9JbXByZXNzaW9uZW4xMTMuanBlZyIsInNsaWRlc2hvdyI6IjY5NDcwZDYifQ%3D%3D\">\n\t\t\t\t\t<div class=\"e-gallery-image elementor-gallery-item__image\" data-thumbnail=\"https:\/\/luftzeiten.de\/wp-content\/uploads\/2025\/07\/Luftzeiten_Tandenfliegen_Impressionen113-300x225.jpeg\" data-width=\"300\" data-height=\"225\" aria-label=\"Paraglider flying over wooded hills at sunset.\" role=\"img\" ><\/div>\n\t\t\t\t\t\t\t\t\t\t\t<div class=\"elementor-gallery-item__overlay\"><\/div>\n\t\t\t\t\t\t\t\t\t\t\t\t\t\t<\/a>\n\t\t\t\t\t\t\t<a class=\"e-gallery-item elementor-gallery-item elementor-animated-content\" href=\"https:\/\/luftzeiten.de\/wp-content\/uploads\/2025\/07\/Luftzeiten_Tandenfliegen_Impressionen83.jpeg\" data-elementor-open-lightbox=\"yes\" data-elementor-lightbox-slideshow=\"69470d6\" data-e-action-hash=\"#elementor-action%3Aaction%3Dlightbox%26settings%3DeyJpZCI6NDUzLCJ1cmwiOiJodHRwczpcL1wvbHVmdHplaXRlbi5kZVwvd3AtY29udGVudFwvdXBsb2Fkc1wvMjAyNVwvMDdcL0x1ZnR6ZWl0ZW5fVGFuZGVuZmxpZWdlbl9JbXByZXNzaW9uZW44My5qcGVnIiwic2xpZGVzaG93IjoiNjk0NzBkNiJ9\">\n\t\t\t\t\t<div class=\"e-gallery-image elementor-gallery-item__image\" data-thumbnail=\"https:\/\/luftzeiten.de\/wp-content\/uploads\/2025\/07\/Luftzeiten_Tandenfliegen_Impressionen83-236x300.jpeg\" data-width=\"236\" data-height=\"300\" aria-label=\"Abseiling in the forest with professional guidance, safety equipment, and a nature experience.\" role=\"img\" ><\/div>\n\t\t\t\t\t\t\t\t\t\t\t<div class=\"elementor-gallery-item__overlay\"><\/div>\n\t\t\t\t\t\t\t\t\t\t\t\t\t\t<\/a>\n\t\t\t\t\t\t\t<a class=\"e-gallery-item elementor-gallery-item elementor-animated-content\" href=\"https:\/\/luftzeiten.de\/wp-content\/uploads\/2025\/07\/Luftzeiten_Tandenfliegen_Impressionen123.jpeg\" data-elementor-open-lightbox=\"yes\" data-elementor-lightbox-slideshow=\"69470d6\" data-e-action-hash=\"#elementor-action%3Aaction%3Dlightbox%26settings%3DeyJpZCI6NDkzLCJ1cmwiOiJodHRwczpcL1wvbHVmdHplaXRlbi5kZVwvd3AtY29udGVudFwvdXBsb2Fkc1wvMjAyNVwvMDdcL0x1ZnR6ZWl0ZW5fVGFuZGVuZmxpZWdlbl9JbXByZXNzaW9uZW4xMjMuanBlZyIsInNsaWRlc2hvdyI6IjY5NDcwZDYifQ%3D%3D\">\n\t\t\t\t\t<div class=\"e-gallery-image elementor-gallery-item__image\" data-thumbnail=\"https:\/\/luftzeiten.de\/wp-content\/uploads\/2025\/07\/Luftzeiten_Tandenfliegen_Impressionen123-236x300.jpeg\" data-width=\"236\" data-height=\"300\" aria-label=\"Paragliding in the mountains, two people flying high in the sky together.\" role=\"img\" ><\/div>\n\t\t\t\t\t\t\t\t\t\t\t<div class=\"elementor-gallery-item__overlay\"><\/div>\n\t\t\t\t\t\t\t\t\t\t\t\t\t\t<\/a>\n\t\t\t\t\t\t\t<a class=\"e-gallery-item elementor-gallery-item elementor-animated-content\" href=\"https:\/\/luftzeiten.de\/wp-content\/uploads\/2025\/07\/Luftzeiten_Tandenfliegen_Impressionen129.jpeg\" data-elementor-open-lightbox=\"yes\" data-elementor-lightbox-slideshow=\"69470d6\" data-e-action-hash=\"#elementor-action%3Aaction%3Dlightbox%26settings%3DeyJpZCI6NDk5LCJ1cmwiOiJodHRwczpcL1wvbHVmdHplaXRlbi5kZVwvd3AtY29udGVudFwvdXBsb2Fkc1wvMjAyNVwvMDdcL0x1ZnR6ZWl0ZW5fVGFuZGVuZmxpZWdlbl9JbXByZXNzaW9uZW4xMjkuanBlZyIsInNsaWRlc2hvdyI6IjY5NDcwZDYifQ%3D%3D\">\n\t\t\t\t\t<div class=\"e-gallery-image elementor-gallery-item__image\" data-thumbnail=\"https:\/\/luftzeiten.de\/wp-content\/uploads\/2025\/07\/Luftzeiten_Tandenfliegen_Impressionen129-300x225.jpeg\" data-width=\"300\" data-height=\"225\" aria-label=\"A paraglider in the air with a view of green mountains and clouds.\" role=\"img\" ><\/div>\n\t\t\t\t\t\t\t\t\t\t\t<div class=\"elementor-gallery-item__overlay\"><\/div>\n\t\t\t\t\t\t\t\t\t\t\t\t\t\t<\/a>\n\t\t\t\t\t\t\t<a class=\"e-gallery-item elementor-gallery-item elementor-animated-content\" href=\"https:\/\/luftzeiten.de\/wp-content\/uploads\/2025\/07\/Luftzeiten_Tandenfliegen_Impressionen20.jpeg\" data-elementor-open-lightbox=\"yes\" data-elementor-lightbox-slideshow=\"69470d6\" data-e-action-hash=\"#elementor-action%3Aaction%3Dlightbox%26settings%3DeyJpZCI6NTMxLCJ1cmwiOiJodHRwczpcL1wvbHVmdHplaXRlbi5kZVwvd3AtY29udGVudFwvdXBsb2Fkc1wvMjAyNVwvMDdcL0x1ZnR6ZWl0ZW5fVGFuZGVuZmxpZWdlbl9JbXByZXNzaW9uZW4yMC5qcGVnIiwic2xpZGVzaG93IjoiNjk0NzBkNiJ9\">\n\t\t\t\t\t<div class=\"e-gallery-image elementor-gallery-item__image\" data-thumbnail=\"https:\/\/luftzeiten.de\/wp-content\/uploads\/2025\/07\/Luftzeiten_Tandenfliegen_Impressionen20-236x300.jpeg\" data-width=\"236\" data-height=\"300\" aria-label=\"Paraglider wearing a helmet and sunglasses, ready for flight in the mountains.\" role=\"img\" ><\/div>\n\t\t\t\t\t\t\t\t\t\t\t<div class=\"elementor-gallery-item__overlay\"><\/div>\n\t\t\t\t\t\t\t\t\t\t\t\t\t\t<\/a>\n\t\t\t\t\t\t\t<a class=\"e-gallery-item elementor-gallery-item elementor-animated-content\" href=\"https:\/\/luftzeiten.de\/wp-content\/uploads\/2025\/07\/Luftzeiten_Tandenfliegen_Impressionen91.jpeg\" data-elementor-open-lightbox=\"yes\" data-elementor-lightbox-slideshow=\"69470d6\" data-e-action-hash=\"#elementor-action%3Aaction%3Dlightbox%26settings%3DeyJpZCI6NDYxLCJ1cmwiOiJodHRwczpcL1wvbHVmdHplaXRlbi5kZVwvd3AtY29udGVudFwvdXBsb2Fkc1wvMjAyNVwvMDdcL0x1ZnR6ZWl0ZW5fVGFuZGVuZmxpZWdlbl9JbXByZXNzaW9uZW45MS5qcGVnIiwic2xpZGVzaG93IjoiNjk0NzBkNiJ9\">\n\t\t\t\t\t<div class=\"e-gallery-image elementor-gallery-item__image\" data-thumbnail=\"https:\/\/luftzeiten.de\/wp-content\/uploads\/2025\/07\/Luftzeiten_Tandenfliegen_Impressionen91-300x225.jpeg\" data-width=\"300\" data-height=\"225\" aria-label=\"Mountain landscape with paraglider, green hills and blue sky, nature, leisure activities.\" role=\"img\" ><\/div>\n\t\t\t\t\t\t\t\t\t\t\t<div class=\"elementor-gallery-item__overlay\"><\/div>\n\t\t\t\t\t\t\t\t\t\t\t\t\t\t<\/a>\n\t\t\t\t\t\t\t<a class=\"e-gallery-item elementor-gallery-item elementor-animated-content\" href=\"https:\/\/luftzeiten.de\/wp-content\/uploads\/2025\/07\/Luftzeiten_Tandenfliegen_Impressionen39.jpeg\" data-elementor-open-lightbox=\"yes\" data-elementor-lightbox-slideshow=\"69470d6\" data-e-action-hash=\"#elementor-action%3Aaction%3Dlightbox%26settings%3DeyJpZCI6NTUwLCJ1cmwiOiJodHRwczpcL1wvbHVmdHplaXRlbi5kZVwvd3AtY29udGVudFwvdXBsb2Fkc1wvMjAyNVwvMDdcL0x1ZnR6ZWl0ZW5fVGFuZGVuZmxpZWdlbl9JbXByZXNzaW9uZW4zOS5qcGVnIiwic2xpZGVzaG93IjoiNjk0NzBkNiJ9\">\n\t\t\t\t\t<div class=\"e-gallery-image elementor-gallery-item__image\" data-thumbnail=\"https:\/\/luftzeiten.de\/wp-content\/uploads\/2025\/07\/Luftzeiten_Tandenfliegen_Impressionen39-236x300.jpeg\" data-width=\"236\" data-height=\"300\" aria-label=\"Paraglider with helmet and equipment in the mountains.\" role=\"img\" ><\/div>\n\t\t\t\t\t\t\t\t\t\t\t<div class=\"elementor-gallery-item__overlay\"><\/div>\n\t\t\t\t\t\t\t\t\t\t\t\t\t\t<\/a>\n\t\t\t\t\t\t\t<a class=\"e-gallery-item elementor-gallery-item elementor-animated-content\" href=\"https:\/\/luftzeiten.de\/wp-content\/uploads\/2025\/07\/Luftzeiten_Tandenfliegen_Impressionen100.jpeg\" data-elementor-open-lightbox=\"yes\" data-elementor-lightbox-slideshow=\"69470d6\" data-e-action-hash=\"#elementor-action%3Aaction%3Dlightbox%26settings%3DeyJpZCI6NDcwLCJ1cmwiOiJodHRwczpcL1wvbHVmdHplaXRlbi5kZVwvd3AtY29udGVudFwvdXBsb2Fkc1wvMjAyNVwvMDdcL0x1ZnR6ZWl0ZW5fVGFuZGVuZmxpZWdlbl9JbXByZXNzaW9uZW4xMDAuanBlZyIsInNsaWRlc2hvdyI6IjY5NDcwZDYifQ%3D%3D\">\n\t\t\t\t\t<div class=\"e-gallery-image elementor-gallery-item__image\" data-thumbnail=\"https:\/\/luftzeiten.de\/wp-content\/uploads\/2025\/07\/Luftzeiten_Tandenfliegen_Impressionen100-236x300.jpeg\" data-width=\"236\" data-height=\"300\" aria-label=\"Motorcyclists with helmets in the mountains, nature in the background, fun motorcycling.\" role=\"img\" ><\/div>\n\t\t\t\t\t\t\t\t\t\t\t<div class=\"elementor-gallery-item__overlay\"><\/div>\n\t\t\t\t\t\t\t\t\t\t\t\t\t\t<\/a>\n\t\t\t\t\t\t\t<a class=\"e-gallery-item elementor-gallery-item elementor-animated-content\" href=\"https:\/\/luftzeiten.de\/wp-content\/uploads\/2025\/07\/Luftzeiten_Tandenfliegen_Impressionen50.jpeg\" data-elementor-open-lightbox=\"yes\" data-elementor-lightbox-slideshow=\"69470d6\" data-e-action-hash=\"#elementor-action%3Aaction%3Dlightbox%26settings%3DeyJpZCI6NTYxLCJ1cmwiOiJodHRwczpcL1wvbHVmdHplaXRlbi5kZVwvd3AtY29udGVudFwvdXBsb2Fkc1wvMjAyNVwvMDdcL0x1ZnR6ZWl0ZW5fVGFuZGVuZmxpZWdlbl9JbXByZXNzaW9uZW41MC5qcGVnIiwic2xpZGVzaG93IjoiNjk0NzBkNiJ9\">\n\t\t\t\t\t<div class=\"e-gallery-image elementor-gallery-item__image\" data-thumbnail=\"https:\/\/luftzeiten.de\/wp-content\/uploads\/2025\/07\/Luftzeiten_Tandenfliegen_Impressionen50-300x225.jpeg\" data-width=\"300\" data-height=\"225\" aria-label=\"Paragliding over green mountains at sunset, panoramic view.\" role=\"img\" ><\/div>\n\t\t\t\t\t\t\t\t\t\t\t<div class=\"elementor-gallery-item__overlay\"><\/div>\n\t\t\t\t\t\t\t\t\t\t\t\t\t\t<\/a>\n\t\t\t\t\t\t\t<a class=\"e-gallery-item elementor-gallery-item elementor-animated-content\" href=\"https:\/\/luftzeiten.de\/wp-content\/uploads\/2025\/07\/Luftzeiten_Tandenfliegen_Impressionen136.jpeg\" data-elementor-open-lightbox=\"yes\" data-elementor-lightbox-slideshow=\"69470d6\" data-e-action-hash=\"#elementor-action%3Aaction%3Dlightbox%26settings%3DeyJpZCI6NTA2LCJ1cmwiOiJodHRwczpcL1wvbHVmdHplaXRlbi5kZVwvd3AtY29udGVudFwvdXBsb2Fkc1wvMjAyNVwvMDdcL0x1ZnR6ZWl0ZW5fVGFuZGVuZmxpZWdlbl9JbXByZXNzaW9uZW4xMzYuanBlZyIsInNsaWRlc2hvdyI6IjY5NDcwZDYifQ%3D%3D\">\n\t\t\t\t\t<div class=\"e-gallery-image elementor-gallery-item__image\" data-thumbnail=\"https:\/\/luftzeiten.de\/wp-content\/uploads\/2025\/07\/Luftzeiten_Tandenfliegen_Impressionen136-236x300.jpeg\" data-width=\"236\" data-height=\"300\" aria-label=\"\" role=\"img\" ><\/div>\n\t\t\t\t\t\t\t\t\t\t\t<div class=\"elementor-gallery-item__overlay\"><\/div>\n\t\t\t\t\t\t\t\t\t\t\t\t\t\t<\/a>\n\t\t\t\t\t\t\t<a class=\"e-gallery-item elementor-gallery-item elementor-animated-content\" href=\"https:\/\/luftzeiten.de\/wp-content\/uploads\/2025\/07\/Luftzeiten_Tandenfliegen_Impressionen98.jpeg\" data-elementor-open-lightbox=\"yes\" data-elementor-lightbox-slideshow=\"69470d6\" data-e-action-hash=\"#elementor-action%3Aaction%3Dlightbox%26settings%3DeyJpZCI6NDY4LCJ1cmwiOiJodHRwczpcL1wvbHVmdHplaXRlbi5kZVwvd3AtY29udGVudFwvdXBsb2Fkc1wvMjAyNVwvMDdcL0x1ZnR6ZWl0ZW5fVGFuZGVuZmxpZWdlbl9JbXByZXNzaW9uZW45OC5qcGVnIiwic2xpZGVzaG93IjoiNjk0NzBkNiJ9\">\n\t\t\t\t\t<div class=\"e-gallery-image elementor-gallery-item__image\" data-thumbnail=\"https:\/\/luftzeiten.de\/wp-content\/uploads\/2025\/07\/Luftzeiten_Tandenfliegen_Impressionen98-236x300.jpeg\" data-width=\"236\" data-height=\"300\" aria-label=\"Hang gliders fly high in the sky, carried by the clouds.\" role=\"img\" ><\/div>\n\t\t\t\t\t\t\t\t\t\t\t<div class=\"elementor-gallery-item__overlay\"><\/div>\n\t\t\t\t\t\t\t\t\t\t\t\t\t\t<\/a>\n\t\t\t\t\t\t\t<a class=\"e-gallery-item elementor-gallery-item elementor-animated-content\" href=\"https:\/\/luftzeiten.de\/wp-content\/uploads\/2025\/07\/Luftzeiten_Tandenfliegen_Impressionen117.jpeg\" data-elementor-open-lightbox=\"yes\" data-elementor-lightbox-slideshow=\"69470d6\" data-e-action-hash=\"#elementor-action%3Aaction%3Dlightbox%26settings%3DeyJpZCI6NDg3LCJ1cmwiOiJodHRwczpcL1wvbHVmdHplaXRlbi5kZVwvd3AtY29udGVudFwvdXBsb2Fkc1wvMjAyNVwvMDdcL0x1ZnR6ZWl0ZW5fVGFuZGVuZmxpZWdlbl9JbXByZXNzaW9uZW4xMTcuanBlZyIsInNsaWRlc2hvdyI6IjY5NDcwZDYifQ%3D%3D\">\n\t\t\t\t\t<div class=\"e-gallery-image elementor-gallery-item__image\" data-thumbnail=\"https:\/\/luftzeiten.de\/wp-content\/uploads\/2025\/07\/Luftzeiten_Tandenfliegen_Impressionen117-300x196.jpeg\" data-width=\"300\" data-height=\"196\" aria-label=\"Paragliding in the air with a view of the landscape and sky.\" role=\"img\" ><\/div>\n\t\t\t\t\t\t\t\t\t\t\t<div class=\"elementor-gallery-item__overlay\"><\/div>\n\t\t\t\t\t\t\t\t\t\t\t\t\t\t<\/a>\n\t\t\t\t\t\t\t<a class=\"e-gallery-item elementor-gallery-item elementor-animated-content\" href=\"https:\/\/luftzeiten.de\/wp-content\/uploads\/2025\/07\/Luftzeiten_Tandenfliegen_Impressionen90.jpeg\" data-elementor-open-lightbox=\"yes\" data-elementor-lightbox-slideshow=\"69470d6\" data-e-action-hash=\"#elementor-action%3Aaction%3Dlightbox%26settings%3DeyJpZCI6NDYwLCJ1cmwiOiJodHRwczpcL1wvbHVmdHplaXRlbi5kZVwvd3AtY29udGVudFwvdXBsb2Fkc1wvMjAyNVwvMDdcL0x1ZnR6ZWl0ZW5fVGFuZGVuZmxpZWdlbl9JbXByZXNzaW9uZW45MC5qcGVnIiwic2xpZGVzaG93IjoiNjk0NzBkNiJ9\">\n\t\t\t\t\t<div class=\"e-gallery-image elementor-gallery-item__image\" data-thumbnail=\"https:\/\/luftzeiten.de\/wp-content\/uploads\/2025\/07\/Luftzeiten_Tandenfliegen_Impressionen90-236x300.jpeg\" data-width=\"236\" data-height=\"300\" aria-label=\"Hang gliding over picturesque landscapes at sunset.\" role=\"img\" ><\/div>\n\t\t\t\t\t\t\t\t\t\t\t<div class=\"elementor-gallery-item__overlay\"><\/div>\n\t\t\t\t\t\t\t\t\t\t\t\t\t\t<\/a>\n\t\t\t\t\t\t\t<a class=\"e-gallery-item elementor-gallery-item elementor-animated-content\" href=\"https:\/\/luftzeiten.de\/wp-content\/uploads\/2025\/07\/Luftzeiten_Tandenfliegen_Impressionen109.jpeg\" data-elementor-open-lightbox=\"yes\" data-elementor-lightbox-slideshow=\"69470d6\" data-e-action-hash=\"#elementor-action%3Aaction%3Dlightbox%26settings%3DeyJpZCI6NDc5LCJ1cmwiOiJodHRwczpcL1wvbHVmdHplaXRlbi5kZVwvd3AtY29udGVudFwvdXBsb2Fkc1wvMjAyNVwvMDdcL0x1ZnR6ZWl0ZW5fVGFuZGVuZmxpZWdlbl9JbXByZXNzaW9uZW4xMDkuanBlZyIsInNsaWRlc2hvdyI6IjY5NDcwZDYifQ%3D%3D\">\n\t\t\t\t\t<div class=\"e-gallery-image elementor-gallery-item__image\" data-thumbnail=\"https:\/\/luftzeiten.de\/wp-content\/uploads\/2025\/07\/Luftzeiten_Tandenfliegen_Impressionen109-300x225.jpeg\" data-width=\"300\" data-height=\"225\" aria-label=\"Paraglider flies high above a green landscape with mountains in the background.\" role=\"img\" ><\/div>\n\t\t\t\t\t\t\t\t\t\t\t<div class=\"elementor-gallery-item__overlay\"><\/div>\n\t\t\t\t\t\t\t\t\t\t\t\t\t\t<\/a>\n\t\t\t\t\t\t\t<a class=\"e-gallery-item elementor-gallery-item elementor-animated-content\" href=\"https:\/\/luftzeiten.de\/wp-content\/uploads\/2025\/07\/Luftzeiten_Tandenfliegen_Impressionen31.jpeg\" data-elementor-open-lightbox=\"yes\" data-elementor-lightbox-slideshow=\"69470d6\" data-e-action-hash=\"#elementor-action%3Aaction%3Dlightbox%26settings%3DeyJpZCI6NTQyLCJ1cmwiOiJodHRwczpcL1wvbHVmdHplaXRlbi5kZVwvd3AtY29udGVudFwvdXBsb2Fkc1wvMjAyNVwvMDdcL0x1ZnR6ZWl0ZW5fVGFuZGVuZmxpZWdlbl9JbXByZXNzaW9uZW4zMS5qcGVnIiwic2xpZGVzaG93IjoiNjk0NzBkNiJ9\">\n\t\t\t\t\t<div class=\"e-gallery-image elementor-gallery-item__image\" data-thumbnail=\"https:\/\/luftzeiten.de\/wp-content\/uploads\/2025\/07\/Luftzeiten_Tandenfliegen_Impressionen31-236x300.jpeg\" data-width=\"236\" data-height=\"300\" aria-label=\"Paraglider with helmet and sunglasses in the mountains.\" role=\"img\" ><\/div>\n\t\t\t\t\t\t\t\t\t\t\t<div class=\"elementor-gallery-item__overlay\"><\/div>\n\t\t\t\t\t\t\t\t\t\t\t\t\t\t<\/a>\n\t\t\t\t\t\t\t<a class=\"e-gallery-item elementor-gallery-item elementor-animated-content\" href=\"https:\/\/luftzeiten.de\/wp-content\/uploads\/2025\/07\/Luftzeiten_Tandenfliegen_Impressionen59.jpeg\" data-elementor-open-lightbox=\"yes\" data-elementor-lightbox-slideshow=\"69470d6\" data-e-action-hash=\"#elementor-action%3Aaction%3Dlightbox%26settings%3DeyJpZCI6NDI5LCJ1cmwiOiJodHRwczpcL1wvbHVmdHplaXRlbi5kZVwvd3AtY29udGVudFwvdXBsb2Fkc1wvMjAyNVwvMDdcL0x1ZnR6ZWl0ZW5fVGFuZGVuZmxpZWdlbl9JbXByZXNzaW9uZW41OS5qcGVnIiwic2xpZGVzaG93IjoiNjk0NzBkNiJ9\">\n\t\t\t\t\t<div class=\"e-gallery-image elementor-gallery-item__image\" data-thumbnail=\"https:\/\/luftzeiten.de\/wp-content\/uploads\/2025\/07\/Luftzeiten_Tandenfliegen_Impressionen59-236x300.jpeg\" data-width=\"236\" data-height=\"300\" aria-label=\"Motorcyclist wearing a white helmet and sunglasses, ready for a ride.\" role=\"img\" ><\/div>\n\t\t\t\t\t\t\t\t\t\t\t<div class=\"elementor-gallery-item__overlay\"><\/div>\n\t\t\t\t\t\t\t\t\t\t\t\t\t\t<\/a>\n\t\t\t\t\t\t\t<a class=\"e-gallery-item elementor-gallery-item elementor-animated-content\" href=\"https:\/\/luftzeiten.de\/wp-content\/uploads\/2025\/07\/Luftzeiten_Tandenfliegen_Impressionen79.jpeg\" data-elementor-open-lightbox=\"yes\" data-elementor-lightbox-slideshow=\"69470d6\" data-e-action-hash=\"#elementor-action%3Aaction%3Dlightbox%26settings%3DeyJpZCI6NDQ5LCJ1cmwiOiJodHRwczpcL1wvbHVmdHplaXRlbi5kZVwvd3AtY29udGVudFwvdXBsb2Fkc1wvMjAyNVwvMDdcL0x1ZnR6ZWl0ZW5fVGFuZGVuZmxpZWdlbl9JbXByZXNzaW9uZW43OS5qcGVnIiwic2xpZGVzaG93IjoiNjk0NzBkNiJ9\">\n\t\t\t\t\t<div class=\"e-gallery-image elementor-gallery-item__image\" data-thumbnail=\"https:\/\/luftzeiten.de\/wp-content\/uploads\/2025\/07\/Luftzeiten_Tandenfliegen_Impressionen79-236x300.jpeg\" data-width=\"236\" data-height=\"300\" aria-label=\"Two paragliders fly over the colourful autumn landscape.\" role=\"img\" ><\/div>\n\t\t\t\t\t\t\t\t\t\t\t<div class=\"elementor-gallery-item__overlay\"><\/div>\n\t\t\t\t\t\t\t\t\t\t\t\t\t\t<\/a>\n\t\t\t\t\t\t\t<a class=\"e-gallery-item elementor-gallery-item elementor-animated-content\" href=\"https:\/\/luftzeiten.de\/wp-content\/uploads\/2025\/07\/Luftzeiten_Tandenfliegen_Impressionen62.jpeg\" data-elementor-open-lightbox=\"yes\" data-elementor-lightbox-slideshow=\"69470d6\" data-e-action-hash=\"#elementor-action%3Aaction%3Dlightbox%26settings%3DeyJpZCI6NDMyLCJ1cmwiOiJodHRwczpcL1wvbHVmdHplaXRlbi5kZVwvd3AtY29udGVudFwvdXBsb2Fkc1wvMjAyNVwvMDdcL0x1ZnR6ZWl0ZW5fVGFuZGVuZmxpZWdlbl9JbXByZXNzaW9uZW42Mi5qcGVnIiwic2xpZGVzaG93IjoiNjk0NzBkNiJ9\">\n\t\t\t\t\t<div class=\"e-gallery-image elementor-gallery-item__image\" data-thumbnail=\"https:\/\/luftzeiten.de\/wp-content\/uploads\/2025\/07\/Luftzeiten_Tandenfliegen_Impressionen62-236x300.jpeg\" data-width=\"236\" data-height=\"300\" aria-label=\"Paragliding pilot wearing helmet and sunglasses during flight.\" role=\"img\" ><\/div>\n\t\t\t\t\t\t\t\t\t\t\t<div class=\"elementor-gallery-item__overlay\"><\/div>\n\t\t\t\t\t\t\t\t\t\t\t\t\t\t<\/a>\n\t\t\t\t\t\t\t<a class=\"e-gallery-item elementor-gallery-item elementor-animated-content\" href=\"https:\/\/luftzeiten.de\/wp-content\/uploads\/2025\/07\/Luftzeiten_Tandenfliegen_Impressionen42.jpeg\" data-elementor-open-lightbox=\"yes\" data-elementor-lightbox-slideshow=\"69470d6\" data-e-action-hash=\"#elementor-action%3Aaction%3Dlightbox%26settings%3DeyJpZCI6NTUzLCJ1cmwiOiJodHRwczpcL1wvbHVmdHplaXRlbi5kZVwvd3AtY29udGVudFwvdXBsb2Fkc1wvMjAyNVwvMDdcL0x1ZnR6ZWl0ZW5fVGFuZGVuZmxpZWdlbl9JbXByZXNzaW9uZW40Mi5qcGVnIiwic2xpZGVzaG93IjoiNjk0NzBkNiJ9\">\n\t\t\t\t\t<div class=\"e-gallery-image elementor-gallery-item__image\" data-thumbnail=\"https:\/\/luftzeiten.de\/wp-content\/uploads\/2025\/07\/Luftzeiten_Tandenfliegen_Impressionen42-236x300.jpeg\" data-width=\"236\" data-height=\"300\" aria-label=\"Paraglider flies high in the blue sky over nature.\" role=\"img\" ><\/div>\n\t\t\t\t\t\t\t\t\t\t\t<div class=\"elementor-gallery-item__overlay\"><\/div>\n\t\t\t\t\t\t\t\t\t\t\t\t\t\t<\/a>\n\t\t\t\t\t\t\t<a class=\"e-gallery-item elementor-gallery-item elementor-animated-content\" href=\"https:\/\/luftzeiten.de\/wp-content\/uploads\/2025\/07\/Luftzeiten_Tandenfliegen_Impressionen37.jpeg\" data-elementor-open-lightbox=\"yes\" data-elementor-lightbox-slideshow=\"69470d6\" data-e-action-hash=\"#elementor-action%3Aaction%3Dlightbox%26settings%3DeyJpZCI6NTQ4LCJ1cmwiOiJodHRwczpcL1wvbHVmdHplaXRlbi5kZVwvd3AtY29udGVudFwvdXBsb2Fkc1wvMjAyNVwvMDdcL0x1ZnR6ZWl0ZW5fVGFuZGVuZmxpZWdlbl9JbXByZXNzaW9uZW4zNy5qcGVnIiwic2xpZGVzaG93IjoiNjk0NzBkNiJ9\">\n\t\t\t\t\t<div class=\"e-gallery-image elementor-gallery-item__image\" data-thumbnail=\"https:\/\/luftzeiten.de\/wp-content\/uploads\/2025\/07\/Luftzeiten_Tandenfliegen_Impressionen37-236x300.jpeg\" data-width=\"236\" data-height=\"300\" aria-label=\"Experienced mountain biker wearing a helmet and sunglasses in a natural setting.\" role=\"img\" ><\/div>\n\t\t\t\t\t\t\t\t\t\t\t<div class=\"elementor-gallery-item__overlay\"><\/div>\n\t\t\t\t\t\t\t\t\t\t\t\t\t\t<\/a>\n\t\t\t\t\t\t\t<a class=\"e-gallery-item elementor-gallery-item elementor-animated-content\" href=\"https:\/\/luftzeiten.de\/wp-content\/uploads\/2025\/07\/Luftzeiten_Tandenfliegen_Impressionen21.jpeg\" data-elementor-open-lightbox=\"yes\" data-elementor-lightbox-slideshow=\"69470d6\" data-e-action-hash=\"#elementor-action%3Aaction%3Dlightbox%26settings%3DeyJpZCI6NTMyLCJ1cmwiOiJodHRwczpcL1wvbHVmdHplaXRlbi5kZVwvd3AtY29udGVudFwvdXBsb2Fkc1wvMjAyNVwvMDdcL0x1ZnR6ZWl0ZW5fVGFuZGVuZmxpZWdlbl9JbXByZXNzaW9uZW4yMS5qcGVnIiwic2xpZGVzaG93IjoiNjk0NzBkNiJ9\">\n\t\t\t\t\t<div class=\"e-gallery-image elementor-gallery-item__image\" data-thumbnail=\"https:\/\/luftzeiten.de\/wp-content\/uploads\/2025\/07\/Luftzeiten_Tandenfliegen_Impressionen21-236x300.jpeg\" data-width=\"236\" data-height=\"300\" aria-label=\"Motorcyclist with helmet and goggles in the Alps.\" role=\"img\" ><\/div>\n\t\t\t\t\t\t\t\t\t\t\t<div class=\"elementor-gallery-item__overlay\"><\/div>\n\t\t\t\t\t\t\t\t\t\t\t\t\t\t<\/a>\n\t\t\t\t\t\t\t<a class=\"e-gallery-item elementor-gallery-item elementor-animated-content\" href=\"https:\/\/luftzeiten.de\/wp-content\/uploads\/2026\/01\/Flug-vom-Hochblauen-2.jpg\" data-elementor-open-lightbox=\"yes\" data-elementor-lightbox-slideshow=\"69470d6\" data-e-action-hash=\"#elementor-action%3Aaction%3Dlightbox%26settings%3DeyJpZCI6MTA5MSwidXJsIjoiaHR0cHM6XC9cL2x1ZnR6ZWl0ZW4uZGVcL3dwLWNvbnRlbnRcL3VwbG9hZHNcLzIwMjZcLzAxXC9GbHVnLXZvbS1Ib2NoYmxhdWVuLTIuanBnIiwic2xpZGVzaG93IjoiNjk0NzBkNiJ9\">\n\t\t\t\t\t<div class=\"e-gallery-image elementor-gallery-item__image\" data-thumbnail=\"https:\/\/luftzeiten.de\/wp-content\/uploads\/2026\/01\/Flug-vom-Hochblauen-2-300x236.jpg\" data-width=\"300\" data-height=\"236\" aria-label=\"Paragliding in the mountains with breathtaking views.\" role=\"img\" ><\/div>\n\t\t\t\t\t\t\t\t\t\t\t<div class=\"elementor-gallery-item__overlay\"><\/div>\n\t\t\t\t\t\t\t\t\t\t\t\t\t\t<\/a>\n\t\t\t\t\t\t\t<a class=\"e-gallery-item elementor-gallery-item elementor-animated-content\" href=\"https:\/\/luftzeiten.de\/wp-content\/uploads\/2025\/07\/Luftzeiten_Tandenfliegen_Impressionen141.jpeg\" data-elementor-open-lightbox=\"yes\" data-elementor-lightbox-slideshow=\"69470d6\" data-e-action-hash=\"#elementor-action%3Aaction%3Dlightbox%26settings%3DeyJpZCI6NTExLCJ1cmwiOiJodHRwczpcL1wvbHVmdHplaXRlbi5kZVwvd3AtY29udGVudFwvdXBsb2Fkc1wvMjAyNVwvMDdcL0x1ZnR6ZWl0ZW5fVGFuZGVuZmxpZWdlbl9JbXByZXNzaW9uZW4xNDEuanBlZyIsInNsaWRlc2hvdyI6IjY5NDcwZDYifQ%3D%3D\">\n\t\t\t\t\t<div class=\"e-gallery-image elementor-gallery-item__image\" data-thumbnail=\"https:\/\/luftzeiten.de\/wp-content\/uploads\/2025\/07\/Luftzeiten_Tandenfliegen_Impressionen141-300x225.jpeg\" data-width=\"300\" data-height=\"225\" aria-label=\"Paraglider with protective mask flies over green landscape.\" role=\"img\" ><\/div>\n\t\t\t\t\t\t\t\t\t\t\t<div class=\"elementor-gallery-item__overlay\"><\/div>\n\t\t\t\t\t\t\t\t\t\t\t\t\t\t<\/a>\n\t\t\t\t\t<\/div>\n\t\t\t\t\t<\/div>\n\t\t\t\t\t<\/div>\n\t\t\t\t<\/div>\n\t\t\t\t<div class=\"elementor-element elementor-element-01a8ec6 elementor-hidden-mobile e-n-tabs-mobile elementor-widget elementor-widget-n-tabs\" data-id=\"01a8ec6\" data-element_type=\"widget\" data-e-type=\"widget\" data-settings=\"{&quot;tabs_justify_horizontal&quot;:&quot;start&quot;,&quot;horizontal_scroll_mobile&quot;:&quot;disable&quot;,&quot;horizontal_scroll&quot;:&quot;disable&quot;}\" data-widget_type=\"nested-tabs.default\">\n\t\t\t\t\t\t\t<div class=\"e-n-tabs\" data-widget-number=\"1740486\" aria-label=\"Tabs. Open items with Enter or Space, close with Escape and navigate using the Arrow keys.\">\n\t\t\t<div class=\"e-n-tabs-heading\" role=\"tablist\">\n\t\t\t\t\t<button id=\"e-n-tab-title-17404861\" data-tab-title-id=\"e-n-tab-title-17404861\" class=\"e-n-tab-title\" aria-selected=\"true\" data-tab-index=\"1\" role=\"tab\" tabindex=\"0\" aria-controls=\"e-n-tab-content-17404861\" style=\"--n-tabs-title-order: 1;\">\n\t\t\t\t\t\t<span class=\"e-n-tab-title-text\">\n\t\t\t\tVideos\t\t\t<\/span>\n\t\t<\/button>\n\t\t\t\t<button id=\"e-n-tab-title-17404862\" data-tab-title-id=\"e-n-tab-title-17404862\" class=\"e-n-tab-title\" aria-selected=\"false\" data-tab-index=\"2\" role=\"tab\" tabindex=\"-1\" aria-controls=\"e-n-tab-content-17404862\" style=\"--n-tabs-title-order: 2;\">\n\t\t\t\t\t\t<span class=\"e-n-tab-title-text\">\n\t\t\t\tPictures\t\t\t<\/span>\n\t\t<\/button>\n\t\t\t\t\t<\/div>\n\t\t\t<div class=\"e-n-tabs-content\">\n\t\t\t\t<div id=\"e-n-tab-content-17404861\" role=\"tabpanel\" aria-labelledby=\"e-n-tab-title-17404861\" data-tab-index=\"1\" style=\"--n-tabs-title-order: 1;\" class=\"e-active elementor-element elementor-element-b039489 e-con-full e-flex e-con e-child\" data-id=\"b039489\" data-element_type=\"container\" data-e-type=\"container\" data-settings=\"{&quot;jet_parallax_layout_list&quot;:[]}\">\n\t\t<div class=\"elementor-element elementor-element-849e1c6 e-con-full e-flex e-con e-child\" data-id=\"849e1c6\" data-element_type=\"container\" data-e-type=\"container\" data-settings=\"{&quot;jet_parallax_layout_list&quot;:[]}\">\n\t\t\t\t<div class=\"elementor-element elementor-element-b1be0ba elementor-widget elementor-widget-html\" data-id=\"b1be0ba\" data-element_type=\"widget\" data-e-type=\"widget\" data-widget_type=\"html.default\">\n\t\t\t\t\t<iframe src=\"https:\/\/www.ardmediathek.de\/video\/landesschau-baden-wuerttemberg\/freiheit-in-der-hoehe-und-auf-dem-wasser\/swr-bw\/Y3JpZDovL3N3ci5kZS9hZXgvbzIyNjUxMzY\" width=\"640\" height=\"640\" allowfullscreen allow=\"clipboard-read; clipboard-write\" frameborder=\"0\" scrolling=\"no\"><\/iframe>\t\t\t\t<\/div>\n\t\t\t\t<div class=\"elementor-element elementor-element-4ccb156 elementor-widget-mobile__width-inherit elementor-widget elementor-widget-video\" data-id=\"4ccb156\" data-element_type=\"widget\" data-e-type=\"widget\" data-settings=\"{&quot;youtube_url&quot;:&quot;https:\\\/\\\/youtu.be\\\/JmWWLW0Brzs&quot;,&quot;video_type&quot;:&quot;youtube&quot;,&quot;controls&quot;:&quot;yes&quot;}\" data-widget_type=\"video.default\">\n\t\t\t\t\t\t\t<div class=\"elementor-wrapper elementor-open-inline\">\n\t\t\t<div class=\"elementor-video\"><\/div>\t\t<\/div>\n\t\t\t\t\t\t<\/div>\n\t\t\t\t<div class=\"elementor-element elementor-element-13addc2 elementor-widget elementor-widget-video\" data-id=\"13addc2\" data-element_type=\"widget\" data-e-type=\"widget\" data-settings=\"{&quot;youtube_url&quot;:&quot;https:\\\/\\\/youtu.be\\\/CIlOIRsLplQ?si=JasQS_ySPoakrX8h&quot;,&quot;video_type&quot;:&quot;youtube&quot;,&quot;controls&quot;:&quot;yes&quot;}\" data-widget_type=\"video.default\">\n\t\t\t\t\t\t\t<div class=\"elementor-wrapper elementor-open-inline\">\n\t\t\t<div class=\"elementor-video\"><\/div>\t\t<\/div>\n\t\t\t\t\t\t<\/div>\n\t\t\t\t<div class=\"elementor-element elementor-element-4fbaefe elementor-widget elementor-widget-video\" data-id=\"4fbaefe\" data-element_type=\"widget\" data-e-type=\"widget\" data-settings=\"{&quot;youtube_url&quot;:&quot;https:\\\/\\\/youtu.be\\\/pLgTz77cn5k&quot;,&quot;video_type&quot;:&quot;youtube&quot;,&quot;controls&quot;:&quot;yes&quot;}\" data-widget_type=\"video.default\">\n\t\t\t\t\t\t\t<div class=\"elementor-wrapper elementor-open-inline\">\n\t\t\t<div class=\"elementor-video\"><\/div>\t\t<\/div>\n\t\t\t\t\t\t<\/div>\n\t\t\t\t<div class=\"elementor-element elementor-element-3e101cc elementor-widget elementor-widget-video\" data-id=\"3e101cc\" data-element_type=\"widget\" data-e-type=\"widget\" data-settings=\"{&quot;youtube_url&quot;:&quot;https:\\\/\\\/youtu.be\\\/EzcQhq2S_Bs?si=e0ng2j3Y2_EHzqP1&quot;,&quot;video_type&quot;:&quot;youtube&quot;,&quot;controls&quot;:&quot;yes&quot;}\" data-widget_type=\"video.default\">\n\t\t\t\t\t\t\t<div class=\"elementor-wrapper elementor-open-inline\">\n\t\t\t<div class=\"elementor-video\"><\/div>\t\t<\/div>\n\t\t\t\t\t\t<\/div>\n\t\t\t\t<div class=\"elementor-element elementor-element-9c2a87d elementor-widget elementor-widget-video\" data-id=\"9c2a87d\" data-element_type=\"widget\" data-e-type=\"widget\" data-settings=\"{&quot;youtube_url&quot;:&quot;https:\\\/\\\/youtu.be\\\/anMwAUnfQB0?si=wktY9WB8Squq3H_5&quot;,&quot;video_type&quot;:&quot;youtube&quot;,&quot;controls&quot;:&quot;yes&quot;}\" data-widget_type=\"video.default\">\n\t\t\t\t\t\t\t<div class=\"elementor-wrapper elementor-open-inline\">\n\t\t\t<div class=\"elementor-video\"><\/div>\t\t<\/div>\n\t\t\t\t\t\t<\/div>\n\t\t\t\t<div class=\"elementor-element elementor-element-fe469eb elementor-widget elementor-widget-video\" data-id=\"fe469eb\" data-element_type=\"widget\" data-e-type=\"widget\" data-settings=\"{&quot;youtube_url&quot;:&quot;https:\\\/\\\/youtu.be\\\/BPWCeOO4jjs?si=Bwq66lyvfUP5QPrk&quot;,&quot;video_type&quot;:&quot;youtube&quot;,&quot;controls&quot;:&quot;yes&quot;}\" data-widget_type=\"video.default\">\n\t\t\t\t\t\t\t<div class=\"elementor-wrapper elementor-open-inline\">\n\t\t\t<div class=\"elementor-video\"><\/div>\t\t<\/div>\n\t\t\t\t\t\t<\/div>\n\t\t\t\t<\/div>\n\t\t\t\t<\/div>\n\t\t<div id=\"e-n-tab-content-17404862\" role=\"tabpanel\" aria-labelledby=\"e-n-tab-title-17404862\" data-tab-index=\"2\" style=\"--n-tabs-title-order: 2;\" class=\"elementor-element elementor-element-021c0d3 e-flex e-con-boxed e-con e-child\" data-id=\"021c0d3\" data-element_type=\"container\" data-e-type=\"container\" data-settings=\"{&quot;jet_parallax_layout_list&quot;:[]}\">\n\t\t\t\t\t<div class=\"e-con-inner\">\n\t\t<div class=\"elementor-element elementor-element-844869d e-con-full elementor-hidden-mobile e-flex e-con e-child\" data-id=\"844869d\" data-element_type=\"container\" data-e-type=\"container\" data-settings=\"{&quot;jet_parallax_layout_list&quot;:[]}\">\n\t\t\t\t<div class=\"elementor-element elementor-element-4de42da elementor-widget elementor-widget-gallery\" data-id=\"4de42da\" data-element_type=\"widget\" data-e-type=\"widget\" data-settings=\"{&quot;gallery_layout&quot;:&quot;masonry&quot;,&quot;columns&quot;:5,&quot;columns_tablet&quot;:3,&quot;columns_mobile&quot;:2,&quot;gap&quot;:{&quot;unit&quot;:&quot;px&quot;,&quot;size&quot;:8,&quot;sizes&quot;:[]},&quot;gap_mobile&quot;:{&quot;unit&quot;:&quot;px&quot;,&quot;size&quot;:5,&quot;sizes&quot;:[]},&quot;lazyload&quot;:&quot;yes&quot;,&quot;gap_tablet&quot;:{&quot;unit&quot;:&quot;px&quot;,&quot;size&quot;:10,&quot;sizes&quot;:[]},&quot;link_to&quot;:&quot;file&quot;,&quot;overlay_background&quot;:&quot;yes&quot;,&quot;content_hover_animation&quot;:&quot;fade-in&quot;}\" data-widget_type=\"gallery.default\">\n\t\t\t\t\t\t\t<div class=\"elementor-gallery__container\">\n\t\t\t\t\t\t\t<a class=\"e-gallery-item elementor-gallery-item elementor-animated-content\" href=\"https:\/\/luftzeiten.de\/wp-content\/uploads\/2026\/01\/GOPR0506_Ueber-den-Wolken_Web_2026_3.jpg\" data-elementor-open-lightbox=\"yes\" data-elementor-lightbox-slideshow=\"4de42da\" data-e-action-hash=\"#elementor-action%3Aaction%3Dlightbox%26settings%3DeyJpZCI6MTMwNiwidXJsIjoiaHR0cHM6XC9cL2x1ZnR6ZWl0ZW4uZGVcL3dwLWNvbnRlbnRcL3VwbG9hZHNcLzIwMjZcLzAxXC9HT1BSMDUwNl9VZWJlci1kZW4tV29sa2VuX1dlYl8yMDI2XzMuanBnIiwic2xpZGVzaG93IjoiNGRlNDJkYSJ9\">\n\t\t\t\t\t<div class=\"e-gallery-image elementor-gallery-item__image\" data-thumbnail=\"https:\/\/luftzeiten.de\/wp-content\/uploads\/2026\/01\/GOPR0506_Ueber-den-Wolken_Web_2026_3.jpg\" data-width=\"1500\" data-height=\"1125\" aria-label=\"Paragliding at lofty heights above the clouds, experiencing breathtaking views and freedom.\" role=\"img\" ><\/div>\n\t\t\t\t\t\t\t\t\t\t\t<div class=\"elementor-gallery-item__overlay\"><\/div>\n\t\t\t\t\t\t\t\t\t\t\t\t\t\t<\/a>\n\t\t\t\t\t\t\t<a class=\"e-gallery-item elementor-gallery-item elementor-animated-content\" href=\"https:\/\/luftzeiten.de\/wp-content\/uploads\/2026\/01\/Luftzeiten_Web_2024.jpeg\" data-elementor-open-lightbox=\"yes\" data-elementor-lightbox-slideshow=\"4de42da\" data-e-action-hash=\"#elementor-action%3Aaction%3Dlightbox%26settings%3DeyJpZCI6MTMwOCwidXJsIjoiaHR0cHM6XC9cL2x1ZnR6ZWl0ZW4uZGVcL3dwLWNvbnRlbnRcL3VwbG9hZHNcLzIwMjZcLzAxXC9MdWZ0emVpdGVuX1dlYl8yMDI0LmpwZWciLCJzbGlkZXNob3ciOiI0ZGU0MmRhIn0%3D\">\n\t\t\t\t\t<div class=\"e-gallery-image elementor-gallery-item__image\" data-thumbnail=\"https:\/\/luftzeiten.de\/wp-content\/uploads\/2026\/01\/Luftzeiten_Web_2024.jpeg\" data-width=\"1000\" data-height=\"750\" aria-label=\"Motorcyclists in protective helmets and goggles on a green mountain meadow.\" role=\"img\" ><\/div>\n\t\t\t\t\t\t\t\t\t\t\t<div class=\"elementor-gallery-item__overlay\"><\/div>\n\t\t\t\t\t\t\t\t\t\t\t\t\t\t<\/a>\n\t\t\t\t\t\t\t<a class=\"e-gallery-item elementor-gallery-item elementor-animated-content\" href=\"https:\/\/luftzeiten.de\/wp-content\/uploads\/2026\/01\/GOPR0510_Ueber-den-Wolken_Web_2021_2-scaled.jpg\" data-elementor-open-lightbox=\"yes\" data-elementor-lightbox-slideshow=\"4de42da\" data-e-action-hash=\"#elementor-action%3Aaction%3Dlightbox%26settings%3DeyJpZCI6MTMwOSwidXJsIjoiaHR0cHM6XC9cL2x1ZnR6ZWl0ZW4uZGVcL3dwLWNvbnRlbnRcL3VwbG9hZHNcLzIwMjZcLzAxXC9HT1BSMDUxMF9VZWJlci1kZW4tV29sa2VuX1dlYl8yMDIxXzItc2NhbGVkLmpwZyIsInNsaWRlc2hvdyI6IjRkZTQyZGEifQ%3D%3D\">\n\t\t\t\t\t<div class=\"e-gallery-image elementor-gallery-item__image\" data-thumbnail=\"https:\/\/luftzeiten.de\/wp-content\/uploads\/2026\/01\/GOPR0510_Ueber-den-Wolken_Web_2021_2-scaled.jpg\" data-width=\"2560\" data-height=\"1920\" aria-label=\"Paraglider flying high above the clouds, looking at the sky and the landscape below.\" role=\"img\" ><\/div>\n\t\t\t\t\t\t\t\t\t\t\t<div class=\"elementor-gallery-item__overlay\"><\/div>\n\t\t\t\t\t\t\t\t\t\t\t\t\t\t<\/a>\n\t\t\t\t\t\t\t<a class=\"e-gallery-item elementor-gallery-item elementor-animated-content\" href=\"https:\/\/luftzeiten.de\/wp-content\/uploads\/2026\/01\/IMG_4649_In-der-Luft-mit-dem-Gleitchirm-vom-Hochblauen_Web_2025.jpeg\" data-elementor-open-lightbox=\"yes\" data-elementor-lightbox-slideshow=\"4de42da\" data-e-action-hash=\"#elementor-action%3Aaction%3Dlightbox%26settings%3DeyJpZCI6MTMxMCwidXJsIjoiaHR0cHM6XC9cL2x1ZnR6ZWl0ZW4uZGVcL3dwLWNvbnRlbnRcL3VwbG9hZHNcLzIwMjZcLzAxXC9JTUdfNDY0OV9Jbi1kZXItTHVmdC1taXQtZGVtLUdsZWl0Y2hpcm0tdm9tLUhvY2hibGF1ZW5fV2ViXzIwMjUuanBlZyIsInNsaWRlc2hvdyI6IjRkZTQyZGEifQ%3D%3D\">\n\t\t\t\t\t<div class=\"e-gallery-image elementor-gallery-item__image\" data-thumbnail=\"https:\/\/luftzeiten.de\/wp-content\/uploads\/2026\/01\/IMG_4649_In-der-Luft-mit-dem-Gleitchirm-vom-Hochblauen_Web_2025.jpeg\" data-width=\"1200\" data-height=\"1600\" aria-label=\"Paraglider flies through the sky with sunlight and clouds in the background.\" role=\"img\" ><\/div>\n\t\t\t\t\t\t\t\t\t\t\t<div class=\"elementor-gallery-item__overlay\"><\/div>\n\t\t\t\t\t\t\t\t\t\t\t\t\t\t<\/a>\n\t\t\t\t\t\t\t<a class=\"e-gallery-item elementor-gallery-item elementor-animated-content\" href=\"https:\/\/luftzeiten.de\/wp-content\/uploads\/2026\/01\/GOPR3894-WebseiteJPG.jpg\" data-elementor-open-lightbox=\"yes\" data-elementor-lightbox-slideshow=\"4de42da\" data-e-action-hash=\"#elementor-action%3Aaction%3Dlightbox%26settings%3DeyJpZCI6MTIwNCwidXJsIjoiaHR0cHM6XC9cL2x1ZnR6ZWl0ZW4uZGVcL3dwLWNvbnRlbnRcL3VwbG9hZHNcLzIwMjZcLzAxXC9HT1BSMzg5NC1XZWJzZWl0ZUpQRy5qcGciLCJzbGlkZXNob3ciOiI0ZGU0MmRhIn0%3D\">\n\t\t\t\t\t<div class=\"e-gallery-image elementor-gallery-item__image\" data-thumbnail=\"https:\/\/luftzeiten.de\/wp-content\/uploads\/2026\/01\/GOPR3894-WebseiteJPG.jpg\" data-width=\"950\" data-height=\"713\" aria-label=\"Sky above mountains overlooking green countryside and cloud formations.\" role=\"img\" ><\/div>\n\t\t\t\t\t\t\t\t\t\t\t<div class=\"elementor-gallery-item__overlay\"><\/div>\n\t\t\t\t\t\t\t\t\t\t\t\t\t\t<\/a>\n\t\t\t\t\t\t\t<a class=\"e-gallery-item elementor-gallery-item elementor-animated-content\" href=\"https:\/\/luftzeiten.de\/wp-content\/uploads\/2025\/07\/Luftzeiten_Tandenfliegen_Impressionen54.jpeg\" data-elementor-open-lightbox=\"yes\" data-elementor-lightbox-slideshow=\"4de42da\" data-e-action-hash=\"#elementor-action%3Aaction%3Dlightbox%26settings%3DeyJpZCI6NDI1LCJ1cmwiOiJodHRwczpcL1wvbHVmdHplaXRlbi5kZVwvd3AtY29udGVudFwvdXBsb2Fkc1wvMjAyNVwvMDdcL0x1ZnR6ZWl0ZW5fVGFuZGVuZmxpZWdlbl9JbXByZXNzaW9uZW41NC5qcGVnIiwic2xpZGVzaG93IjoiNGRlNDJkYSJ9\">\n\t\t\t\t\t<div class=\"e-gallery-image elementor-gallery-item__image\" data-thumbnail=\"https:\/\/luftzeiten.de\/wp-content\/uploads\/2025\/07\/Luftzeiten_Tandenfliegen_Impressionen54.jpeg\" data-width=\"370\" data-height=\"470\" aria-label=\"Motorcyclist with helmet and sunglasses, ready for a tour, in good weather.\" role=\"img\" ><\/div>\n\t\t\t\t\t\t\t\t\t\t\t<div class=\"elementor-gallery-item__overlay\"><\/div>\n\t\t\t\t\t\t\t\t\t\t\t\t\t\t<\/a>\n\t\t\t\t\t\t\t<a class=\"e-gallery-item elementor-gallery-item elementor-animated-content\" href=\"https:\/\/luftzeiten.de\/wp-content\/uploads\/2026\/01\/Flug-vom-Hochblauen-2-1.jpg\" data-elementor-open-lightbox=\"yes\" data-elementor-lightbox-slideshow=\"4de42da\" data-e-action-hash=\"#elementor-action%3Aaction%3Dlightbox%26settings%3DeyJpZCI6MTA5MywidXJsIjoiaHR0cHM6XC9cL2x1ZnR6ZWl0ZW4uZGVcL3dwLWNvbnRlbnRcL3VwbG9hZHNcLzIwMjZcLzAxXC9GbHVnLXZvbS1Ib2NoYmxhdWVuLTItMS5qcGciLCJzbGlkZXNob3ciOiI0ZGU0MmRhIn0%3D\">\n\t\t\t\t\t<div class=\"e-gallery-image elementor-gallery-item__image\" data-thumbnail=\"https:\/\/luftzeiten.de\/wp-content\/uploads\/2026\/01\/Flug-vom-Hochblauen-2-1.jpg\" data-width=\"857\" data-height=\"675\" aria-label=\"Paragliding in den Bergen, zwei Personen fliegen mit einem Gleitschirm.\" role=\"img\" ><\/div>\n\t\t\t\t\t\t\t\t\t\t\t<div class=\"elementor-gallery-item__overlay\"><\/div>\n\t\t\t\t\t\t\t\t\t\t\t\t\t\t<\/a>\n\t\t\t\t\t\t\t<a class=\"e-gallery-item elementor-gallery-item elementor-animated-content\" href=\"https:\/\/luftzeiten.de\/wp-content\/uploads\/2025\/07\/Luftzeiten_Tandenfliegen_Impressionen55.jpeg\" data-elementor-open-lightbox=\"yes\" data-elementor-lightbox-slideshow=\"4de42da\" data-e-action-hash=\"#elementor-action%3Aaction%3Dlightbox%26settings%3DeyJpZCI6NDI2LCJ1cmwiOiJodHRwczpcL1wvbHVmdHplaXRlbi5kZVwvd3AtY29udGVudFwvdXBsb2Fkc1wvMjAyNVwvMDdcL0x1ZnR6ZWl0ZW5fVGFuZGVuZmxpZWdlbl9JbXByZXNzaW9uZW41NS5qcGVnIiwic2xpZGVzaG93IjoiNGRlNDJkYSJ9\">\n\t\t\t\t\t<div class=\"e-gallery-image elementor-gallery-item__image\" data-thumbnail=\"https:\/\/luftzeiten.de\/wp-content\/uploads\/2025\/07\/Luftzeiten_Tandenfliegen_Impressionen55.jpeg\" data-width=\"470\" data-height=\"353\" aria-label=\"Paragliders flying over the landscape at sunset, breathtaking views, adventure, air.\" role=\"img\" ><\/div>\n\t\t\t\t\t\t\t\t\t\t\t<div class=\"elementor-gallery-item__overlay\"><\/div>\n\t\t\t\t\t\t\t\t\t\t\t\t\t\t<\/a>\n\t\t\t\t\t\t\t<a class=\"e-gallery-item elementor-gallery-item elementor-animated-content\" href=\"https:\/\/luftzeiten.de\/wp-content\/uploads\/2025\/07\/Luftzeiten_Tandenfliegen_Impressionen57.jpeg\" data-elementor-open-lightbox=\"yes\" data-elementor-lightbox-slideshow=\"4de42da\" data-e-action-hash=\"#elementor-action%3Aaction%3Dlightbox%26settings%3DeyJpZCI6NDI3LCJ1cmwiOiJodHRwczpcL1wvbHVmdHplaXRlbi5kZVwvd3AtY29udGVudFwvdXBsb2Fkc1wvMjAyNVwvMDdcL0x1ZnR6ZWl0ZW5fVGFuZGVuZmxpZWdlbl9JbXByZXNzaW9uZW41Ny5qcGVnIiwic2xpZGVzaG93IjoiNGRlNDJkYSJ9\">\n\t\t\t\t\t<div class=\"e-gallery-image elementor-gallery-item__image\" data-thumbnail=\"https:\/\/luftzeiten.de\/wp-content\/uploads\/2025\/07\/Luftzeiten_Tandenfliegen_Impressionen57.jpeg\" data-width=\"370\" data-height=\"470\" aria-label=\"Two paragliders fly high above the green mountains, overlooking the sky and the landscape.\" role=\"img\" ><\/div>\n\t\t\t\t\t\t\t\t\t\t\t<div class=\"elementor-gallery-item__overlay\"><\/div>\n\t\t\t\t\t\t\t\t\t\t\t\t\t\t<\/a>\n\t\t\t\t\t\t\t<a class=\"e-gallery-item elementor-gallery-item elementor-animated-content\" href=\"https:\/\/luftzeiten.de\/wp-content\/uploads\/2025\/07\/Luftzeiten_Tandenfliegen_Impressionen58.jpeg\" data-elementor-open-lightbox=\"yes\" data-elementor-lightbox-slideshow=\"4de42da\" data-e-action-hash=\"#elementor-action%3Aaction%3Dlightbox%26settings%3DeyJpZCI6NDI4LCJ1cmwiOiJodHRwczpcL1wvbHVmdHplaXRlbi5kZVwvd3AtY29udGVudFwvdXBsb2Fkc1wvMjAyNVwvMDdcL0x1ZnR6ZWl0ZW5fVGFuZGVuZmxpZWdlbl9JbXByZXNzaW9uZW41OC5qcGVnIiwic2xpZGVzaG93IjoiNGRlNDJkYSJ9\">\n\t\t\t\t\t<div class=\"e-gallery-image elementor-gallery-item__image\" data-thumbnail=\"https:\/\/luftzeiten.de\/wp-content\/uploads\/2025\/07\/Luftzeiten_Tandenfliegen_Impressionen58.jpeg\" data-width=\"370\" data-height=\"470\" aria-label=\"Sky with clouds over the mountains, view of the landscape and valleys.\" role=\"img\" ><\/div>\n\t\t\t\t\t\t\t\t\t\t\t<div class=\"elementor-gallery-item__overlay\"><\/div>\n\t\t\t\t\t\t\t\t\t\t\t\t\t\t<\/a>\n\t\t\t\t\t\t\t<a class=\"e-gallery-item elementor-gallery-item elementor-animated-content\" href=\"https:\/\/luftzeiten.de\/wp-content\/uploads\/2025\/07\/Luftzeiten_Tandenfliegen_Impressionen59.jpeg\" data-elementor-open-lightbox=\"yes\" data-elementor-lightbox-slideshow=\"4de42da\" data-e-action-hash=\"#elementor-action%3Aaction%3Dlightbox%26settings%3DeyJpZCI6NDI5LCJ1cmwiOiJodHRwczpcL1wvbHVmdHplaXRlbi5kZVwvd3AtY29udGVudFwvdXBsb2Fkc1wvMjAyNVwvMDdcL0x1ZnR6ZWl0ZW5fVGFuZGVuZmxpZWdlbl9JbXByZXNzaW9uZW41OS5qcGVnIiwic2xpZGVzaG93IjoiNGRlNDJkYSJ9\">\n\t\t\t\t\t<div class=\"e-gallery-image elementor-gallery-item__image\" data-thumbnail=\"https:\/\/luftzeiten.de\/wp-content\/uploads\/2025\/07\/Luftzeiten_Tandenfliegen_Impressionen59.jpeg\" data-width=\"370\" data-height=\"470\" aria-label=\"Motorcyclist wearing a white helmet and sunglasses, ready for a ride.\" role=\"img\" ><\/div>\n\t\t\t\t\t\t\t\t\t\t\t<div class=\"elementor-gallery-item__overlay\"><\/div>\n\t\t\t\t\t\t\t\t\t\t\t\t\t\t<\/a>\n\t\t\t\t\t\t\t<a class=\"e-gallery-item elementor-gallery-item elementor-animated-content\" href=\"https:\/\/luftzeiten.de\/wp-content\/uploads\/2025\/07\/Luftzeiten_Tandenfliegen_Impressionen60.jpeg\" data-elementor-open-lightbox=\"yes\" data-elementor-lightbox-slideshow=\"4de42da\" data-e-action-hash=\"#elementor-action%3Aaction%3Dlightbox%26settings%3DeyJpZCI6NDMwLCJ1cmwiOiJodHRwczpcL1wvbHVmdHplaXRlbi5kZVwvd3AtY29udGVudFwvdXBsb2Fkc1wvMjAyNVwvMDdcL0x1ZnR6ZWl0ZW5fVGFuZGVuZmxpZWdlbl9JbXByZXNzaW9uZW42MC5qcGVnIiwic2xpZGVzaG93IjoiNGRlNDJkYSJ9\">\n\t\t\t\t\t<div class=\"e-gallery-image elementor-gallery-item__image\" data-thumbnail=\"https:\/\/luftzeiten.de\/wp-content\/uploads\/2025\/07\/Luftzeiten_Tandenfliegen_Impressionen60.jpeg\" data-width=\"470\" data-height=\"353\" aria-label=\"Tandem paraglider flying high above the landscape with views of mountains and valleys.\" role=\"img\" ><\/div>\n\t\t\t\t\t\t\t\t\t\t\t<div class=\"elementor-gallery-item__overlay\"><\/div>\n\t\t\t\t\t\t\t\t\t\t\t\t\t\t<\/a>\n\t\t\t\t\t\t\t<a class=\"e-gallery-item elementor-gallery-item elementor-animated-content\" href=\"https:\/\/luftzeiten.de\/wp-content\/uploads\/2025\/07\/Luftzeiten_Tandenfliegen_Impressionen61.jpeg\" data-elementor-open-lightbox=\"yes\" data-elementor-lightbox-slideshow=\"4de42da\" data-e-action-hash=\"#elementor-action%3Aaction%3Dlightbox%26settings%3DeyJpZCI6NDMxLCJ1cmwiOiJodHRwczpcL1wvbHVmdHplaXRlbi5kZVwvd3AtY29udGVudFwvdXBsb2Fkc1wvMjAyNVwvMDdcL0x1ZnR6ZWl0ZW5fVGFuZGVuZmxpZWdlbl9JbXByZXNzaW9uZW42MS5qcGVnIiwic2xpZGVzaG93IjoiNGRlNDJkYSJ9\">\n\t\t\t\t\t<div class=\"e-gallery-image elementor-gallery-item__image\" data-thumbnail=\"https:\/\/luftzeiten.de\/wp-content\/uploads\/2025\/07\/Luftzeiten_Tandenfliegen_Impressionen61.jpeg\" data-width=\"470\" data-height=\"353\" aria-label=\"A paraglider flies high above a green landscape under a beautiful sky.\" role=\"img\" ><\/div>\n\t\t\t\t\t\t\t\t\t\t\t<div class=\"elementor-gallery-item__overlay\"><\/div>\n\t\t\t\t\t\t\t\t\t\t\t\t\t\t<\/a>\n\t\t\t\t\t\t\t<a class=\"e-gallery-item elementor-gallery-item elementor-animated-content\" href=\"https:\/\/luftzeiten.de\/wp-content\/uploads\/2025\/07\/Luftzeiten_Tandenfliegen_Impressionen62.jpeg\" data-elementor-open-lightbox=\"yes\" data-elementor-lightbox-slideshow=\"4de42da\" data-e-action-hash=\"#elementor-action%3Aaction%3Dlightbox%26settings%3DeyJpZCI6NDMyLCJ1cmwiOiJodHRwczpcL1wvbHVmdHplaXRlbi5kZVwvd3AtY29udGVudFwvdXBsb2Fkc1wvMjAyNVwvMDdcL0x1ZnR6ZWl0ZW5fVGFuZGVuZmxpZWdlbl9JbXByZXNzaW9uZW42Mi5qcGVnIiwic2xpZGVzaG93IjoiNGRlNDJkYSJ9\">\n\t\t\t\t\t<div class=\"e-gallery-image elementor-gallery-item__image\" data-thumbnail=\"https:\/\/luftzeiten.de\/wp-content\/uploads\/2025\/07\/Luftzeiten_Tandenfliegen_Impressionen62.jpeg\" data-width=\"370\" data-height=\"470\" aria-label=\"Paragliding pilot wearing helmet and sunglasses during flight.\" role=\"img\" ><\/div>\n\t\t\t\t\t\t\t\t\t\t\t<div class=\"elementor-gallery-item__overlay\"><\/div>\n\t\t\t\t\t\t\t\t\t\t\t\t\t\t<\/a>\n\t\t\t\t\t\t\t<a class=\"e-gallery-item elementor-gallery-item elementor-animated-content\" href=\"https:\/\/luftzeiten.de\/wp-content\/uploads\/2025\/07\/Luftzeiten_Tandenfliegen_Impressionen63.jpeg\" data-elementor-open-lightbox=\"yes\" data-elementor-lightbox-slideshow=\"4de42da\" data-e-action-hash=\"#elementor-action%3Aaction%3Dlightbox%26settings%3DeyJpZCI6NDMzLCJ1cmwiOiJodHRwczpcL1wvbHVmdHplaXRlbi5kZVwvd3AtY29udGVudFwvdXBsb2Fkc1wvMjAyNVwvMDdcL0x1ZnR6ZWl0ZW5fVGFuZGVuZmxpZWdlbl9JbXByZXNzaW9uZW42My5qcGVnIiwic2xpZGVzaG93IjoiNGRlNDJkYSJ9\">\n\t\t\t\t\t<div class=\"e-gallery-image elementor-gallery-item__image\" data-thumbnail=\"https:\/\/luftzeiten.de\/wp-content\/uploads\/2025\/07\/Luftzeiten_Tandenfliegen_Impressionen63.jpeg\" data-width=\"470\" data-height=\"353\" aria-label=\"Paragliders in the air overlooking green landscape and sky.\" role=\"img\" ><\/div>\n\t\t\t\t\t\t\t\t\t\t\t<div class=\"elementor-gallery-item__overlay\"><\/div>\n\t\t\t\t\t\t\t\t\t\t\t\t\t\t<\/a>\n\t\t\t\t\t\t\t<a class=\"e-gallery-item elementor-gallery-item elementor-animated-content\" href=\"https:\/\/luftzeiten.de\/wp-content\/uploads\/2026\/01\/Ueber-den-Wolken_Web_2021.jpg\" data-elementor-open-lightbox=\"yes\" data-elementor-lightbox-slideshow=\"4de42da\" data-e-action-hash=\"#elementor-action%3Aaction%3Dlightbox%26settings%3DeyJpZCI6MTMwNywidXJsIjoiaHR0cHM6XC9cL2x1ZnR6ZWl0ZW4uZGVcL3dwLWNvbnRlbnRcL3VwbG9hZHNcLzIwMjZcLzAxXC9VZWJlci1kZW4tV29sa2VuX1dlYl8yMDIxLmpwZyIsInNsaWRlc2hvdyI6IjRkZTQyZGEifQ%3D%3D\">\n\t\t\t\t\t<div class=\"e-gallery-image elementor-gallery-item__image\" data-thumbnail=\"https:\/\/luftzeiten.de\/wp-content\/uploads\/2026\/01\/Ueber-den-Wolken_Web_2021.jpg\" data-width=\"1920\" data-height=\"1440\" aria-label=\"View of the sky above clouds, clear blue sky.\" role=\"img\" ><\/div>\n\t\t\t\t\t\t\t\t\t\t\t<div class=\"elementor-gallery-item__overlay\"><\/div>\n\t\t\t\t\t\t\t\t\t\t\t\t\t\t<\/a>\n\t\t\t\t\t\t\t<a class=\"e-gallery-item elementor-gallery-item elementor-animated-content\" href=\"https:\/\/luftzeiten.de\/wp-content\/uploads\/2025\/07\/Luftzeiten_Tandenfliegen_Impressionen64.jpeg\" data-elementor-open-lightbox=\"yes\" data-elementor-lightbox-slideshow=\"4de42da\" data-e-action-hash=\"#elementor-action%3Aaction%3Dlightbox%26settings%3DeyJpZCI6NDM0LCJ1cmwiOiJodHRwczpcL1wvbHVmdHplaXRlbi5kZVwvd3AtY29udGVudFwvdXBsb2Fkc1wvMjAyNVwvMDdcL0x1ZnR6ZWl0ZW5fVGFuZGVuZmxpZWdlbl9JbXByZXNzaW9uZW42NC5qcGVnIiwic2xpZGVzaG93IjoiNGRlNDJkYSJ9\">\n\t\t\t\t\t<div class=\"e-gallery-image elementor-gallery-item__image\" data-thumbnail=\"https:\/\/luftzeiten.de\/wp-content\/uploads\/2025\/07\/Luftzeiten_Tandenfliegen_Impressionen64.jpeg\" data-width=\"370\" data-height=\"470\" aria-label=\"Two paragliders fly high above the mountains, overlooking the landscape.\" role=\"img\" ><\/div>\n\t\t\t\t\t\t\t\t\t\t\t<div class=\"elementor-gallery-item__overlay\"><\/div>\n\t\t\t\t\t\t\t\t\t\t\t\t\t\t<\/a>\n\t\t\t\t\t\t\t<a class=\"e-gallery-item elementor-gallery-item elementor-animated-content\" href=\"https:\/\/luftzeiten.de\/wp-content\/uploads\/2025\/07\/Luftzeiten_Tandenfliegen_Impressionen65.jpeg\" data-elementor-open-lightbox=\"yes\" data-elementor-lightbox-slideshow=\"4de42da\" data-e-action-hash=\"#elementor-action%3Aaction%3Dlightbox%26settings%3DeyJpZCI6NDM1LCJ1cmwiOiJodHRwczpcL1wvbHVmdHplaXRlbi5kZVwvd3AtY29udGVudFwvdXBsb2Fkc1wvMjAyNVwvMDdcL0x1ZnR6ZWl0ZW5fVGFuZGVuZmxpZWdlbl9JbXByZXNzaW9uZW42NS5qcGVnIiwic2xpZGVzaG93IjoiNGRlNDJkYSJ9\">\n\t\t\t\t\t<div class=\"e-gallery-image elementor-gallery-item__image\" data-thumbnail=\"https:\/\/luftzeiten.de\/wp-content\/uploads\/2025\/07\/Luftzeiten_Tandenfliegen_Impressionen65.jpeg\" data-width=\"370\" data-height=\"470\" aria-label=\"Abseiling in a climbing helmet with a view of nature.\" role=\"img\" ><\/div>\n\t\t\t\t\t\t\t\t\t\t\t<div class=\"elementor-gallery-item__overlay\"><\/div>\n\t\t\t\t\t\t\t\t\t\t\t\t\t\t<\/a>\n\t\t\t\t\t\t\t<a class=\"e-gallery-item elementor-gallery-item elementor-animated-content\" href=\"https:\/\/luftzeiten.de\/wp-content\/uploads\/2025\/07\/Luftzeiten_Tandenfliegen_Impressionen66.jpeg\" data-elementor-open-lightbox=\"yes\" data-elementor-lightbox-slideshow=\"4de42da\" data-e-action-hash=\"#elementor-action%3Aaction%3Dlightbox%26settings%3DeyJpZCI6NDM2LCJ1cmwiOiJodHRwczpcL1wvbHVmdHplaXRlbi5kZVwvd3AtY29udGVudFwvdXBsb2Fkc1wvMjAyNVwvMDdcL0x1ZnR6ZWl0ZW5fVGFuZGVuZmxpZWdlbl9JbXByZXNzaW9uZW42Ni5qcGVnIiwic2xpZGVzaG93IjoiNGRlNDJkYSJ9\">\n\t\t\t\t\t<div class=\"e-gallery-image elementor-gallery-item__image\" data-thumbnail=\"https:\/\/luftzeiten.de\/wp-content\/uploads\/2025\/07\/Luftzeiten_Tandenfliegen_Impressionen66.jpeg\" data-width=\"370\" data-height=\"470\" aria-label=\"Aerial view of a city with old buildings and lots of greenery.\" role=\"img\" ><\/div>\n\t\t\t\t\t\t\t\t\t\t\t<div class=\"elementor-gallery-item__overlay\"><\/div>\n\t\t\t\t\t\t\t\t\t\t\t\t\t\t<\/a>\n\t\t\t\t\t\t\t<a class=\"e-gallery-item elementor-gallery-item elementor-animated-content\" href=\"https:\/\/luftzeiten.de\/wp-content\/uploads\/2025\/07\/Luftzeiten_Tandenfliegen_Impressionen67.jpeg\" data-elementor-open-lightbox=\"yes\" data-elementor-lightbox-slideshow=\"4de42da\" data-e-action-hash=\"#elementor-action%3Aaction%3Dlightbox%26settings%3DeyJpZCI6NDM3LCJ1cmwiOiJodHRwczpcL1wvbHVmdHplaXRlbi5kZVwvd3AtY29udGVudFwvdXBsb2Fkc1wvMjAyNVwvMDdcL0x1ZnR6ZWl0ZW5fVGFuZGVuZmxpZWdlbl9JbXByZXNzaW9uZW42Ny5qcGVnIiwic2xpZGVzaG93IjoiNGRlNDJkYSJ9\">\n\t\t\t\t\t<div class=\"e-gallery-image elementor-gallery-item__image\" data-thumbnail=\"https:\/\/luftzeiten.de\/wp-content\/uploads\/2025\/07\/Luftzeiten_Tandenfliegen_Impressionen67.jpeg\" data-width=\"370\" data-height=\"470\" aria-label=\"Sky with clouds over mountains and valleys, aerial view.\" role=\"img\" ><\/div>\n\t\t\t\t\t\t\t\t\t\t\t<div class=\"elementor-gallery-item__overlay\"><\/div>\n\t\t\t\t\t\t\t\t\t\t\t\t\t\t<\/a>\n\t\t\t\t\t\t\t<a class=\"e-gallery-item elementor-gallery-item elementor-animated-content\" href=\"https:\/\/luftzeiten.de\/wp-content\/uploads\/2025\/07\/Luftzeiten_Tandenfliegen_Impressionen68.jpeg\" data-elementor-open-lightbox=\"yes\" data-elementor-lightbox-slideshow=\"4de42da\" data-e-action-hash=\"#elementor-action%3Aaction%3Dlightbox%26settings%3DeyJpZCI6NDM4LCJ1cmwiOiJodHRwczpcL1wvbHVmdHplaXRlbi5kZVwvd3AtY29udGVudFwvdXBsb2Fkc1wvMjAyNVwvMDdcL0x1ZnR6ZWl0ZW5fVGFuZGVuZmxpZWdlbl9JbXByZXNzaW9uZW42OC5qcGVnIiwic2xpZGVzaG93IjoiNGRlNDJkYSJ9\">\n\t\t\t\t\t<div class=\"e-gallery-image elementor-gallery-item__image\" data-thumbnail=\"https:\/\/luftzeiten.de\/wp-content\/uploads\/2025\/07\/Luftzeiten_Tandenfliegen_Impressionen68.jpeg\" data-width=\"370\" data-height=\"470\" aria-label=\"Paragliders in the air overlooking the landscape below them.\" role=\"img\" ><\/div>\n\t\t\t\t\t\t\t\t\t\t\t<div class=\"elementor-gallery-item__overlay\"><\/div>\n\t\t\t\t\t\t\t\t\t\t\t\t\t\t<\/a>\n\t\t\t\t\t\t\t<a class=\"e-gallery-item elementor-gallery-item elementor-animated-content\" href=\"https:\/\/luftzeiten.de\/wp-content\/uploads\/2025\/07\/Luftzeiten_Tandenfliegen_Impressionen69.jpeg\" data-elementor-open-lightbox=\"yes\" data-elementor-lightbox-slideshow=\"4de42da\" data-e-action-hash=\"#elementor-action%3Aaction%3Dlightbox%26settings%3DeyJpZCI6NDM5LCJ1cmwiOiJodHRwczpcL1wvbHVmdHplaXRlbi5kZVwvd3AtY29udGVudFwvdXBsb2Fkc1wvMjAyNVwvMDdcL0x1ZnR6ZWl0ZW5fVGFuZGVuZmxpZWdlbl9JbXByZXNzaW9uZW42OS5qcGVnIiwic2xpZGVzaG93IjoiNGRlNDJkYSJ9\">\n\t\t\t\t\t<div class=\"e-gallery-image elementor-gallery-item__image\" data-thumbnail=\"https:\/\/luftzeiten.de\/wp-content\/uploads\/2025\/07\/Luftzeiten_Tandenfliegen_Impressionen69.jpeg\" data-width=\"370\" data-height=\"470\" aria-label=\"Paraglider flies high above the mountains, overlooking the landscape.\" role=\"img\" ><\/div>\n\t\t\t\t\t\t\t\t\t\t\t<div class=\"elementor-gallery-item__overlay\"><\/div>\n\t\t\t\t\t\t\t\t\t\t\t\t\t\t<\/a>\n\t\t\t\t\t\t\t<a class=\"e-gallery-item elementor-gallery-item elementor-animated-content\" href=\"https:\/\/luftzeiten.de\/wp-content\/uploads\/2025\/07\/Luftzeiten_Tandenfliegen_Impressionen70.jpeg\" data-elementor-open-lightbox=\"yes\" data-elementor-lightbox-slideshow=\"4de42da\" data-e-action-hash=\"#elementor-action%3Aaction%3Dlightbox%26settings%3DeyJpZCI6NDQwLCJ1cmwiOiJodHRwczpcL1wvbHVmdHplaXRlbi5kZVwvd3AtY29udGVudFwvdXBsb2Fkc1wvMjAyNVwvMDdcL0x1ZnR6ZWl0ZW5fVGFuZGVuZmxpZWdlbl9JbXByZXNzaW9uZW43MC5qcGVnIiwic2xpZGVzaG93IjoiNGRlNDJkYSJ9\">\n\t\t\t\t\t<div class=\"e-gallery-image elementor-gallery-item__image\" data-thumbnail=\"https:\/\/luftzeiten.de\/wp-content\/uploads\/2025\/07\/Luftzeiten_Tandenfliegen_Impressionen70.jpeg\" data-width=\"470\" data-height=\"353\" aria-label=\"Two paragliders fly high in the mountains overlooking green valleys.\" role=\"img\" ><\/div>\n\t\t\t\t\t\t\t\t\t\t\t<div class=\"elementor-gallery-item__overlay\"><\/div>\n\t\t\t\t\t\t\t\t\t\t\t\t\t\t<\/a>\n\t\t\t\t\t\t\t<a class=\"e-gallery-item elementor-gallery-item elementor-animated-content\" href=\"https:\/\/luftzeiten.de\/wp-content\/uploads\/2025\/07\/Luftzeiten_Tandenfliegen_Impressionen71.jpeg\" data-elementor-open-lightbox=\"yes\" data-elementor-lightbox-slideshow=\"4de42da\" data-e-action-hash=\"#elementor-action%3Aaction%3Dlightbox%26settings%3DeyJpZCI6NDQxLCJ1cmwiOiJodHRwczpcL1wvbHVmdHplaXRlbi5kZVwvd3AtY29udGVudFwvdXBsb2Fkc1wvMjAyNVwvMDdcL0x1ZnR6ZWl0ZW5fVGFuZGVuZmxpZWdlbl9JbXByZXNzaW9uZW43MS5qcGVnIiwic2xpZGVzaG93IjoiNGRlNDJkYSJ9\">\n\t\t\t\t\t<div class=\"e-gallery-image elementor-gallery-item__image\" data-thumbnail=\"https:\/\/luftzeiten.de\/wp-content\/uploads\/2025\/07\/Luftzeiten_Tandenfliegen_Impressionen71.jpeg\" data-width=\"370\" data-height=\"470\" aria-label=\"Paragliding in the mountains, with views of green valleys and the sky.\" role=\"img\" ><\/div>\n\t\t\t\t\t\t\t\t\t\t\t<div class=\"elementor-gallery-item__overlay\"><\/div>\n\t\t\t\t\t\t\t\t\t\t\t\t\t\t<\/a>\n\t\t\t\t\t\t\t<a class=\"e-gallery-item elementor-gallery-item elementor-animated-content\" href=\"https:\/\/luftzeiten.de\/wp-content\/uploads\/2025\/07\/Luftzeiten_Tandenfliegen_Impressionen72.jpeg\" data-elementor-open-lightbox=\"yes\" data-elementor-lightbox-slideshow=\"4de42da\" data-e-action-hash=\"#elementor-action%3Aaction%3Dlightbox%26settings%3DeyJpZCI6NDQyLCJ1cmwiOiJodHRwczpcL1wvbHVmdHplaXRlbi5kZVwvd3AtY29udGVudFwvdXBsb2Fkc1wvMjAyNVwvMDdcL0x1ZnR6ZWl0ZW5fVGFuZGVuZmxpZWdlbl9JbXByZXNzaW9uZW43Mi5qcGVnIiwic2xpZGVzaG93IjoiNGRlNDJkYSJ9\">\n\t\t\t\t\t<div class=\"e-gallery-image elementor-gallery-item__image\" data-thumbnail=\"https:\/\/luftzeiten.de\/wp-content\/uploads\/2025\/07\/Luftzeiten_Tandenfliegen_Impressionen72.jpeg\" data-width=\"470\" data-height=\"353\" aria-label=\"Paragliders in the air overlooking green mountains and a blue sky.\" role=\"img\" ><\/div>\n\t\t\t\t\t\t\t\t\t\t\t<div class=\"elementor-gallery-item__overlay\"><\/div>\n\t\t\t\t\t\t\t\t\t\t\t\t\t\t<\/a>\n\t\t\t\t\t\t\t<a class=\"e-gallery-item elementor-gallery-item elementor-animated-content\" href=\"https:\/\/luftzeiten.de\/wp-content\/uploads\/2025\/07\/Luftzeiten_Tandenfliegen_Impressionen73.jpeg\" data-elementor-open-lightbox=\"yes\" data-elementor-lightbox-slideshow=\"4de42da\" data-e-action-hash=\"#elementor-action%3Aaction%3Dlightbox%26settings%3DeyJpZCI6NDQzLCJ1cmwiOiJodHRwczpcL1wvbHVmdHplaXRlbi5kZVwvd3AtY29udGVudFwvdXBsb2Fkc1wvMjAyNVwvMDdcL0x1ZnR6ZWl0ZW5fVGFuZGVuZmxpZWdlbl9JbXByZXNzaW9uZW43My5qcGVnIiwic2xpZGVzaG93IjoiNGRlNDJkYSJ9\">\n\t\t\t\t\t<div class=\"e-gallery-image elementor-gallery-item__image\" data-thumbnail=\"https:\/\/luftzeiten.de\/wp-content\/uploads\/2025\/07\/Luftzeiten_Tandenfliegen_Impressionen73.jpeg\" data-width=\"370\" data-height=\"470\" aria-label=\"Paraglider with helmet and sunglasses in the mountains.\" role=\"img\" ><\/div>\n\t\t\t\t\t\t\t\t\t\t\t<div class=\"elementor-gallery-item__overlay\"><\/div>\n\t\t\t\t\t\t\t\t\t\t\t\t\t\t<\/a>\n\t\t\t\t\t\t\t<a class=\"e-gallery-item elementor-gallery-item elementor-animated-content\" href=\"https:\/\/luftzeiten.de\/wp-content\/uploads\/2025\/07\/Luftzeiten_Tandenfliegen_Impressionen74.jpeg\" data-elementor-open-lightbox=\"yes\" data-elementor-lightbox-slideshow=\"4de42da\" data-e-action-hash=\"#elementor-action%3Aaction%3Dlightbox%26settings%3DeyJpZCI6NDQ0LCJ1cmwiOiJodHRwczpcL1wvbHVmdHplaXRlbi5kZVwvd3AtY29udGVudFwvdXBsb2Fkc1wvMjAyNVwvMDdcL0x1ZnR6ZWl0ZW5fVGFuZGVuZmxpZWdlbl9JbXByZXNzaW9uZW43NC5qcGVnIiwic2xpZGVzaG93IjoiNGRlNDJkYSJ9\">\n\t\t\t\t\t<div class=\"e-gallery-image elementor-gallery-item__image\" data-thumbnail=\"https:\/\/luftzeiten.de\/wp-content\/uploads\/2025\/07\/Luftzeiten_Tandenfliegen_Impressionen74.jpeg\" data-width=\"470\" data-height=\"353\" aria-label=\"Paragliders with equipment fly over green mountains and sky.\" role=\"img\" ><\/div>\n\t\t\t\t\t\t\t\t\t\t\t<div class=\"elementor-gallery-item__overlay\"><\/div>\n\t\t\t\t\t\t\t\t\t\t\t\t\t\t<\/a>\n\t\t\t\t\t\t\t<a class=\"e-gallery-item elementor-gallery-item elementor-animated-content\" href=\"https:\/\/luftzeiten.de\/wp-content\/uploads\/2025\/07\/Luftzeiten_Tandenfliegen_Impressionen75.jpeg\" data-elementor-open-lightbox=\"yes\" data-elementor-lightbox-slideshow=\"4de42da\" data-e-action-hash=\"#elementor-action%3Aaction%3Dlightbox%26settings%3DeyJpZCI6NDQ1LCJ1cmwiOiJodHRwczpcL1wvbHVmdHplaXRlbi5kZVwvd3AtY29udGVudFwvdXBsb2Fkc1wvMjAyNVwvMDdcL0x1ZnR6ZWl0ZW5fVGFuZGVuZmxpZWdlbl9JbXByZXNzaW9uZW43NS5qcGVnIiwic2xpZGVzaG93IjoiNGRlNDJkYSJ9\">\n\t\t\t\t\t<div class=\"e-gallery-image elementor-gallery-item__image\" data-thumbnail=\"https:\/\/luftzeiten.de\/wp-content\/uploads\/2025\/07\/Luftzeiten_Tandenfliegen_Impressionen75.jpeg\" data-width=\"470\" data-height=\"353\" aria-label=\"Paragliding in the air with views of colourful autumn forests and valleys.\" role=\"img\" ><\/div>\n\t\t\t\t\t\t\t\t\t\t\t<div class=\"elementor-gallery-item__overlay\"><\/div>\n\t\t\t\t\t\t\t\t\t\t\t\t\t\t<\/a>\n\t\t\t\t\t\t\t<a class=\"e-gallery-item elementor-gallery-item elementor-animated-content\" href=\"https:\/\/luftzeiten.de\/wp-content\/uploads\/2025\/07\/Luftzeiten_Tandenfliegen_Impressionen76.jpeg\" data-elementor-open-lightbox=\"yes\" data-elementor-lightbox-slideshow=\"4de42da\" data-e-action-hash=\"#elementor-action%3Aaction%3Dlightbox%26settings%3DeyJpZCI6NDQ2LCJ1cmwiOiJodHRwczpcL1wvbHVmdHplaXRlbi5kZVwvd3AtY29udGVudFwvdXBsb2Fkc1wvMjAyNVwvMDdcL0x1ZnR6ZWl0ZW5fVGFuZGVuZmxpZWdlbl9JbXByZXNzaW9uZW43Ni5qcGVnIiwic2xpZGVzaG93IjoiNGRlNDJkYSJ9\">\n\t\t\t\t\t<div class=\"e-gallery-image elementor-gallery-item__image\" data-thumbnail=\"https:\/\/luftzeiten.de\/wp-content\/uploads\/2025\/07\/Luftzeiten_Tandenfliegen_Impressionen76.jpeg\" data-width=\"370\" data-height=\"470\" aria-label=\"Paragliding pilot with helmet and sunglasses in the mountains, ready for flight.\" role=\"img\" ><\/div>\n\t\t\t\t\t\t\t\t\t\t\t<div class=\"elementor-gallery-item__overlay\"><\/div>\n\t\t\t\t\t\t\t\t\t\t\t\t\t\t<\/a>\n\t\t\t\t\t\t\t<a class=\"e-gallery-item elementor-gallery-item elementor-animated-content\" href=\"https:\/\/luftzeiten.de\/wp-content\/uploads\/2025\/07\/Luftzeiten_Tandenfliegen_Impressionen77.jpeg\" data-elementor-open-lightbox=\"yes\" data-elementor-lightbox-slideshow=\"4de42da\" data-e-action-hash=\"#elementor-action%3Aaction%3Dlightbox%26settings%3DeyJpZCI6NDQ3LCJ1cmwiOiJodHRwczpcL1wvbHVmdHplaXRlbi5kZVwvd3AtY29udGVudFwvdXBsb2Fkc1wvMjAyNVwvMDdcL0x1ZnR6ZWl0ZW5fVGFuZGVuZmxpZWdlbl9JbXByZXNzaW9uZW43Ny5qcGVnIiwic2xpZGVzaG93IjoiNGRlNDJkYSJ9\">\n\t\t\t\t\t<div class=\"e-gallery-image elementor-gallery-item__image\" data-thumbnail=\"https:\/\/luftzeiten.de\/wp-content\/uploads\/2025\/07\/Luftzeiten_Tandenfliegen_Impressionen77.jpeg\" data-width=\"470\" data-height=\"352\" aria-label=\"Aerial panoramic view with a view of mountains, forest and a small village under a blue sky.\" role=\"img\" ><\/div>\n\t\t\t\t\t\t\t\t\t\t\t<div class=\"elementor-gallery-item__overlay\"><\/div>\n\t\t\t\t\t\t\t\t\t\t\t\t\t\t<\/a>\n\t\t\t\t\t\t\t<a class=\"e-gallery-item elementor-gallery-item elementor-animated-content\" href=\"https:\/\/luftzeiten.de\/wp-content\/uploads\/2025\/07\/Luftzeiten_Tandenfliegen_Impressionen78.jpeg\" data-elementor-open-lightbox=\"yes\" data-elementor-lightbox-slideshow=\"4de42da\" data-e-action-hash=\"#elementor-action%3Aaction%3Dlightbox%26settings%3DeyJpZCI6NDQ4LCJ1cmwiOiJodHRwczpcL1wvbHVmdHplaXRlbi5kZVwvd3AtY29udGVudFwvdXBsb2Fkc1wvMjAyNVwvMDdcL0x1ZnR6ZWl0ZW5fVGFuZGVuZmxpZWdlbl9JbXByZXNzaW9uZW43OC5qcGVnIiwic2xpZGVzaG93IjoiNGRlNDJkYSJ9\">\n\t\t\t\t\t<div class=\"e-gallery-image elementor-gallery-item__image\" data-thumbnail=\"https:\/\/luftzeiten.de\/wp-content\/uploads\/2025\/07\/Luftzeiten_Tandenfliegen_Impressionen78.jpeg\" data-width=\"470\" data-height=\"353\" aria-label=\"Tandem paragliding over green forests and mountains.\" role=\"img\" ><\/div>\n\t\t\t\t\t\t\t\t\t\t\t<div class=\"elementor-gallery-item__overlay\"><\/div>\n\t\t\t\t\t\t\t\t\t\t\t\t\t\t<\/a>\n\t\t\t\t\t\t\t<a class=\"e-gallery-item elementor-gallery-item elementor-animated-content\" href=\"https:\/\/luftzeiten.de\/wp-content\/uploads\/2025\/07\/Luftzeiten_Tandenfliegen_Impressionen79.jpeg\" data-elementor-open-lightbox=\"yes\" data-elementor-lightbox-slideshow=\"4de42da\" data-e-action-hash=\"#elementor-action%3Aaction%3Dlightbox%26settings%3DeyJpZCI6NDQ5LCJ1cmwiOiJodHRwczpcL1wvbHVmdHplaXRlbi5kZVwvd3AtY29udGVudFwvdXBsb2Fkc1wvMjAyNVwvMDdcL0x1ZnR6ZWl0ZW5fVGFuZGVuZmxpZWdlbl9JbXByZXNzaW9uZW43OS5qcGVnIiwic2xpZGVzaG93IjoiNGRlNDJkYSJ9\">\n\t\t\t\t\t<div class=\"e-gallery-image elementor-gallery-item__image\" data-thumbnail=\"https:\/\/luftzeiten.de\/wp-content\/uploads\/2025\/07\/Luftzeiten_Tandenfliegen_Impressionen79.jpeg\" data-width=\"370\" data-height=\"470\" aria-label=\"Two paragliders fly over the colourful autumn landscape.\" role=\"img\" ><\/div>\n\t\t\t\t\t\t\t\t\t\t\t<div class=\"elementor-gallery-item__overlay\"><\/div>\n\t\t\t\t\t\t\t\t\t\t\t\t\t\t<\/a>\n\t\t\t\t\t\t\t<a class=\"e-gallery-item elementor-gallery-item elementor-animated-content\" href=\"https:\/\/luftzeiten.de\/wp-content\/uploads\/2025\/07\/Luftzeiten_Tandenfliegen_Impressionen82.jpeg\" data-elementor-open-lightbox=\"yes\" data-elementor-lightbox-slideshow=\"4de42da\" data-e-action-hash=\"#elementor-action%3Aaction%3Dlightbox%26settings%3DeyJpZCI6NDUyLCJ1cmwiOiJodHRwczpcL1wvbHVmdHplaXRlbi5kZVwvd3AtY29udGVudFwvdXBsb2Fkc1wvMjAyNVwvMDdcL0x1ZnR6ZWl0ZW5fVGFuZGVuZmxpZWdlbl9JbXByZXNzaW9uZW44Mi5qcGVnIiwic2xpZGVzaG93IjoiNGRlNDJkYSJ9\">\n\t\t\t\t\t<div class=\"e-gallery-image elementor-gallery-item__image\" data-thumbnail=\"https:\/\/luftzeiten.de\/wp-content\/uploads\/2025\/07\/Luftzeiten_Tandenfliegen_Impressionen82.jpeg\" data-width=\"470\" data-height=\"353\" aria-label=\"Hikers conversing at a summit with backpacks, surrounded by nature and a mountain panorama.\" role=\"img\" ><\/div>\n\t\t\t\t\t\t\t\t\t\t\t<div class=\"elementor-gallery-item__overlay\"><\/div>\n\t\t\t\t\t\t\t\t\t\t\t\t\t\t<\/a>\n\t\t\t\t\t\t\t<a class=\"e-gallery-item elementor-gallery-item elementor-animated-content\" href=\"https:\/\/luftzeiten.de\/wp-content\/uploads\/2025\/07\/Luftzeiten_Tandenfliegen_Impressionen83.jpeg\" data-elementor-open-lightbox=\"yes\" data-elementor-lightbox-slideshow=\"4de42da\" data-e-action-hash=\"#elementor-action%3Aaction%3Dlightbox%26settings%3DeyJpZCI6NDUzLCJ1cmwiOiJodHRwczpcL1wvbHVmdHplaXRlbi5kZVwvd3AtY29udGVudFwvdXBsb2Fkc1wvMjAyNVwvMDdcL0x1ZnR6ZWl0ZW5fVGFuZGVuZmxpZWdlbl9JbXByZXNzaW9uZW44My5qcGVnIiwic2xpZGVzaG93IjoiNGRlNDJkYSJ9\">\n\t\t\t\t\t<div class=\"e-gallery-image elementor-gallery-item__image\" data-thumbnail=\"https:\/\/luftzeiten.de\/wp-content\/uploads\/2025\/07\/Luftzeiten_Tandenfliegen_Impressionen83.jpeg\" data-width=\"370\" data-height=\"470\" aria-label=\"Abseiling in the forest with professional guidance, safety equipment, and a nature experience.\" role=\"img\" ><\/div>\n\t\t\t\t\t\t\t\t\t\t\t<div class=\"elementor-gallery-item__overlay\"><\/div>\n\t\t\t\t\t\t\t\t\t\t\t\t\t\t<\/a>\n\t\t\t\t\t\t\t<a class=\"e-gallery-item elementor-gallery-item elementor-animated-content\" href=\"https:\/\/luftzeiten.de\/wp-content\/uploads\/2025\/07\/Luftzeiten_Tandenfliegen_Impressionen84.jpeg\" data-elementor-open-lightbox=\"yes\" data-elementor-lightbox-slideshow=\"4de42da\" data-e-action-hash=\"#elementor-action%3Aaction%3Dlightbox%26settings%3DeyJpZCI6NDU0LCJ1cmwiOiJodHRwczpcL1wvbHVmdHplaXRlbi5kZVwvd3AtY29udGVudFwvdXBsb2Fkc1wvMjAyNVwvMDdcL0x1ZnR6ZWl0ZW5fVGFuZGVuZmxpZWdlbl9JbXByZXNzaW9uZW44NC5qcGVnIiwic2xpZGVzaG93IjoiNGRlNDJkYSJ9\">\n\t\t\t\t\t<div class=\"e-gallery-image elementor-gallery-item__image\" data-thumbnail=\"https:\/\/luftzeiten.de\/wp-content\/uploads\/2025\/07\/Luftzeiten_Tandenfliegen_Impressionen84.jpeg\" data-width=\"370\" data-height=\"470\" aria-label=\"Paragliding pilot with helmet and sunglasses in the air.\" role=\"img\" ><\/div>\n\t\t\t\t\t\t\t\t\t\t\t<div class=\"elementor-gallery-item__overlay\"><\/div>\n\t\t\t\t\t\t\t\t\t\t\t\t\t\t<\/a>\n\t\t\t\t\t\t\t<a class=\"e-gallery-item elementor-gallery-item elementor-animated-content\" href=\"https:\/\/luftzeiten.de\/wp-content\/uploads\/2025\/07\/Luftzeiten_Tandenfliegen_Impressionen85.jpeg\" data-elementor-open-lightbox=\"yes\" data-elementor-lightbox-slideshow=\"4de42da\" data-e-action-hash=\"#elementor-action%3Aaction%3Dlightbox%26settings%3DeyJpZCI6NDU1LCJ1cmwiOiJodHRwczpcL1wvbHVmdHplaXRlbi5kZVwvd3AtY29udGVudFwvdXBsb2Fkc1wvMjAyNVwvMDdcL0x1ZnR6ZWl0ZW5fVGFuZGVuZmxpZWdlbl9JbXByZXNzaW9uZW44NS5qcGVnIiwic2xpZGVzaG93IjoiNGRlNDJkYSJ9\">\n\t\t\t\t\t<div class=\"e-gallery-image elementor-gallery-item__image\" data-thumbnail=\"https:\/\/luftzeiten.de\/wp-content\/uploads\/2025\/07\/Luftzeiten_Tandenfliegen_Impressionen85.jpeg\" data-width=\"470\" data-height=\"353\" aria-label=\"Sunset over an open landscape with people watching the sky.\" role=\"img\" ><\/div>\n\t\t\t\t\t\t\t\t\t\t\t<div class=\"elementor-gallery-item__overlay\"><\/div>\n\t\t\t\t\t\t\t\t\t\t\t\t\t\t<\/a>\n\t\t\t\t\t\t\t<a class=\"e-gallery-item elementor-gallery-item elementor-animated-content\" href=\"https:\/\/luftzeiten.de\/wp-content\/uploads\/2025\/07\/Luftzeiten_Tandenfliegen_Impressionen86.jpeg\" data-elementor-open-lightbox=\"yes\" data-elementor-lightbox-slideshow=\"4de42da\" data-e-action-hash=\"#elementor-action%3Aaction%3Dlightbox%26settings%3DeyJpZCI6NDU2LCJ1cmwiOiJodHRwczpcL1wvbHVmdHplaXRlbi5kZVwvd3AtY29udGVudFwvdXBsb2Fkc1wvMjAyNVwvMDdcL0x1ZnR6ZWl0ZW5fVGFuZGVuZmxpZWdlbl9JbXByZXNzaW9uZW44Ni5qcGVnIiwic2xpZGVzaG93IjoiNGRlNDJkYSJ9\">\n\t\t\t\t\t<div class=\"e-gallery-image elementor-gallery-item__image\" data-thumbnail=\"https:\/\/luftzeiten.de\/wp-content\/uploads\/2025\/07\/Luftzeiten_Tandenfliegen_Impressionen86.jpeg\" data-width=\"370\" data-height=\"470\" aria-label=\"Breathtaking view while paragliding, friends enjoying the flight in nature, adventure and freedom.\" role=\"img\" ><\/div>\n\t\t\t\t\t\t\t\t\t\t\t<div class=\"elementor-gallery-item__overlay\"><\/div>\n\t\t\t\t\t\t\t\t\t\t\t\t\t\t<\/a>\n\t\t\t\t\t\t\t<a class=\"e-gallery-item elementor-gallery-item elementor-animated-content\" href=\"https:\/\/luftzeiten.de\/wp-content\/uploads\/2025\/07\/Luftzeiten_Tandenfliegen_Impressionen87.jpeg\" data-elementor-open-lightbox=\"yes\" data-elementor-lightbox-slideshow=\"4de42da\" data-e-action-hash=\"#elementor-action%3Aaction%3Dlightbox%26settings%3DeyJpZCI6NDU3LCJ1cmwiOiJodHRwczpcL1wvbHVmdHplaXRlbi5kZVwvd3AtY29udGVudFwvdXBsb2Fkc1wvMjAyNVwvMDdcL0x1ZnR6ZWl0ZW5fVGFuZGVuZmxpZWdlbl9JbXByZXNzaW9uZW44Ny5qcGVnIiwic2xpZGVzaG93IjoiNGRlNDJkYSJ9\">\n\t\t\t\t\t<div class=\"e-gallery-image elementor-gallery-item__image\" data-thumbnail=\"https:\/\/luftzeiten.de\/wp-content\/uploads\/2025\/07\/Luftzeiten_Tandenfliegen_Impressionen87.jpeg\" data-width=\"370\" data-height=\"470\" aria-label=\"Two paragliders fly high above a green landscape, enjoying their free flight.\" role=\"img\" ><\/div>\n\t\t\t\t\t\t\t\t\t\t\t<div class=\"elementor-gallery-item__overlay\"><\/div>\n\t\t\t\t\t\t\t\t\t\t\t\t\t\t<\/a>\n\t\t\t\t\t\t\t<a class=\"e-gallery-item elementor-gallery-item elementor-animated-content\" href=\"https:\/\/luftzeiten.de\/wp-content\/uploads\/2025\/07\/Luftzeiten_Tandenfliegen_Impressionen88.jpeg\" data-elementor-open-lightbox=\"yes\" data-elementor-lightbox-slideshow=\"4de42da\" data-e-action-hash=\"#elementor-action%3Aaction%3Dlightbox%26settings%3DeyJpZCI6NDU4LCJ1cmwiOiJodHRwczpcL1wvbHVmdHplaXRlbi5kZVwvd3AtY29udGVudFwvdXBsb2Fkc1wvMjAyNVwvMDdcL0x1ZnR6ZWl0ZW5fVGFuZGVuZmxpZWdlbl9JbXByZXNzaW9uZW44OC5qcGVnIiwic2xpZGVzaG93IjoiNGRlNDJkYSJ9\">\n\t\t\t\t\t<div class=\"e-gallery-image elementor-gallery-item__image\" data-thumbnail=\"https:\/\/luftzeiten.de\/wp-content\/uploads\/2025\/07\/Luftzeiten_Tandenfliegen_Impressionen88.jpeg\" data-width=\"370\" data-height=\"470\" aria-label=\"Airtime helmet with mountain views, ideal for paragliding and outdoor flying adventures.\" role=\"img\" ><\/div>\n\t\t\t\t\t\t\t\t\t\t\t<div class=\"elementor-gallery-item__overlay\"><\/div>\n\t\t\t\t\t\t\t\t\t\t\t\t\t\t<\/a>\n\t\t\t\t\t\t\t<a class=\"e-gallery-item elementor-gallery-item elementor-animated-content\" href=\"https:\/\/luftzeiten.de\/wp-content\/uploads\/2025\/07\/Luftzeiten_Tandenfliegen_Impressionen89.jpeg\" data-elementor-open-lightbox=\"yes\" data-elementor-lightbox-slideshow=\"4de42da\" data-e-action-hash=\"#elementor-action%3Aaction%3Dlightbox%26settings%3DeyJpZCI6NDU5LCJ1cmwiOiJodHRwczpcL1wvbHVmdHplaXRlbi5kZVwvd3AtY29udGVudFwvdXBsb2Fkc1wvMjAyNVwvMDdcL0x1ZnR6ZWl0ZW5fVGFuZGVuZmxpZWdlbl9JbXByZXNzaW9uZW44OS5qcGVnIiwic2xpZGVzaG93IjoiNGRlNDJkYSJ9\">\n\t\t\t\t\t<div class=\"e-gallery-image elementor-gallery-item__image\" data-thumbnail=\"https:\/\/luftzeiten.de\/wp-content\/uploads\/2025\/07\/Luftzeiten_Tandenfliegen_Impressionen89.jpeg\" data-width=\"470\" data-height=\"353\" aria-label=\"Two paragliders fly high above the mountains, overlooking the landscape.\" role=\"img\" ><\/div>\n\t\t\t\t\t\t\t\t\t\t\t<div class=\"elementor-gallery-item__overlay\"><\/div>\n\t\t\t\t\t\t\t\t\t\t\t\t\t\t<\/a>\n\t\t\t\t\t\t\t<a class=\"e-gallery-item elementor-gallery-item elementor-animated-content\" href=\"https:\/\/luftzeiten.de\/wp-content\/uploads\/2025\/07\/Luftzeiten_Tandenfliegen_Impressionen90.jpeg\" data-elementor-open-lightbox=\"yes\" data-elementor-lightbox-slideshow=\"4de42da\" data-e-action-hash=\"#elementor-action%3Aaction%3Dlightbox%26settings%3DeyJpZCI6NDYwLCJ1cmwiOiJodHRwczpcL1wvbHVmdHplaXRlbi5kZVwvd3AtY29udGVudFwvdXBsb2Fkc1wvMjAyNVwvMDdcL0x1ZnR6ZWl0ZW5fVGFuZGVuZmxpZWdlbl9JbXByZXNzaW9uZW45MC5qcGVnIiwic2xpZGVzaG93IjoiNGRlNDJkYSJ9\">\n\t\t\t\t\t<div class=\"e-gallery-image elementor-gallery-item__image\" data-thumbnail=\"https:\/\/luftzeiten.de\/wp-content\/uploads\/2025\/07\/Luftzeiten_Tandenfliegen_Impressionen90.jpeg\" data-width=\"370\" data-height=\"470\" aria-label=\"Hang gliding over picturesque landscapes at sunset.\" role=\"img\" ><\/div>\n\t\t\t\t\t\t\t\t\t\t\t<div class=\"elementor-gallery-item__overlay\"><\/div>\n\t\t\t\t\t\t\t\t\t\t\t\t\t\t<\/a>\n\t\t\t\t\t\t\t<a class=\"e-gallery-item elementor-gallery-item elementor-animated-content\" href=\"https:\/\/luftzeiten.de\/wp-content\/uploads\/2025\/07\/Luftzeiten_Tandenfliegen_Impressionen91.jpeg\" data-elementor-open-lightbox=\"yes\" data-elementor-lightbox-slideshow=\"4de42da\" data-e-action-hash=\"#elementor-action%3Aaction%3Dlightbox%26settings%3DeyJpZCI6NDYxLCJ1cmwiOiJodHRwczpcL1wvbHVmdHplaXRlbi5kZVwvd3AtY29udGVudFwvdXBsb2Fkc1wvMjAyNVwvMDdcL0x1ZnR6ZWl0ZW5fVGFuZGVuZmxpZWdlbl9JbXByZXNzaW9uZW45MS5qcGVnIiwic2xpZGVzaG93IjoiNGRlNDJkYSJ9\">\n\t\t\t\t\t<div class=\"e-gallery-image elementor-gallery-item__image\" data-thumbnail=\"https:\/\/luftzeiten.de\/wp-content\/uploads\/2025\/07\/Luftzeiten_Tandenfliegen_Impressionen91.jpeg\" data-width=\"470\" data-height=\"353\" aria-label=\"Mountain landscape with paraglider, green hills and blue sky, nature, leisure activities.\" role=\"img\" ><\/div>\n\t\t\t\t\t\t\t\t\t\t\t<div class=\"elementor-gallery-item__overlay\"><\/div>\n\t\t\t\t\t\t\t\t\t\t\t\t\t\t<\/a>\n\t\t\t\t\t\t\t<a class=\"e-gallery-item elementor-gallery-item elementor-animated-content\" href=\"https:\/\/luftzeiten.de\/wp-content\/uploads\/2025\/07\/Luftzeiten_Tandenfliegen_Impressionen92.jpeg\" data-elementor-open-lightbox=\"yes\" data-elementor-lightbox-slideshow=\"4de42da\" data-e-action-hash=\"#elementor-action%3Aaction%3Dlightbox%26settings%3DeyJpZCI6NDYyLCJ1cmwiOiJodHRwczpcL1wvbHVmdHplaXRlbi5kZVwvd3AtY29udGVudFwvdXBsb2Fkc1wvMjAyNVwvMDdcL0x1ZnR6ZWl0ZW5fVGFuZGVuZmxpZWdlbl9JbXByZXNzaW9uZW45Mi5qcGVnIiwic2xpZGVzaG93IjoiNGRlNDJkYSJ9\">\n\t\t\t\t\t<div class=\"e-gallery-image elementor-gallery-item__image\" data-thumbnail=\"https:\/\/luftzeiten.de\/wp-content\/uploads\/2025\/07\/Luftzeiten_Tandenfliegen_Impressionen92.jpeg\" data-width=\"370\" data-height=\"470\" aria-label=\"Happy couple paragliding with helmets and cameras in the mountains.\" role=\"img\" ><\/div>\n\t\t\t\t\t\t\t\t\t\t\t<div class=\"elementor-gallery-item__overlay\"><\/div>\n\t\t\t\t\t\t\t\t\t\t\t\t\t\t<\/a>\n\t\t\t\t\t\t\t<a class=\"e-gallery-item elementor-gallery-item elementor-animated-content\" href=\"https:\/\/luftzeiten.de\/wp-content\/uploads\/2025\/07\/Luftzeiten_Tandenfliegen_Impressionen93.jpeg\" data-elementor-open-lightbox=\"yes\" data-elementor-lightbox-slideshow=\"4de42da\" data-e-action-hash=\"#elementor-action%3Aaction%3Dlightbox%26settings%3DeyJpZCI6NDYzLCJ1cmwiOiJodHRwczpcL1wvbHVmdHplaXRlbi5kZVwvd3AtY29udGVudFwvdXBsb2Fkc1wvMjAyNVwvMDdcL0x1ZnR6ZWl0ZW5fVGFuZGVuZmxpZWdlbl9JbXByZXNzaW9uZW45My5qcGVnIiwic2xpZGVzaG93IjoiNGRlNDJkYSJ9\">\n\t\t\t\t\t<div class=\"e-gallery-image elementor-gallery-item__image\" data-thumbnail=\"https:\/\/luftzeiten.de\/wp-content\/uploads\/2025\/07\/Luftzeiten_Tandenfliegen_Impressionen93.jpeg\" data-width=\"470\" data-height=\"352\" aria-label=\"Mountain landscape at sunset with green grass and rocks in the foreground.\" role=\"img\" ><\/div>\n\t\t\t\t\t\t\t\t\t\t\t<div class=\"elementor-gallery-item__overlay\"><\/div>\n\t\t\t\t\t\t\t\t\t\t\t\t\t\t<\/a>\n\t\t\t\t\t\t\t<a class=\"e-gallery-item elementor-gallery-item elementor-animated-content\" href=\"https:\/\/luftzeiten.de\/wp-content\/uploads\/2025\/07\/Luftzeiten_Tandenfliegen_Impressionen94.jpeg\" data-elementor-open-lightbox=\"yes\" data-elementor-lightbox-slideshow=\"4de42da\" data-e-action-hash=\"#elementor-action%3Aaction%3Dlightbox%26settings%3DeyJpZCI6NDY0LCJ1cmwiOiJodHRwczpcL1wvbHVmdHplaXRlbi5kZVwvd3AtY29udGVudFwvdXBsb2Fkc1wvMjAyNVwvMDdcL0x1ZnR6ZWl0ZW5fVGFuZGVuZmxpZWdlbl9JbXByZXNzaW9uZW45NC5qcGVnIiwic2xpZGVzaG93IjoiNGRlNDJkYSJ9\">\n\t\t\t\t\t<div class=\"e-gallery-image elementor-gallery-item__image\" data-thumbnail=\"https:\/\/luftzeiten.de\/wp-content\/uploads\/2025\/07\/Luftzeiten_Tandenfliegen_Impressionen94.jpeg\" data-width=\"370\" data-height=\"470\" aria-label=\"Adventurer with helmet and sunglasses paragliding, ready for flight in the mountains.\" role=\"img\" ><\/div>\n\t\t\t\t\t\t\t\t\t\t\t<div class=\"elementor-gallery-item__overlay\"><\/div>\n\t\t\t\t\t\t\t\t\t\t\t\t\t\t<\/a>\n\t\t\t\t\t\t\t<a class=\"e-gallery-item elementor-gallery-item elementor-animated-content\" href=\"https:\/\/luftzeiten.de\/wp-content\/uploads\/2025\/07\/Luftzeiten_Tandenfliegen_Impressionen95.jpeg\" data-elementor-open-lightbox=\"yes\" data-elementor-lightbox-slideshow=\"4de42da\" data-e-action-hash=\"#elementor-action%3Aaction%3Dlightbox%26settings%3DeyJpZCI6NDY1LCJ1cmwiOiJodHRwczpcL1wvbHVmdHplaXRlbi5kZVwvd3AtY29udGVudFwvdXBsb2Fkc1wvMjAyNVwvMDdcL0x1ZnR6ZWl0ZW5fVGFuZGVuZmxpZWdlbl9JbXByZXNzaW9uZW45NS5qcGVnIiwic2xpZGVzaG93IjoiNGRlNDJkYSJ9\">\n\t\t\t\t\t<div class=\"e-gallery-image elementor-gallery-item__image\" data-thumbnail=\"https:\/\/luftzeiten.de\/wp-content\/uploads\/2025\/07\/Luftzeiten_Tandenfliegen_Impressionen95.jpeg\" data-width=\"370\" data-height=\"470\" aria-label=\"Two children are flying a kite in the park on a sunny day.\" role=\"img\" ><\/div>\n\t\t\t\t\t\t\t\t\t\t\t<div class=\"elementor-gallery-item__overlay\"><\/div>\n\t\t\t\t\t\t\t\t\t\t\t\t\t\t<\/a>\n\t\t\t\t\t\t\t<a class=\"e-gallery-item elementor-gallery-item elementor-animated-content\" href=\"https:\/\/luftzeiten.de\/wp-content\/uploads\/2025\/07\/Luftzeiten_Tandenfliegen_Impressionen96.jpeg\" data-elementor-open-lightbox=\"yes\" data-elementor-lightbox-slideshow=\"4de42da\" data-e-action-hash=\"#elementor-action%3Aaction%3Dlightbox%26settings%3DeyJpZCI6NDY2LCJ1cmwiOiJodHRwczpcL1wvbHVmdHplaXRlbi5kZVwvd3AtY29udGVudFwvdXBsb2Fkc1wvMjAyNVwvMDdcL0x1ZnR6ZWl0ZW5fVGFuZGVuZmxpZWdlbl9JbXByZXNzaW9uZW45Ni5qcGVnIiwic2xpZGVzaG93IjoiNGRlNDJkYSJ9\">\n\t\t\t\t\t<div class=\"e-gallery-image elementor-gallery-item__image\" data-thumbnail=\"https:\/\/luftzeiten.de\/wp-content\/uploads\/2025\/07\/Luftzeiten_Tandenfliegen_Impressionen96.jpeg\" data-width=\"370\" data-height=\"470\" aria-label=\"Aeroplane wings in flight, with a view of the landscape and sky.\" role=\"img\" ><\/div>\n\t\t\t\t\t\t\t\t\t\t\t<div class=\"elementor-gallery-item__overlay\"><\/div>\n\t\t\t\t\t\t\t\t\t\t\t\t\t\t<\/a>\n\t\t\t\t\t\t\t<a class=\"e-gallery-item elementor-gallery-item elementor-animated-content\" href=\"https:\/\/luftzeiten.de\/wp-content\/uploads\/2025\/07\/Luftzeiten_Tandenfliegen_Impressionen97.jpeg\" data-elementor-open-lightbox=\"yes\" data-elementor-lightbox-slideshow=\"4de42da\" data-e-action-hash=\"#elementor-action%3Aaction%3Dlightbox%26settings%3DeyJpZCI6NDY3LCJ1cmwiOiJodHRwczpcL1wvbHVmdHplaXRlbi5kZVwvd3AtY29udGVudFwvdXBsb2Fkc1wvMjAyNVwvMDdcL0x1ZnR6ZWl0ZW5fVGFuZGVuZmxpZWdlbl9JbXByZXNzaW9uZW45Ny5qcGVnIiwic2xpZGVzaG93IjoiNGRlNDJkYSJ9\">\n\t\t\t\t\t<div class=\"e-gallery-image elementor-gallery-item__image\" data-thumbnail=\"https:\/\/luftzeiten.de\/wp-content\/uploads\/2025\/07\/Luftzeiten_Tandenfliegen_Impressionen97.jpeg\" data-width=\"370\" data-height=\"470\" aria-label=\"Paraglider in the air with an accompanying person, nature in the background.\" role=\"img\" ><\/div>\n\t\t\t\t\t\t\t\t\t\t\t<div class=\"elementor-gallery-item__overlay\"><\/div>\n\t\t\t\t\t\t\t\t\t\t\t\t\t\t<\/a>\n\t\t\t\t\t\t\t<a class=\"e-gallery-item elementor-gallery-item elementor-animated-content\" href=\"https:\/\/luftzeiten.de\/wp-content\/uploads\/2025\/07\/Luftzeiten_Tandenfliegen_Impressionen98.jpeg\" data-elementor-open-lightbox=\"yes\" data-elementor-lightbox-slideshow=\"4de42da\" data-e-action-hash=\"#elementor-action%3Aaction%3Dlightbox%26settings%3DeyJpZCI6NDY4LCJ1cmwiOiJodHRwczpcL1wvbHVmdHplaXRlbi5kZVwvd3AtY29udGVudFwvdXBsb2Fkc1wvMjAyNVwvMDdcL0x1ZnR6ZWl0ZW5fVGFuZGVuZmxpZWdlbl9JbXByZXNzaW9uZW45OC5qcGVnIiwic2xpZGVzaG93IjoiNGRlNDJkYSJ9\">\n\t\t\t\t\t<div class=\"e-gallery-image elementor-gallery-item__image\" data-thumbnail=\"https:\/\/luftzeiten.de\/wp-content\/uploads\/2025\/07\/Luftzeiten_Tandenfliegen_Impressionen98.jpeg\" data-width=\"370\" data-height=\"470\" aria-label=\"Hang gliders fly high in the sky, carried by the clouds.\" role=\"img\" ><\/div>\n\t\t\t\t\t\t\t\t\t\t\t<div class=\"elementor-gallery-item__overlay\"><\/div>\n\t\t\t\t\t\t\t\t\t\t\t\t\t\t<\/a>\n\t\t\t\t\t\t\t<a class=\"e-gallery-item elementor-gallery-item elementor-animated-content\" href=\"https:\/\/luftzeiten.de\/wp-content\/uploads\/2025\/07\/Luftzeiten_Tandenfliegen_Impressionen99.jpeg\" data-elementor-open-lightbox=\"yes\" data-elementor-lightbox-slideshow=\"4de42da\" data-e-action-hash=\"#elementor-action%3Aaction%3Dlightbox%26settings%3DeyJpZCI6NDY5LCJ1cmwiOiJodHRwczpcL1wvbHVmdHplaXRlbi5kZVwvd3AtY29udGVudFwvdXBsb2Fkc1wvMjAyNVwvMDdcL0x1ZnR6ZWl0ZW5fVGFuZGVuZmxpZWdlbl9JbXByZXNzaW9uZW45OS5qcGVnIiwic2xpZGVzaG93IjoiNGRlNDJkYSJ9\">\n\t\t\t\t\t<div class=\"e-gallery-image elementor-gallery-item__image\" data-thumbnail=\"https:\/\/luftzeiten.de\/wp-content\/uploads\/2025\/07\/Luftzeiten_Tandenfliegen_Impressionen99.jpeg\" data-width=\"470\" data-height=\"353\" aria-label=\"Paragliders in the air with a mountain panorama in the background.\" role=\"img\" ><\/div>\n\t\t\t\t\t\t\t\t\t\t\t<div class=\"elementor-gallery-item__overlay\"><\/div>\n\t\t\t\t\t\t\t\t\t\t\t\t\t\t<\/a>\n\t\t\t\t\t\t\t<a class=\"e-gallery-item elementor-gallery-item elementor-animated-content\" href=\"https:\/\/luftzeiten.de\/wp-content\/uploads\/2025\/07\/Luftzeiten_Tandenfliegen_Impressionen100.jpeg\" data-elementor-open-lightbox=\"yes\" data-elementor-lightbox-slideshow=\"4de42da\" data-e-action-hash=\"#elementor-action%3Aaction%3Dlightbox%26settings%3DeyJpZCI6NDcwLCJ1cmwiOiJodHRwczpcL1wvbHVmdHplaXRlbi5kZVwvd3AtY29udGVudFwvdXBsb2Fkc1wvMjAyNVwvMDdcL0x1ZnR6ZWl0ZW5fVGFuZGVuZmxpZWdlbl9JbXByZXNzaW9uZW4xMDAuanBlZyIsInNsaWRlc2hvdyI6IjRkZTQyZGEifQ%3D%3D\">\n\t\t\t\t\t<div class=\"e-gallery-image elementor-gallery-item__image\" data-thumbnail=\"https:\/\/luftzeiten.de\/wp-content\/uploads\/2025\/07\/Luftzeiten_Tandenfliegen_Impressionen100.jpeg\" data-width=\"370\" data-height=\"470\" aria-label=\"Motorcyclists with helmets in the mountains, nature in the background, fun motorcycling.\" role=\"img\" ><\/div>\n\t\t\t\t\t\t\t\t\t\t\t<div class=\"elementor-gallery-item__overlay\"><\/div>\n\t\t\t\t\t\t\t\t\t\t\t\t\t\t<\/a>\n\t\t\t\t\t\t\t<a class=\"e-gallery-item elementor-gallery-item elementor-animated-content\" href=\"https:\/\/luftzeiten.de\/wp-content\/uploads\/2025\/07\/Luftzeiten_Tandenfliegen_Impressionen101.jpeg\" data-elementor-open-lightbox=\"yes\" data-elementor-lightbox-slideshow=\"4de42da\" data-e-action-hash=\"#elementor-action%3Aaction%3Dlightbox%26settings%3DeyJpZCI6NDcxLCJ1cmwiOiJodHRwczpcL1wvbHVmdHplaXRlbi5kZVwvd3AtY29udGVudFwvdXBsb2Fkc1wvMjAyNVwvMDdcL0x1ZnR6ZWl0ZW5fVGFuZGVuZmxpZWdlbl9JbXByZXNzaW9uZW4xMDEuanBlZyIsInNsaWRlc2hvdyI6IjRkZTQyZGEifQ%3D%3D\">\n\t\t\t\t\t<div class=\"e-gallery-image elementor-gallery-item__image\" data-thumbnail=\"https:\/\/luftzeiten.de\/wp-content\/uploads\/2025\/07\/Luftzeiten_Tandenfliegen_Impressionen101.jpeg\" data-width=\"370\" data-height=\"470\" aria-label=\"Paraglider in the air overlooking the mountains and the valley.\" role=\"img\" ><\/div>\n\t\t\t\t\t\t\t\t\t\t\t<div class=\"elementor-gallery-item__overlay\"><\/div>\n\t\t\t\t\t\t\t\t\t\t\t\t\t\t<\/a>\n\t\t\t\t\t\t\t<a class=\"e-gallery-item elementor-gallery-item elementor-animated-content\" href=\"https:\/\/luftzeiten.de\/wp-content\/uploads\/2025\/07\/Luftzeiten_Tandenfliegen_Impressionen102.jpeg\" data-elementor-open-lightbox=\"yes\" data-elementor-lightbox-slideshow=\"4de42da\" data-e-action-hash=\"#elementor-action%3Aaction%3Dlightbox%26settings%3DeyJpZCI6NDcyLCJ1cmwiOiJodHRwczpcL1wvbHVmdHplaXRlbi5kZVwvd3AtY29udGVudFwvdXBsb2Fkc1wvMjAyNVwvMDdcL0x1ZnR6ZWl0ZW5fVGFuZGVuZmxpZWdlbl9JbXByZXNzaW9uZW4xMDIuanBlZyIsInNsaWRlc2hvdyI6IjRkZTQyZGEifQ%3D%3D\">\n\t\t\t\t\t<div class=\"e-gallery-image elementor-gallery-item__image\" data-thumbnail=\"https:\/\/luftzeiten.de\/wp-content\/uploads\/2025\/07\/Luftzeiten_Tandenfliegen_Impressionen102.jpeg\" data-width=\"370\" data-height=\"470\" aria-label=\"Paragliders launch in nature to explore the landscape from the air.\" role=\"img\" ><\/div>\n\t\t\t\t\t\t\t\t\t\t\t<div class=\"elementor-gallery-item__overlay\"><\/div>\n\t\t\t\t\t\t\t\t\t\t\t\t\t\t<\/a>\n\t\t\t\t\t\t\t<a class=\"e-gallery-item elementor-gallery-item elementor-animated-content\" href=\"https:\/\/luftzeiten.de\/wp-content\/uploads\/2025\/07\/Luftzeiten_Tandenfliegen_Impressionen103.jpeg\" data-elementor-open-lightbox=\"yes\" data-elementor-lightbox-slideshow=\"4de42da\" data-e-action-hash=\"#elementor-action%3Aaction%3Dlightbox%26settings%3DeyJpZCI6NDczLCJ1cmwiOiJodHRwczpcL1wvbHVmdHplaXRlbi5kZVwvd3AtY29udGVudFwvdXBsb2Fkc1wvMjAyNVwvMDdcL0x1ZnR6ZWl0ZW5fVGFuZGVuZmxpZWdlbl9JbXByZXNzaW9uZW4xMDMuanBlZyIsInNsaWRlc2hvdyI6IjRkZTQyZGEifQ%3D%3D\">\n\t\t\t\t\t<div class=\"e-gallery-image elementor-gallery-item__image\" data-thumbnail=\"https:\/\/luftzeiten.de\/wp-content\/uploads\/2025\/07\/Luftzeiten_Tandenfliegen_Impressionen103.jpeg\" data-width=\"370\" data-height=\"470\" aria-label=\"Mountaineers with helmets and backpacks in a green meadow, with a forest and sky in the background.\" role=\"img\" ><\/div>\n\t\t\t\t\t\t\t\t\t\t\t<div class=\"elementor-gallery-item__overlay\"><\/div>\n\t\t\t\t\t\t\t\t\t\t\t\t\t\t<\/a>\n\t\t\t\t\t\t\t<a class=\"e-gallery-item elementor-gallery-item elementor-animated-content\" href=\"https:\/\/luftzeiten.de\/wp-content\/uploads\/2025\/07\/Luftzeiten_Tandenfliegen_Impressionen104.jpeg\" data-elementor-open-lightbox=\"yes\" data-elementor-lightbox-slideshow=\"4de42da\" data-e-action-hash=\"#elementor-action%3Aaction%3Dlightbox%26settings%3DeyJpZCI6NDc0LCJ1cmwiOiJodHRwczpcL1wvbHVmdHplaXRlbi5kZVwvd3AtY29udGVudFwvdXBsb2Fkc1wvMjAyNVwvMDdcL0x1ZnR6ZWl0ZW5fVGFuZGVuZmxpZWdlbl9JbXByZXNzaW9uZW4xMDQuanBlZyIsInNsaWRlc2hvdyI6IjRkZTQyZGEifQ%3D%3D\">\n\t\t\t\t\t<div class=\"e-gallery-image elementor-gallery-item__image\" data-thumbnail=\"https:\/\/luftzeiten.de\/wp-content\/uploads\/2025\/07\/Luftzeiten_Tandenfliegen_Impressionen104.jpeg\" data-width=\"370\" data-height=\"470\" aria-label=\"Two paragliders in the air overlooking the landscape.\" role=\"img\" ><\/div>\n\t\t\t\t\t\t\t\t\t\t\t<div class=\"elementor-gallery-item__overlay\"><\/div>\n\t\t\t\t\t\t\t\t\t\t\t\t\t\t<\/a>\n\t\t\t\t\t\t\t<a class=\"e-gallery-item elementor-gallery-item elementor-animated-content\" href=\"https:\/\/luftzeiten.de\/wp-content\/uploads\/2025\/07\/Luftzeiten_Tandenfliegen_Impressionen105.jpeg\" data-elementor-open-lightbox=\"yes\" data-elementor-lightbox-slideshow=\"4de42da\" data-e-action-hash=\"#elementor-action%3Aaction%3Dlightbox%26settings%3DeyJpZCI6NDc1LCJ1cmwiOiJodHRwczpcL1wvbHVmdHplaXRlbi5kZVwvd3AtY29udGVudFwvdXBsb2Fkc1wvMjAyNVwvMDdcL0x1ZnR6ZWl0ZW5fVGFuZGVuZmxpZWdlbl9JbXByZXNzaW9uZW4xMDUuanBlZyIsInNsaWRlc2hvdyI6IjRkZTQyZGEifQ%3D%3D\">\n\t\t\t\t\t<div class=\"e-gallery-image elementor-gallery-item__image\" data-thumbnail=\"https:\/\/luftzeiten.de\/wp-content\/uploads\/2025\/07\/Luftzeiten_Tandenfliegen_Impressionen105.jpeg\" data-width=\"370\" data-height=\"470\" aria-label=\"Paragliding with two people over green mountains, safety equipment visible.\" role=\"img\" ><\/div>\n\t\t\t\t\t\t\t\t\t\t\t<div class=\"elementor-gallery-item__overlay\"><\/div>\n\t\t\t\t\t\t\t\t\t\t\t\t\t\t<\/a>\n\t\t\t\t\t\t\t<a class=\"e-gallery-item elementor-gallery-item elementor-animated-content\" href=\"https:\/\/luftzeiten.de\/wp-content\/uploads\/2025\/07\/Luftzeiten_Tandenfliegen_Impressionen106.jpeg\" data-elementor-open-lightbox=\"yes\" data-elementor-lightbox-slideshow=\"4de42da\" data-e-action-hash=\"#elementor-action%3Aaction%3Dlightbox%26settings%3DeyJpZCI6NDc2LCJ1cmwiOiJodHRwczpcL1wvbHVmdHplaXRlbi5kZVwvd3AtY29udGVudFwvdXBsb2Fkc1wvMjAyNVwvMDdcL0x1ZnR6ZWl0ZW5fVGFuZGVuZmxpZWdlbl9JbXByZXNzaW9uZW4xMDYuanBlZyIsInNsaWRlc2hvdyI6IjRkZTQyZGEifQ%3D%3D\">\n\t\t\t\t\t<div class=\"e-gallery-image elementor-gallery-item__image\" data-thumbnail=\"https:\/\/luftzeiten.de\/wp-content\/uploads\/2025\/07\/Luftzeiten_Tandenfliegen_Impressionen106.jpeg\" data-width=\"470\" data-height=\"352\" aria-label=\"Flowering apple tree at sunset in spring.\" role=\"img\" ><\/div>\n\t\t\t\t\t\t\t\t\t\t\t<div class=\"elementor-gallery-item__overlay\"><\/div>\n\t\t\t\t\t\t\t\t\t\t\t\t\t\t<\/a>\n\t\t\t\t\t\t\t<a class=\"e-gallery-item elementor-gallery-item elementor-animated-content\" href=\"https:\/\/luftzeiten.de\/wp-content\/uploads\/2025\/07\/Luftzeiten_Tandenfliegen_Impressionen107.jpeg\" data-elementor-open-lightbox=\"yes\" data-elementor-lightbox-slideshow=\"4de42da\" data-e-action-hash=\"#elementor-action%3Aaction%3Dlightbox%26settings%3DeyJpZCI6NDc3LCJ1cmwiOiJodHRwczpcL1wvbHVmdHplaXRlbi5kZVwvd3AtY29udGVudFwvdXBsb2Fkc1wvMjAyNVwvMDdcL0x1ZnR6ZWl0ZW5fVGFuZGVuZmxpZWdlbl9JbXByZXNzaW9uZW4xMDcuanBlZyIsInNsaWRlc2hvdyI6IjRkZTQyZGEifQ%3D%3D\">\n\t\t\t\t\t<div class=\"e-gallery-image elementor-gallery-item__image\" data-thumbnail=\"https:\/\/luftzeiten.de\/wp-content\/uploads\/2025\/07\/Luftzeiten_Tandenfliegen_Impressionen107.jpeg\" data-width=\"470\" data-height=\"353\" aria-label=\"Group of friends on an outdoor adventure in the countryside, laughing and wearing protective helmets.\" role=\"img\" ><\/div>\n\t\t\t\t\t\t\t\t\t\t\t<div class=\"elementor-gallery-item__overlay\"><\/div>\n\t\t\t\t\t\t\t\t\t\t\t\t\t\t<\/a>\n\t\t\t\t\t\t\t<a class=\"e-gallery-item elementor-gallery-item elementor-animated-content\" href=\"https:\/\/luftzeiten.de\/wp-content\/uploads\/2025\/07\/Luftzeiten_Tandenfliegen_Impressionen108.jpeg\" data-elementor-open-lightbox=\"yes\" data-elementor-lightbox-slideshow=\"4de42da\" data-e-action-hash=\"#elementor-action%3Aaction%3Dlightbox%26settings%3DeyJpZCI6NDc4LCJ1cmwiOiJodHRwczpcL1wvbHVmdHplaXRlbi5kZVwvd3AtY29udGVudFwvdXBsb2Fkc1wvMjAyNVwvMDdcL0x1ZnR6ZWl0ZW5fVGFuZGVuZmxpZWdlbl9JbXByZXNzaW9uZW4xMDguanBlZyIsInNsaWRlc2hvdyI6IjRkZTQyZGEifQ%3D%3D\">\n\t\t\t\t\t<div class=\"e-gallery-image elementor-gallery-item__image\" data-thumbnail=\"https:\/\/luftzeiten.de\/wp-content\/uploads\/2025\/07\/Luftzeiten_Tandenfliegen_Impressionen108.jpeg\" data-width=\"470\" data-height=\"353\" aria-label=\"Two hikers with backpacks in a green meadow under a cloudy sky.\" role=\"img\" ><\/div>\n\t\t\t\t\t\t\t\t\t\t\t<div class=\"elementor-gallery-item__overlay\"><\/div>\n\t\t\t\t\t\t\t\t\t\t\t\t\t\t<\/a>\n\t\t\t\t\t\t\t<a class=\"e-gallery-item elementor-gallery-item elementor-animated-content\" href=\"https:\/\/luftzeiten.de\/wp-content\/uploads\/2025\/07\/Luftzeiten_Tandenfliegen_Impressionen109.jpeg\" data-elementor-open-lightbox=\"yes\" data-elementor-lightbox-slideshow=\"4de42da\" data-e-action-hash=\"#elementor-action%3Aaction%3Dlightbox%26settings%3DeyJpZCI6NDc5LCJ1cmwiOiJodHRwczpcL1wvbHVmdHplaXRlbi5kZVwvd3AtY29udGVudFwvdXBsb2Fkc1wvMjAyNVwvMDdcL0x1ZnR6ZWl0ZW5fVGFuZGVuZmxpZWdlbl9JbXByZXNzaW9uZW4xMDkuanBlZyIsInNsaWRlc2hvdyI6IjRkZTQyZGEifQ%3D%3D\">\n\t\t\t\t\t<div class=\"e-gallery-image elementor-gallery-item__image\" data-thumbnail=\"https:\/\/luftzeiten.de\/wp-content\/uploads\/2025\/07\/Luftzeiten_Tandenfliegen_Impressionen109.jpeg\" data-width=\"470\" data-height=\"353\" aria-label=\"Paraglider flies high above a green landscape with mountains in the background.\" role=\"img\" ><\/div>\n\t\t\t\t\t\t\t\t\t\t\t<div class=\"elementor-gallery-item__overlay\"><\/div>\n\t\t\t\t\t\t\t\t\t\t\t\t\t\t<\/a>\n\t\t\t\t\t\t\t<a class=\"e-gallery-item elementor-gallery-item elementor-animated-content\" href=\"https:\/\/luftzeiten.de\/wp-content\/uploads\/2025\/07\/Luftzeiten_Tandenfliegen_Impressionen110.jpeg\" data-elementor-open-lightbox=\"yes\" data-elementor-lightbox-slideshow=\"4de42da\" data-e-action-hash=\"#elementor-action%3Aaction%3Dlightbox%26settings%3DeyJpZCI6NDgwLCJ1cmwiOiJodHRwczpcL1wvbHVmdHplaXRlbi5kZVwvd3AtY29udGVudFwvdXBsb2Fkc1wvMjAyNVwvMDdcL0x1ZnR6ZWl0ZW5fVGFuZGVuZmxpZWdlbl9JbXByZXNzaW9uZW4xMTAuanBlZyIsInNsaWRlc2hvdyI6IjRkZTQyZGEifQ%3D%3D\">\n\t\t\t\t\t<div class=\"e-gallery-image elementor-gallery-item__image\" data-thumbnail=\"https:\/\/luftzeiten.de\/wp-content\/uploads\/2025\/07\/Luftzeiten_Tandenfliegen_Impressionen110.jpeg\" data-width=\"470\" data-height=\"352\" aria-label=\"Sunset over a blooming field with trees, warm light, peaceful nature shot.\" role=\"img\" ><\/div>\n\t\t\t\t\t\t\t\t\t\t\t<div class=\"elementor-gallery-item__overlay\"><\/div>\n\t\t\t\t\t\t\t\t\t\t\t\t\t\t<\/a>\n\t\t\t\t\t\t\t<a class=\"e-gallery-item elementor-gallery-item elementor-animated-content\" href=\"https:\/\/luftzeiten.de\/wp-content\/uploads\/2025\/07\/Luftzeiten_Tandenfliegen_Impressionen111.jpeg\" data-elementor-open-lightbox=\"yes\" data-elementor-lightbox-slideshow=\"4de42da\" data-e-action-hash=\"#elementor-action%3Aaction%3Dlightbox%26settings%3DeyJpZCI6NDgxLCJ1cmwiOiJodHRwczpcL1wvbHVmdHplaXRlbi5kZVwvd3AtY29udGVudFwvdXBsb2Fkc1wvMjAyNVwvMDdcL0x1ZnR6ZWl0ZW5fVGFuZGVuZmxpZWdlbl9JbXByZXNzaW9uZW4xMTEuanBlZyIsInNsaWRlc2hvdyI6IjRkZTQyZGEifQ%3D%3D\">\n\t\t\t\t\t<div class=\"e-gallery-image elementor-gallery-item__image\" data-thumbnail=\"https:\/\/luftzeiten.de\/wp-content\/uploads\/2025\/07\/Luftzeiten_Tandenfliegen_Impressionen111.jpeg\" data-width=\"370\" data-height=\"470\" aria-label=\"Hat and sunglasses for aviation or leisure activities.\" role=\"img\" ><\/div>\n\t\t\t\t\t\t\t\t\t\t\t<div class=\"elementor-gallery-item__overlay\"><\/div>\n\t\t\t\t\t\t\t\t\t\t\t\t\t\t<\/a>\n\t\t\t\t\t\t\t<a class=\"e-gallery-item elementor-gallery-item elementor-animated-content\" href=\"https:\/\/luftzeiten.de\/wp-content\/uploads\/2025\/07\/Luftzeiten_Tandenfliegen_Impressionen113.jpeg\" data-elementor-open-lightbox=\"yes\" data-elementor-lightbox-slideshow=\"4de42da\" data-e-action-hash=\"#elementor-action%3Aaction%3Dlightbox%26settings%3DeyJpZCI6NDgzLCJ1cmwiOiJodHRwczpcL1wvbHVmdHplaXRlbi5kZVwvd3AtY29udGVudFwvdXBsb2Fkc1wvMjAyNVwvMDdcL0x1ZnR6ZWl0ZW5fVGFuZGVuZmxpZWdlbl9JbXByZXNzaW9uZW4xMTMuanBlZyIsInNsaWRlc2hvdyI6IjRkZTQyZGEifQ%3D%3D\">\n\t\t\t\t\t<div class=\"e-gallery-image elementor-gallery-item__image\" data-thumbnail=\"https:\/\/luftzeiten.de\/wp-content\/uploads\/2025\/07\/Luftzeiten_Tandenfliegen_Impressionen113.jpeg\" data-width=\"470\" data-height=\"353\" aria-label=\"Paraglider flying over wooded hills at sunset.\" role=\"img\" ><\/div>\n\t\t\t\t\t\t\t\t\t\t\t<div class=\"elementor-gallery-item__overlay\"><\/div>\n\t\t\t\t\t\t\t\t\t\t\t\t\t\t<\/a>\n\t\t\t\t\t\t\t<a class=\"e-gallery-item elementor-gallery-item elementor-animated-content\" href=\"https:\/\/luftzeiten.de\/wp-content\/uploads\/2025\/07\/Luftzeiten_Tandenfliegen_Impressionen114.jpeg\" data-elementor-open-lightbox=\"yes\" data-elementor-lightbox-slideshow=\"4de42da\" data-e-action-hash=\"#elementor-action%3Aaction%3Dlightbox%26settings%3DeyJpZCI6NDg0LCJ1cmwiOiJodHRwczpcL1wvbHVmdHplaXRlbi5kZVwvd3AtY29udGVudFwvdXBsb2Fkc1wvMjAyNVwvMDdcL0x1ZnR6ZWl0ZW5fVGFuZGVuZmxpZWdlbl9JbXByZXNzaW9uZW4xMTQuanBlZyIsInNsaWRlc2hvdyI6IjRkZTQyZGEifQ%3D%3D\">\n\t\t\t\t\t<div class=\"e-gallery-image elementor-gallery-item__image\" data-thumbnail=\"https:\/\/luftzeiten.de\/wp-content\/uploads\/2025\/07\/Luftzeiten_Tandenfliegen_Impressionen114.jpeg\" data-width=\"370\" data-height=\"470\" aria-label=\"Hang gliders fly over green mountains in fine weather.\" role=\"img\" ><\/div>\n\t\t\t\t\t\t\t\t\t\t\t<div class=\"elementor-gallery-item__overlay\"><\/div>\n\t\t\t\t\t\t\t\t\t\t\t\t\t\t<\/a>\n\t\t\t\t\t\t\t<a class=\"e-gallery-item elementor-gallery-item elementor-animated-content\" href=\"https:\/\/luftzeiten.de\/wp-content\/uploads\/2025\/07\/Luftzeiten_Tandenfliegen_Impressionen115.jpeg\" data-elementor-open-lightbox=\"yes\" data-elementor-lightbox-slideshow=\"4de42da\" data-e-action-hash=\"#elementor-action%3Aaction%3Dlightbox%26settings%3DeyJpZCI6NDg1LCJ1cmwiOiJodHRwczpcL1wvbHVmdHplaXRlbi5kZVwvd3AtY29udGVudFwvdXBsb2Fkc1wvMjAyNVwvMDdcL0x1ZnR6ZWl0ZW5fVGFuZGVuZmxpZWdlbl9JbXByZXNzaW9uZW4xMTUuanBlZyIsInNsaWRlc2hvdyI6IjRkZTQyZGEifQ%3D%3D\">\n\t\t\t\t\t<div class=\"e-gallery-image elementor-gallery-item__image\" data-thumbnail=\"https:\/\/luftzeiten.de\/wp-content\/uploads\/2025\/07\/Luftzeiten_Tandenfliegen_Impressionen115.jpeg\" data-width=\"370\" data-height=\"470\" aria-label=\"H\u00e4ngegleiter fliegt \u00fcber herbstliche Landschaft mit bunten B\u00e4umen.\" role=\"img\" ><\/div>\n\t\t\t\t\t\t\t\t\t\t\t<div class=\"elementor-gallery-item__overlay\"><\/div>\n\t\t\t\t\t\t\t\t\t\t\t\t\t\t<\/a>\n\t\t\t\t\t\t\t<a class=\"e-gallery-item elementor-gallery-item elementor-animated-content\" href=\"https:\/\/luftzeiten.de\/wp-content\/uploads\/2025\/07\/Luftzeiten_Tandenfliegen_Impressionen116.jpeg\" data-elementor-open-lightbox=\"yes\" data-elementor-lightbox-slideshow=\"4de42da\" data-e-action-hash=\"#elementor-action%3Aaction%3Dlightbox%26settings%3DeyJpZCI6NDg2LCJ1cmwiOiJodHRwczpcL1wvbHVmdHplaXRlbi5kZVwvd3AtY29udGVudFwvdXBsb2Fkc1wvMjAyNVwvMDdcL0x1ZnR6ZWl0ZW5fVGFuZGVuZmxpZWdlbl9JbXByZXNzaW9uZW4xMTYuanBlZyIsInNsaWRlc2hvdyI6IjRkZTQyZGEifQ%3D%3D\">\n\t\t\t\t\t<div class=\"e-gallery-image elementor-gallery-item__image\" data-thumbnail=\"https:\/\/luftzeiten.de\/wp-content\/uploads\/2025\/07\/Luftzeiten_Tandenfliegen_Impressionen116.jpeg\" data-width=\"470\" data-height=\"353\" aria-label=\"Paragliding in the mountains with breathtaking views and safe accompaniment.\" role=\"img\" ><\/div>\n\t\t\t\t\t\t\t\t\t\t\t<div class=\"elementor-gallery-item__overlay\"><\/div>\n\t\t\t\t\t\t\t\t\t\t\t\t\t\t<\/a>\n\t\t\t\t\t\t\t<a class=\"e-gallery-item elementor-gallery-item elementor-animated-content\" href=\"https:\/\/luftzeiten.de\/wp-content\/uploads\/2025\/07\/Luftzeiten_Tandenfliegen_Impressionen117.jpeg\" data-elementor-open-lightbox=\"yes\" data-elementor-lightbox-slideshow=\"4de42da\" data-e-action-hash=\"#elementor-action%3Aaction%3Dlightbox%26settings%3DeyJpZCI6NDg3LCJ1cmwiOiJodHRwczpcL1wvbHVmdHplaXRlbi5kZVwvd3AtY29udGVudFwvdXBsb2Fkc1wvMjAyNVwvMDdcL0x1ZnR6ZWl0ZW5fVGFuZGVuZmxpZWdlbl9JbXByZXNzaW9uZW4xMTcuanBlZyIsInNsaWRlc2hvdyI6IjRkZTQyZGEifQ%3D%3D\">\n\t\t\t\t\t<div class=\"e-gallery-image elementor-gallery-item__image\" data-thumbnail=\"https:\/\/luftzeiten.de\/wp-content\/uploads\/2025\/07\/Luftzeiten_Tandenfliegen_Impressionen117.jpeg\" data-width=\"470\" data-height=\"307\" aria-label=\"Paragliding in the air with a view of the landscape and sky.\" role=\"img\" ><\/div>\n\t\t\t\t\t\t\t\t\t\t\t<div class=\"elementor-gallery-item__overlay\"><\/div>\n\t\t\t\t\t\t\t\t\t\t\t\t\t\t<\/a>\n\t\t\t\t\t\t\t<a class=\"e-gallery-item elementor-gallery-item elementor-animated-content\" href=\"https:\/\/luftzeiten.de\/wp-content\/uploads\/2025\/07\/Luftzeiten_Tandenfliegen_Impressionen118.jpeg\" data-elementor-open-lightbox=\"yes\" data-elementor-lightbox-slideshow=\"4de42da\" data-e-action-hash=\"#elementor-action%3Aaction%3Dlightbox%26settings%3DeyJpZCI6NDg4LCJ1cmwiOiJodHRwczpcL1wvbHVmdHplaXRlbi5kZVwvd3AtY29udGVudFwvdXBsb2Fkc1wvMjAyNVwvMDdcL0x1ZnR6ZWl0ZW5fVGFuZGVuZmxpZWdlbl9JbXByZXNzaW9uZW4xMTguanBlZyIsInNsaWRlc2hvdyI6IjRkZTQyZGEifQ%3D%3D\">\n\t\t\t\t\t<div class=\"e-gallery-image elementor-gallery-item__image\" data-thumbnail=\"https:\/\/luftzeiten.de\/wp-content\/uploads\/2025\/07\/Luftzeiten_Tandenfliegen_Impressionen118.jpeg\" data-width=\"470\" data-height=\"212\" aria-label=\"Paraglider flies over the mountains in nature at sunset.\" role=\"img\" ><\/div>\n\t\t\t\t\t\t\t\t\t\t\t<div class=\"elementor-gallery-item__overlay\"><\/div>\n\t\t\t\t\t\t\t\t\t\t\t\t\t\t<\/a>\n\t\t\t\t\t\t\t<a class=\"e-gallery-item elementor-gallery-item elementor-animated-content\" href=\"https:\/\/luftzeiten.de\/wp-content\/uploads\/2025\/07\/Luftzeiten_Tandenfliegen_Impressionen119.jpeg\" data-elementor-open-lightbox=\"yes\" data-elementor-lightbox-slideshow=\"4de42da\" data-e-action-hash=\"#elementor-action%3Aaction%3Dlightbox%26settings%3DeyJpZCI6NDg5LCJ1cmwiOiJodHRwczpcL1wvbHVmdHplaXRlbi5kZVwvd3AtY29udGVudFwvdXBsb2Fkc1wvMjAyNVwvMDdcL0x1ZnR6ZWl0ZW5fVGFuZGVuZmxpZWdlbl9JbXByZXNzaW9uZW4xMTkuanBlZyIsInNsaWRlc2hvdyI6IjRkZTQyZGEifQ%3D%3D\">\n\t\t\t\t\t<div class=\"e-gallery-image elementor-gallery-item__image\" data-thumbnail=\"https:\/\/luftzeiten.de\/wp-content\/uploads\/2025\/07\/Luftzeiten_Tandenfliegen_Impressionen119.jpeg\" data-width=\"370\" data-height=\"470\" aria-label=\"Hang gliders fly over a landscape at sunset.\" role=\"img\" ><\/div>\n\t\t\t\t\t\t\t\t\t\t\t<div class=\"elementor-gallery-item__overlay\"><\/div>\n\t\t\t\t\t\t\t\t\t\t\t\t\t\t<\/a>\n\t\t\t\t\t\t\t<a class=\"e-gallery-item elementor-gallery-item elementor-animated-content\" href=\"https:\/\/luftzeiten.de\/wp-content\/uploads\/2025\/07\/Luftzeiten_Tandenfliegen_Impressionen120.jpeg\" data-elementor-open-lightbox=\"yes\" data-elementor-lightbox-slideshow=\"4de42da\" data-e-action-hash=\"#elementor-action%3Aaction%3Dlightbox%26settings%3DeyJpZCI6NDkwLCJ1cmwiOiJodHRwczpcL1wvbHVmdHplaXRlbi5kZVwvd3AtY29udGVudFwvdXBsb2Fkc1wvMjAyNVwvMDdcL0x1ZnR6ZWl0ZW5fVGFuZGVuZmxpZWdlbl9JbXByZXNzaW9uZW4xMjAuanBlZyIsInNsaWRlc2hvdyI6IjRkZTQyZGEifQ%3D%3D\">\n\t\t\t\t\t<div class=\"e-gallery-image elementor-gallery-item__image\" data-thumbnail=\"https:\/\/luftzeiten.de\/wp-content\/uploads\/2025\/07\/Luftzeiten_Tandenfliegen_Impressionen120.jpeg\" data-width=\"470\" data-height=\"353\" aria-label=\"Paragliding in the mountains, two men flying high above the forest.\" role=\"img\" ><\/div>\n\t\t\t\t\t\t\t\t\t\t\t<div class=\"elementor-gallery-item__overlay\"><\/div>\n\t\t\t\t\t\t\t\t\t\t\t\t\t\t<\/a>\n\t\t\t\t\t\t\t<a class=\"e-gallery-item elementor-gallery-item elementor-animated-content\" href=\"https:\/\/luftzeiten.de\/wp-content\/uploads\/2025\/07\/Luftzeiten_Tandenfliegen_Impressionen121.jpeg\" data-elementor-open-lightbox=\"yes\" data-elementor-lightbox-slideshow=\"4de42da\" data-e-action-hash=\"#elementor-action%3Aaction%3Dlightbox%26settings%3DeyJpZCI6NDkxLCJ1cmwiOiJodHRwczpcL1wvbHVmdHplaXRlbi5kZVwvd3AtY29udGVudFwvdXBsb2Fkc1wvMjAyNVwvMDdcL0x1ZnR6ZWl0ZW5fVGFuZGVuZmxpZWdlbl9JbXByZXNzaW9uZW4xMjEuanBlZyIsInNsaWRlc2hvdyI6IjRkZTQyZGEifQ%3D%3D\">\n\t\t\t\t\t<div class=\"e-gallery-image elementor-gallery-item__image\" data-thumbnail=\"https:\/\/luftzeiten.de\/wp-content\/uploads\/2025\/07\/Luftzeiten_Tandenfliegen_Impressionen121.jpeg\" data-width=\"470\" data-height=\"353\" aria-label=\"Paraglider mit Passagier in der Luft, fliegen \u00fcber gr\u00fcne Landschaft und Himmel.\" role=\"img\" ><\/div>\n\t\t\t\t\t\t\t\t\t\t\t<div class=\"elementor-gallery-item__overlay\"><\/div>\n\t\t\t\t\t\t\t\t\t\t\t\t\t\t<\/a>\n\t\t\t\t\t\t\t<a class=\"e-gallery-item elementor-gallery-item elementor-animated-content\" href=\"https:\/\/luftzeiten.de\/wp-content\/uploads\/2025\/07\/Luftzeiten_Tandenfliegen_Impressionen122.jpeg\" data-elementor-open-lightbox=\"yes\" data-elementor-lightbox-slideshow=\"4de42da\" data-e-action-hash=\"#elementor-action%3Aaction%3Dlightbox%26settings%3DeyJpZCI6NDkyLCJ1cmwiOiJodHRwczpcL1wvbHVmdHplaXRlbi5kZVwvd3AtY29udGVudFwvdXBsb2Fkc1wvMjAyNVwvMDdcL0x1ZnR6ZWl0ZW5fVGFuZGVuZmxpZWdlbl9JbXByZXNzaW9uZW4xMjIuanBlZyIsInNsaWRlc2hvdyI6IjRkZTQyZGEifQ%3D%3D\">\n\t\t\t\t\t<div class=\"e-gallery-image elementor-gallery-item__image\" data-thumbnail=\"https:\/\/luftzeiten.de\/wp-content\/uploads\/2025\/07\/Luftzeiten_Tandenfliegen_Impressionen122.jpeg\" data-width=\"370\" data-height=\"470\" aria-label=\"Tandem skydive with a laughing man in a blue jacket and sunglasses in the air.\" role=\"img\" ><\/div>\n\t\t\t\t\t\t\t\t\t\t\t<div class=\"elementor-gallery-item__overlay\"><\/div>\n\t\t\t\t\t\t\t\t\t\t\t\t\t\t<\/a>\n\t\t\t\t\t\t\t<a class=\"e-gallery-item elementor-gallery-item elementor-animated-content\" href=\"https:\/\/luftzeiten.de\/wp-content\/uploads\/2025\/07\/Luftzeiten_Tandenfliegen_Impressionen123.jpeg\" data-elementor-open-lightbox=\"yes\" data-elementor-lightbox-slideshow=\"4de42da\" data-e-action-hash=\"#elementor-action%3Aaction%3Dlightbox%26settings%3DeyJpZCI6NDkzLCJ1cmwiOiJodHRwczpcL1wvbHVmdHplaXRlbi5kZVwvd3AtY29udGVudFwvdXBsb2Fkc1wvMjAyNVwvMDdcL0x1ZnR6ZWl0ZW5fVGFuZGVuZmxpZWdlbl9JbXByZXNzaW9uZW4xMjMuanBlZyIsInNsaWRlc2hvdyI6IjRkZTQyZGEifQ%3D%3D\">\n\t\t\t\t\t<div class=\"e-gallery-image elementor-gallery-item__image\" data-thumbnail=\"https:\/\/luftzeiten.de\/wp-content\/uploads\/2025\/07\/Luftzeiten_Tandenfliegen_Impressionen123.jpeg\" data-width=\"370\" data-height=\"470\" aria-label=\"Paragliding in the mountains, two people flying high in the sky together.\" role=\"img\" ><\/div>\n\t\t\t\t\t\t\t\t\t\t\t<div class=\"elementor-gallery-item__overlay\"><\/div>\n\t\t\t\t\t\t\t\t\t\t\t\t\t\t<\/a>\n\t\t\t\t\t\t\t<a class=\"e-gallery-item elementor-gallery-item elementor-animated-content\" href=\"https:\/\/luftzeiten.de\/wp-content\/uploads\/2025\/07\/Luftzeiten_Tandenfliegen_Impressionen124.jpeg\" data-elementor-open-lightbox=\"yes\" data-elementor-lightbox-slideshow=\"4de42da\" data-e-action-hash=\"#elementor-action%3Aaction%3Dlightbox%26settings%3DeyJpZCI6NDk0LCJ1cmwiOiJodHRwczpcL1wvbHVmdHplaXRlbi5kZVwvd3AtY29udGVudFwvdXBsb2Fkc1wvMjAyNVwvMDdcL0x1ZnR6ZWl0ZW5fVGFuZGVuZmxpZWdlbl9JbXByZXNzaW9uZW4xMjQuanBlZyIsInNsaWRlc2hvdyI6IjRkZTQyZGEifQ%3D%3D\">\n\t\t\t\t\t<div class=\"e-gallery-image elementor-gallery-item__image\" data-thumbnail=\"https:\/\/luftzeiten.de\/wp-content\/uploads\/2025\/07\/Luftzeiten_Tandenfliegen_Impressionen124.jpeg\" data-width=\"370\" data-height=\"470\" aria-label=\"Motorcyclist wearing a helmet and goggles in the mountains.\" role=\"img\" ><\/div>\n\t\t\t\t\t\t\t\t\t\t\t<div class=\"elementor-gallery-item__overlay\"><\/div>\n\t\t\t\t\t\t\t\t\t\t\t\t\t\t<\/a>\n\t\t\t\t\t\t\t<a class=\"e-gallery-item elementor-gallery-item elementor-animated-content\" href=\"https:\/\/luftzeiten.de\/wp-content\/uploads\/2025\/07\/Luftzeiten_Tandenfliegen_Impressionen125.jpeg\" data-elementor-open-lightbox=\"yes\" data-elementor-lightbox-slideshow=\"4de42da\" data-e-action-hash=\"#elementor-action%3Aaction%3Dlightbox%26settings%3DeyJpZCI6NDk1LCJ1cmwiOiJodHRwczpcL1wvbHVmdHplaXRlbi5kZVwvd3AtY29udGVudFwvdXBsb2Fkc1wvMjAyNVwvMDdcL0x1ZnR6ZWl0ZW5fVGFuZGVuZmxpZWdlbl9JbXByZXNzaW9uZW4xMjUuanBlZyIsInNsaWRlc2hvdyI6IjRkZTQyZGEifQ%3D%3D\">\n\t\t\t\t\t<div class=\"e-gallery-image elementor-gallery-item__image\" data-thumbnail=\"https:\/\/luftzeiten.de\/wp-content\/uploads\/2025\/07\/Luftzeiten_Tandenfliegen_Impressionen125.jpeg\" data-width=\"470\" data-height=\"352\" aria-label=\"Sunset over the mountains with trees and rocks in the foreground.\" role=\"img\" ><\/div>\n\t\t\t\t\t\t\t\t\t\t\t<div class=\"elementor-gallery-item__overlay\"><\/div>\n\t\t\t\t\t\t\t\t\t\t\t\t\t\t<\/a>\n\t\t\t\t\t\t\t<a class=\"e-gallery-item elementor-gallery-item elementor-animated-content\" href=\"https:\/\/luftzeiten.de\/wp-content\/uploads\/2025\/07\/Luftzeiten_Tandenfliegen_Impressionen126.jpeg\" data-elementor-open-lightbox=\"yes\" data-elementor-lightbox-slideshow=\"4de42da\" data-e-action-hash=\"#elementor-action%3Aaction%3Dlightbox%26settings%3DeyJpZCI6NDk2LCJ1cmwiOiJodHRwczpcL1wvbHVmdHplaXRlbi5kZVwvd3AtY29udGVudFwvdXBsb2Fkc1wvMjAyNVwvMDdcL0x1ZnR6ZWl0ZW5fVGFuZGVuZmxpZWdlbl9JbXByZXNzaW9uZW4xMjYuanBlZyIsInNsaWRlc2hvdyI6IjRkZTQyZGEifQ%3D%3D\">\n\t\t\t\t\t<div class=\"e-gallery-image elementor-gallery-item__image\" data-thumbnail=\"https:\/\/luftzeiten.de\/wp-content\/uploads\/2025\/07\/Luftzeiten_Tandenfliegen_Impressionen126.jpeg\" data-width=\"370\" data-height=\"470\" aria-label=\"Paragliding overlooking the landscape, two people in the air.\" role=\"img\" ><\/div>\n\t\t\t\t\t\t\t\t\t\t\t<div class=\"elementor-gallery-item__overlay\"><\/div>\n\t\t\t\t\t\t\t\t\t\t\t\t\t\t<\/a>\n\t\t\t\t\t\t\t<a class=\"e-gallery-item elementor-gallery-item elementor-animated-content\" href=\"https:\/\/luftzeiten.de\/wp-content\/uploads\/2025\/07\/Luftzeiten_Tandenfliegen_Impressionen129.jpeg\" data-elementor-open-lightbox=\"yes\" data-elementor-lightbox-slideshow=\"4de42da\" data-e-action-hash=\"#elementor-action%3Aaction%3Dlightbox%26settings%3DeyJpZCI6NDk5LCJ1cmwiOiJodHRwczpcL1wvbHVmdHplaXRlbi5kZVwvd3AtY29udGVudFwvdXBsb2Fkc1wvMjAyNVwvMDdcL0x1ZnR6ZWl0ZW5fVGFuZGVuZmxpZWdlbl9JbXByZXNzaW9uZW4xMjkuanBlZyIsInNsaWRlc2hvdyI6IjRkZTQyZGEifQ%3D%3D\">\n\t\t\t\t\t<div class=\"e-gallery-image elementor-gallery-item__image\" data-thumbnail=\"https:\/\/luftzeiten.de\/wp-content\/uploads\/2025\/07\/Luftzeiten_Tandenfliegen_Impressionen129.jpeg\" data-width=\"470\" data-height=\"353\" aria-label=\"A paraglider in the air with a view of green mountains and clouds.\" role=\"img\" ><\/div>\n\t\t\t\t\t\t\t\t\t\t\t<div class=\"elementor-gallery-item__overlay\"><\/div>\n\t\t\t\t\t\t\t\t\t\t\t\t\t\t<\/a>\n\t\t\t\t\t\t\t<a class=\"e-gallery-item elementor-gallery-item elementor-animated-content\" href=\"https:\/\/luftzeiten.de\/wp-content\/uploads\/2025\/07\/Luftzeiten_Tandenfliegen_Impressionen130.jpeg\" data-elementor-open-lightbox=\"yes\" data-elementor-lightbox-slideshow=\"4de42da\" data-e-action-hash=\"#elementor-action%3Aaction%3Dlightbox%26settings%3DeyJpZCI6NTAwLCJ1cmwiOiJodHRwczpcL1wvbHVmdHplaXRlbi5kZVwvd3AtY29udGVudFwvdXBsb2Fkc1wvMjAyNVwvMDdcL0x1ZnR6ZWl0ZW5fVGFuZGVuZmxpZWdlbl9JbXByZXNzaW9uZW4xMzAuanBlZyIsInNsaWRlc2hvdyI6IjRkZTQyZGEifQ%3D%3D\">\n\t\t\t\t\t<div class=\"e-gallery-image elementor-gallery-item__image\" data-thumbnail=\"https:\/\/luftzeiten.de\/wp-content\/uploads\/2025\/07\/Luftzeiten_Tandenfliegen_Impressionen130.jpeg\" data-width=\"370\" data-height=\"470\" aria-label=\"Paraglider pilot wearing helmet and equipment while flying.\" role=\"img\" ><\/div>\n\t\t\t\t\t\t\t\t\t\t\t<div class=\"elementor-gallery-item__overlay\"><\/div>\n\t\t\t\t\t\t\t\t\t\t\t\t\t\t<\/a>\n\t\t\t\t\t\t\t<a class=\"e-gallery-item elementor-gallery-item elementor-animated-content\" href=\"https:\/\/luftzeiten.de\/wp-content\/uploads\/2025\/07\/Luftzeiten_Tandenfliegen_Impressionen131.jpeg\" data-elementor-open-lightbox=\"yes\" data-elementor-lightbox-slideshow=\"4de42da\" data-e-action-hash=\"#elementor-action%3Aaction%3Dlightbox%26settings%3DeyJpZCI6NTAxLCJ1cmwiOiJodHRwczpcL1wvbHVmdHplaXRlbi5kZVwvd3AtY29udGVudFwvdXBsb2Fkc1wvMjAyNVwvMDdcL0x1ZnR6ZWl0ZW5fVGFuZGVuZmxpZWdlbl9JbXByZXNzaW9uZW4xMzEuanBlZyIsInNsaWRlc2hvdyI6IjRkZTQyZGEifQ%3D%3D\">\n\t\t\t\t\t<div class=\"e-gallery-image elementor-gallery-item__image\" data-thumbnail=\"https:\/\/luftzeiten.de\/wp-content\/uploads\/2025\/07\/Luftzeiten_Tandenfliegen_Impressionen131.jpeg\" data-width=\"470\" data-height=\"265\" aria-label=\"Sunrise over mountains with clouds and mist in the valley.\" role=\"img\" ><\/div>\n\t\t\t\t\t\t\t\t\t\t\t<div class=\"elementor-gallery-item__overlay\"><\/div>\n\t\t\t\t\t\t\t\t\t\t\t\t\t\t<\/a>\n\t\t\t\t\t\t\t<a class=\"e-gallery-item elementor-gallery-item elementor-animated-content\" href=\"https:\/\/luftzeiten.de\/wp-content\/uploads\/2025\/07\/Luftzeiten_Tandenfliegen_Impressionen132.jpeg\" data-elementor-open-lightbox=\"yes\" data-elementor-lightbox-slideshow=\"4de42da\" data-e-action-hash=\"#elementor-action%3Aaction%3Dlightbox%26settings%3DeyJpZCI6NTAyLCJ1cmwiOiJodHRwczpcL1wvbHVmdHplaXRlbi5kZVwvd3AtY29udGVudFwvdXBsb2Fkc1wvMjAyNVwvMDdcL0x1ZnR6ZWl0ZW5fVGFuZGVuZmxpZWdlbl9JbXByZXNzaW9uZW4xMzIuanBlZyIsInNsaWRlc2hvdyI6IjRkZTQyZGEifQ%3D%3D\">\n\t\t\t\t\t<div class=\"e-gallery-image elementor-gallery-item__image\" data-thumbnail=\"https:\/\/luftzeiten.de\/wp-content\/uploads\/2025\/07\/Luftzeiten_Tandenfliegen_Impressionen132.jpeg\" data-width=\"370\" data-height=\"470\" aria-label=\"Paraglider flies high above the clouds, looking at the sky and the landscape.\" role=\"img\" ><\/div>\n\t\t\t\t\t\t\t\t\t\t\t<div class=\"elementor-gallery-item__overlay\"><\/div>\n\t\t\t\t\t\t\t\t\t\t\t\t\t\t<\/a>\n\t\t\t\t\t\t\t<a class=\"e-gallery-item elementor-gallery-item elementor-animated-content\" href=\"https:\/\/luftzeiten.de\/wp-content\/uploads\/2025\/07\/Luftzeiten_Tandenfliegen_Impressionen133.jpeg\" data-elementor-open-lightbox=\"yes\" data-elementor-lightbox-slideshow=\"4de42da\" data-e-action-hash=\"#elementor-action%3Aaction%3Dlightbox%26settings%3DeyJpZCI6NTAzLCJ1cmwiOiJodHRwczpcL1wvbHVmdHplaXRlbi5kZVwvd3AtY29udGVudFwvdXBsb2Fkc1wvMjAyNVwvMDdcL0x1ZnR6ZWl0ZW5fVGFuZGVuZmxpZWdlbl9JbXByZXNzaW9uZW4xMzMuanBlZyIsInNsaWRlc2hvdyI6IjRkZTQyZGEifQ%3D%3D\">\n\t\t\t\t\t<div class=\"e-gallery-image elementor-gallery-item__image\" data-thumbnail=\"https:\/\/luftzeiten.de\/wp-content\/uploads\/2025\/07\/Luftzeiten_Tandenfliegen_Impressionen133.jpeg\" data-width=\"370\" data-height=\"470\" aria-label=\"Paraglider group before takeoff, with helmets and equipment, in the mountains.\" role=\"img\" ><\/div>\n\t\t\t\t\t\t\t\t\t\t\t<div class=\"elementor-gallery-item__overlay\"><\/div>\n\t\t\t\t\t\t\t\t\t\t\t\t\t\t<\/a>\n\t\t\t\t\t\t\t<a class=\"e-gallery-item elementor-gallery-item elementor-animated-content\" href=\"https:\/\/luftzeiten.de\/wp-content\/uploads\/2025\/07\/Luftzeiten_Tandenfliegen_Impressionen134.jpeg\" data-elementor-open-lightbox=\"yes\" data-elementor-lightbox-slideshow=\"4de42da\" data-e-action-hash=\"#elementor-action%3Aaction%3Dlightbox%26settings%3DeyJpZCI6NTA0LCJ1cmwiOiJodHRwczpcL1wvbHVmdHplaXRlbi5kZVwvd3AtY29udGVudFwvdXBsb2Fkc1wvMjAyNVwvMDdcL0x1ZnR6ZWl0ZW5fVGFuZGVuZmxpZWdlbl9JbXByZXNzaW9uZW4xMzQuanBlZyIsInNsaWRlc2hvdyI6IjRkZTQyZGEifQ%3D%3D\">\n\t\t\t\t\t<div class=\"e-gallery-image elementor-gallery-item__image\" data-thumbnail=\"https:\/\/luftzeiten.de\/wp-content\/uploads\/2025\/07\/Luftzeiten_Tandenfliegen_Impressionen134.jpeg\" data-width=\"470\" data-height=\"353\" aria-label=\"Paragliding in the mountains with breathtaking views and flight experience.\" role=\"img\" ><\/div>\n\t\t\t\t\t\t\t\t\t\t\t<div class=\"elementor-gallery-item__overlay\"><\/div>\n\t\t\t\t\t\t\t\t\t\t\t\t\t\t<\/a>\n\t\t\t\t\t\t\t<a class=\"e-gallery-item elementor-gallery-item elementor-animated-content\" href=\"https:\/\/luftzeiten.de\/wp-content\/uploads\/2026\/01\/K3PX5528_Im-Flug-mit-dem-Gleitschirm-2023-1.jpg\" data-elementor-open-lightbox=\"yes\" data-elementor-lightbox-slideshow=\"4de42da\" data-e-action-hash=\"#elementor-action%3Aaction%3Dlightbox%26settings%3DeyJpZCI6MTMxOSwidXJsIjoiaHR0cHM6XC9cL2x1ZnR6ZWl0ZW4uZGVcL3dwLWNvbnRlbnRcL3VwbG9hZHNcLzIwMjZcLzAxXC9LM1BYNTUyOF9JbS1GbHVnLW1pdC1kZW0tR2xlaXRzY2hpcm0tMjAyMy0xLmpwZyIsInNsaWRlc2hvdyI6IjRkZTQyZGEifQ%3D%3D\">\n\t\t\t\t\t<div class=\"e-gallery-image elementor-gallery-item__image\" data-thumbnail=\"https:\/\/luftzeiten.de\/wp-content\/uploads\/2026\/01\/K3PX5528_Im-Flug-mit-dem-Gleitschirm-2023-1.jpg\" data-width=\"1500\" data-height=\"997\" aria-label=\"Gleitschirmflieger fliegt durch den Himmel mit einem blauen Schirm.\" role=\"img\" ><\/div>\n\t\t\t\t\t\t\t\t\t\t\t<div class=\"elementor-gallery-item__overlay\"><\/div>\n\t\t\t\t\t\t\t\t\t\t\t\t\t\t<\/a>\n\t\t\t\t\t\t\t<a class=\"e-gallery-item elementor-gallery-item elementor-animated-content\" href=\"https:\/\/luftzeiten.de\/wp-content\/uploads\/2025\/07\/Luftzeiten_Tandenfliegen_Impressionen136.jpeg\" data-elementor-open-lightbox=\"yes\" data-elementor-lightbox-slideshow=\"4de42da\" data-e-action-hash=\"#elementor-action%3Aaction%3Dlightbox%26settings%3DeyJpZCI6NTA2LCJ1cmwiOiJodHRwczpcL1wvbHVmdHplaXRlbi5kZVwvd3AtY29udGVudFwvdXBsb2Fkc1wvMjAyNVwvMDdcL0x1ZnR6ZWl0ZW5fVGFuZGVuZmxpZWdlbl9JbXByZXNzaW9uZW4xMzYuanBlZyIsInNsaWRlc2hvdyI6IjRkZTQyZGEifQ%3D%3D\">\n\t\t\t\t\t<div class=\"e-gallery-image elementor-gallery-item__image\" data-thumbnail=\"https:\/\/luftzeiten.de\/wp-content\/uploads\/2025\/07\/Luftzeiten_Tandenfliegen_Impressionen136.jpeg\" data-width=\"370\" data-height=\"470\" aria-label=\"\" role=\"img\" ><\/div>\n\t\t\t\t\t\t\t\t\t\t\t<div class=\"elementor-gallery-item__overlay\"><\/div>\n\t\t\t\t\t\t\t\t\t\t\t\t\t\t<\/a>\n\t\t\t\t\t\t\t<a class=\"e-gallery-item elementor-gallery-item elementor-animated-content\" href=\"https:\/\/luftzeiten.de\/wp-content\/uploads\/2025\/07\/Luftzeiten_Tandenfliegen_Impressionen137.jpeg\" data-elementor-open-lightbox=\"yes\" data-elementor-lightbox-slideshow=\"4de42da\" data-e-action-hash=\"#elementor-action%3Aaction%3Dlightbox%26settings%3DeyJpZCI6NTA3LCJ1cmwiOiJodHRwczpcL1wvbHVmdHplaXRlbi5kZVwvd3AtY29udGVudFwvdXBsb2Fkc1wvMjAyNVwvMDdcL0x1ZnR6ZWl0ZW5fVGFuZGVuZmxpZWdlbl9JbXByZXNzaW9uZW4xMzcuanBlZyIsInNsaWRlc2hvdyI6IjRkZTQyZGEifQ%3D%3D\">\n\t\t\t\t\t<div class=\"e-gallery-image elementor-gallery-item__image\" data-thumbnail=\"https:\/\/luftzeiten.de\/wp-content\/uploads\/2025\/07\/Luftzeiten_Tandenfliegen_Impressionen137.jpeg\" data-width=\"370\" data-height=\"470\" aria-label=\"Motorcyclist with helmet and sunglasses, ready for a tour.\" role=\"img\" ><\/div>\n\t\t\t\t\t\t\t\t\t\t\t<div class=\"elementor-gallery-item__overlay\"><\/div>\n\t\t\t\t\t\t\t\t\t\t\t\t\t\t<\/a>\n\t\t\t\t\t\t\t<a class=\"e-gallery-item elementor-gallery-item elementor-animated-content\" href=\"https:\/\/luftzeiten.de\/wp-content\/uploads\/2025\/07\/Luftzeiten_Tandenfliegen_Impressionen138.jpeg\" data-elementor-open-lightbox=\"yes\" data-elementor-lightbox-slideshow=\"4de42da\" data-e-action-hash=\"#elementor-action%3Aaction%3Dlightbox%26settings%3DeyJpZCI6NTA4LCJ1cmwiOiJodHRwczpcL1wvbHVmdHplaXRlbi5kZVwvd3AtY29udGVudFwvdXBsb2Fkc1wvMjAyNVwvMDdcL0x1ZnR6ZWl0ZW5fVGFuZGVuZmxpZWdlbl9JbXByZXNzaW9uZW4xMzguanBlZyIsInNsaWRlc2hvdyI6IjRkZTQyZGEifQ%3D%3D\">\n\t\t\t\t\t<div class=\"e-gallery-image elementor-gallery-item__image\" data-thumbnail=\"https:\/\/luftzeiten.de\/wp-content\/uploads\/2025\/07\/Luftzeiten_Tandenfliegen_Impressionen138.jpeg\" data-width=\"470\" data-height=\"353\" aria-label=\"A paraglider flies over green mountains under a sunny sky, with a view of nature.\" role=\"img\" ><\/div>\n\t\t\t\t\t\t\t\t\t\t\t<div class=\"elementor-gallery-item__overlay\"><\/div>\n\t\t\t\t\t\t\t\t\t\t\t\t\t\t<\/a>\n\t\t\t\t\t\t\t<a class=\"e-gallery-item elementor-gallery-item elementor-animated-content\" href=\"https:\/\/luftzeiten.de\/wp-content\/uploads\/2025\/07\/Luftzeiten_Tandenfliegen_Impressionen139.jpeg\" data-elementor-open-lightbox=\"yes\" data-elementor-lightbox-slideshow=\"4de42da\" data-e-action-hash=\"#elementor-action%3Aaction%3Dlightbox%26settings%3DeyJpZCI6NTA5LCJ1cmwiOiJodHRwczpcL1wvbHVmdHplaXRlbi5kZVwvd3AtY29udGVudFwvdXBsb2Fkc1wvMjAyNVwvMDdcL0x1ZnR6ZWl0ZW5fVGFuZGVuZmxpZWdlbl9JbXByZXNzaW9uZW4xMzkuanBlZyIsInNsaWRlc2hvdyI6IjRkZTQyZGEifQ%3D%3D\">\n\t\t\t\t\t<div class=\"e-gallery-image elementor-gallery-item__image\" data-thumbnail=\"https:\/\/luftzeiten.de\/wp-content\/uploads\/2025\/07\/Luftzeiten_Tandenfliegen_Impressionen139.jpeg\" data-width=\"370\" data-height=\"470\" aria-label=\"Paragliding with a colourful parachute under a cloudy sky.\" role=\"img\" ><\/div>\n\t\t\t\t\t\t\t\t\t\t\t<div class=\"elementor-gallery-item__overlay\"><\/div>\n\t\t\t\t\t\t\t\t\t\t\t\t\t\t<\/a>\n\t\t\t\t\t\t\t<a class=\"e-gallery-item elementor-gallery-item elementor-animated-content\" href=\"https:\/\/luftzeiten.de\/wp-content\/uploads\/2025\/07\/Luftzeiten_Tandenfliegen_Impressionen140.jpeg\" data-elementor-open-lightbox=\"yes\" data-elementor-lightbox-slideshow=\"4de42da\" data-e-action-hash=\"#elementor-action%3Aaction%3Dlightbox%26settings%3DeyJpZCI6NTEwLCJ1cmwiOiJodHRwczpcL1wvbHVmdHplaXRlbi5kZVwvd3AtY29udGVudFwvdXBsb2Fkc1wvMjAyNVwvMDdcL0x1ZnR6ZWl0ZW5fVGFuZGVuZmxpZWdlbl9JbXByZXNzaW9uZW4xNDAuanBlZyIsInNsaWRlc2hvdyI6IjRkZTQyZGEifQ%3D%3D\">\n\t\t\t\t\t<div class=\"e-gallery-image elementor-gallery-item__image\" data-thumbnail=\"https:\/\/luftzeiten.de\/wp-content\/uploads\/2025\/07\/Luftzeiten_Tandenfliegen_Impressionen140.jpeg\" data-width=\"370\" data-height=\"470\" aria-label=\"High up on a tandem paragliding experience, with views of the landscape, fun and adrenaline in the air.\" role=\"img\" ><\/div>\n\t\t\t\t\t\t\t\t\t\t\t<div class=\"elementor-gallery-item__overlay\"><\/div>\n\t\t\t\t\t\t\t\t\t\t\t\t\t\t<\/a>\n\t\t\t\t\t\t\t<a class=\"e-gallery-item elementor-gallery-item elementor-animated-content\" href=\"https:\/\/luftzeiten.de\/wp-content\/uploads\/2025\/07\/Luftzeiten_Tandenfliegen_Impressionen2.jpeg\" data-elementor-open-lightbox=\"yes\" data-elementor-lightbox-slideshow=\"4de42da\" data-e-action-hash=\"#elementor-action%3Aaction%3Dlightbox%26settings%3DeyJpZCI6NTEzLCJ1cmwiOiJodHRwczpcL1wvbHVmdHplaXRlbi5kZVwvd3AtY29udGVudFwvdXBsb2Fkc1wvMjAyNVwvMDdcL0x1ZnR6ZWl0ZW5fVGFuZGVuZmxpZWdlbl9JbXByZXNzaW9uZW4yLmpwZWciLCJzbGlkZXNob3ciOiI0ZGU0MmRhIn0%3D\">\n\t\t\t\t\t<div class=\"e-gallery-image elementor-gallery-item__image\" data-thumbnail=\"https:\/\/luftzeiten.de\/wp-content\/uploads\/2025\/07\/Luftzeiten_Tandenfliegen_Impressionen2.jpeg\" data-width=\"470\" data-height=\"313\" aria-label=\"Two paragliders fly high in the sky in calm weather.\" role=\"img\" ><\/div>\n\t\t\t\t\t\t\t\t\t\t\t<div class=\"elementor-gallery-item__overlay\"><\/div>\n\t\t\t\t\t\t\t\t\t\t\t\t\t\t<\/a>\n\t\t\t\t\t\t\t<a class=\"e-gallery-item elementor-gallery-item elementor-animated-content\" href=\"https:\/\/luftzeiten.de\/wp-content\/uploads\/2025\/07\/Luftzeiten_Tandenfliegen_Impressionen3.jpeg\" data-elementor-open-lightbox=\"yes\" data-elementor-lightbox-slideshow=\"4de42da\" data-e-action-hash=\"#elementor-action%3Aaction%3Dlightbox%26settings%3DeyJpZCI6NTE0LCJ1cmwiOiJodHRwczpcL1wvbHVmdHplaXRlbi5kZVwvd3AtY29udGVudFwvdXBsb2Fkc1wvMjAyNVwvMDdcL0x1ZnR6ZWl0ZW5fVGFuZGVuZmxpZWdlbl9JbXByZXNzaW9uZW4zLmpwZWciLCJzbGlkZXNob3ciOiI0ZGU0MmRhIn0%3D\">\n\t\t\t\t\t<div class=\"e-gallery-image elementor-gallery-item__image\" data-thumbnail=\"https:\/\/luftzeiten.de\/wp-content\/uploads\/2025\/07\/Luftzeiten_Tandenfliegen_Impressionen3.jpeg\" data-width=\"370\" data-height=\"470\" aria-label=\"Happy paraglider with helmet and goggles flying in the mountains.\" role=\"img\" ><\/div>\n\t\t\t\t\t\t\t\t\t\t\t<div class=\"elementor-gallery-item__overlay\"><\/div>\n\t\t\t\t\t\t\t\t\t\t\t\t\t\t<\/a>\n\t\t\t\t\t\t\t<a class=\"e-gallery-item elementor-gallery-item elementor-animated-content\" href=\"https:\/\/luftzeiten.de\/wp-content\/uploads\/2025\/07\/Luftzeiten_Tandenfliegen_Impressionen4.jpeg\" data-elementor-open-lightbox=\"yes\" data-elementor-lightbox-slideshow=\"4de42da\" data-e-action-hash=\"#elementor-action%3Aaction%3Dlightbox%26settings%3DeyJpZCI6NTE1LCJ1cmwiOiJodHRwczpcL1wvbHVmdHplaXRlbi5kZVwvd3AtY29udGVudFwvdXBsb2Fkc1wvMjAyNVwvMDdcL0x1ZnR6ZWl0ZW5fVGFuZGVuZmxpZWdlbl9JbXByZXNzaW9uZW40LmpwZWciLCJzbGlkZXNob3ciOiI0ZGU0MmRhIn0%3D\">\n\t\t\t\t\t<div class=\"e-gallery-image elementor-gallery-item__image\" data-thumbnail=\"https:\/\/luftzeiten.de\/wp-content\/uploads\/2025\/07\/Luftzeiten_Tandenfliegen_Impressionen4.jpeg\" data-width=\"470\" data-height=\"353\" aria-label=\"Paragliding over green forests with views of the landscape.\" role=\"img\" ><\/div>\n\t\t\t\t\t\t\t\t\t\t\t<div class=\"elementor-gallery-item__overlay\"><\/div>\n\t\t\t\t\t\t\t\t\t\t\t\t\t\t<\/a>\n\t\t\t\t\t\t\t<a class=\"e-gallery-item elementor-gallery-item elementor-animated-content\" href=\"https:\/\/luftzeiten.de\/wp-content\/uploads\/2025\/07\/Luftzeiten_Tandenfliegen_Impressionen6.jpeg\" data-elementor-open-lightbox=\"yes\" data-elementor-lightbox-slideshow=\"4de42da\" data-e-action-hash=\"#elementor-action%3Aaction%3Dlightbox%26settings%3DeyJpZCI6NTE3LCJ1cmwiOiJodHRwczpcL1wvbHVmdHplaXRlbi5kZVwvd3AtY29udGVudFwvdXBsb2Fkc1wvMjAyNVwvMDdcL0x1ZnR6ZWl0ZW5fVGFuZGVuZmxpZWdlbl9JbXByZXNzaW9uZW42LmpwZWciLCJzbGlkZXNob3ciOiI0ZGU0MmRhIn0%3D\">\n\t\t\t\t\t<div class=\"e-gallery-image elementor-gallery-item__image\" data-thumbnail=\"https:\/\/luftzeiten.de\/wp-content\/uploads\/2025\/07\/Luftzeiten_Tandenfliegen_Impressionen6.jpeg\" data-width=\"470\" data-height=\"353\" aria-label=\"Two paragliders with helmets and rucksacks in a green landscape.\" role=\"img\" ><\/div>\n\t\t\t\t\t\t\t\t\t\t\t<div class=\"elementor-gallery-item__overlay\"><\/div>\n\t\t\t\t\t\t\t\t\t\t\t\t\t\t<\/a>\n\t\t\t\t\t\t\t<a class=\"e-gallery-item elementor-gallery-item elementor-animated-content\" href=\"https:\/\/luftzeiten.de\/wp-content\/uploads\/2025\/07\/Luftzeiten_Tandenfliegen_Impressionen7.jpeg\" data-elementor-open-lightbox=\"yes\" data-elementor-lightbox-slideshow=\"4de42da\" data-e-action-hash=\"#elementor-action%3Aaction%3Dlightbox%26settings%3DeyJpZCI6NTE4LCJ1cmwiOiJodHRwczpcL1wvbHVmdHplaXRlbi5kZVwvd3AtY29udGVudFwvdXBsb2Fkc1wvMjAyNVwvMDdcL0x1ZnR6ZWl0ZW5fVGFuZGVuZmxpZWdlbl9JbXByZXNzaW9uZW43LmpwZWciLCJzbGlkZXNob3ciOiI0ZGU0MmRhIn0%3D\">\n\t\t\t\t\t<div class=\"e-gallery-image elementor-gallery-item__image\" data-thumbnail=\"https:\/\/luftzeiten.de\/wp-content\/uploads\/2025\/07\/Luftzeiten_Tandenfliegen_Impressionen7.jpeg\" data-width=\"470\" data-height=\"353\" aria-label=\"Zwei Paraglider fliegen \u00fcber gr\u00fcne Berglandschaft bei Sonnenlicht.\" role=\"img\" ><\/div>\n\t\t\t\t\t\t\t\t\t\t\t<div class=\"elementor-gallery-item__overlay\"><\/div>\n\t\t\t\t\t\t\t\t\t\t\t\t\t\t<\/a>\n\t\t\t\t\t\t\t<a class=\"e-gallery-item elementor-gallery-item elementor-animated-content\" href=\"https:\/\/luftzeiten.de\/wp-content\/uploads\/2025\/07\/Luftzeiten_Tandenfliegen_Impressionen8.jpeg\" data-elementor-open-lightbox=\"yes\" data-elementor-lightbox-slideshow=\"4de42da\" data-e-action-hash=\"#elementor-action%3Aaction%3Dlightbox%26settings%3DeyJpZCI6NTE5LCJ1cmwiOiJodHRwczpcL1wvbHVmdHplaXRlbi5kZVwvd3AtY29udGVudFwvdXBsb2Fkc1wvMjAyNVwvMDdcL0x1ZnR6ZWl0ZW5fVGFuZGVuZmxpZWdlbl9JbXByZXNzaW9uZW44LmpwZWciLCJzbGlkZXNob3ciOiI0ZGU0MmRhIn0%3D\">\n\t\t\t\t\t<div class=\"e-gallery-image elementor-gallery-item__image\" data-thumbnail=\"https:\/\/luftzeiten.de\/wp-content\/uploads\/2025\/07\/Luftzeiten_Tandenfliegen_Impressionen8.jpeg\" data-width=\"370\" data-height=\"470\" aria-label=\"A paraglider flies over the wooded mountains in good weather.\" role=\"img\" ><\/div>\n\t\t\t\t\t\t\t\t\t\t\t<div class=\"elementor-gallery-item__overlay\"><\/div>\n\t\t\t\t\t\t\t\t\t\t\t\t\t\t<\/a>\n\t\t\t\t\t\t\t<a class=\"e-gallery-item elementor-gallery-item elementor-animated-content\" href=\"https:\/\/luftzeiten.de\/wp-content\/uploads\/2025\/07\/Luftzeiten_Tandenfliegen_Impressionen10.jpeg\" data-elementor-open-lightbox=\"yes\" data-elementor-lightbox-slideshow=\"4de42da\" data-e-action-hash=\"#elementor-action%3Aaction%3Dlightbox%26settings%3DeyJpZCI6NTIxLCJ1cmwiOiJodHRwczpcL1wvbHVmdHplaXRlbi5kZVwvd3AtY29udGVudFwvdXBsb2Fkc1wvMjAyNVwvMDdcL0x1ZnR6ZWl0ZW5fVGFuZGVuZmxpZWdlbl9JbXByZXNzaW9uZW4xMC5qcGVnIiwic2xpZGVzaG93IjoiNGRlNDJkYSJ9\">\n\t\t\t\t\t<div class=\"e-gallery-image elementor-gallery-item__image\" data-thumbnail=\"https:\/\/luftzeiten.de\/wp-content\/uploads\/2025\/07\/Luftzeiten_Tandenfliegen_Impressionen10.jpeg\" data-width=\"370\" data-height=\"470\" aria-label=\"Paragliding in the blue sky with a red parachute, over the trees.\" role=\"img\" ><\/div>\n\t\t\t\t\t\t\t\t\t\t\t<div class=\"elementor-gallery-item__overlay\"><\/div>\n\t\t\t\t\t\t\t\t\t\t\t\t\t\t<\/a>\n\t\t\t\t\t\t\t<a class=\"e-gallery-item elementor-gallery-item elementor-animated-content\" href=\"https:\/\/luftzeiten.de\/wp-content\/uploads\/2025\/07\/Luftzeiten_Tandenfliegen_Impressionen11.jpeg\" data-elementor-open-lightbox=\"yes\" data-elementor-lightbox-slideshow=\"4de42da\" data-e-action-hash=\"#elementor-action%3Aaction%3Dlightbox%26settings%3DeyJpZCI6NTIyLCJ1cmwiOiJodHRwczpcL1wvbHVmdHplaXRlbi5kZVwvd3AtY29udGVudFwvdXBsb2Fkc1wvMjAyNVwvMDdcL0x1ZnR6ZWl0ZW5fVGFuZGVuZmxpZWdlbl9JbXByZXNzaW9uZW4xMS5qcGVnIiwic2xpZGVzaG93IjoiNGRlNDJkYSJ9\">\n\t\t\t\t\t<div class=\"e-gallery-image elementor-gallery-item__image\" data-thumbnail=\"https:\/\/luftzeiten.de\/wp-content\/uploads\/2025\/07\/Luftzeiten_Tandenfliegen_Impressionen11.jpeg\" data-width=\"470\" data-height=\"353\" aria-label=\"Paraglider with companion paragliding in the mountains.\" role=\"img\" ><\/div>\n\t\t\t\t\t\t\t\t\t\t\t<div class=\"elementor-gallery-item__overlay\"><\/div>\n\t\t\t\t\t\t\t\t\t\t\t\t\t\t<\/a>\n\t\t\t\t\t\t\t<a class=\"e-gallery-item elementor-gallery-item elementor-animated-content\" href=\"https:\/\/luftzeiten.de\/wp-content\/uploads\/2025\/07\/Luftzeiten_Tandenfliegen_Impressionen12.jpeg\" data-elementor-open-lightbox=\"yes\" data-elementor-lightbox-slideshow=\"4de42da\" data-e-action-hash=\"#elementor-action%3Aaction%3Dlightbox%26settings%3DeyJpZCI6NTIzLCJ1cmwiOiJodHRwczpcL1wvbHVmdHplaXRlbi5kZVwvd3AtY29udGVudFwvdXBsb2Fkc1wvMjAyNVwvMDdcL0x1ZnR6ZWl0ZW5fVGFuZGVuZmxpZWdlbl9JbXByZXNzaW9uZW4xMi5qcGVnIiwic2xpZGVzaG93IjoiNGRlNDJkYSJ9\">\n\t\t\t\t\t<div class=\"e-gallery-image elementor-gallery-item__image\" data-thumbnail=\"https:\/\/luftzeiten.de\/wp-content\/uploads\/2025\/07\/Luftzeiten_Tandenfliegen_Impressionen12.jpeg\" data-width=\"470\" data-height=\"353\" aria-label=\"Paraglider in flight over the mountains, blue sky, nature, adventure.\" role=\"img\" ><\/div>\n\t\t\t\t\t\t\t\t\t\t\t<div class=\"elementor-gallery-item__overlay\"><\/div>\n\t\t\t\t\t\t\t\t\t\t\t\t\t\t<\/a>\n\t\t\t\t\t\t\t<a class=\"e-gallery-item elementor-gallery-item elementor-animated-content\" href=\"https:\/\/luftzeiten.de\/wp-content\/uploads\/2025\/07\/Luftzeiten_Tandenfliegen_Impressionen13.jpeg\" data-elementor-open-lightbox=\"yes\" data-elementor-lightbox-slideshow=\"4de42da\" data-e-action-hash=\"#elementor-action%3Aaction%3Dlightbox%26settings%3DeyJpZCI6NTI0LCJ1cmwiOiJodHRwczpcL1wvbHVmdHplaXRlbi5kZVwvd3AtY29udGVudFwvdXBsb2Fkc1wvMjAyNVwvMDdcL0x1ZnR6ZWl0ZW5fVGFuZGVuZmxpZWdlbl9JbXByZXNzaW9uZW4xMy5qcGVnIiwic2xpZGVzaG93IjoiNGRlNDJkYSJ9\">\n\t\t\t\t\t<div class=\"e-gallery-image elementor-gallery-item__image\" data-thumbnail=\"https:\/\/luftzeiten.de\/wp-content\/uploads\/2025\/07\/Luftzeiten_Tandenfliegen_Impressionen13.jpeg\" data-width=\"370\" data-height=\"470\" aria-label=\"Paragliding in autumn with colourful leaves and a blue sky.\" role=\"img\" ><\/div>\n\t\t\t\t\t\t\t\t\t\t\t<div class=\"elementor-gallery-item__overlay\"><\/div>\n\t\t\t\t\t\t\t\t\t\t\t\t\t\t<\/a>\n\t\t\t\t\t\t\t<a class=\"e-gallery-item elementor-gallery-item elementor-animated-content\" href=\"https:\/\/luftzeiten.de\/wp-content\/uploads\/2025\/07\/Luftzeiten_Tandenfliegen_Impressionen14.jpeg\" data-elementor-open-lightbox=\"yes\" data-elementor-lightbox-slideshow=\"4de42da\" data-e-action-hash=\"#elementor-action%3Aaction%3Dlightbox%26settings%3DeyJpZCI6NTI1LCJ1cmwiOiJodHRwczpcL1wvbHVmdHplaXRlbi5kZVwvd3AtY29udGVudFwvdXBsb2Fkc1wvMjAyNVwvMDdcL0x1ZnR6ZWl0ZW5fVGFuZGVuZmxpZWdlbl9JbXByZXNzaW9uZW4xNC5qcGVnIiwic2xpZGVzaG93IjoiNGRlNDJkYSJ9\">\n\t\t\t\t\t<div class=\"e-gallery-image elementor-gallery-item__image\" data-thumbnail=\"https:\/\/luftzeiten.de\/wp-content\/uploads\/2025\/07\/Luftzeiten_Tandenfliegen_Impressionen14.jpeg\" data-width=\"370\" data-height=\"470\" aria-label=\"Paraglider starting with accompaniment in the mountains, preparing for flight.\" role=\"img\" ><\/div>\n\t\t\t\t\t\t\t\t\t\t\t<div class=\"elementor-gallery-item__overlay\"><\/div>\n\t\t\t\t\t\t\t\t\t\t\t\t\t\t<\/a>\n\t\t\t\t\t\t\t<a class=\"e-gallery-item elementor-gallery-item elementor-animated-content\" href=\"https:\/\/luftzeiten.de\/wp-content\/uploads\/2025\/07\/Luftzeiten_Tandenfliegen_Impressionen16.jpeg\" data-elementor-open-lightbox=\"yes\" data-elementor-lightbox-slideshow=\"4de42da\" data-e-action-hash=\"#elementor-action%3Aaction%3Dlightbox%26settings%3DeyJpZCI6NTI3LCJ1cmwiOiJodHRwczpcL1wvbHVmdHplaXRlbi5kZVwvd3AtY29udGVudFwvdXBsb2Fkc1wvMjAyNVwvMDdcL0x1ZnR6ZWl0ZW5fVGFuZGVuZmxpZWdlbl9JbXByZXNzaW9uZW4xNi5qcGVnIiwic2xpZGVzaG93IjoiNGRlNDJkYSJ9\">\n\t\t\t\t\t<div class=\"e-gallery-image elementor-gallery-item__image\" data-thumbnail=\"https:\/\/luftzeiten.de\/wp-content\/uploads\/2025\/07\/Luftzeiten_Tandenfliegen_Impressionen16.jpeg\" data-width=\"370\" data-height=\"470\" aria-label=\"Mountain landscape with forest, sky and clouds, view of nature and mountains.\" role=\"img\" ><\/div>\n\t\t\t\t\t\t\t\t\t\t\t<div class=\"elementor-gallery-item__overlay\"><\/div>\n\t\t\t\t\t\t\t\t\t\t\t\t\t\t<\/a>\n\t\t\t\t\t\t\t<a class=\"e-gallery-item elementor-gallery-item elementor-animated-content\" href=\"https:\/\/luftzeiten.de\/wp-content\/uploads\/2025\/07\/Luftzeiten_Tandenfliegen_Impressionen17.jpeg\" data-elementor-open-lightbox=\"yes\" data-elementor-lightbox-slideshow=\"4de42da\" data-e-action-hash=\"#elementor-action%3Aaction%3Dlightbox%26settings%3DeyJpZCI6NTI4LCJ1cmwiOiJodHRwczpcL1wvbHVmdHplaXRlbi5kZVwvd3AtY29udGVudFwvdXBsb2Fkc1wvMjAyNVwvMDdcL0x1ZnR6ZWl0ZW5fVGFuZGVuZmxpZWdlbl9JbXByZXNzaW9uZW4xNy5qcGVnIiwic2xpZGVzaG93IjoiNGRlNDJkYSJ9\">\n\t\t\t\t\t<div class=\"e-gallery-image elementor-gallery-item__image\" data-thumbnail=\"https:\/\/luftzeiten.de\/wp-content\/uploads\/2025\/07\/Luftzeiten_Tandenfliegen_Impressionen17.jpeg\" data-width=\"470\" data-height=\"353\" aria-label=\"Paragliders in the air with a view of the landscape and the valley.\" role=\"img\" ><\/div>\n\t\t\t\t\t\t\t\t\t\t\t<div class=\"elementor-gallery-item__overlay\"><\/div>\n\t\t\t\t\t\t\t\t\t\t\t\t\t\t<\/a>\n\t\t\t\t\t\t\t<a class=\"e-gallery-item elementor-gallery-item elementor-animated-content\" href=\"https:\/\/luftzeiten.de\/wp-content\/uploads\/2025\/07\/Luftzeiten_Tandenfliegen_Impressionen18.jpeg\" data-elementor-open-lightbox=\"yes\" data-elementor-lightbox-slideshow=\"4de42da\" data-e-action-hash=\"#elementor-action%3Aaction%3Dlightbox%26settings%3DeyJpZCI6NTI5LCJ1cmwiOiJodHRwczpcL1wvbHVmdHplaXRlbi5kZVwvd3AtY29udGVudFwvdXBsb2Fkc1wvMjAyNVwvMDdcL0x1ZnR6ZWl0ZW5fVGFuZGVuZmxpZWdlbl9JbXByZXNzaW9uZW4xOC5qcGVnIiwic2xpZGVzaG93IjoiNGRlNDJkYSJ9\">\n\t\t\t\t\t<div class=\"e-gallery-image elementor-gallery-item__image\" data-thumbnail=\"https:\/\/luftzeiten.de\/wp-content\/uploads\/2025\/07\/Luftzeiten_Tandenfliegen_Impressionen18.jpeg\" data-width=\"370\" data-height=\"470\" aria-label=\"Helmet with &quot;Air Time&quot; inscription, suitable for aviation and air sports.\" role=\"img\" ><\/div>\n\t\t\t\t\t\t\t\t\t\t\t<div class=\"elementor-gallery-item__overlay\"><\/div>\n\t\t\t\t\t\t\t\t\t\t\t\t\t\t<\/a>\n\t\t\t\t\t\t\t<a class=\"e-gallery-item elementor-gallery-item elementor-animated-content\" href=\"https:\/\/luftzeiten.de\/wp-content\/uploads\/2025\/07\/Luftzeiten_Tandenfliegen_Impressionen19.jpeg\" data-elementor-open-lightbox=\"yes\" data-elementor-lightbox-slideshow=\"4de42da\" data-e-action-hash=\"#elementor-action%3Aaction%3Dlightbox%26settings%3DeyJpZCI6NTMwLCJ1cmwiOiJodHRwczpcL1wvbHVmdHplaXRlbi5kZVwvd3AtY29udGVudFwvdXBsb2Fkc1wvMjAyNVwvMDdcL0x1ZnR6ZWl0ZW5fVGFuZGVuZmxpZWdlbl9JbXByZXNzaW9uZW4xOS5qcGVnIiwic2xpZGVzaG93IjoiNGRlNDJkYSJ9\">\n\t\t\t\t\t<div class=\"e-gallery-image elementor-gallery-item__image\" data-thumbnail=\"https:\/\/luftzeiten.de\/wp-content\/uploads\/2025\/07\/Luftzeiten_Tandenfliegen_Impressionen19.jpeg\" data-width=\"470\" data-height=\"353\" aria-label=\"Paragliders launching in the mountains, with a blue sky and clouds in the background.\" role=\"img\" ><\/div>\n\t\t\t\t\t\t\t\t\t\t\t<div class=\"elementor-gallery-item__overlay\"><\/div>\n\t\t\t\t\t\t\t\t\t\t\t\t\t\t<\/a>\n\t\t\t\t\t\t\t<a class=\"e-gallery-item elementor-gallery-item elementor-animated-content\" href=\"https:\/\/luftzeiten.de\/wp-content\/uploads\/2025\/07\/Luftzeiten_Tandenfliegen_Impressionen20.jpeg\" data-elementor-open-lightbox=\"yes\" data-elementor-lightbox-slideshow=\"4de42da\" data-e-action-hash=\"#elementor-action%3Aaction%3Dlightbox%26settings%3DeyJpZCI6NTMxLCJ1cmwiOiJodHRwczpcL1wvbHVmdHplaXRlbi5kZVwvd3AtY29udGVudFwvdXBsb2Fkc1wvMjAyNVwvMDdcL0x1ZnR6ZWl0ZW5fVGFuZGVuZmxpZWdlbl9JbXByZXNzaW9uZW4yMC5qcGVnIiwic2xpZGVzaG93IjoiNGRlNDJkYSJ9\">\n\t\t\t\t\t<div class=\"e-gallery-image elementor-gallery-item__image\" data-thumbnail=\"https:\/\/luftzeiten.de\/wp-content\/uploads\/2025\/07\/Luftzeiten_Tandenfliegen_Impressionen20.jpeg\" data-width=\"370\" data-height=\"470\" aria-label=\"Paraglider wearing a helmet and sunglasses, ready for flight in the mountains.\" role=\"img\" ><\/div>\n\t\t\t\t\t\t\t\t\t\t\t<div class=\"elementor-gallery-item__overlay\"><\/div>\n\t\t\t\t\t\t\t\t\t\t\t\t\t\t<\/a>\n\t\t\t\t\t\t\t<a class=\"e-gallery-item elementor-gallery-item elementor-animated-content\" href=\"https:\/\/luftzeiten.de\/wp-content\/uploads\/2025\/07\/Luftzeiten_Tandenfliegen_Impressionen21.jpeg\" data-elementor-open-lightbox=\"yes\" data-elementor-lightbox-slideshow=\"4de42da\" data-e-action-hash=\"#elementor-action%3Aaction%3Dlightbox%26settings%3DeyJpZCI6NTMyLCJ1cmwiOiJodHRwczpcL1wvbHVmdHplaXRlbi5kZVwvd3AtY29udGVudFwvdXBsb2Fkc1wvMjAyNVwvMDdcL0x1ZnR6ZWl0ZW5fVGFuZGVuZmxpZWdlbl9JbXByZXNzaW9uZW4yMS5qcGVnIiwic2xpZGVzaG93IjoiNGRlNDJkYSJ9\">\n\t\t\t\t\t<div class=\"e-gallery-image elementor-gallery-item__image\" data-thumbnail=\"https:\/\/luftzeiten.de\/wp-content\/uploads\/2025\/07\/Luftzeiten_Tandenfliegen_Impressionen21.jpeg\" data-width=\"370\" data-height=\"470\" aria-label=\"Motorcyclist with helmet and goggles in the Alps.\" role=\"img\" ><\/div>\n\t\t\t\t\t\t\t\t\t\t\t<div class=\"elementor-gallery-item__overlay\"><\/div>\n\t\t\t\t\t\t\t\t\t\t\t\t\t\t<\/a>\n\t\t\t\t\t\t\t<a class=\"e-gallery-item elementor-gallery-item elementor-animated-content\" href=\"https:\/\/luftzeiten.de\/wp-content\/uploads\/2025\/07\/Luftzeiten_Tandenfliegen_Impressionen22.jpeg\" data-elementor-open-lightbox=\"yes\" data-elementor-lightbox-slideshow=\"4de42da\" data-e-action-hash=\"#elementor-action%3Aaction%3Dlightbox%26settings%3DeyJpZCI6NTMzLCJ1cmwiOiJodHRwczpcL1wvbHVmdHplaXRlbi5kZVwvd3AtY29udGVudFwvdXBsb2Fkc1wvMjAyNVwvMDdcL0x1ZnR6ZWl0ZW5fVGFuZGVuZmxpZWdlbl9JbXByZXNzaW9uZW4yMi5qcGVnIiwic2xpZGVzaG93IjoiNGRlNDJkYSJ9\">\n\t\t\t\t\t<div class=\"e-gallery-image elementor-gallery-item__image\" data-thumbnail=\"https:\/\/luftzeiten.de\/wp-content\/uploads\/2025\/07\/Luftzeiten_Tandenfliegen_Impressionen22.jpeg\" data-width=\"370\" data-height=\"470\" aria-label=\"Woman paragliding with helmet and sunglasses in the mountains.\" role=\"img\" ><\/div>\n\t\t\t\t\t\t\t\t\t\t\t<div class=\"elementor-gallery-item__overlay\"><\/div>\n\t\t\t\t\t\t\t\t\t\t\t\t\t\t<\/a>\n\t\t\t\t\t\t\t<a class=\"e-gallery-item elementor-gallery-item elementor-animated-content\" href=\"https:\/\/luftzeiten.de\/wp-content\/uploads\/2025\/07\/Luftzeiten_Tandenfliegen_Impressionen23.jpeg\" data-elementor-open-lightbox=\"yes\" data-elementor-lightbox-slideshow=\"4de42da\" data-e-action-hash=\"#elementor-action%3Aaction%3Dlightbox%26settings%3DeyJpZCI6NTM0LCJ1cmwiOiJodHRwczpcL1wvbHVmdHplaXRlbi5kZVwvd3AtY29udGVudFwvdXBsb2Fkc1wvMjAyNVwvMDdcL0x1ZnR6ZWl0ZW5fVGFuZGVuZmxpZWdlbl9JbXByZXNzaW9uZW4yMy5qcGVnIiwic2xpZGVzaG93IjoiNGRlNDJkYSJ9\">\n\t\t\t\t\t<div class=\"e-gallery-image elementor-gallery-item__image\" data-thumbnail=\"https:\/\/luftzeiten.de\/wp-content\/uploads\/2025\/07\/Luftzeiten_Tandenfliegen_Impressionen23.jpeg\" data-width=\"470\" data-height=\"353\" aria-label=\"Gleitschirmflieger in der Luft mit Blick auf die Berge und den Himmel.\" role=\"img\" ><\/div>\n\t\t\t\t\t\t\t\t\t\t\t<div class=\"elementor-gallery-item__overlay\"><\/div>\n\t\t\t\t\t\t\t\t\t\t\t\t\t\t<\/a>\n\t\t\t\t\t\t\t<a class=\"e-gallery-item elementor-gallery-item elementor-animated-content\" href=\"https:\/\/luftzeiten.de\/wp-content\/uploads\/2025\/07\/Luftzeiten_Tandenfliegen_Impressionen24.jpeg\" data-elementor-open-lightbox=\"yes\" data-elementor-lightbox-slideshow=\"4de42da\" data-e-action-hash=\"#elementor-action%3Aaction%3Dlightbox%26settings%3DeyJpZCI6NTM1LCJ1cmwiOiJodHRwczpcL1wvbHVmdHplaXRlbi5kZVwvd3AtY29udGVudFwvdXBsb2Fkc1wvMjAyNVwvMDdcL0x1ZnR6ZWl0ZW5fVGFuZGVuZmxpZWdlbl9JbXByZXNzaW9uZW4yNC5qcGVnIiwic2xpZGVzaG93IjoiNGRlNDJkYSJ9\">\n\t\t\t\t\t<div class=\"e-gallery-image elementor-gallery-item__image\" data-thumbnail=\"https:\/\/luftzeiten.de\/wp-content\/uploads\/2025\/07\/Luftzeiten_Tandenfliegen_Impressionen24.jpeg\" data-width=\"370\" data-height=\"470\" aria-label=\"Helmet with &quot;Luftzeiten&quot; inscription, view of the landscape.\" role=\"img\" ><\/div>\n\t\t\t\t\t\t\t\t\t\t\t<div class=\"elementor-gallery-item__overlay\"><\/div>\n\t\t\t\t\t\t\t\t\t\t\t\t\t\t<\/a>\n\t\t\t\t\t\t\t<a class=\"e-gallery-item elementor-gallery-item elementor-animated-content\" href=\"https:\/\/luftzeiten.de\/wp-content\/uploads\/2025\/07\/Luftzeiten_Tandenfliegen_Impressionen25.jpeg\" data-elementor-open-lightbox=\"yes\" data-elementor-lightbox-slideshow=\"4de42da\" data-e-action-hash=\"#elementor-action%3Aaction%3Dlightbox%26settings%3DeyJpZCI6NTM2LCJ1cmwiOiJodHRwczpcL1wvbHVmdHplaXRlbi5kZVwvd3AtY29udGVudFwvdXBsb2Fkc1wvMjAyNVwvMDdcL0x1ZnR6ZWl0ZW5fVGFuZGVuZmxpZWdlbl9JbXByZXNzaW9uZW4yNS5qcGVnIiwic2xpZGVzaG93IjoiNGRlNDJkYSJ9\">\n\t\t\t\t\t<div class=\"e-gallery-image elementor-gallery-item__image\" data-thumbnail=\"https:\/\/luftzeiten.de\/wp-content\/uploads\/2025\/07\/Luftzeiten_Tandenfliegen_Impressionen25.jpeg\" data-width=\"370\" data-height=\"470\" aria-label=\"A paragliding couple high in the air with views of green hills and clouds.\" role=\"img\" ><\/div>\n\t\t\t\t\t\t\t\t\t\t\t<div class=\"elementor-gallery-item__overlay\"><\/div>\n\t\t\t\t\t\t\t\t\t\t\t\t\t\t<\/a>\n\t\t\t\t\t\t\t<a class=\"e-gallery-item elementor-gallery-item elementor-animated-content\" href=\"https:\/\/luftzeiten.de\/wp-content\/uploads\/2025\/07\/Luftzeiten_Tandenfliegen_Impressionen26.jpeg\" data-elementor-open-lightbox=\"yes\" data-elementor-lightbox-slideshow=\"4de42da\" data-e-action-hash=\"#elementor-action%3Aaction%3Dlightbox%26settings%3DeyJpZCI6NTM3LCJ1cmwiOiJodHRwczpcL1wvbHVmdHplaXRlbi5kZVwvd3AtY29udGVudFwvdXBsb2Fkc1wvMjAyNVwvMDdcL0x1ZnR6ZWl0ZW5fVGFuZGVuZmxpZWdlbl9JbXByZXNzaW9uZW4yNi5qcGVnIiwic2xpZGVzaG93IjoiNGRlNDJkYSJ9\">\n\t\t\t\t\t<div class=\"e-gallery-image elementor-gallery-item__image\" data-thumbnail=\"https:\/\/luftzeiten.de\/wp-content\/uploads\/2025\/07\/Luftzeiten_Tandenfliegen_Impressionen26.jpeg\" data-width=\"470\" data-height=\"353\" aria-label=\"Paraglider with child in the air, panoramic view of nature and mountains.\" role=\"img\" ><\/div>\n\t\t\t\t\t\t\t\t\t\t\t<div class=\"elementor-gallery-item__overlay\"><\/div>\n\t\t\t\t\t\t\t\t\t\t\t\t\t\t<\/a>\n\t\t\t\t\t\t\t<a class=\"e-gallery-item elementor-gallery-item elementor-animated-content\" href=\"https:\/\/luftzeiten.de\/wp-content\/uploads\/2025\/07\/Luftzeiten_Tandenfliegen_Impressionen27.jpeg\" data-elementor-open-lightbox=\"yes\" data-elementor-lightbox-slideshow=\"4de42da\" data-e-action-hash=\"#elementor-action%3Aaction%3Dlightbox%26settings%3DeyJpZCI6NTM4LCJ1cmwiOiJodHRwczpcL1wvbHVmdHplaXRlbi5kZVwvd3AtY29udGVudFwvdXBsb2Fkc1wvMjAyNVwvMDdcL0x1ZnR6ZWl0ZW5fVGFuZGVuZmxpZWdlbl9JbXByZXNzaW9uZW4yNy5qcGVnIiwic2xpZGVzaG93IjoiNGRlNDJkYSJ9\">\n\t\t\t\t\t<div class=\"e-gallery-image elementor-gallery-item__image\" data-thumbnail=\"https:\/\/luftzeiten.de\/wp-content\/uploads\/2025\/07\/Luftzeiten_Tandenfliegen_Impressionen27.jpeg\" data-width=\"370\" data-height=\"470\" aria-label=\"Two paragliders are flying high above a green mountain landscape.\" role=\"img\" ><\/div>\n\t\t\t\t\t\t\t\t\t\t\t<div class=\"elementor-gallery-item__overlay\"><\/div>\n\t\t\t\t\t\t\t\t\t\t\t\t\t\t<\/a>\n\t\t\t\t\t\t\t<a class=\"e-gallery-item elementor-gallery-item elementor-animated-content\" href=\"https:\/\/luftzeiten.de\/wp-content\/uploads\/2025\/07\/Luftzeiten_Tandenfliegen_Impressionen28.jpeg\" data-elementor-open-lightbox=\"yes\" data-elementor-lightbox-slideshow=\"4de42da\" data-e-action-hash=\"#elementor-action%3Aaction%3Dlightbox%26settings%3DeyJpZCI6NTM5LCJ1cmwiOiJodHRwczpcL1wvbHVmdHplaXRlbi5kZVwvd3AtY29udGVudFwvdXBsb2Fkc1wvMjAyNVwvMDdcL0x1ZnR6ZWl0ZW5fVGFuZGVuZmxpZWdlbl9JbXByZXNzaW9uZW4yOC5qcGVnIiwic2xpZGVzaG93IjoiNGRlNDJkYSJ9\">\n\t\t\t\t\t<div class=\"e-gallery-image elementor-gallery-item__image\" data-thumbnail=\"https:\/\/luftzeiten.de\/wp-content\/uploads\/2025\/07\/Luftzeiten_Tandenfliegen_Impressionen28.jpeg\" data-width=\"370\" data-height=\"470\" aria-label=\"Paragliders in nature, ready for launch.\" role=\"img\" ><\/div>\n\t\t\t\t\t\t\t\t\t\t\t<div class=\"elementor-gallery-item__overlay\"><\/div>\n\t\t\t\t\t\t\t\t\t\t\t\t\t\t<\/a>\n\t\t\t\t\t\t\t<a class=\"e-gallery-item elementor-gallery-item elementor-animated-content\" href=\"https:\/\/luftzeiten.de\/wp-content\/uploads\/2025\/07\/Luftzeiten_Tandenfliegen_Impressionen29.jpeg\" data-elementor-open-lightbox=\"yes\" data-elementor-lightbox-slideshow=\"4de42da\" data-e-action-hash=\"#elementor-action%3Aaction%3Dlightbox%26settings%3DeyJpZCI6NTQwLCJ1cmwiOiJodHRwczpcL1wvbHVmdHplaXRlbi5kZVwvd3AtY29udGVudFwvdXBsb2Fkc1wvMjAyNVwvMDdcL0x1ZnR6ZWl0ZW5fVGFuZGVuZmxpZWdlbl9JbXByZXNzaW9uZW4yOS5qcGVnIiwic2xpZGVzaG93IjoiNGRlNDJkYSJ9\">\n\t\t\t\t\t<div class=\"e-gallery-image elementor-gallery-item__image\" data-thumbnail=\"https:\/\/luftzeiten.de\/wp-content\/uploads\/2025\/07\/Luftzeiten_Tandenfliegen_Impressionen29.jpeg\" data-width=\"470\" data-height=\"353\" aria-label=\"Paraglider in the air overlooking green landscape and mountains.\" role=\"img\" ><\/div>\n\t\t\t\t\t\t\t\t\t\t\t<div class=\"elementor-gallery-item__overlay\"><\/div>\n\t\t\t\t\t\t\t\t\t\t\t\t\t\t<\/a>\n\t\t\t\t\t\t\t<a class=\"e-gallery-item elementor-gallery-item elementor-animated-content\" href=\"https:\/\/luftzeiten.de\/wp-content\/uploads\/2025\/07\/Luftzeiten_Tandenfliegen_Impressionen30.jpeg\" data-elementor-open-lightbox=\"yes\" data-elementor-lightbox-slideshow=\"4de42da\" data-e-action-hash=\"#elementor-action%3Aaction%3Dlightbox%26settings%3DeyJpZCI6NTQxLCJ1cmwiOiJodHRwczpcL1wvbHVmdHplaXRlbi5kZVwvd3AtY29udGVudFwvdXBsb2Fkc1wvMjAyNVwvMDdcL0x1ZnR6ZWl0ZW5fVGFuZGVuZmxpZWdlbl9JbXByZXNzaW9uZW4zMC5qcGVnIiwic2xpZGVzaG93IjoiNGRlNDJkYSJ9\">\n\t\t\t\t\t<div class=\"e-gallery-image elementor-gallery-item__image\" data-thumbnail=\"https:\/\/luftzeiten.de\/wp-content\/uploads\/2025\/07\/Luftzeiten_Tandenfliegen_Impressionen30.jpeg\" data-width=\"370\" data-height=\"470\" aria-label=\"A balloon flies over an autumnal forest with colourful leaves.\" role=\"img\" ><\/div>\n\t\t\t\t\t\t\t\t\t\t\t<div class=\"elementor-gallery-item__overlay\"><\/div>\n\t\t\t\t\t\t\t\t\t\t\t\t\t\t<\/a>\n\t\t\t\t\t\t\t<a class=\"e-gallery-item elementor-gallery-item elementor-animated-content\" href=\"https:\/\/luftzeiten.de\/wp-content\/uploads\/2025\/07\/Luftzeiten_Tandenfliegen_Impressionen31.jpeg\" data-elementor-open-lightbox=\"yes\" data-elementor-lightbox-slideshow=\"4de42da\" data-e-action-hash=\"#elementor-action%3Aaction%3Dlightbox%26settings%3DeyJpZCI6NTQyLCJ1cmwiOiJodHRwczpcL1wvbHVmdHplaXRlbi5kZVwvd3AtY29udGVudFwvdXBsb2Fkc1wvMjAyNVwvMDdcL0x1ZnR6ZWl0ZW5fVGFuZGVuZmxpZWdlbl9JbXByZXNzaW9uZW4zMS5qcGVnIiwic2xpZGVzaG93IjoiNGRlNDJkYSJ9\">\n\t\t\t\t\t<div class=\"e-gallery-image elementor-gallery-item__image\" data-thumbnail=\"https:\/\/luftzeiten.de\/wp-content\/uploads\/2025\/07\/Luftzeiten_Tandenfliegen_Impressionen31.jpeg\" data-width=\"370\" data-height=\"470\" aria-label=\"Paraglider with helmet and sunglasses in the mountains.\" role=\"img\" ><\/div>\n\t\t\t\t\t\t\t\t\t\t\t<div class=\"elementor-gallery-item__overlay\"><\/div>\n\t\t\t\t\t\t\t\t\t\t\t\t\t\t<\/a>\n\t\t\t\t\t\t\t<a class=\"e-gallery-item elementor-gallery-item elementor-animated-content\" href=\"https:\/\/luftzeiten.de\/wp-content\/uploads\/2025\/07\/Luftzeiten_Tandenfliegen_Impressionen32.jpeg\" data-elementor-open-lightbox=\"yes\" data-elementor-lightbox-slideshow=\"4de42da\" data-e-action-hash=\"#elementor-action%3Aaction%3Dlightbox%26settings%3DeyJpZCI6NTQzLCJ1cmwiOiJodHRwczpcL1wvbHVmdHplaXRlbi5kZVwvd3AtY29udGVudFwvdXBsb2Fkc1wvMjAyNVwvMDdcL0x1ZnR6ZWl0ZW5fVGFuZGVuZmxpZWdlbl9JbXByZXNzaW9uZW4zMi5qcGVnIiwic2xpZGVzaG93IjoiNGRlNDJkYSJ9\">\n\t\t\t\t\t<div class=\"e-gallery-image elementor-gallery-item__image\" data-thumbnail=\"https:\/\/luftzeiten.de\/wp-content\/uploads\/2025\/07\/Luftzeiten_Tandenfliegen_Impressionen32.jpeg\" data-width=\"370\" data-height=\"470\" aria-label=\"Motorcyclist wearing a helmet and goggles on a mountain road.\" role=\"img\" ><\/div>\n\t\t\t\t\t\t\t\t\t\t\t<div class=\"elementor-gallery-item__overlay\"><\/div>\n\t\t\t\t\t\t\t\t\t\t\t\t\t\t<\/a>\n\t\t\t\t\t\t\t<a class=\"e-gallery-item elementor-gallery-item elementor-animated-content\" href=\"https:\/\/luftzeiten.de\/wp-content\/uploads\/2025\/07\/Luftzeiten_Tandenfliegen_Impressionen33.jpeg\" data-elementor-open-lightbox=\"yes\" data-elementor-lightbox-slideshow=\"4de42da\" data-e-action-hash=\"#elementor-action%3Aaction%3Dlightbox%26settings%3DeyJpZCI6NTQ0LCJ1cmwiOiJodHRwczpcL1wvbHVmdHplaXRlbi5kZVwvd3AtY29udGVudFwvdXBsb2Fkc1wvMjAyNVwvMDdcL0x1ZnR6ZWl0ZW5fVGFuZGVuZmxpZWdlbl9JbXByZXNzaW9uZW4zMy5qcGVnIiwic2xpZGVzaG93IjoiNGRlNDJkYSJ9\">\n\t\t\t\t\t<div class=\"e-gallery-image elementor-gallery-item__image\" data-thumbnail=\"https:\/\/luftzeiten.de\/wp-content\/uploads\/2025\/07\/Luftzeiten_Tandenfliegen_Impressionen33.jpeg\" data-width=\"470\" data-height=\"353\" aria-label=\"Paragliders in the air with colourful canopy lines over green countryside.\" role=\"img\" ><\/div>\n\t\t\t\t\t\t\t\t\t\t\t<div class=\"elementor-gallery-item__overlay\"><\/div>\n\t\t\t\t\t\t\t\t\t\t\t\t\t\t<\/a>\n\t\t\t\t\t\t\t<a class=\"e-gallery-item elementor-gallery-item elementor-animated-content\" href=\"https:\/\/luftzeiten.de\/wp-content\/uploads\/2025\/07\/Luftzeiten_Tandenfliegen_Impressionen34.jpeg\" data-elementor-open-lightbox=\"yes\" data-elementor-lightbox-slideshow=\"4de42da\" data-e-action-hash=\"#elementor-action%3Aaction%3Dlightbox%26settings%3DeyJpZCI6NTQ1LCJ1cmwiOiJodHRwczpcL1wvbHVmdHplaXRlbi5kZVwvd3AtY29udGVudFwvdXBsb2Fkc1wvMjAyNVwvMDdcL0x1ZnR6ZWl0ZW5fVGFuZGVuZmxpZWdlbl9JbXByZXNzaW9uZW4zNC5qcGVnIiwic2xpZGVzaG93IjoiNGRlNDJkYSJ9\">\n\t\t\t\t\t<div class=\"e-gallery-image elementor-gallery-item__image\" data-thumbnail=\"https:\/\/luftzeiten.de\/wp-content\/uploads\/2025\/07\/Luftzeiten_Tandenfliegen_Impressionen34.jpeg\" data-width=\"470\" data-height=\"353\" aria-label=\"Paragliding in the air at sunset, two people flying high above the landscape.\" role=\"img\" ><\/div>\n\t\t\t\t\t\t\t\t\t\t\t<div class=\"elementor-gallery-item__overlay\"><\/div>\n\t\t\t\t\t\t\t\t\t\t\t\t\t\t<\/a>\n\t\t\t\t\t\t\t<a class=\"e-gallery-item elementor-gallery-item elementor-animated-content\" href=\"https:\/\/luftzeiten.de\/wp-content\/uploads\/2025\/07\/Luftzeiten_Tandenfliegen_Impressionen35.jpeg\" data-elementor-open-lightbox=\"yes\" data-elementor-lightbox-slideshow=\"4de42da\" data-e-action-hash=\"#elementor-action%3Aaction%3Dlightbox%26settings%3DeyJpZCI6NTQ2LCJ1cmwiOiJodHRwczpcL1wvbHVmdHplaXRlbi5kZVwvd3AtY29udGVudFwvdXBsb2Fkc1wvMjAyNVwvMDdcL0x1ZnR6ZWl0ZW5fVGFuZGVuZmxpZWdlbl9JbXByZXNzaW9uZW4zNS5qcGVnIiwic2xpZGVzaG93IjoiNGRlNDJkYSJ9\">\n\t\t\t\t\t<div class=\"e-gallery-image elementor-gallery-item__image\" data-thumbnail=\"https:\/\/luftzeiten.de\/wp-content\/uploads\/2025\/07\/Luftzeiten_Tandenfliegen_Impressionen35.jpeg\" data-width=\"370\" data-height=\"470\" aria-label=\"Helmet and sunglasses for safe and stylish protection when motorcycling.\" role=\"img\" ><\/div>\n\t\t\t\t\t\t\t\t\t\t\t<div class=\"elementor-gallery-item__overlay\"><\/div>\n\t\t\t\t\t\t\t\t\t\t\t\t\t\t<\/a>\n\t\t\t\t\t\t\t<a class=\"e-gallery-item elementor-gallery-item elementor-animated-content\" href=\"https:\/\/luftzeiten.de\/wp-content\/uploads\/2025\/07\/Luftzeiten_Tandenfliegen_Impressionen36.jpeg\" data-elementor-open-lightbox=\"yes\" data-elementor-lightbox-slideshow=\"4de42da\" data-e-action-hash=\"#elementor-action%3Aaction%3Dlightbox%26settings%3DeyJpZCI6NTQ3LCJ1cmwiOiJodHRwczpcL1wvbHVmdHplaXRlbi5kZVwvd3AtY29udGVudFwvdXBsb2Fkc1wvMjAyNVwvMDdcL0x1ZnR6ZWl0ZW5fVGFuZGVuZmxpZWdlbl9JbXByZXNzaW9uZW4zNi5qcGVnIiwic2xpZGVzaG93IjoiNGRlNDJkYSJ9\">\n\t\t\t\t\t<div class=\"e-gallery-image elementor-gallery-item__image\" data-thumbnail=\"https:\/\/luftzeiten.de\/wp-content\/uploads\/2025\/07\/Luftzeiten_Tandenfliegen_Impressionen36.jpeg\" data-width=\"470\" data-height=\"352\" aria-label=\"Paraglider flying in the sky at sunset.\" role=\"img\" ><\/div>\n\t\t\t\t\t\t\t\t\t\t\t<div class=\"elementor-gallery-item__overlay\"><\/div>\n\t\t\t\t\t\t\t\t\t\t\t\t\t\t<\/a>\n\t\t\t\t\t\t\t<a class=\"e-gallery-item elementor-gallery-item elementor-animated-content\" href=\"https:\/\/luftzeiten.de\/wp-content\/uploads\/2025\/07\/Luftzeiten_Tandenfliegen_Impressionen37.jpeg\" data-elementor-open-lightbox=\"yes\" data-elementor-lightbox-slideshow=\"4de42da\" data-e-action-hash=\"#elementor-action%3Aaction%3Dlightbox%26settings%3DeyJpZCI6NTQ4LCJ1cmwiOiJodHRwczpcL1wvbHVmdHplaXRlbi5kZVwvd3AtY29udGVudFwvdXBsb2Fkc1wvMjAyNVwvMDdcL0x1ZnR6ZWl0ZW5fVGFuZGVuZmxpZWdlbl9JbXByZXNzaW9uZW4zNy5qcGVnIiwic2xpZGVzaG93IjoiNGRlNDJkYSJ9\">\n\t\t\t\t\t<div class=\"e-gallery-image elementor-gallery-item__image\" data-thumbnail=\"https:\/\/luftzeiten.de\/wp-content\/uploads\/2025\/07\/Luftzeiten_Tandenfliegen_Impressionen37.jpeg\" data-width=\"370\" data-height=\"470\" aria-label=\"Experienced mountain biker wearing a helmet and sunglasses in a natural setting.\" role=\"img\" ><\/div>\n\t\t\t\t\t\t\t\t\t\t\t<div class=\"elementor-gallery-item__overlay\"><\/div>\n\t\t\t\t\t\t\t\t\t\t\t\t\t\t<\/a>\n\t\t\t\t\t\t\t<a class=\"e-gallery-item elementor-gallery-item elementor-animated-content\" href=\"https:\/\/luftzeiten.de\/wp-content\/uploads\/2025\/07\/Luftzeiten_Tandenfliegen_Impressionen39.jpeg\" data-elementor-open-lightbox=\"yes\" data-elementor-lightbox-slideshow=\"4de42da\" data-e-action-hash=\"#elementor-action%3Aaction%3Dlightbox%26settings%3DeyJpZCI6NTUwLCJ1cmwiOiJodHRwczpcL1wvbHVmdHplaXRlbi5kZVwvd3AtY29udGVudFwvdXBsb2Fkc1wvMjAyNVwvMDdcL0x1ZnR6ZWl0ZW5fVGFuZGVuZmxpZWdlbl9JbXByZXNzaW9uZW4zOS5qcGVnIiwic2xpZGVzaG93IjoiNGRlNDJkYSJ9\">\n\t\t\t\t\t<div class=\"e-gallery-image elementor-gallery-item__image\" data-thumbnail=\"https:\/\/luftzeiten.de\/wp-content\/uploads\/2025\/07\/Luftzeiten_Tandenfliegen_Impressionen39.jpeg\" data-width=\"370\" data-height=\"470\" aria-label=\"Paraglider with helmet and equipment in the mountains.\" role=\"img\" ><\/div>\n\t\t\t\t\t\t\t\t\t\t\t<div class=\"elementor-gallery-item__overlay\"><\/div>\n\t\t\t\t\t\t\t\t\t\t\t\t\t\t<\/a>\n\t\t\t\t\t\t\t<a class=\"e-gallery-item elementor-gallery-item elementor-animated-content\" href=\"https:\/\/luftzeiten.de\/wp-content\/uploads\/2025\/07\/Luftzeiten_Tandenfliegen_Impressionen40.jpeg\" data-elementor-open-lightbox=\"yes\" data-elementor-lightbox-slideshow=\"4de42da\" data-e-action-hash=\"#elementor-action%3Aaction%3Dlightbox%26settings%3DeyJpZCI6NTUxLCJ1cmwiOiJodHRwczpcL1wvbHVmdHplaXRlbi5kZVwvd3AtY29udGVudFwvdXBsb2Fkc1wvMjAyNVwvMDdcL0x1ZnR6ZWl0ZW5fVGFuZGVuZmxpZWdlbl9JbXByZXNzaW9uZW40MC5qcGVnIiwic2xpZGVzaG93IjoiNGRlNDJkYSJ9\">\n\t\t\t\t\t<div class=\"e-gallery-image elementor-gallery-item__image\" data-thumbnail=\"https:\/\/luftzeiten.de\/wp-content\/uploads\/2025\/07\/Luftzeiten_Tandenfliegen_Impressionen40.jpeg\" data-width=\"370\" data-height=\"470\" aria-label=\"Motorcyclist wearing a helmet with &quot;Air Times&quot; print and sunglasses, ready for a ride.\" role=\"img\" ><\/div>\n\t\t\t\t\t\t\t\t\t\t\t<div class=\"elementor-gallery-item__overlay\"><\/div>\n\t\t\t\t\t\t\t\t\t\t\t\t\t\t<\/a>\n\t\t\t\t\t\t\t<a class=\"e-gallery-item elementor-gallery-item elementor-animated-content\" href=\"https:\/\/luftzeiten.de\/wp-content\/uploads\/2025\/07\/Luftzeiten_Tandenfliegen_Impressionen41.jpeg\" data-elementor-open-lightbox=\"yes\" data-elementor-lightbox-slideshow=\"4de42da\" data-e-action-hash=\"#elementor-action%3Aaction%3Dlightbox%26settings%3DeyJpZCI6NTUyLCJ1cmwiOiJodHRwczpcL1wvbHVmdHplaXRlbi5kZVwvd3AtY29udGVudFwvdXBsb2Fkc1wvMjAyNVwvMDdcL0x1ZnR6ZWl0ZW5fVGFuZGVuZmxpZWdlbl9JbXByZXNzaW9uZW40MS5qcGVnIiwic2xpZGVzaG93IjoiNGRlNDJkYSJ9\">\n\t\t\t\t\t<div class=\"e-gallery-image elementor-gallery-item__image\" data-thumbnail=\"https:\/\/luftzeiten.de\/wp-content\/uploads\/2025\/07\/Luftzeiten_Tandenfliegen_Impressionen41.jpeg\" data-width=\"370\" data-height=\"470\" aria-label=\"Paragliders in the air with a mountain panorama in the background.\" role=\"img\" ><\/div>\n\t\t\t\t\t\t\t\t\t\t\t<div class=\"elementor-gallery-item__overlay\"><\/div>\n\t\t\t\t\t\t\t\t\t\t\t\t\t\t<\/a>\n\t\t\t\t\t\t\t<a class=\"e-gallery-item elementor-gallery-item elementor-animated-content\" href=\"https:\/\/luftzeiten.de\/wp-content\/uploads\/2025\/07\/Luftzeiten_Tandenfliegen_Impressionen42.jpeg\" data-elementor-open-lightbox=\"yes\" data-elementor-lightbox-slideshow=\"4de42da\" data-e-action-hash=\"#elementor-action%3Aaction%3Dlightbox%26settings%3DeyJpZCI6NTUzLCJ1cmwiOiJodHRwczpcL1wvbHVmdHplaXRlbi5kZVwvd3AtY29udGVudFwvdXBsb2Fkc1wvMjAyNVwvMDdcL0x1ZnR6ZWl0ZW5fVGFuZGVuZmxpZWdlbl9JbXByZXNzaW9uZW40Mi5qcGVnIiwic2xpZGVzaG93IjoiNGRlNDJkYSJ9\">\n\t\t\t\t\t<div class=\"e-gallery-image elementor-gallery-item__image\" data-thumbnail=\"https:\/\/luftzeiten.de\/wp-content\/uploads\/2025\/07\/Luftzeiten_Tandenfliegen_Impressionen42.jpeg\" data-width=\"370\" data-height=\"470\" aria-label=\"Paraglider flies high in the blue sky over nature.\" role=\"img\" ><\/div>\n\t\t\t\t\t\t\t\t\t\t\t<div class=\"elementor-gallery-item__overlay\"><\/div>\n\t\t\t\t\t\t\t\t\t\t\t\t\t\t<\/a>\n\t\t\t\t\t\t\t<a class=\"e-gallery-item elementor-gallery-item elementor-animated-content\" href=\"https:\/\/luftzeiten.de\/wp-content\/uploads\/2025\/07\/Luftzeiten_Tandenfliegen_Impressionen43.jpeg\" data-elementor-open-lightbox=\"yes\" data-elementor-lightbox-slideshow=\"4de42da\" data-e-action-hash=\"#elementor-action%3Aaction%3Dlightbox%26settings%3DeyJpZCI6NTU0LCJ1cmwiOiJodHRwczpcL1wvbHVmdHplaXRlbi5kZVwvd3AtY29udGVudFwvdXBsb2Fkc1wvMjAyNVwvMDdcL0x1ZnR6ZWl0ZW5fVGFuZGVuZmxpZWdlbl9JbXByZXNzaW9uZW40My5qcGVnIiwic2xpZGVzaG93IjoiNGRlNDJkYSJ9\">\n\t\t\t\t\t<div class=\"e-gallery-image elementor-gallery-item__image\" data-thumbnail=\"https:\/\/luftzeiten.de\/wp-content\/uploads\/2025\/07\/Luftzeiten_Tandenfliegen_Impressionen43.jpeg\" data-width=\"470\" data-height=\"353\" aria-label=\"Paragliding in the mountains with breathtaking views and safe accompaniment.\" role=\"img\" ><\/div>\n\t\t\t\t\t\t\t\t\t\t\t<div class=\"elementor-gallery-item__overlay\"><\/div>\n\t\t\t\t\t\t\t\t\t\t\t\t\t\t<\/a>\n\t\t\t\t\t\t\t<a class=\"e-gallery-item elementor-gallery-item elementor-animated-content\" href=\"https:\/\/luftzeiten.de\/wp-content\/uploads\/2025\/07\/Luftzeiten_Tandenfliegen_Impressionen45.jpeg\" data-elementor-open-lightbox=\"yes\" data-elementor-lightbox-slideshow=\"4de42da\" data-e-action-hash=\"#elementor-action%3Aaction%3Dlightbox%26settings%3DeyJpZCI6NTU2LCJ1cmwiOiJodHRwczpcL1wvbHVmdHplaXRlbi5kZVwvd3AtY29udGVudFwvdXBsb2Fkc1wvMjAyNVwvMDdcL0x1ZnR6ZWl0ZW5fVGFuZGVuZmxpZWdlbl9JbXByZXNzaW9uZW40NS5qcGVnIiwic2xpZGVzaG93IjoiNGRlNDJkYSJ9\">\n\t\t\t\t\t<div class=\"e-gallery-image elementor-gallery-item__image\" data-thumbnail=\"https:\/\/luftzeiten.de\/wp-content\/uploads\/2025\/07\/Luftzeiten_Tandenfliegen_Impressionen45.jpeg\" data-width=\"370\" data-height=\"470\" aria-label=\"Paragliders fly in the sky at sunset.\" role=\"img\" ><\/div>\n\t\t\t\t\t\t\t\t\t\t\t<div class=\"elementor-gallery-item__overlay\"><\/div>\n\t\t\t\t\t\t\t\t\t\t\t\t\t\t<\/a>\n\t\t\t\t\t\t\t<a class=\"e-gallery-item elementor-gallery-item elementor-animated-content\" href=\"https:\/\/luftzeiten.de\/wp-content\/uploads\/2025\/07\/Luftzeiten_Tandenfliegen_Impressionen46.jpeg\" data-elementor-open-lightbox=\"yes\" data-elementor-lightbox-slideshow=\"4de42da\" data-e-action-hash=\"#elementor-action%3Aaction%3Dlightbox%26settings%3DeyJpZCI6NTU3LCJ1cmwiOiJodHRwczpcL1wvbHVmdHplaXRlbi5kZVwvd3AtY29udGVudFwvdXBsb2Fkc1wvMjAyNVwvMDdcL0x1ZnR6ZWl0ZW5fVGFuZGVuZmxpZWdlbl9JbXByZXNzaW9uZW40Ni5qcGVnIiwic2xpZGVzaG93IjoiNGRlNDJkYSJ9\">\n\t\t\t\t\t<div class=\"e-gallery-image elementor-gallery-item__image\" data-thumbnail=\"https:\/\/luftzeiten.de\/wp-content\/uploads\/2025\/07\/Luftzeiten_Tandenfliegen_Impressionen46.jpeg\" data-width=\"370\" data-height=\"470\" aria-label=\"Aerial panorama of the landscape, sky and clouds visible.\" role=\"img\" ><\/div>\n\t\t\t\t\t\t\t\t\t\t\t<div class=\"elementor-gallery-item__overlay\"><\/div>\n\t\t\t\t\t\t\t\t\t\t\t\t\t\t<\/a>\n\t\t\t\t\t\t\t<a class=\"e-gallery-item elementor-gallery-item elementor-animated-content\" href=\"https:\/\/luftzeiten.de\/wp-content\/uploads\/2025\/07\/Luftzeiten_Tandenfliegen_Impressionen47.jpeg\" data-elementor-open-lightbox=\"yes\" data-elementor-lightbox-slideshow=\"4de42da\" data-e-action-hash=\"#elementor-action%3Aaction%3Dlightbox%26settings%3DeyJpZCI6NTU4LCJ1cmwiOiJodHRwczpcL1wvbHVmdHplaXRlbi5kZVwvd3AtY29udGVudFwvdXBsb2Fkc1wvMjAyNVwvMDdcL0x1ZnR6ZWl0ZW5fVGFuZGVuZmxpZWdlbl9JbXByZXNzaW9uZW40Ny5qcGVnIiwic2xpZGVzaG93IjoiNGRlNDJkYSJ9\">\n\t\t\t\t\t<div class=\"e-gallery-image elementor-gallery-item__image\" data-thumbnail=\"https:\/\/luftzeiten.de\/wp-content\/uploads\/2025\/07\/Luftzeiten_Tandenfliegen_Impressionen47.jpeg\" data-width=\"370\" data-height=\"470\" aria-label=\"Fall from treetop into the forest, looking down at green treetops.\" role=\"img\" ><\/div>\n\t\t\t\t\t\t\t\t\t\t\t<div class=\"elementor-gallery-item__overlay\"><\/div>\n\t\t\t\t\t\t\t\t\t\t\t\t\t\t<\/a>\n\t\t\t\t\t\t\t<a class=\"e-gallery-item elementor-gallery-item elementor-animated-content\" href=\"https:\/\/luftzeiten.de\/wp-content\/uploads\/2025\/07\/Luftzeiten_Tandenfliegen_Impressionen48.jpeg\" data-elementor-open-lightbox=\"yes\" data-elementor-lightbox-slideshow=\"4de42da\" data-e-action-hash=\"#elementor-action%3Aaction%3Dlightbox%26settings%3DeyJpZCI6NTU5LCJ1cmwiOiJodHRwczpcL1wvbHVmdHplaXRlbi5kZVwvd3AtY29udGVudFwvdXBsb2Fkc1wvMjAyNVwvMDdcL0x1ZnR6ZWl0ZW5fVGFuZGVuZmxpZWdlbl9JbXByZXNzaW9uZW40OC5qcGVnIiwic2xpZGVzaG93IjoiNGRlNDJkYSJ9\">\n\t\t\t\t\t<div class=\"e-gallery-image elementor-gallery-item__image\" data-thumbnail=\"https:\/\/luftzeiten.de\/wp-content\/uploads\/2025\/07\/Luftzeiten_Tandenfliegen_Impressionen48.jpeg\" data-width=\"370\" data-height=\"470\" aria-label=\"Tandem paragliding with breathtaking views over the mountains.\" role=\"img\" ><\/div>\n\t\t\t\t\t\t\t\t\t\t\t<div class=\"elementor-gallery-item__overlay\"><\/div>\n\t\t\t\t\t\t\t\t\t\t\t\t\t\t<\/a>\n\t\t\t\t\t\t\t<a class=\"e-gallery-item elementor-gallery-item elementor-animated-content\" href=\"https:\/\/luftzeiten.de\/wp-content\/uploads\/2025\/07\/Luftzeiten_Tandenfliegen_Impressionen49.jpeg\" data-elementor-open-lightbox=\"yes\" data-elementor-lightbox-slideshow=\"4de42da\" data-e-action-hash=\"#elementor-action%3Aaction%3Dlightbox%26settings%3DeyJpZCI6NTYwLCJ1cmwiOiJodHRwczpcL1wvbHVmdHplaXRlbi5kZVwvd3AtY29udGVudFwvdXBsb2Fkc1wvMjAyNVwvMDdcL0x1ZnR6ZWl0ZW5fVGFuZGVuZmxpZWdlbl9JbXByZXNzaW9uZW40OS5qcGVnIiwic2xpZGVzaG93IjoiNGRlNDJkYSJ9\">\n\t\t\t\t\t<div class=\"e-gallery-image elementor-gallery-item__image\" data-thumbnail=\"https:\/\/luftzeiten.de\/wp-content\/uploads\/2025\/07\/Luftzeiten_Tandenfliegen_Impressionen49.jpeg\" data-width=\"370\" data-height=\"470\" aria-label=\"A paraglider flies high in the sky above the mountains in beautiful weather.\" role=\"img\" ><\/div>\n\t\t\t\t\t\t\t\t\t\t\t<div class=\"elementor-gallery-item__overlay\"><\/div>\n\t\t\t\t\t\t\t\t\t\t\t\t\t\t<\/a>\n\t\t\t\t\t\t\t<a class=\"e-gallery-item elementor-gallery-item elementor-animated-content\" href=\"https:\/\/luftzeiten.de\/wp-content\/uploads\/2025\/07\/Luftzeiten_Tandenfliegen_Impressionen50.jpeg\" data-elementor-open-lightbox=\"yes\" data-elementor-lightbox-slideshow=\"4de42da\" data-e-action-hash=\"#elementor-action%3Aaction%3Dlightbox%26settings%3DeyJpZCI6NTYxLCJ1cmwiOiJodHRwczpcL1wvbHVmdHplaXRlbi5kZVwvd3AtY29udGVudFwvdXBsb2Fkc1wvMjAyNVwvMDdcL0x1ZnR6ZWl0ZW5fVGFuZGVuZmxpZWdlbl9JbXByZXNzaW9uZW41MC5qcGVnIiwic2xpZGVzaG93IjoiNGRlNDJkYSJ9\">\n\t\t\t\t\t<div class=\"e-gallery-image elementor-gallery-item__image\" data-thumbnail=\"https:\/\/luftzeiten.de\/wp-content\/uploads\/2025\/07\/Luftzeiten_Tandenfliegen_Impressionen50.jpeg\" data-width=\"470\" data-height=\"353\" aria-label=\"Paragliding over green mountains at sunset, panoramic view.\" role=\"img\" ><\/div>\n\t\t\t\t\t\t\t\t\t\t\t<div class=\"elementor-gallery-item__overlay\"><\/div>\n\t\t\t\t\t\t\t\t\t\t\t\t\t\t<\/a>\n\t\t\t\t\t\t\t<a class=\"e-gallery-item elementor-gallery-item elementor-animated-content\" href=\"https:\/\/luftzeiten.de\/wp-content\/uploads\/2025\/07\/Luftzeiten_Tandenfliegen_Impressionen51.jpeg\" data-elementor-open-lightbox=\"yes\" data-elementor-lightbox-slideshow=\"4de42da\" data-e-action-hash=\"#elementor-action%3Aaction%3Dlightbox%26settings%3DeyJpZCI6NTYyLCJ1cmwiOiJodHRwczpcL1wvbHVmdHplaXRlbi5kZVwvd3AtY29udGVudFwvdXBsb2Fkc1wvMjAyNVwvMDdcL0x1ZnR6ZWl0ZW5fVGFuZGVuZmxpZWdlbl9JbXByZXNzaW9uZW41MS5qcGVnIiwic2xpZGVzaG93IjoiNGRlNDJkYSJ9\">\n\t\t\t\t\t<div class=\"e-gallery-image elementor-gallery-item__image\" data-thumbnail=\"https:\/\/luftzeiten.de\/wp-content\/uploads\/2025\/07\/Luftzeiten_Tandenfliegen_Impressionen51.jpeg\" data-width=\"370\" data-height=\"470\" aria-label=\"Paraglider holds handle in hand during flight.\" role=\"img\" ><\/div>\n\t\t\t\t\t\t\t\t\t\t\t<div class=\"elementor-gallery-item__overlay\"><\/div>\n\t\t\t\t\t\t\t\t\t\t\t\t\t\t<\/a>\n\t\t\t\t\t\t\t<a class=\"e-gallery-item elementor-gallery-item elementor-animated-content\" href=\"https:\/\/luftzeiten.de\/wp-content\/uploads\/2026\/01\/GOPR4127_Web.jpg\" data-elementor-open-lightbox=\"yes\" data-elementor-lightbox-slideshow=\"4de42da\" data-e-action-hash=\"#elementor-action%3Aaction%3Dlightbox%26settings%3DeyJpZCI6MTEyMiwidXJsIjoiaHR0cHM6XC9cL2x1ZnR6ZWl0ZW4uZGVcL3dwLWNvbnRlbnRcL3VwbG9hZHNcLzIwMjZcLzAxXC9HT1BSNDEyN19XZWIuanBnIiwic2xpZGVzaG93IjoiNGRlNDJkYSJ9\">\n\t\t\t\t\t<div class=\"e-gallery-image elementor-gallery-item__image\" data-thumbnail=\"https:\/\/luftzeiten.de\/wp-content\/uploads\/2026\/01\/GOPR4127_Web.jpg\" data-width=\"1200\" data-height=\"900\" aria-label=\"A hang glider flies high in the sky, overlooking the mountains.\" role=\"img\" ><\/div>\n\t\t\t\t\t\t\t\t\t\t\t<div class=\"elementor-gallery-item__overlay\"><\/div>\n\t\t\t\t\t\t\t\t\t\t\t\t\t\t<\/a>\n\t\t\t\t\t\t\t<a class=\"e-gallery-item elementor-gallery-item elementor-animated-content\" href=\"https:\/\/luftzeiten.de\/wp-content\/uploads\/2025\/07\/Luftzeiten_Tandenfliegen_Impressionen56.jpeg\" data-elementor-open-lightbox=\"yes\" data-elementor-lightbox-slideshow=\"4de42da\" data-e-action-hash=\"#elementor-action%3Aaction%3Dlightbox%26settings%3DeyJpZCI6NTY0LCJ1cmwiOiJodHRwczpcL1wvbHVmdHplaXRlbi5kZVwvd3AtY29udGVudFwvdXBsb2Fkc1wvMjAyNVwvMDdcL0x1ZnR6ZWl0ZW5fVGFuZGVuZmxpZWdlbl9JbXByZXNzaW9uZW41Ni5qcGVnIiwic2xpZGVzaG93IjoiNGRlNDJkYSJ9\">\n\t\t\t\t\t<div class=\"e-gallery-image elementor-gallery-item__image\" data-thumbnail=\"https:\/\/luftzeiten.de\/wp-content\/uploads\/2025\/07\/Luftzeiten_Tandenfliegen_Impressionen56.jpeg\" data-width=\"370\" data-height=\"470\" aria-label=\"Paragliding helmet and equipment for safe flights.\" role=\"img\" ><\/div>\n\t\t\t\t\t\t\t\t\t\t\t<div class=\"elementor-gallery-item__overlay\"><\/div>\n\t\t\t\t\t\t\t\t\t\t\t\t\t\t<\/a>\n\t\t\t\t\t\t\t<a class=\"e-gallery-item elementor-gallery-item elementor-animated-content\" href=\"https:\/\/luftzeiten.de\/wp-content\/uploads\/2025\/10\/69.png\" data-elementor-open-lightbox=\"yes\" data-elementor-lightbox-slideshow=\"4de42da\" data-e-action-hash=\"#elementor-action%3Aaction%3Dlightbox%26settings%3DeyJpZCI6NzM5LCJ1cmwiOiJodHRwczpcL1wvbHVmdHplaXRlbi5kZVwvd3AtY29udGVudFwvdXBsb2Fkc1wvMjAyNVwvMTBcLzY5LnBuZyIsInNsaWRlc2hvdyI6IjRkZTQyZGEifQ%3D%3D\">\n\t\t\t\t\t<div class=\"e-gallery-image elementor-gallery-item__image\" data-thumbnail=\"https:\/\/luftzeiten.de\/wp-content\/uploads\/2025\/10\/69.png\" data-width=\"1200\" data-height=\"900\" aria-label=\"Hang gliders fly over green mountains and valleys in nature.\" role=\"img\" ><\/div>\n\t\t\t\t\t\t\t\t\t\t\t<div class=\"elementor-gallery-item__overlay\"><\/div>\n\t\t\t\t\t\t\t\t\t\t\t\t\t\t<\/a>\n\t\t\t\t\t\t\t<a class=\"e-gallery-item elementor-gallery-item elementor-animated-content\" href=\"https:\/\/luftzeiten.de\/wp-content\/uploads\/2026\/01\/page-4_img24.jpg\" data-elementor-open-lightbox=\"yes\" data-elementor-lightbox-slideshow=\"4de42da\" data-e-action-hash=\"#elementor-action%3Aaction%3Dlightbox%26settings%3DeyJpZCI6MTEyNywidXJsIjoiaHR0cHM6XC9cL2x1ZnR6ZWl0ZW4uZGVcL3dwLWNvbnRlbnRcL3VwbG9hZHNcLzIwMjZcLzAxXC9wYWdlLTRfaW1nMjQuanBnIiwic2xpZGVzaG93IjoiNGRlNDJkYSJ9\">\n\t\t\t\t\t<div class=\"e-gallery-image elementor-gallery-item__image\" data-thumbnail=\"https:\/\/luftzeiten.de\/wp-content\/uploads\/2026\/01\/page-4_img24.jpg\" data-width=\"370\" data-height=\"470\" aria-label=\"Hei\u00dfluftballon auf Wiese mit K\u00fchen im Hintergrund, Natur, Landwirtschaft.\" role=\"img\" ><\/div>\n\t\t\t\t\t\t\t\t\t\t\t<div class=\"elementor-gallery-item__overlay\"><\/div>\n\t\t\t\t\t\t\t\t\t\t\t\t\t\t<\/a>\n\t\t\t\t\t<\/div>\n\t\t\t\t\t<\/div>\n\t\t\t\t<\/div>\n\t\t\t\t\t<\/div>\n\t\t\t\t<\/div>\n\t\t\t\t\t<\/div>\n\t\t<\/div>\n\t\t\t\t\t\t<\/div>\n\t\t\t\t<\/div>\n\t\t\t\t\t<\/div>\n\t\t\t\t<\/div>\n\t\t\t\t<\/div>","protected":false},"excerpt":{"rendered":"<p>Impressions of our flights https:\/\/youtu.be\/JmWWLW0Brzshttps:\/\/youtu.be\/CIlOIRsLplQ?si=JasQS_ySPoakrX8hhttps:\/\/youtu.be\/pLgTz77cn5khttps:\/\/youtu.be\/EzcQhq2S_Bs?si=e0ng2j3Y2_EHzqP1https:\/\/youtu.be\/anMwAUnfQB0?si=wktY9WB8Squq3H_5https:\/\/youtu.be\/BPWCeOO4jjs?si=Bwq66lyvfUP5QPrk Videos Images https:\/\/youtu.be\/JmWWLW0Brzshttps:\/\/youtu.be\/CIlOIRsLplQ?si=JasQS_ySPoakrX8hhttps:\/\/youtu.be\/pLgTz77cn5khttps:\/\/youtu.be\/EzcQhq2S_Bs?si=e0ng2j3Y2_EHzqP1https:\/\/youtu.be\/anMwAUnfQB0?si=wktY9WB8Squq3H_5https:\/\/youtu.be\/BPWCeOO4jjs?si=Bwq66lyvfUP5QPrk<\/p>","protected":false},"author":1,"featured_media":0,"parent":0,"menu_order":0,"comment_status":"closed","ping_status":"closed","template":"","meta":{"footnotes":""},"class_list":["post-31","page","type-page","status-publish","hentry"],"_links":{"self":[{"href":"https:\/\/luftzeiten.de\/en\/wp-json\/wp\/v2\/pages\/31","targetHints":{"allow":["GET"]}}],"collection":[{"href":"https:\/\/luftzeiten.de\/en\/wp-json\/wp\/v2\/pages"}],"about":[{"href":"https:\/\/luftzeiten.de\/en\/wp-json\/wp\/v2\/types\/page"}],"author":[{"embeddable":true,"href":"https:\/\/luftzeiten.de\/en\/wp-json\/wp\/v2\/users\/1"}],"replies":[{"embeddable":true,"href":"https:\/\/luftzeiten.de\/en\/wp-json\/wp\/v2\/comments?post=31"}],"version-history":[{"count":5,"href":"https:\/\/luftzeiten.de\/en\/wp-json\/wp\/v2\/pages\/31\/revisions"}],"predecessor-version":[{"id":1323,"href":"https:\/\/luftzeiten.de\/en\/wp-json\/wp\/v2\/pages\/31\/revisions\/1323"}],"wp:attachment":[{"href":"https:\/\/luftzeiten.de\/en\/wp-json\/wp\/v2\/media?parent=31"}],"curies":[{"name":"wp","href":"https:\/\/api.w.org\/{rel}","templated":true}]}}